{"id":16376,"date":"2024-10-18T22:13:20","date_gmt":"2024-10-18T20:13:20","guid":{"rendered":"https:\/\/congolobilelo.com\/pifonge\/?page_id=16376"},"modified":"2026-01-08T20:43:01","modified_gmt":"2026-01-08T19:43:01","slug":"bio","status":"publish","type":"page","link":"https:\/\/congolobilelo.com\/pifonge\/bio\/","title":{"rendered":"Bio"},"content":{"rendered":"<div class=\"wpb-content-wrapper\"><p>[vc_row heading_color=\u00a0\u00bblight\u00a0\u00bb section_full_height=\u00a0\u00bbfullheight\u00a0\u00bb bg_type=\u00a0\u00bbimage\u00a0\u00bb bg_image=\u00a0\u00bb16573&Prime; bg_image_type=\u00a0\u00bbhorizontal-parallax-lr\u00a0\u00bb bg_image_size=\u00a0\u00bbfull\u00a0\u00bb color_overlay=\u00a0\u00bbprimary-1&Prime; opacity_overlay=\u00a0\u00bb70&Prime; font_color=\u00a0\u00bb#ffffff\u00a0\u00bb][vc_column column_effect=\u00a0\u00bbmouse-move-x-y\u00a0\u00bb column_effect_invert=\u00a0\u00bbtrue\u00a0\u00bb width=\u00a0\u00bb1\/2&Prime;]<div class=\"grve-empty-space grve-height-3x\" style=\"\"><\/div><div class=\"grve-empty-space grve-height-3x\" style=\"\"><\/div><h1 class=\"grve-element grve-title grve-align-left grve-animated-item grve-duration-normal grve-fade-in-left grve-h1 grve-increase-heading grve-heading-120\" style=\"margin-bottom: 0px;\" data-delay=\"200\"><span>#PIEcE<\/span><\/h1><h1 class=\"grve-element grve-title grve-align-left grve-animated-item grve-duration-normal grve-fade-in-left grve-h3 grve-increase-heading grve-heading-120\" style=\"\" data-delay=\"400\"><span>ou Pifonge<\/span><\/h1>[vc_column_text css=\u00a0\u00bb\u00a0\u00bb text_style=\u00a0\u00bbleader-text\u00a0\u00bb animation=\u00a0\u00bbgrve-fade-in-up\u00a0\u00bb animation_delay=\u00a0\u00bb600&Prime;]<em>\u00ab\u00a0Je veux bien \u00eatre qualifi\u00e9 d\u2019id\u00e9aliste au sens le plus noble de ce terme, c\u2019est-\u00e0-dire quelqu\u2019un qui pose un id\u00e9al et qui dit que nous devrions penser cet id\u00e9al et d\u00e9cider des actions que nous menons en fonction de cet id\u00e9al.\u00a0\u00bb<\/em><br \/>\n\u2013 Souleymane Bachir Diagne[\/vc_column_text]<div class=\"grve-empty-space grve-height-2x\" style=\"\"><\/div>[\/vc_column][vc_column width=\u00a0\u00bb1\/2&Prime;][\/vc_column][\/vc_row][vc_row section_type=\u00a0\u00bbfullwidth\u00a0\u00bb padding_top_multiplier=\u00a0\u00bb\u00a0\u00bb padding_bottom_multiplier=\u00a0\u00bb\u00a0\u00bb columns_gap=\u00a0\u00bbnone\u00a0\u00bb equal_column_height=\u00a0\u00bbmiddle-content\u00a0\u00bb][vc_column width=\u00a0\u00bb1\/2&Prime; css=\u00a0\u00bb.vc_custom_1729333253249{background-image: url(http:\/\/congolobilelo.com\/pifonge\/wp-content\/uploads\/2024\/10\/PI-Web.jpeg?id=16495) !important;background-position: center !important;background-repeat: no-repeat !important;background-size: cover !important;}\u00a0\u00bb][\/vc_column][vc_column column_effect=\u00a0\u00bbmouse-move-x-y\u00a0\u00bb column_effect_limit=\u00a0\u00bb2x\u00a0\u00bb column_effect_invert=\u00a0\u00bbtrue\u00a0\u00bb width=\u00a0\u00bb1\/2&Prime; css=\u00a0\u00bb.vc_custom_1472576212808{padding-top: 27% !important;padding-right: 19% !important;padding-bottom: 27% !important;padding-left: 19% !important;}\u00a0\u00bb]<h2 class=\"grve-element grve-title grve-align-left grve-animated-item grve-duration-normal grve-fade-in-right grve-h1\" style=\"\" data-delay=\"200\"><span><span class=\"grve-text-primary-1\">01. <\/span>Qui je suis<\/span><\/h2>[vc_column_text css=\u00a0\u00bb\u00a0\u00bb animation=\u00a0\u00bbgrve-fade-in-right\u00a0\u00bb animation_delay=\u00a0\u00bb600&Prime;]Je suis un sp\u00e9cialiste de la communication et de l\u2019information, par formation et exp\u00e9rience ; un id\u00e9aliste ouvert sur le monde par essence et passion, enfin je me consid\u00e8re comme un leader influent par conviction et ambition.<\/p>\n<p>J\u2019ai d\u00e9velopp\u00e9 une longue exp\u00e9rience dans le management de la communication strat\u00e9gique, \u00e9ditoriale et politique, avec des solides comp\u00e9tences dans l&rsquo;am\u00e9lioration de l&rsquo;image de marque, la construction et l&rsquo;am\u00e9lioration de strat\u00e9gies, et le renforcement de capacit\u00e9s.<\/p>\n<p>Gestionnaire et strat\u00e8ge, manager des \u00e9quipes multiculturelles, fa\u00e7onner des marques, produire des solutions \u00e9ditoriales, g\u00e9rer des projets internationaux et d\u00e9velopper des strat\u00e9gies de communication dans les domaines des relations internationales, des m\u00e9dias, des industries culturelles et des services, sont une seconde nature.<\/p>\n<p>Je suis dipl\u00f4m\u00e9 de sciences \u00e9conomiques (Facult\u00e9 de sciences \u00e9conomiques et sociales de l\u2019Universit\u00e9 de Lille) et de communication internationale (Institut d\u2019administration des entreprises de Lille).[\/vc_column_text]<div class=\"grve-element grve-divider grve-animated-item grve-fade-in-right grve-duration-normal grve-align-left\" style=\"padding-top: 30px;\" data-delay=\"800\"><span class=\"grve-custom-divider grve-bg-primary-1\" style=\"width: 100px;height: 5px;\"><\/span><\/div>[\/vc_column][\/vc_row][vc_row section_type=\u00a0\u00bbfullwidth\u00a0\u00bb padding_top_multiplier=\u00a0\u00bb\u00a0\u00bb padding_bottom_multiplier=\u00a0\u00bb\u00a0\u00bb columns_gap=\u00a0\u00bbnone\u00a0\u00bb equal_column_height=\u00a0\u00bbmiddle-content\u00a0\u00bb][vc_column column_effect=\u00a0\u00bbmouse-move-x-y\u00a0\u00bb column_effect_limit=\u00a0\u00bb2x\u00a0\u00bb column_effect_invert=\u00a0\u00bbtrue\u00a0\u00bb width=\u00a0\u00bb1\/2&Prime; css=\u00a0\u00bb.vc_custom_1472576212808{padding-top: 27% !important;padding-right: 19% !important;padding-bottom: 27% !important;padding-left: 19% !important;}\u00a0\u00bb]<h2 class=\"grve-element grve-title grve-align-left grve-animated-item grve-duration-normal grve-fade-in-left grve-h1\" style=\"\" data-delay=\"200\"><span><span class=\"grve-text-primary-1\">02. <\/span>Qui je suis (suite)<\/span><\/h2>[vc_column_text css=\u00a0\u00bb\u00a0\u00bb animation=\u00a0\u00bbgrve-fade-in-left\u00a0\u00bb animation_delay=\u00a0\u00bb600&Prime;]Ma maitrise des enjeux politiques, culturels, humanitaires, \u00e9conomiques, des droits de l&rsquo;homme, de la paix et de la s\u00e9curit\u00e9 en Afrique et au niveau mondial, me permettent d\u2019\u00e9voluer professionnellement au sein des institutions internationales, en tant que conseiller en communication strat\u00e9gique et en information publique.<\/p>\n<p>Concepteur et diffuseur d\u2019id\u00e9es, j\u2019ai co-fond\u00e9 un think-tank pour r\u00e9inventer le leadership africain, je participe \u00e0 la r\u00e9invention du think-tank qui a pour ambition de faire de la RD Congo le centre de rayonnement de l\u2019Afrique. J\u2019aime \u00e9crire et produire des contenus \u00e9ditoriaux ainsi que partager des id\u00e9es pour influencer les perceptions et nourrir des \u00e9cosyst\u00e8mes gagnant-gagnant.<\/p>\n<p>Editeur, \u00e9ditorialiste et analyste, j\u2019ai initi\u00e9 une plateforme d\u2019\u00e9ditions qui non seulement publie des livres, revues et magazines mais surtout aide \u00e0 organiser la bataille des id\u00e9es, interpeller sur les enjeux qui nous concernent, impacter nos r\u00e9alit\u00e9s et inventer notre devenir commun.<\/p>\n<p>Passionn\u00e9 de culture HipHop et des cultures africaines, je travaille \u00e0 leurs pr\u00e9servation, d\u00e9veloppement et r\u00e9invention.[\/vc_column_text]<div class=\"grve-element grve-divider grve-animated-item grve-fade-in-left grve-duration-normal grve-align-left\" style=\"padding-top: 30px;\" data-delay=\"800\"><span class=\"grve-custom-divider grve-bg-primary-1\" style=\"width: 100px;height: 5px;\"><\/span><\/div>[\/vc_column][vc_column width=\u00a0\u00bb1\/2&Prime; css=\u00a0\u00bb.vc_custom_1729333322458{background-image: url(http:\/\/congolobilelo.com\/pifonge\/wp-content\/uploads\/2024\/10\/a9c9a247-c68e-4981-98d7-1991f634e338.jpeg?id=16490) !important;background-position: center !important;background-repeat: no-repeat !important;background-size: cover !important;}\u00a0\u00bb][\/vc_column][\/vc_row][vc_row heading_color=\u00a0\u00bblight\u00a0\u00bb bg_type=\u00a0\u00bbcolor\u00a0\u00bb padding_top_multiplier=\u00a0\u00bb2x\u00a0\u00bb padding_bottom_multiplier=\u00a0\u00bb2x\u00a0\u00bb bg_color=\u00a0\u00bb#0080FF\u00a0\u00bb font_color=\u00a0\u00bb#ffffff\u00a0\u00bb][vc_column column_effect=\u00a0\u00bbvertical-parallax\u00a0\u00bb column_effect_limit=\u00a0\u00bb3x\u00a0\u00bb column_effect_invert=\u00a0\u00bbtrue\u00a0\u00bb]<h3 class=\"grve-element grve-title grve-align-center grve-h1 grve-custom-font-1 grve-increase-heading grve-heading-120\" style=\"\"><span>\u00ab\u00a0Le courage seul ne suffit pas. Il doit faire partie d&rsquo;une trilogie: Courage, pers\u00e9v\u00e9rance et esprit d&rsquo;abn\u00e9gation.\u00a0\u00bb<br \/>\n&#8211; Jean-Pierre Mbelu<\/span><\/h3>[\/vc_column][\/vc_row]<\/p>\n<\/div>","protected":false},"excerpt":{"rendered":"<p>[vc_row heading_color=\u00a0\u00bblight\u00a0\u00bb section_full_height=\u00a0\u00bbfullheight\u00a0\u00bb bg_type=\u00a0\u00bbimage\u00a0\u00bb bg_image=\u00a0\u00bb16573&Prime; bg_image_type=\u00a0\u00bbhorizontal-parallax-lr\u00a0\u00bb bg_image_size=\u00a0\u00bbfull\u00a0\u00bb color_overlay=\u00a0\u00bbprimary-1&Prime; opacity_overlay=\u00a0\u00bb70&Prime; font_color=\u00a0\u00bb#ffffff\u00a0\u00bb][vc_column column_effect=\u00a0\u00bbmouse-move-x-y\u00a0\u00bb column_effect_invert=\u00a0\u00bbtrue\u00a0\u00bb width=\u00a0\u00bb1\/2&Prime;][vc_column_text css=\u00a0\u00bb\u00a0\u00bb text_style=\u00a0\u00bbleader-text\u00a0\u00bb animation=\u00a0\u00bbgrve-fade-in-up\u00a0\u00bb animation_delay=\u00a0\u00bb600&Prime;]\u00ab\u00a0Je veux bien \u00eatre qualifi\u00e9 d\u2019id\u00e9aliste au sens le plus noble de ce terme, c\u2019est-\u00e0-dire quelqu\u2019un qui pose un id\u00e9al et qui dit que nous devrions penser cet id\u00e9al et d\u00e9cider des actions que nous menons en fonction de [&hellip;]<\/p>\n","protected":false},"author":1,"featured_media":0,"parent":0,"menu_order":0,"comment_status":"closed","ping_status":"closed","template":"","meta":{"content-type":"","footnotes":""},"class_list":["post-16376","page","type-page","status-publish","hentry"],"_links":{"self":[{"href":"https:\/\/congolobilelo.com\/pifonge\/wp-json\/wp\/v2\/pages\/16376","targetHints":{"allow":["GET"]}}],"collection":[{"href":"https:\/\/congolobilelo.com\/pifonge\/wp-json\/wp\/v2\/pages"}],"about":[{"href":"https:\/\/congolobilelo.com\/pifonge\/wp-json\/wp\/v2\/types\/page"}],"author":[{"embeddable":true,"href":"https:\/\/congolobilelo.com\/pifonge\/wp-json\/wp\/v2\/users\/1"}],"replies":[{"embeddable":true,"href":"https:\/\/congolobilelo.com\/pifonge\/wp-json\/wp\/v2\/comments?post=16376"}],"version-history":[{"count":18,"href":"https:\/\/congolobilelo.com\/pifonge\/wp-json\/wp\/v2\/pages\/16376\/revisions"}],"predecessor-version":[{"id":16831,"href":"https:\/\/congolobilelo.com\/pifonge\/wp-json\/wp\/v2\/pages\/16376\/revisions\/16831"}],"wp:attachment":[{"href":"https:\/\/congolobilelo.com\/pifonge\/wp-json\/wp\/v2\/media?parent=16376"}],"curies":[{"name":"wp","href":"https:\/\/api.w.org\/{rel}","templated":true}]}}