{"id":16662,"date":"2024-11-15T12:13:03","date_gmt":"2024-11-15T11:13:03","guid":{"rendered":"https:\/\/congolobilelo.com\/IN\/?page_id=16662"},"modified":"2024-11-22T09:52:16","modified_gmt":"2024-11-22T08:52:16","slug":"idees","status":"publish","type":"page","link":"https:\/\/congolobilelo.com\/IN\/idees\/","title":{"rendered":"Id\u00e9es"},"content":{"rendered":"<div class=\"wpb-content-wrapper\"><p>[vc_row heading_color=&#8221;light&#8221; bg_type=&#8221;image&#8221; bg_image=&#8221;16587&#8243; bg_image_type=&#8221;horizontal-parallax-lr&#8221; bg_image_size=&#8221;full&#8221; color_overlay=&#8221;dark&#8221; font_color=&#8221;#ffffff&#8221; min_height=&#8221;200&#8243;][vc_column column_effect=&#8221;mouse-move-x-y&#8221; column_effect_invert=&#8221;true&#8221; width=&#8221;1\/2&#8243;]<div class=\"grve-empty-space grve-height-3x\" style=\"\"><\/div><h1 class=\"grve-element grve-title grve-align-left grve-animated-item grve-duration-normal grve-fade-in-left grve-h1 grve-increase-heading grve-heading-300\" style=\"margin-bottom: 0px;\" data-delay=\"200\"><span>Id\u00e9es<\/span><\/h1>[vc_column_text css=&#8221;&#8221; text_style=&#8221;leader-text&#8221; animation=&#8221;grve-fade-in-up&#8221; animation_delay=&#8221;600&#8243;]Nous avons le devoir d\u2019opposer notre intelligence \u00e0 l\u2019intelligence des autres.[\/vc_column_text][\/vc_column][vc_column width=&#8221;1\/2&#8243;][\/vc_column][\/vc_row][vc_row][vc_column width=&#8221;1\/4&#8243;][vc_column_text]<\/p>\n<p>[\/vc_column_text]<h3 class=\"grve-element grve-title grve-align-left grve-h3\" style=\"\"><span>ANALYSES<span class=\"grve-title-line grve-bg-primary-1\" style=\"width: 50px;height: 2px;\"><\/span><\/span><\/h3>[vc_column_text css=&#8221;&#8221;]<\/p>\n<h4><span style=\"color: #808080;\">Informations, d\u00e9cryptages et propositions pour mieux comprendre les enjeux g\u00e9opolitiques, politiques, \u00e9conomiques, socio-culturels au Congo-Kinshasa et en lien avec la RDC.<\/span><\/h4>\n<p>[\/vc_column_text][\/vc_column][vc_column width=&#8221;3\/4&#8243;]\t\t<div class=\"grve-element grve-carousel grve-layout-1 grve-carousel-style-1 grve-with-gap grve-carousel-wrapper\" style=\"\" >\r\n  <div class=\"grve-carousel-wrapper\"><div class=\"grve-carousel-navigation grve-dark grve-navigation-1 grve-navigation-carousel\"><div class=\"grve-carousel-buttons\"><div class=\"grve-carousel-prev\"><i class=\"grve-icon-nav-left-small\"><\/i><span class=\"screen-reader-text\">Previous<\/span><\/div><div class=\"grve-carousel-next\"><i class=\"grve-icon-nav-right-small\"><\/i><span class=\"screen-reader-text\">Next<\/span><\/div><\/div><\/div>\r\n\t\t\t<div class=\"grve-blog grve-blog-carousel grve-carousel-element\" data-items=\"3\" data-items-tablet-landscape=\"3\" data-items-tablet-portrait=\"3\" data-items-mobile=\"1\" data-slider-autoplay=\"yes\" data-slider-loop=\"yes\" data-slider-speed=\"3000\" data-slider-pause=\"no\" data-pagination-speed=\"400\" data-pagination=\"no\" data-gutter-size=\"40\">\r\n\t\t\t\t<div class=\"grve-carousel-item\">\r\n\t\t\t\t\t<article class=\"grve-post-item post-16532 post type-post status-publish format-standard has-post-thumbnail hentry category-analyses-commentaires category-mondialisation category-pensee-critique\" itemscope itemType=\"http:\/\/schema.org\/BlogPosting\">\r\n\t\t\t\t\t\t\t\t<div class=\"grve-media grve-image-hover\">\r\n\t\t\t\t\t\t<a href=\"https:\/\/congolobilelo.com\/IN\/une-reflexion-sur-lere-trump\/\"><img loading=\"lazy\" decoding=\"async\" width=\"560\" height=\"405\" src=\"https:\/\/congolobilelo.com\/IN\/wp-content\/uploads\/2024\/11\/Trump2024-1-560x405.jpg\" class=\"attachment-movedo-grve-small-rect-horizontal size-movedo-grve-small-rect-horizontal wp-post-image\" alt=\"\" \/><\/a>\r\n\t\t\t\r\n\t\t<\/div>\r\n\t\t\t\t\t\t<div class=\"grve-post-content\">\r\n\t\t\t\t\t\t\t<ul class=\"grve-post-meta\">\r\n\t\t\t\t\t\t\t\t<li class=\"grve-post-date\">\t<time class=\"\" datetime=\"2024-11-13T08:42:58+01:00\">\r\n\t\t13 November 2024\t<\/time>\r\n<\/li>\t\t\t\t\t\t\t<\/ul>\r\n\t\t\t\t\t\t\t<a href=\"https:\/\/congolobilelo.com\/IN\/une-reflexion-sur-lere-trump\/\" rel=\"bookmark\"><h2 class=\"grve-post-title grve-post-title-hover grve-h3\" itemprop=\"headline\">Une r\u00e9flexion sur &#8220;l&#8217;\u00e8re Trump&#8221; : l&#8217;\u00c9tat profond et la reconfiguration du pouvoir am\u00e9ricain<\/h2><\/a>\t\t\t\t\t\t\t\t\t<span class=\"grve-hidden\">\r\n\t\t\t<span class=\"grve-structured-data entry-title\">Une r\u00e9flexion sur &#8220;l&#8217;\u00e8re Trump&#8221; : l&#8217;\u00c9tat profond et la reconfiguration du pouvoir am\u00e9ricain<\/span>\r\n\t\t\t<span class=\"grve-structured-data\" itemprop=\"image\" itemscope itemtype=\"http:\/\/schema.org\/ImageObject\">\r\n\t\t\t   <span itemprop='url' >https:\/\/congolobilelo.com\/IN\/wp-content\/uploads\/2024\/11\/Trump2024-1.jpg<\/span>\r\n\t\t\t   <span itemprop='height' >720<\/span>\r\n\t\t\t   <span itemprop='width' >405<\/span>\r\n\t\t\t<\/span>\r\n\t\t\t\t\t\t<span class=\"grve-structured-data vcard author\" itemprop=\"author\" itemscope itemtype=\"http:\/\/schema.org\/Person\">\r\n\t\t\t\t<span itemprop=\"name\" class=\"fn\">IN<\/span>\r\n\t\t\t<\/span>\r\n\t\t\t<span class=\"grve-structured-data\" itemprop=\"publisher\" itemscope itemtype=\"http:\/\/schema.org\/Organization\">\r\n\t\t\t\t<span itemprop='name'>IN<\/span>\r\n\t\t\t\t<span itemprop='logo' itemscope itemtype='http:\/\/schema.org\/ImageObject'>\r\n\t\t\t\t\t<span itemprop='url'>\/\/congolobilelo.com\/IN\/wp-content\/uploads\/2024\/11\/INGETA-80.png<\/span>\r\n\t\t\t\t<\/span>\r\n\t\t\t<\/span>\r\n\t\t\t\t\t\t<time class=\"grve-structured-data date published\" itemprop=\"datePublished\" datetime=\"2024-11-13T08:42:58+01:00\">13 November 2024<\/time>\r\n\t\t\t<time class=\"grve-structured-data date updated\" itemprop=\"dateModified\"  datetime=\"2024-11-15T19:06:08+01:00\">15 November 2024<\/time>\r\n\t\t\t<span class=\"grve-structured-data\" itemprop=\"mainEntityOfPage\" itemscope itemtype=\"http:\/\/schema.org\/WebPage\" itemid=\"https:\/\/congolobilelo.com\/IN\/une-reflexion-sur-lere-trump\/\"><\/span>\r\n\t\t<\/span>\r\n\t\t\t\t\t\t\t\t<div itemprop=\"articleBody\"><p>Par Mufoncol Tshiyoyo L&#8217;\u00e9lection de Donald Trump en 2024 soul\u00e8ve des questions profondes sur la r\u00e9silience et l&#8217;adaptabilit\u00e9 de l&#8217;\u00c9tat profond aux \u00c9tats-Unis. Ce r\u00e9seau&hellip;<\/p><\/div>\t\t\t\t\t\t<\/div>\r\n\t\t\t\t\t<\/article>\r\n\t\t\t\t<\/div>\r\n\t\t\t\t<div class=\"grve-carousel-item\">\r\n\t\t\t\t\t<article class=\"grve-post-item post-16533 post type-post status-publish format-standard has-post-thumbnail hentry category-analyses-commentaires category-etat\" itemscope itemType=\"http:\/\/schema.org\/BlogPosting\">\r\n\t\t\t\t\t\t\t\t<div class=\"grve-media grve-image-hover\">\r\n\t\t\t\t\t\t<a href=\"https:\/\/congolobilelo.com\/IN\/bob-kabamba-la-constitution-et-le-kongo-gateau\/\"><img loading=\"lazy\" decoding=\"async\" width=\"560\" height=\"420\" src=\"https:\/\/congolobilelo.com\/IN\/wp-content\/uploads\/2024\/11\/SunCity-560x420.jpg\" class=\"attachment-movedo-grve-small-rect-horizontal size-movedo-grve-small-rect-horizontal wp-post-image\" alt=\"\" srcset=\"https:\/\/congolobilelo.com\/IN\/wp-content\/uploads\/2024\/11\/SunCity-560x420.jpg 560w, https:\/\/congolobilelo.com\/IN\/wp-content\/uploads\/2024\/11\/SunCity-300x225.jpg 300w, https:\/\/congolobilelo.com\/IN\/wp-content\/uploads\/2024\/11\/SunCity-768x576.jpg 768w, https:\/\/congolobilelo.com\/IN\/wp-content\/uploads\/2024\/11\/SunCity-900x675.jpg 900w, https:\/\/congolobilelo.com\/IN\/wp-content\/uploads\/2024\/11\/SunCity.jpg 1024w\" sizes=\"auto, (max-width: 560px) 100vw, 560px\" \/><\/a>\r\n\t\t\t\r\n\t\t<\/div>\r\n\t\t\t\t\t\t<div class=\"grve-post-content\">\r\n\t\t\t\t\t\t\t<ul class=\"grve-post-meta\">\r\n\t\t\t\t\t\t\t\t<li class=\"grve-post-date\">\t<time class=\"\" datetime=\"2024-11-07T13:24:16+01:00\">\r\n\t\t7 November 2024\t<\/time>\r\n<\/li>\t\t\t\t\t\t\t<\/ul>\r\n\t\t\t\t\t\t\t<a href=\"https:\/\/congolobilelo.com\/IN\/bob-kabamba-la-constitution-et-le-kongo-gateau\/\" rel=\"bookmark\"><h2 class=\"grve-post-title grve-post-title-hover grve-h3\" itemprop=\"headline\">Bob Kabamba, &#8220;la constitution&#8221; et le Kongo-g\u00e2teau<\/h2><\/a>\t\t\t\t\t\t\t\t\t<span class=\"grve-hidden\">\r\n\t\t\t<span class=\"grve-structured-data entry-title\">Bob Kabamba, &#8220;la constitution&#8221; et le Kongo-g\u00e2teau<\/span>\r\n\t\t\t<span class=\"grve-structured-data\" itemprop=\"image\" itemscope itemtype=\"http:\/\/schema.org\/ImageObject\">\r\n\t\t\t   <span itemprop='url' >https:\/\/congolobilelo.com\/IN\/wp-content\/uploads\/2024\/11\/SunCity.jpg<\/span>\r\n\t\t\t   <span itemprop='height' >1024<\/span>\r\n\t\t\t   <span itemprop='width' >768<\/span>\r\n\t\t\t<\/span>\r\n\t\t\t\t\t\t<span class=\"grve-structured-data vcard author\" itemprop=\"author\" itemscope itemtype=\"http:\/\/schema.org\/Person\">\r\n\t\t\t\t<span itemprop=\"name\" class=\"fn\">IN<\/span>\r\n\t\t\t<\/span>\r\n\t\t\t<span class=\"grve-structured-data\" itemprop=\"publisher\" itemscope itemtype=\"http:\/\/schema.org\/Organization\">\r\n\t\t\t\t<span itemprop='name'>IN<\/span>\r\n\t\t\t\t<span itemprop='logo' itemscope itemtype='http:\/\/schema.org\/ImageObject'>\r\n\t\t\t\t\t<span itemprop='url'>\/\/congolobilelo.com\/IN\/wp-content\/uploads\/2024\/11\/INGETA-80.png<\/span>\r\n\t\t\t\t<\/span>\r\n\t\t\t<\/span>\r\n\t\t\t\t\t\t<time class=\"grve-structured-data date published\" itemprop=\"datePublished\" datetime=\"2024-11-07T13:24:16+01:00\">7 November 2024<\/time>\r\n\t\t\t<time class=\"grve-structured-data date updated\" itemprop=\"dateModified\"  datetime=\"2024-11-07T13:24:16+01:00\">7 November 2024<\/time>\r\n\t\t\t<span class=\"grve-structured-data\" itemprop=\"mainEntityOfPage\" itemscope itemtype=\"http:\/\/schema.org\/WebPage\" itemid=\"https:\/\/congolobilelo.com\/IN\/bob-kabamba-la-constitution-et-le-kongo-gateau\/\"><\/span>\r\n\t\t<\/span>\r\n\t\t\t\t\t\t\t\t<div itemprop=\"articleBody\"><p>Par Jean-Pierre Mbelu Mise en route L&#8217;un de mes derniers articles[1] voulait, entre autres, comprendre pourquoi des compatriotes kongolais sont r\u00e9ticents chaque fois que quelques-uns,&hellip;<\/p><\/div>\t\t\t\t\t\t<\/div>\r\n\t\t\t\t\t<\/article>\r\n\t\t\t\t<\/div>\r\n\t\t\t\t<div class=\"grve-carousel-item\">\r\n\t\t\t\t\t<article class=\"grve-post-item post-15364 post type-post status-publish format-standard has-post-thumbnail hentry category-analyses-commentaires category-pensee-critique category-politique-societe\" itemscope itemType=\"http:\/\/schema.org\/BlogPosting\">\r\n\t\t\t\t\t\t\t\t<div class=\"grve-media grve-image-hover\">\r\n\t\t\t\t\t\t<a href=\"https:\/\/congolobilelo.com\/IN\/des-elucubrations-intellectuelles-des-politicards-kongolais-et-leurs-raccourcis\/\"><img loading=\"lazy\" decoding=\"async\" width=\"560\" height=\"420\" src=\"https:\/\/congolobilelo.com\/IN\/wp-content\/uploads\/2024\/10\/Fatshi-Kisangani2-1-560x420.jpg\" class=\"attachment-movedo-grve-small-rect-horizontal size-movedo-grve-small-rect-horizontal wp-post-image\" alt=\"\" srcset=\"https:\/\/congolobilelo.com\/IN\/wp-content\/uploads\/2024\/10\/Fatshi-Kisangani2-1-560x420.jpg 560w, https:\/\/congolobilelo.com\/IN\/wp-content\/uploads\/2024\/10\/Fatshi-Kisangani2-1-900x675.jpg 900w\" sizes=\"auto, (max-width: 560px) 100vw, 560px\" \/><\/a>\r\n\t\t\t\r\n\t\t<\/div>\r\n\t\t\t\t\t\t<div class=\"grve-post-content\">\r\n\t\t\t\t\t\t\t<ul class=\"grve-post-meta\">\r\n\t\t\t\t\t\t\t\t<li class=\"grve-post-date\">\t<time class=\"\" datetime=\"2024-10-28T14:40:29+01:00\">\r\n\t\t28 October 2024\t<\/time>\r\n<\/li>\t\t\t\t\t\t\t<\/ul>\r\n\t\t\t\t\t\t\t<a href=\"https:\/\/congolobilelo.com\/IN\/des-elucubrations-intellectuelles-des-politicards-kongolais-et-leurs-raccourcis\/\" rel=\"bookmark\"><h2 class=\"grve-post-title grve-post-title-hover grve-h3\" itemprop=\"headline\">Des \u00e9lucubrations &#8220;intellectuelles&#8221; des politicards kongolais et leurs raccourcis<\/h2><\/a>\t\t\t\t\t\t\t\t\t<span class=\"grve-hidden\">\r\n\t\t\t<span class=\"grve-structured-data entry-title\">Des \u00e9lucubrations &#8220;intellectuelles&#8221; des politicards kongolais et leurs raccourcis<\/span>\r\n\t\t\t<span class=\"grve-structured-data\" itemprop=\"image\" itemscope itemtype=\"http:\/\/schema.org\/ImageObject\">\r\n\t\t\t   <span itemprop='url' >https:\/\/congolobilelo.com\/IN\/wp-content\/uploads\/2024\/10\/Fatshi-Kisangani2-1.jpg<\/span>\r\n\t\t\t   <span itemprop='height' >1200<\/span>\r\n\t\t\t   <span itemprop='width' >800<\/span>\r\n\t\t\t<\/span>\r\n\t\t\t\t\t\t<span class=\"grve-structured-data vcard author\" itemprop=\"author\" itemscope itemtype=\"http:\/\/schema.org\/Person\">\r\n\t\t\t\t<span itemprop=\"name\" class=\"fn\">IN<\/span>\r\n\t\t\t<\/span>\r\n\t\t\t<span class=\"grve-structured-data\" itemprop=\"publisher\" itemscope itemtype=\"http:\/\/schema.org\/Organization\">\r\n\t\t\t\t<span itemprop='name'>IN<\/span>\r\n\t\t\t\t<span itemprop='logo' itemscope itemtype='http:\/\/schema.org\/ImageObject'>\r\n\t\t\t\t\t<span itemprop='url'>\/\/congolobilelo.com\/IN\/wp-content\/uploads\/2024\/11\/INGETA-80.png<\/span>\r\n\t\t\t\t<\/span>\r\n\t\t\t<\/span>\r\n\t\t\t\t\t\t<time class=\"grve-structured-data date published\" itemprop=\"datePublished\" datetime=\"2024-10-28T14:40:29+01:00\">28 October 2024<\/time>\r\n\t\t\t<time class=\"grve-structured-data date updated\" itemprop=\"dateModified\"  datetime=\"2024-10-28T14:40:29+01:00\">28 October 2024<\/time>\r\n\t\t\t<span class=\"grve-structured-data\" itemprop=\"mainEntityOfPage\" itemscope itemtype=\"http:\/\/schema.org\/WebPage\" itemid=\"https:\/\/congolobilelo.com\/IN\/des-elucubrations-intellectuelles-des-politicards-kongolais-et-leurs-raccourcis\/\"><\/span>\r\n\t\t<\/span>\r\n\t\t\t\t\t\t\t\t<div itemprop=\"articleBody\"><p>Par Jean-Pierre Mbelu &#8220;M\u00eame si tout n&#8217;est pas dans les livres, lire et archiver, cela est important. Le Kongo-Kinshasa semble, dans le chef de ses&hellip;<\/p><\/div>\t\t\t\t\t\t<\/div>\r\n\t\t\t\t\t<\/article>\r\n\t\t\t\t<\/div>\r\n\t\t\t\t<div class=\"grve-carousel-item\">\r\n\t\t\t\t\t<article class=\"grve-post-item post-15359 post type-post status-publish format-standard has-post-thumbnail hentry category-analyses-commentaires category-guerre category-strategie-du-chaos\" itemscope itemType=\"http:\/\/schema.org\/BlogPosting\">\r\n\t\t\t\t\t\t\t\t<div class=\"grve-media grve-image-hover\">\r\n\t\t\t\t\t\t<a href=\"https:\/\/congolobilelo.com\/IN\/trois-proxys-au-service-des-elites-anglo-saxonnes\/\"><img loading=\"lazy\" decoding=\"async\" width=\"560\" height=\"420\" src=\"https:\/\/congolobilelo.com\/IN\/wp-content\/uploads\/2024\/10\/Fatshi-Lourenco-1-560x420.jpg\" class=\"attachment-movedo-grve-small-rect-horizontal size-movedo-grve-small-rect-horizontal wp-post-image\" alt=\"\" srcset=\"https:\/\/congolobilelo.com\/IN\/wp-content\/uploads\/2024\/10\/Fatshi-Lourenco-1-560x420.jpg 560w, https:\/\/congolobilelo.com\/IN\/wp-content\/uploads\/2024\/10\/Fatshi-Lourenco-1-900x675.jpg 900w\" sizes=\"auto, (max-width: 560px) 100vw, 560px\" \/><\/a>\r\n\t\t\t\r\n\t\t<\/div>\r\n\t\t\t\t\t\t<div class=\"grve-post-content\">\r\n\t\t\t\t\t\t\t<ul class=\"grve-post-meta\">\r\n\t\t\t\t\t\t\t\t<li class=\"grve-post-date\">\t<time class=\"\" datetime=\"2024-10-27T15:19:34+01:00\">\r\n\t\t27 October 2024\t<\/time>\r\n<\/li>\t\t\t\t\t\t\t<\/ul>\r\n\t\t\t\t\t\t\t<a href=\"https:\/\/congolobilelo.com\/IN\/trois-proxys-au-service-des-elites-anglo-saxonnes\/\" rel=\"bookmark\"><h2 class=\"grve-post-title grve-post-title-hover grve-h3\" itemprop=\"headline\">Une m\u00e9diation de l&#8217;Angola entre le Congo et le Rwanda : trois proxys au service des \u00e9lites anglo-saxonnes<\/h2><\/a>\t\t\t\t\t\t\t\t\t<span class=\"grve-hidden\">\r\n\t\t\t<span class=\"grve-structured-data entry-title\">Une m\u00e9diation de l&#8217;Angola entre le Congo et le Rwanda : trois proxys au service des \u00e9lites anglo-saxonnes<\/span>\r\n\t\t\t<span class=\"grve-structured-data\" itemprop=\"image\" itemscope itemtype=\"http:\/\/schema.org\/ImageObject\">\r\n\t\t\t   <span itemprop='url' >https:\/\/congolobilelo.com\/IN\/wp-content\/uploads\/2024\/10\/Fatshi-Lourenco-1.jpg<\/span>\r\n\t\t\t   <span itemprop='height' >2048<\/span>\r\n\t\t\t   <span itemprop='width' >1366<\/span>\r\n\t\t\t<\/span>\r\n\t\t\t\t\t\t<span class=\"grve-structured-data vcard author\" itemprop=\"author\" itemscope itemtype=\"http:\/\/schema.org\/Person\">\r\n\t\t\t\t<span itemprop=\"name\" class=\"fn\">IN<\/span>\r\n\t\t\t<\/span>\r\n\t\t\t<span class=\"grve-structured-data\" itemprop=\"publisher\" itemscope itemtype=\"http:\/\/schema.org\/Organization\">\r\n\t\t\t\t<span itemprop='name'>IN<\/span>\r\n\t\t\t\t<span itemprop='logo' itemscope itemtype='http:\/\/schema.org\/ImageObject'>\r\n\t\t\t\t\t<span itemprop='url'>\/\/congolobilelo.com\/IN\/wp-content\/uploads\/2024\/11\/INGETA-80.png<\/span>\r\n\t\t\t\t<\/span>\r\n\t\t\t<\/span>\r\n\t\t\t\t\t\t<time class=\"grve-structured-data date published\" itemprop=\"datePublished\" datetime=\"2024-10-27T15:19:34+01:00\">27 October 2024<\/time>\r\n\t\t\t<time class=\"grve-structured-data date updated\" itemprop=\"dateModified\"  datetime=\"2024-10-27T15:19:34+01:00\">27 October 2024<\/time>\r\n\t\t\t<span class=\"grve-structured-data\" itemprop=\"mainEntityOfPage\" itemscope itemtype=\"http:\/\/schema.org\/WebPage\" itemid=\"https:\/\/congolobilelo.com\/IN\/trois-proxys-au-service-des-elites-anglo-saxonnes\/\"><\/span>\r\n\t\t<\/span>\r\n\t\t\t\t\t\t\t\t<div itemprop=\"articleBody\"><p>Par Mufoncol Tshiyoyo Lorsqu&#8217;on apprend que l&#8217;Angola est positionn\u00e9 comme \u00ab m\u00e9diateur \u00bb entre le Congo et le Rwanda, une sensation \u00e9trange surgit. Comment un&hellip;<\/p><\/div>\t\t\t\t\t\t<\/div>\r\n\t\t\t\t\t<\/article>\r\n\t\t\t\t<\/div>\r\n\t\t\t\t<div class=\"grve-carousel-item\">\r\n\t\t\t\t\t<article class=\"grve-post-item post-15354 post type-post status-publish format-standard has-post-thumbnail hentry category-analyses-commentaires category-pensee-critique category-politique-societe\" itemscope itemType=\"http:\/\/schema.org\/BlogPosting\">\r\n\t\t\t\t\t\t\t\t<div class=\"grve-media grve-image-hover\">\r\n\t\t\t\t\t\t<a href=\"https:\/\/congolobilelo.com\/IN\/et-si-la-crise-kongolaise-etait-anthropologique\/\"><img loading=\"lazy\" decoding=\"async\" width=\"560\" height=\"420\" src=\"https:\/\/congolobilelo.com\/IN\/wp-content\/uploads\/2024\/10\/Beni10ans4-1-560x420.jpeg\" class=\"attachment-movedo-grve-small-rect-horizontal size-movedo-grve-small-rect-horizontal wp-post-image\" alt=\"\" srcset=\"https:\/\/congolobilelo.com\/IN\/wp-content\/uploads\/2024\/10\/Beni10ans4-1-560x420.jpeg 560w, https:\/\/congolobilelo.com\/IN\/wp-content\/uploads\/2024\/10\/Beni10ans4-1-300x225.jpeg 300w, https:\/\/congolobilelo.com\/IN\/wp-content\/uploads\/2024\/10\/Beni10ans4-1-1024x768.jpeg 1024w, https:\/\/congolobilelo.com\/IN\/wp-content\/uploads\/2024\/10\/Beni10ans4-1-768x576.jpeg 768w, https:\/\/congolobilelo.com\/IN\/wp-content\/uploads\/2024\/10\/Beni10ans4-1-1536x1152.jpeg 1536w, https:\/\/congolobilelo.com\/IN\/wp-content\/uploads\/2024\/10\/Beni10ans4-1-900x675.jpeg 900w, https:\/\/congolobilelo.com\/IN\/wp-content\/uploads\/2024\/10\/Beni10ans4-1-1920x1440.jpeg 1920w\" sizes=\"auto, (max-width: 560px) 100vw, 560px\" \/><\/a>\r\n\t\t\t\r\n\t\t<\/div>\r\n\t\t\t\t\t\t<div class=\"grve-post-content\">\r\n\t\t\t\t\t\t\t<ul class=\"grve-post-meta\">\r\n\t\t\t\t\t\t\t\t<li class=\"grve-post-date\">\t<time class=\"\" datetime=\"2024-10-21T21:18:47+02:00\">\r\n\t\t21 October 2024\t<\/time>\r\n<\/li>\t\t\t\t\t\t\t<\/ul>\r\n\t\t\t\t\t\t\t<a href=\"https:\/\/congolobilelo.com\/IN\/et-si-la-crise-kongolaise-etait-anthropologique\/\" rel=\"bookmark\"><h2 class=\"grve-post-title grve-post-title-hover grve-h3\" itemprop=\"headline\">Et si la crise kongolaise \u00e9tait anthropologique\u00a0?<\/h2><\/a>\t\t\t\t\t\t\t\t\t<span class=\"grve-hidden\">\r\n\t\t\t<span class=\"grve-structured-data entry-title\">Et si la crise kongolaise \u00e9tait anthropologique\u00a0?<\/span>\r\n\t\t\t<span class=\"grve-structured-data\" itemprop=\"image\" itemscope itemtype=\"http:\/\/schema.org\/ImageObject\">\r\n\t\t\t   <span itemprop='url' >https:\/\/congolobilelo.com\/IN\/wp-content\/uploads\/2024\/10\/Beni10ans4-1.jpeg<\/span>\r\n\t\t\t   <span itemprop='height' >2048<\/span>\r\n\t\t\t   <span itemprop='width' >1536<\/span>\r\n\t\t\t<\/span>\r\n\t\t\t\t\t\t<span class=\"grve-structured-data vcard author\" itemprop=\"author\" itemscope itemtype=\"http:\/\/schema.org\/Person\">\r\n\t\t\t\t<span itemprop=\"name\" class=\"fn\">IN<\/span>\r\n\t\t\t<\/span>\r\n\t\t\t<span class=\"grve-structured-data\" itemprop=\"publisher\" itemscope itemtype=\"http:\/\/schema.org\/Organization\">\r\n\t\t\t\t<span itemprop='name'>IN<\/span>\r\n\t\t\t\t<span itemprop='logo' itemscope itemtype='http:\/\/schema.org\/ImageObject'>\r\n\t\t\t\t\t<span itemprop='url'>\/\/congolobilelo.com\/IN\/wp-content\/uploads\/2024\/11\/INGETA-80.png<\/span>\r\n\t\t\t\t<\/span>\r\n\t\t\t<\/span>\r\n\t\t\t\t\t\t<time class=\"grve-structured-data date published\" itemprop=\"datePublished\" datetime=\"2024-10-21T21:18:47+02:00\">21 October 2024<\/time>\r\n\t\t\t<time class=\"grve-structured-data date updated\" itemprop=\"dateModified\"  datetime=\"2024-10-21T21:18:47+02:00\">21 October 2024<\/time>\r\n\t\t\t<span class=\"grve-structured-data\" itemprop=\"mainEntityOfPage\" itemscope itemtype=\"http:\/\/schema.org\/WebPage\" itemid=\"https:\/\/congolobilelo.com\/IN\/et-si-la-crise-kongolaise-etait-anthropologique\/\"><\/span>\r\n\t\t<\/span>\r\n\t\t\t\t\t\t\t\t<div itemprop=\"articleBody\"><p>Par Jean-Pierre Mbelu \u00abL&#8217;histoire nous apprends que nous ne savons pas apprendre de l&#8217;histoire. \u00bb M. Jean Mise en route Au Kongo-Kinshasa, il est rarissime&hellip;<\/p><\/div>\t\t\t\t\t\t<\/div>\r\n\t\t\t\t\t<\/article>\r\n\t\t\t\t<\/div>\r\n\t\t\t\t<div class=\"grve-carousel-item\">\r\n\t\t\t\t\t<article class=\"grve-post-item post-15346 post type-post status-publish format-standard has-post-thumbnail hentry category-analyses-commentaires category-politique-societe category-terre\" itemscope itemType=\"http:\/\/schema.org\/BlogPosting\">\r\n\t\t\t\t\t\t\t\t<div class=\"grve-media grve-image-hover\">\r\n\t\t\t\t\t\t<a href=\"https:\/\/congolobilelo.com\/IN\/congo-notre-terre-notre-pouvoir\/\"><img loading=\"lazy\" decoding=\"async\" width=\"560\" height=\"420\" src=\"https:\/\/congolobilelo.com\/IN\/wp-content\/uploads\/2024\/10\/Kivu-deplaces-1-560x420.jpg\" class=\"attachment-movedo-grve-small-rect-horizontal size-movedo-grve-small-rect-horizontal wp-post-image\" alt=\"\" srcset=\"https:\/\/congolobilelo.com\/IN\/wp-content\/uploads\/2024\/10\/Kivu-deplaces-1-560x420.jpg 560w, https:\/\/congolobilelo.com\/IN\/wp-content\/uploads\/2024\/10\/Kivu-deplaces-1-900x675.jpg 900w\" sizes=\"auto, (max-width: 560px) 100vw, 560px\" \/><\/a>\r\n\t\t\t\r\n\t\t<\/div>\r\n\t\t\t\t\t\t<div class=\"grve-post-content\">\r\n\t\t\t\t\t\t\t<ul class=\"grve-post-meta\">\r\n\t\t\t\t\t\t\t\t<li class=\"grve-post-date\">\t<time class=\"\" datetime=\"2024-10-19T09:37:29+02:00\">\r\n\t\t19 October 2024\t<\/time>\r\n<\/li>\t\t\t\t\t\t\t<\/ul>\r\n\t\t\t\t\t\t\t<a href=\"https:\/\/congolobilelo.com\/IN\/congo-notre-terre-notre-pouvoir\/\" rel=\"bookmark\"><h2 class=\"grve-post-title grve-post-title-hover grve-h3\" itemprop=\"headline\">Congo, Notre terre, notre pouvoir, notre souverainet\u00e9, likambo ya mabele<\/h2><\/a>\t\t\t\t\t\t\t\t\t<span class=\"grve-hidden\">\r\n\t\t\t<span class=\"grve-structured-data entry-title\">Congo, Notre terre, notre pouvoir, notre souverainet\u00e9, likambo ya mabele<\/span>\r\n\t\t\t<span class=\"grve-structured-data\" itemprop=\"image\" itemscope itemtype=\"http:\/\/schema.org\/ImageObject\">\r\n\t\t\t   <span itemprop='url' >https:\/\/congolobilelo.com\/IN\/wp-content\/uploads\/2024\/10\/Kivu-deplaces-1.jpg<\/span>\r\n\t\t\t   <span itemprop='height' >1024<\/span>\r\n\t\t\t   <span itemprop='width' >809<\/span>\r\n\t\t\t<\/span>\r\n\t\t\t\t\t\t<span class=\"grve-structured-data vcard author\" itemprop=\"author\" itemscope itemtype=\"http:\/\/schema.org\/Person\">\r\n\t\t\t\t<span itemprop=\"name\" class=\"fn\">IN<\/span>\r\n\t\t\t<\/span>\r\n\t\t\t<span class=\"grve-structured-data\" itemprop=\"publisher\" itemscope itemtype=\"http:\/\/schema.org\/Organization\">\r\n\t\t\t\t<span itemprop='name'>IN<\/span>\r\n\t\t\t\t<span itemprop='logo' itemscope itemtype='http:\/\/schema.org\/ImageObject'>\r\n\t\t\t\t\t<span itemprop='url'>\/\/congolobilelo.com\/IN\/wp-content\/uploads\/2024\/11\/INGETA-80.png<\/span>\r\n\t\t\t\t<\/span>\r\n\t\t\t<\/span>\r\n\t\t\t\t\t\t<time class=\"grve-structured-data date published\" itemprop=\"datePublished\" datetime=\"2024-10-19T09:37:29+02:00\">19 October 2024<\/time>\r\n\t\t\t<time class=\"grve-structured-data date updated\" itemprop=\"dateModified\"  datetime=\"2024-10-19T09:37:29+02:00\">19 October 2024<\/time>\r\n\t\t\t<span class=\"grve-structured-data\" itemprop=\"mainEntityOfPage\" itemscope itemtype=\"http:\/\/schema.org\/WebPage\" itemid=\"https:\/\/congolobilelo.com\/IN\/congo-notre-terre-notre-pouvoir\/\"><\/span>\r\n\t\t<\/span>\r\n\t\t\t\t\t\t\t\t<div itemprop=\"articleBody\"><p>Par Mufoncol Tshiyoyo Chaque Congolais entretient un lien intime et multiple avec la terre. Notre terre n&#8217;est certes pas un territoire, c&#8217;est bien plus que&hellip;<\/p><\/div>\t\t\t\t\t\t<\/div>\r\n\t\t\t\t\t<\/article>\r\n\t\t\t\t<\/div>\r\n\t\t\t\t<div class=\"grve-carousel-item\">\r\n\t\t\t\t\t<article class=\"grve-post-item post-15343 post type-post status-publish format-standard has-post-thumbnail hentry category-analyses-commentaires category-identite category-politique-societe\" itemscope itemType=\"http:\/\/schema.org\/BlogPosting\">\r\n\t\t\t\t\t\t\t\t<div class=\"grve-media grve-image-hover\">\r\n\t\t\t\t\t\t<a href=\"https:\/\/congolobilelo.com\/IN\/la-presse-congolaise-une-fuite-en-avant-face-a-la-question-tutsi\/\"><img loading=\"lazy\" decoding=\"async\" width=\"560\" height=\"420\" src=\"https:\/\/congolobilelo.com\/IN\/wp-content\/uploads\/2024\/10\/RDC-QuestionTutsi-1-560x420.jpg\" class=\"attachment-movedo-grve-small-rect-horizontal size-movedo-grve-small-rect-horizontal wp-post-image\" alt=\"\" \/><\/a>\r\n\t\t\t\r\n\t\t<\/div>\r\n\t\t\t\t\t\t<div class=\"grve-post-content\">\r\n\t\t\t\t\t\t\t<ul class=\"grve-post-meta\">\r\n\t\t\t\t\t\t\t\t<li class=\"grve-post-date\">\t<time class=\"\" datetime=\"2024-10-13T09:59:00+02:00\">\r\n\t\t13 October 2024\t<\/time>\r\n<\/li>\t\t\t\t\t\t\t<\/ul>\r\n\t\t\t\t\t\t\t<a href=\"https:\/\/congolobilelo.com\/IN\/la-presse-congolaise-une-fuite-en-avant-face-a-la-question-tutsi\/\" rel=\"bookmark\"><h2 class=\"grve-post-title grve-post-title-hover grve-h3\" itemprop=\"headline\">La presse congolaise : une fuite en avant face \u00e0 la question Tutsi<\/h2><\/a>\t\t\t\t\t\t\t\t\t<span class=\"grve-hidden\">\r\n\t\t\t<span class=\"grve-structured-data entry-title\">La presse congolaise : une fuite en avant face \u00e0 la question Tutsi<\/span>\r\n\t\t\t<span class=\"grve-structured-data\" itemprop=\"image\" itemscope itemtype=\"http:\/\/schema.org\/ImageObject\">\r\n\t\t\t   <span itemprop='url' >https:\/\/congolobilelo.com\/IN\/wp-content\/uploads\/2024\/10\/RDC-QuestionTutsi-1.jpg<\/span>\r\n\t\t\t   <span itemprop='height' >1342<\/span>\r\n\t\t\t   <span itemprop='width' >671<\/span>\r\n\t\t\t<\/span>\r\n\t\t\t\t\t\t<span class=\"grve-structured-data vcard author\" itemprop=\"author\" itemscope itemtype=\"http:\/\/schema.org\/Person\">\r\n\t\t\t\t<span itemprop=\"name\" class=\"fn\">IN<\/span>\r\n\t\t\t<\/span>\r\n\t\t\t<span class=\"grve-structured-data\" itemprop=\"publisher\" itemscope itemtype=\"http:\/\/schema.org\/Organization\">\r\n\t\t\t\t<span itemprop='name'>IN<\/span>\r\n\t\t\t\t<span itemprop='logo' itemscope itemtype='http:\/\/schema.org\/ImageObject'>\r\n\t\t\t\t\t<span itemprop='url'>\/\/congolobilelo.com\/IN\/wp-content\/uploads\/2024\/11\/INGETA-80.png<\/span>\r\n\t\t\t\t<\/span>\r\n\t\t\t<\/span>\r\n\t\t\t\t\t\t<time class=\"grve-structured-data date published\" itemprop=\"datePublished\" datetime=\"2024-10-13T09:59:00+02:00\">13 October 2024<\/time>\r\n\t\t\t<time class=\"grve-structured-data date updated\" itemprop=\"dateModified\"  datetime=\"2024-10-13T09:59:00+02:00\">13 October 2024<\/time>\r\n\t\t\t<span class=\"grve-structured-data\" itemprop=\"mainEntityOfPage\" itemscope itemtype=\"http:\/\/schema.org\/WebPage\" itemid=\"https:\/\/congolobilelo.com\/IN\/la-presse-congolaise-une-fuite-en-avant-face-a-la-question-tutsi\/\"><\/span>\r\n\t\t<\/span>\r\n\t\t\t\t\t\t\t\t<div itemprop=\"articleBody\"><p>Par Mufoncol Tshiyoyo Qui d\u00e9termine l\u2019agenda m\u00e9diatique en R\u00e9publique D\u00e9mocratique du Congo ? Qui d\u00e9cide de ce qui doit \u00eatre dit, comment\u00e9 ou racont\u00e9 ?&hellip;<\/p><\/div>\t\t\t\t\t\t<\/div>\r\n\t\t\t\t\t<\/article>\r\n\t\t\t\t<\/div>\r\n\t\t\t\t<div class=\"grve-carousel-item\">\r\n\t\t\t\t\t<article class=\"grve-post-item post-16520 post type-post status-publish format-standard has-post-thumbnail hentry category-analyses-commentaires category-etat category-pensee-critique category-politique-societe\" itemscope itemType=\"http:\/\/schema.org\/BlogPosting\">\r\n\t\t\t\t\t\t\t\t<div class=\"grve-media grve-image-hover\">\r\n\t\t\t\t\t\t<a href=\"https:\/\/congolobilelo.com\/IN\/une-charte-pour-linfiltration-et-loccupation-denommee\/\"><img loading=\"lazy\" decoding=\"async\" width=\"560\" height=\"420\" src=\"https:\/\/congolobilelo.com\/IN\/wp-content\/uploads\/2024\/10\/Fatshi-Constitution-1-560x420.jpeg\" class=\"attachment-movedo-grve-small-rect-horizontal size-movedo-grve-small-rect-horizontal wp-post-image\" alt=\"\" srcset=\"https:\/\/congolobilelo.com\/IN\/wp-content\/uploads\/2024\/10\/Fatshi-Constitution-1-560x420.jpeg 560w, https:\/\/congolobilelo.com\/IN\/wp-content\/uploads\/2024\/10\/Fatshi-Constitution-1-840x630.jpeg 840w\" sizes=\"auto, (max-width: 560px) 100vw, 560px\" \/><\/a>\r\n\t\t\t\r\n\t\t<\/div>\r\n\t\t\t\t\t\t<div class=\"grve-post-content\">\r\n\t\t\t\t\t\t\t<ul class=\"grve-post-meta\">\r\n\t\t\t\t\t\t\t\t<li class=\"grve-post-date\">\t<time class=\"\" datetime=\"2024-10-10T19:21:03+02:00\">\r\n\t\t10 October 2024\t<\/time>\r\n<\/li>\t\t\t\t\t\t\t<\/ul>\r\n\t\t\t\t\t\t\t<a href=\"https:\/\/congolobilelo.com\/IN\/une-charte-pour-linfiltration-et-loccupation-denommee\/\" rel=\"bookmark\"><h2 class=\"grve-post-title grve-post-title-hover grve-h3\" itemprop=\"headline\">Une charte pour l&#8217;infiltration et l&#8217;occupation d\u00e9nomm\u00e9e &#8220;meilleure constitution&#8221; au Kongo-Kinshasa<\/h2><\/a>\t\t\t\t\t\t\t\t\t<span class=\"grve-hidden\">\r\n\t\t\t<span class=\"grve-structured-data entry-title\">Une charte pour l&#8217;infiltration et l&#8217;occupation d\u00e9nomm\u00e9e &#8220;meilleure constitution&#8221; au Kongo-Kinshasa<\/span>\r\n\t\t\t<span class=\"grve-structured-data\" itemprop=\"image\" itemscope itemtype=\"http:\/\/schema.org\/ImageObject\">\r\n\t\t\t   <span itemprop='url' >https:\/\/congolobilelo.com\/IN\/wp-content\/uploads\/2024\/10\/Fatshi-Constitution-1.jpeg<\/span>\r\n\t\t\t   <span itemprop='height' >1200<\/span>\r\n\t\t\t   <span itemprop='width' >630<\/span>\r\n\t\t\t<\/span>\r\n\t\t\t\t\t\t<span class=\"grve-structured-data vcard author\" itemprop=\"author\" itemscope itemtype=\"http:\/\/schema.org\/Person\">\r\n\t\t\t\t<span itemprop=\"name\" class=\"fn\">IN<\/span>\r\n\t\t\t<\/span>\r\n\t\t\t<span class=\"grve-structured-data\" itemprop=\"publisher\" itemscope itemtype=\"http:\/\/schema.org\/Organization\">\r\n\t\t\t\t<span itemprop='name'>IN<\/span>\r\n\t\t\t\t<span itemprop='logo' itemscope itemtype='http:\/\/schema.org\/ImageObject'>\r\n\t\t\t\t\t<span itemprop='url'>\/\/congolobilelo.com\/IN\/wp-content\/uploads\/2024\/11\/INGETA-80.png<\/span>\r\n\t\t\t\t<\/span>\r\n\t\t\t<\/span>\r\n\t\t\t\t\t\t<time class=\"grve-structured-data date published\" itemprop=\"datePublished\" datetime=\"2024-10-10T19:21:03+02:00\">10 October 2024<\/time>\r\n\t\t\t<time class=\"grve-structured-data date updated\" itemprop=\"dateModified\"  datetime=\"2024-10-10T19:21:03+02:00\">10 October 2024<\/time>\r\n\t\t\t<span class=\"grve-structured-data\" itemprop=\"mainEntityOfPage\" itemscope itemtype=\"http:\/\/schema.org\/WebPage\" itemid=\"https:\/\/congolobilelo.com\/IN\/une-charte-pour-linfiltration-et-loccupation-denommee\/\"><\/span>\r\n\t\t<\/span>\r\n\t\t\t\t\t\t\t\t<div itemprop=\"articleBody\"><p>Par Jean-Pierre Mbelu \u00ab L&#8217;histoire nous apprend que nous ne savons pas apprendre de l&#8217;histoire. \u00bb-M. Jean Le Kongo-Kinshasa n&#8217;\u00e9tant pas une \u00eele vit au&hellip;<\/p><\/div>\t\t\t\t\t\t<\/div>\r\n\t\t\t\t\t<\/article>\r\n\t\t\t\t<\/div>\r\n\t\t\t\t<div class=\"grve-carousel-item\">\r\n\t\t\t\t\t<article class=\"grve-post-item post-15333 post type-post status-publish format-standard has-post-thumbnail hentry category-analyses-commentaires category-etat category-pensee-critique category-politique-societe\" itemscope itemType=\"http:\/\/schema.org\/BlogPosting\">\r\n\t\t\t\t\t\t\t\t<div class=\"grve-media grve-image-hover\">\r\n\t\t\t\t\t\t<a href=\"https:\/\/congolobilelo.com\/IN\/lelite-congolaise-et-la-souverainete-de-la-politique-etrangere\/\"><img loading=\"lazy\" decoding=\"async\" width=\"560\" height=\"420\" src=\"https:\/\/congolobilelo.com\/IN\/wp-content\/uploads\/2024\/10\/Kagame-Fatshi-Macron-Francophonie-Octobre2024-560x420.jpg\" class=\"attachment-movedo-grve-small-rect-horizontal size-movedo-grve-small-rect-horizontal wp-post-image\" alt=\"\" srcset=\"https:\/\/congolobilelo.com\/IN\/wp-content\/uploads\/2024\/10\/Kagame-Fatshi-Macron-Francophonie-Octobre2024-560x420.jpg 560w, https:\/\/congolobilelo.com\/IN\/wp-content\/uploads\/2024\/10\/Kagame-Fatshi-Macron-Francophonie-Octobre2024-840x628.jpg 840w\" sizes=\"auto, (max-width: 560px) 100vw, 560px\" \/><\/a>\r\n\t\t\t\r\n\t\t<\/div>\r\n\t\t\t\t\t\t<div class=\"grve-post-content\">\r\n\t\t\t\t\t\t\t<ul class=\"grve-post-meta\">\r\n\t\t\t\t\t\t\t\t<li class=\"grve-post-date\">\t<time class=\"\" datetime=\"2024-10-08T23:54:31+02:00\">\r\n\t\t8 October 2024\t<\/time>\r\n<\/li>\t\t\t\t\t\t\t<\/ul>\r\n\t\t\t\t\t\t\t<a href=\"https:\/\/congolobilelo.com\/IN\/lelite-congolaise-et-la-souverainete-de-la-politique-etrangere\/\" rel=\"bookmark\"><h2 class=\"grve-post-title grve-post-title-hover grve-h3\" itemprop=\"headline\">L\u2019\u00e9lite congolaise et la souverainet\u00e9 de la politique \u00e9trang\u00e8re: entre d\u00e9pendance et autod\u00e9termination<\/h2><\/a>\t\t\t\t\t\t\t\t\t<span class=\"grve-hidden\">\r\n\t\t\t<span class=\"grve-structured-data entry-title\">L\u2019\u00e9lite congolaise et la souverainet\u00e9 de la politique \u00e9trang\u00e8re: entre d\u00e9pendance et autod\u00e9termination<\/span>\r\n\t\t\t<span class=\"grve-structured-data\" itemprop=\"image\" itemscope itemtype=\"http:\/\/schema.org\/ImageObject\">\r\n\t\t\t   <span itemprop='url' >https:\/\/congolobilelo.com\/IN\/wp-content\/uploads\/2024\/10\/Kagame-Fatshi-Macron-Francophonie-Octobre2024.jpg<\/span>\r\n\t\t\t   <span itemprop='height' >1256<\/span>\r\n\t\t\t   <span itemprop='width' >628<\/span>\r\n\t\t\t<\/span>\r\n\t\t\t\t\t\t<span class=\"grve-structured-data vcard author\" itemprop=\"author\" itemscope itemtype=\"http:\/\/schema.org\/Person\">\r\n\t\t\t\t<span itemprop=\"name\" class=\"fn\">IN<\/span>\r\n\t\t\t<\/span>\r\n\t\t\t<span class=\"grve-structured-data\" itemprop=\"publisher\" itemscope itemtype=\"http:\/\/schema.org\/Organization\">\r\n\t\t\t\t<span itemprop='name'>IN<\/span>\r\n\t\t\t\t<span itemprop='logo' itemscope itemtype='http:\/\/schema.org\/ImageObject'>\r\n\t\t\t\t\t<span itemprop='url'>\/\/congolobilelo.com\/IN\/wp-content\/uploads\/2024\/11\/INGETA-80.png<\/span>\r\n\t\t\t\t<\/span>\r\n\t\t\t<\/span>\r\n\t\t\t\t\t\t<time class=\"grve-structured-data date published\" itemprop=\"datePublished\" datetime=\"2024-10-08T23:54:31+02:00\">8 October 2024<\/time>\r\n\t\t\t<time class=\"grve-structured-data date updated\" itemprop=\"dateModified\"  datetime=\"2024-10-08T23:54:31+02:00\">8 October 2024<\/time>\r\n\t\t\t<span class=\"grve-structured-data\" itemprop=\"mainEntityOfPage\" itemscope itemtype=\"http:\/\/schema.org\/WebPage\" itemid=\"https:\/\/congolobilelo.com\/IN\/lelite-congolaise-et-la-souverainete-de-la-politique-etrangere\/\"><\/span>\r\n\t\t<\/span>\r\n\t\t\t\t\t\t\t\t<div itemprop=\"articleBody\"><p>Par Mufoncol Tshiyoyo Une \u00e9lite sans pouvoir ni vision claire sur sa politique \u00e9trang\u00e8re condamne son pays \u00e0 l&#8217;ignorance et \u00e0 l&#8217;insignifiance. Cette r\u00e9alit\u00e9 est&hellip;<\/p><\/div>\t\t\t\t\t\t<\/div>\r\n\t\t\t\t\t<\/article>\r\n\t\t\t\t<\/div>\r\n\t\t\t\t<div class=\"grve-carousel-item\">\r\n\t\t\t\t\t<article class=\"grve-post-item post-15330 post type-post status-publish format-standard has-post-thumbnail hentry category-analyses-commentaires category-guerre category-medias category-pensee-critique\" itemscope itemType=\"http:\/\/schema.org\/BlogPosting\">\r\n\t\t\t\t\t\t\t\t<div class=\"grve-media grve-image-hover\">\r\n\t\t\t\t\t\t<a href=\"https:\/\/congolobilelo.com\/IN\/lire-charles-onana-et-constituer-sa-petite-bibliotheque\/\"><img loading=\"lazy\" decoding=\"async\" width=\"560\" height=\"420\" src=\"https:\/\/congolobilelo.com\/IN\/wp-content\/uploads\/2024\/09\/onana-rwanda2-1-560x420.jpg\" class=\"attachment-movedo-grve-small-rect-horizontal size-movedo-grve-small-rect-horizontal wp-post-image\" alt=\"\" \/><\/a>\r\n\t\t\t\r\n\t\t<\/div>\r\n\t\t\t\t\t\t<div class=\"grve-post-content\">\r\n\t\t\t\t\t\t\t<ul class=\"grve-post-meta\">\r\n\t\t\t\t\t\t\t\t<li class=\"grve-post-date\">\t<time class=\"\" datetime=\"2024-09-28T18:34:04+02:00\">\r\n\t\t28 September 2024\t<\/time>\r\n<\/li>\t\t\t\t\t\t\t<\/ul>\r\n\t\t\t\t\t\t\t<a href=\"https:\/\/congolobilelo.com\/IN\/lire-charles-onana-et-constituer-sa-petite-bibliotheque\/\" rel=\"bookmark\"><h2 class=\"grve-post-title grve-post-title-hover grve-h3\" itemprop=\"headline\">Lire Charles Onana et constituer sa petite biblioth\u00e8que<\/h2><\/a>\t\t\t\t\t\t\t\t\t<span class=\"grve-hidden\">\r\n\t\t\t<span class=\"grve-structured-data entry-title\">Lire Charles Onana et constituer sa petite biblioth\u00e8que<\/span>\r\n\t\t\t<span class=\"grve-structured-data\" itemprop=\"image\" itemscope itemtype=\"http:\/\/schema.org\/ImageObject\">\r\n\t\t\t   <span itemprop='url' >https:\/\/congolobilelo.com\/IN\/wp-content\/uploads\/2024\/09\/onana-rwanda2-1.jpg<\/span>\r\n\t\t\t   <span itemprop='height' >960<\/span>\r\n\t\t\t   <span itemprop='width' >540<\/span>\r\n\t\t\t<\/span>\r\n\t\t\t\t\t\t<span class=\"grve-structured-data vcard author\" itemprop=\"author\" itemscope itemtype=\"http:\/\/schema.org\/Person\">\r\n\t\t\t\t<span itemprop=\"name\" class=\"fn\">IN<\/span>\r\n\t\t\t<\/span>\r\n\t\t\t<span class=\"grve-structured-data\" itemprop=\"publisher\" itemscope itemtype=\"http:\/\/schema.org\/Organization\">\r\n\t\t\t\t<span itemprop='name'>IN<\/span>\r\n\t\t\t\t<span itemprop='logo' itemscope itemtype='http:\/\/schema.org\/ImageObject'>\r\n\t\t\t\t\t<span itemprop='url'>\/\/congolobilelo.com\/IN\/wp-content\/uploads\/2024\/11\/INGETA-80.png<\/span>\r\n\t\t\t\t<\/span>\r\n\t\t\t<\/span>\r\n\t\t\t\t\t\t<time class=\"grve-structured-data date published\" itemprop=\"datePublished\" datetime=\"2024-09-28T18:34:04+02:00\">28 September 2024<\/time>\r\n\t\t\t<time class=\"grve-structured-data date updated\" itemprop=\"dateModified\"  datetime=\"2024-09-28T18:34:04+02:00\">28 September 2024<\/time>\r\n\t\t\t<span class=\"grve-structured-data\" itemprop=\"mainEntityOfPage\" itemscope itemtype=\"http:\/\/schema.org\/WebPage\" itemid=\"https:\/\/congolobilelo.com\/IN\/lire-charles-onana-et-constituer-sa-petite-bibliotheque\/\"><\/span>\r\n\t\t<\/span>\r\n\t\t\t\t\t\t\t\t<div itemprop=\"articleBody\"><p>Par Jean-Pierre Mbelu \u00ab\u00a0On tue pas les id\u00e9es. \u00bb &#8211; Fidel Castro Mise en route Deux personnes de l&#8217;histoire philosophique et spirituelle, condamn\u00e9es par les&hellip;<\/p><\/div>\t\t\t\t\t\t<\/div>\r\n\t\t\t\t\t<\/article>\r\n\t\t\t\t<\/div>\r\n\t\t\t\t<div class=\"grve-carousel-item\">\r\n\t\t\t\t\t<article class=\"grve-post-item post-15326 post type-post status-publish format-standard has-post-thumbnail hentry category-analyses-commentaires category-guerre category-medias category-pensee-critique\" itemscope itemType=\"http:\/\/schema.org\/BlogPosting\">\r\n\t\t\t\t\t\t\t\t<div class=\"grve-media grve-image-hover\">\r\n\t\t\t\t\t\t<a href=\"https:\/\/congolobilelo.com\/IN\/charles-onana-face-a-un-deuxieme-jury\/\"><img loading=\"lazy\" decoding=\"async\" width=\"560\" height=\"420\" src=\"https:\/\/congolobilelo.com\/IN\/wp-content\/uploads\/2024\/09\/Onana2-1-560x420.jpg\" class=\"attachment-movedo-grve-small-rect-horizontal size-movedo-grve-small-rect-horizontal wp-post-image\" alt=\"\" \/><\/a>\r\n\t\t\t\r\n\t\t<\/div>\r\n\t\t\t\t\t\t<div class=\"grve-post-content\">\r\n\t\t\t\t\t\t\t<ul class=\"grve-post-meta\">\r\n\t\t\t\t\t\t\t\t<li class=\"grve-post-date\">\t<time class=\"\" datetime=\"2024-09-27T17:41:02+02:00\">\r\n\t\t27 September 2024\t<\/time>\r\n<\/li>\t\t\t\t\t\t\t<\/ul>\r\n\t\t\t\t\t\t\t<a href=\"https:\/\/congolobilelo.com\/IN\/charles-onana-face-a-un-deuxieme-jury\/\" rel=\"bookmark\"><h2 class=\"grve-post-title grve-post-title-hover grve-h3\" itemprop=\"headline\">Charles Onana face \u00e0 un &#8220;deuxi\u00e8me jury&#8221;<\/h2><\/a>\t\t\t\t\t\t\t\t\t<span class=\"grve-hidden\">\r\n\t\t\t<span class=\"grve-structured-data entry-title\">Charles Onana face \u00e0 un &#8220;deuxi\u00e8me jury&#8221;<\/span>\r\n\t\t\t<span class=\"grve-structured-data\" itemprop=\"image\" itemscope itemtype=\"http:\/\/schema.org\/ImageObject\">\r\n\t\t\t   <span itemprop='url' >https:\/\/congolobilelo.com\/IN\/wp-content\/uploads\/2024\/09\/Onana2-1.jpg<\/span>\r\n\t\t\t   <span itemprop='height' >800<\/span>\r\n\t\t\t   <span itemprop='width' >450<\/span>\r\n\t\t\t<\/span>\r\n\t\t\t\t\t\t<span class=\"grve-structured-data vcard author\" itemprop=\"author\" itemscope itemtype=\"http:\/\/schema.org\/Person\">\r\n\t\t\t\t<span itemprop=\"name\" class=\"fn\">IN<\/span>\r\n\t\t\t<\/span>\r\n\t\t\t<span class=\"grve-structured-data\" itemprop=\"publisher\" itemscope itemtype=\"http:\/\/schema.org\/Organization\">\r\n\t\t\t\t<span itemprop='name'>IN<\/span>\r\n\t\t\t\t<span itemprop='logo' itemscope itemtype='http:\/\/schema.org\/ImageObject'>\r\n\t\t\t\t\t<span itemprop='url'>\/\/congolobilelo.com\/IN\/wp-content\/uploads\/2024\/11\/INGETA-80.png<\/span>\r\n\t\t\t\t<\/span>\r\n\t\t\t<\/span>\r\n\t\t\t\t\t\t<time class=\"grve-structured-data date published\" itemprop=\"datePublished\" datetime=\"2024-09-27T17:41:02+02:00\">27 September 2024<\/time>\r\n\t\t\t<time class=\"grve-structured-data date updated\" itemprop=\"dateModified\"  datetime=\"2024-09-27T17:41:02+02:00\">27 September 2024<\/time>\r\n\t\t\t<span class=\"grve-structured-data\" itemprop=\"mainEntityOfPage\" itemscope itemtype=\"http:\/\/schema.org\/WebPage\" itemid=\"https:\/\/congolobilelo.com\/IN\/charles-onana-face-a-un-deuxieme-jury\/\"><\/span>\r\n\t\t<\/span>\r\n\t\t\t\t\t\t\t\t<div itemprop=\"articleBody\"><p>Par Jean-Pierre Mbelu Des compatriotes africains des Grands Lacs et Kongolais sont inquiets depuis qu&#8217;ils ont appris que l&#8217;auteur de &#8220;Rwanda, la v\u00e9rit\u00e9 sur l&#8217;op\u00e9ration&hellip;<\/p><\/div>\t\t\t\t\t\t<\/div>\r\n\t\t\t\t\t<\/article>\r\n\t\t\t\t<\/div>\r\n\t\t\t\t<div class=\"grve-carousel-item\">\r\n\t\t\t\t\t<article class=\"grve-post-item post-15320 post type-post status-publish format-standard has-post-thumbnail hentry category-analyses-commentaires category-dignite category-etat category-pensee-critique category-politique-societe\" itemscope itemType=\"http:\/\/schema.org\/BlogPosting\">\r\n\t\t\t\t\t\t\t\t<div class=\"grve-media grve-image-hover\">\r\n\t\t\t\t\t\t<a href=\"https:\/\/congolobilelo.com\/IN\/samedi-14-septembre-2024-luanda-a-accouche-dune-souris\/\"><img loading=\"lazy\" decoding=\"async\" width=\"560\" height=\"375\" src=\"https:\/\/congolobilelo.com\/IN\/wp-content\/uploads\/2024\/09\/Luanda-Sept2024-1-560x375.jpg\" class=\"attachment-movedo-grve-small-rect-horizontal size-movedo-grve-small-rect-horizontal wp-post-image\" alt=\"\" \/><\/a>\r\n\t\t\t\r\n\t\t<\/div>\r\n\t\t\t\t\t\t<div class=\"grve-post-content\">\r\n\t\t\t\t\t\t\t<ul class=\"grve-post-meta\">\r\n\t\t\t\t\t\t\t\t<li class=\"grve-post-date\">\t<time class=\"\" datetime=\"2024-09-16T17:00:08+02:00\">\r\n\t\t16 September 2024\t<\/time>\r\n<\/li>\t\t\t\t\t\t\t<\/ul>\r\n\t\t\t\t\t\t\t<a href=\"https:\/\/congolobilelo.com\/IN\/samedi-14-septembre-2024-luanda-a-accouche-dune-souris\/\" rel=\"bookmark\"><h2 class=\"grve-post-title grve-post-title-hover grve-h3\" itemprop=\"headline\">Samedi 14 septembre 2024, Luanda a accouch\u00e9 d&#8217;une souris<\/h2><\/a>\t\t\t\t\t\t\t\t\t<span class=\"grve-hidden\">\r\n\t\t\t<span class=\"grve-structured-data entry-title\">Samedi 14 septembre 2024, Luanda a accouch\u00e9 d&#8217;une souris<\/span>\r\n\t\t\t<span class=\"grve-structured-data\" itemprop=\"image\" itemscope itemtype=\"http:\/\/schema.org\/ImageObject\">\r\n\t\t\t   <span itemprop='url' >https:\/\/congolobilelo.com\/IN\/wp-content\/uploads\/2024\/09\/Luanda-Sept2024-1.jpg<\/span>\r\n\t\t\t   <span itemprop='height' >750<\/span>\r\n\t\t\t   <span itemprop='width' >375<\/span>\r\n\t\t\t<\/span>\r\n\t\t\t\t\t\t<span class=\"grve-structured-data vcard author\" itemprop=\"author\" itemscope itemtype=\"http:\/\/schema.org\/Person\">\r\n\t\t\t\t<span itemprop=\"name\" class=\"fn\">IN<\/span>\r\n\t\t\t<\/span>\r\n\t\t\t<span class=\"grve-structured-data\" itemprop=\"publisher\" itemscope itemtype=\"http:\/\/schema.org\/Organization\">\r\n\t\t\t\t<span itemprop='name'>IN<\/span>\r\n\t\t\t\t<span itemprop='logo' itemscope itemtype='http:\/\/schema.org\/ImageObject'>\r\n\t\t\t\t\t<span itemprop='url'>\/\/congolobilelo.com\/IN\/wp-content\/uploads\/2024\/11\/INGETA-80.png<\/span>\r\n\t\t\t\t<\/span>\r\n\t\t\t<\/span>\r\n\t\t\t\t\t\t<time class=\"grve-structured-data date published\" itemprop=\"datePublished\" datetime=\"2024-09-16T17:00:08+02:00\">16 September 2024<\/time>\r\n\t\t\t<time class=\"grve-structured-data date updated\" itemprop=\"dateModified\"  datetime=\"2024-09-16T17:00:08+02:00\">16 September 2024<\/time>\r\n\t\t\t<span class=\"grve-structured-data\" itemprop=\"mainEntityOfPage\" itemscope itemtype=\"http:\/\/schema.org\/WebPage\" itemid=\"https:\/\/congolobilelo.com\/IN\/samedi-14-septembre-2024-luanda-a-accouche-dune-souris\/\"><\/span>\r\n\t\t<\/span>\r\n\t\t\t\t\t\t\t\t<div itemprop=\"articleBody\"><p>Par Jean-Pierre Mbelu &#8220;Connais ton ennemi et connais-toi toi-m\u00eame; eussiez-vous cent guerres \u00e0 soutenir, cent fois vous serez victorieux. Si tu ignores ton ennemi et&hellip;<\/p><\/div>\t\t\t\t\t\t<\/div>\r\n\t\t\t\t\t<\/article>\r\n\t\t\t\t<\/div>\r\n<\/div>\t\t\t<\/div>\r\n\t\t<\/div>\r\n[\/vc_column][\/vc_row][vc_row bg_type=&#8221;color&#8221; bg_color=&#8221;#D9D9D9&#8243;][vc_column width=&#8221;1\/4&#8243;][vc_column_text]<\/p>\n<p>[\/vc_column_text]<h3 class=\"grve-element grve-title grve-align-left grve-h3\" style=\"\"><span>OPINIONS<span class=\"grve-title-line grve-bg-primary-1\" style=\"width: 50px;height: 2px;\"><\/span><\/span><\/h3>[vc_column_text css=&#8221;&#8221;]<\/p>\n<h4><span style=\"color: #808080;\">Tribunes, prises de position et d\u00e9bats sur les d\u00e9fis et les r\u00e9alit\u00e9s des congolais et des africains dans une perspective mondiale.<\/span><\/h4>\n<p>[\/vc_column_text][\/vc_column][vc_column width=&#8221;3\/4&#8243;]\t\t<div class=\"grve-element grve-carousel grve-layout-1 grve-carousel-style-1 grve-with-gap grve-carousel-wrapper\" style=\"\" >\r\n  <div class=\"grve-carousel-wrapper\"><div class=\"grve-carousel-navigation grve-dark grve-navigation-1 grve-navigation-carousel\"><div class=\"grve-carousel-buttons\"><div class=\"grve-carousel-prev\"><i class=\"grve-icon-nav-left-small\"><\/i><span class=\"screen-reader-text\">Previous<\/span><\/div><div class=\"grve-carousel-next\"><i class=\"grve-icon-nav-right-small\"><\/i><span class=\"screen-reader-text\">Next<\/span><\/div><\/div><\/div>\r\n\t\t\t<div class=\"grve-blog grve-blog-carousel grve-carousel-element\" data-items=\"3\" data-items-tablet-landscape=\"3\" data-items-tablet-portrait=\"3\" data-items-mobile=\"1\" data-slider-autoplay=\"yes\" data-slider-loop=\"yes\" data-slider-speed=\"3000\" data-slider-pause=\"no\" data-pagination-speed=\"400\" data-pagination=\"no\" data-gutter-size=\"40\">\r\n\t\t\t\t<div class=\"grve-carousel-item\">\r\n\t\t\t\t\t<article class=\"grve-post-item post-15392 post type-post status-publish format-standard has-post-thumbnail hentry category-etat category-paroles-dingeta category-pensee-critique\" itemscope itemType=\"http:\/\/schema.org\/BlogPosting\">\r\n\t\t\t\t\t\t\t\t<div class=\"grve-media grve-image-hover\">\r\n\t\t\t\t\t\t<a href=\"https:\/\/congolobilelo.com\/IN\/en-2006-le-kongo-kinshasa-etait-un-etat-rate-sous-tutelle\/\"><img loading=\"lazy\" decoding=\"async\" width=\"560\" height=\"420\" src=\"https:\/\/congolobilelo.com\/IN\/wp-content\/uploads\/2024\/11\/Bemba-Kabila2006-1-560x420.jpg\" class=\"attachment-movedo-grve-small-rect-horizontal size-movedo-grve-small-rect-horizontal wp-post-image\" alt=\"\" srcset=\"https:\/\/congolobilelo.com\/IN\/wp-content\/uploads\/2024\/11\/Bemba-Kabila2006-1-560x420.jpg 560w, https:\/\/congolobilelo.com\/IN\/wp-content\/uploads\/2024\/11\/Bemba-Kabila2006-1-900x675.jpg 900w\" sizes=\"auto, (max-width: 560px) 100vw, 560px\" \/><\/a>\r\n\t\t\t\r\n\t\t<\/div>\r\n\t\t\t\t\t\t<div class=\"grve-post-content\">\r\n\t\t\t\t\t\t\t<ul class=\"grve-post-meta\">\r\n\t\t\t\t\t\t\t\t<li class=\"grve-post-date\">\t<time class=\"\" datetime=\"2024-11-03T15:32:16+01:00\">\r\n\t\t3 November 2024\t<\/time>\r\n<\/li>\t\t\t\t\t\t\t<\/ul>\r\n\t\t\t\t\t\t\t<a href=\"https:\/\/congolobilelo.com\/IN\/en-2006-le-kongo-kinshasa-etait-un-etat-rate-sous-tutelle\/\" rel=\"bookmark\"><h2 class=\"grve-post-title grve-post-title-hover grve-h3\" itemprop=\"headline\">En 2006, le Kongo-Kinshasa \u00e9tait un Etat (rat\u00e9) sous tutelle<\/h2><\/a>\t\t\t\t\t\t\t\t\t<span class=\"grve-hidden\">\r\n\t\t\t<span class=\"grve-structured-data entry-title\">En 2006, le Kongo-Kinshasa \u00e9tait un Etat (rat\u00e9) sous tutelle<\/span>\r\n\t\t\t<span class=\"grve-structured-data\" itemprop=\"image\" itemscope itemtype=\"http:\/\/schema.org\/ImageObject\">\r\n\t\t\t   <span itemprop='url' >https:\/\/congolobilelo.com\/IN\/wp-content\/uploads\/2024\/11\/Bemba-Kabila2006-1.jpg<\/span>\r\n\t\t\t   <span itemprop='height' >1215<\/span>\r\n\t\t\t   <span itemprop='width' >860<\/span>\r\n\t\t\t<\/span>\r\n\t\t\t\t\t\t<span class=\"grve-structured-data vcard author\" itemprop=\"author\" itemscope itemtype=\"http:\/\/schema.org\/Person\">\r\n\t\t\t\t<span itemprop=\"name\" class=\"fn\">IN<\/span>\r\n\t\t\t<\/span>\r\n\t\t\t<span class=\"grve-structured-data\" itemprop=\"publisher\" itemscope itemtype=\"http:\/\/schema.org\/Organization\">\r\n\t\t\t\t<span itemprop='name'>IN<\/span>\r\n\t\t\t\t<span itemprop='logo' itemscope itemtype='http:\/\/schema.org\/ImageObject'>\r\n\t\t\t\t\t<span itemprop='url'>\/\/congolobilelo.com\/IN\/wp-content\/uploads\/2024\/11\/INGETA-80.png<\/span>\r\n\t\t\t\t<\/span>\r\n\t\t\t<\/span>\r\n\t\t\t\t\t\t<time class=\"grve-structured-data date published\" itemprop=\"datePublished\" datetime=\"2024-11-03T15:32:16+01:00\">3 November 2024<\/time>\r\n\t\t\t<time class=\"grve-structured-data date updated\" itemprop=\"dateModified\"  datetime=\"2024-11-03T15:32:16+01:00\">3 November 2024<\/time>\r\n\t\t\t<span class=\"grve-structured-data\" itemprop=\"mainEntityOfPage\" itemscope itemtype=\"http:\/\/schema.org\/WebPage\" itemid=\"https:\/\/congolobilelo.com\/IN\/en-2006-le-kongo-kinshasa-etait-un-etat-rate-sous-tutelle\/\"><\/span>\r\n\t\t<\/span>\r\n\t\t\t\t\t\t\t\t<div itemprop=\"articleBody\"><p>Par Jean-Pierre Mbelu Plusieurs compatriotes qui disent aujourd&#8217;hui &#8220;touche pas \u00e0 ma constitution&#8221; ne savent pas et\/ou ont vite oubli\u00e9 qu&#8217;il \u00e9tait interdit au parlement&hellip;<\/p><\/div>\t\t\t\t\t\t<\/div>\r\n\t\t\t\t\t<\/article>\r\n\t\t\t\t<\/div>\r\n\t\t\t\t<div class=\"grve-carousel-item\">\r\n\t\t\t\t\t<article class=\"grve-post-item post-16531 post type-post status-publish format-standard has-post-thumbnail hentry category-paroles-dingeta category-pensee-critique category-politique-societe\" itemscope itemType=\"http:\/\/schema.org\/BlogPosting\">\r\n\t\t\t\t\t\t\t\t<div class=\"grve-media grve-image-hover\">\r\n\t\t\t\t\t\t<a href=\"https:\/\/congolobilelo.com\/IN\/lire-toujours-lire-lexemple-de-les-faiseurs-de-paix-au-congo\/\"><img loading=\"lazy\" decoding=\"async\" width=\"560\" height=\"420\" src=\"https:\/\/congolobilelo.com\/IN\/wp-content\/uploads\/2024\/11\/Les-Faiseurs-de-paix-au-Congo-1-2-560x420.jpg\" class=\"attachment-movedo-grve-small-rect-horizontal size-movedo-grve-small-rect-horizontal wp-post-image\" alt=\"\" srcset=\"https:\/\/congolobilelo.com\/IN\/wp-content\/uploads\/2024\/11\/Les-Faiseurs-de-paix-au-Congo-1-2-560x420.jpg 560w, https:\/\/congolobilelo.com\/IN\/wp-content\/uploads\/2024\/11\/Les-Faiseurs-de-paix-au-Congo-1-2-900x675.jpg 900w\" sizes=\"auto, (max-width: 560px) 100vw, 560px\" \/><\/a>\r\n\t\t\t\r\n\t\t<\/div>\r\n\t\t\t\t\t\t<div class=\"grve-post-content\">\r\n\t\t\t\t\t\t\t<ul class=\"grve-post-meta\">\r\n\t\t\t\t\t\t\t\t<li class=\"grve-post-date\">\t<time class=\"\" datetime=\"2024-11-02T18:35:46+01:00\">\r\n\t\t2 November 2024\t<\/time>\r\n<\/li>\t\t\t\t\t\t\t<\/ul>\r\n\t\t\t\t\t\t\t<a href=\"https:\/\/congolobilelo.com\/IN\/lire-toujours-lire-lexemple-de-les-faiseurs-de-paix-au-congo\/\" rel=\"bookmark\"><h2 class=\"grve-post-title grve-post-title-hover grve-h3\" itemprop=\"headline\">Lire. Toujours lire. L&#8217;exemple de &#8220;Les &#8216;Faiseurs de paix&#8217; au Congo&#8221;<\/h2><\/a>\t\t\t\t\t\t\t\t\t<span class=\"grve-hidden\">\r\n\t\t\t<span class=\"grve-structured-data entry-title\">Lire. Toujours lire. L&#8217;exemple de &#8220;Les &#8216;Faiseurs de paix&#8217; au Congo&#8221;<\/span>\r\n\t\t\t<span class=\"grve-structured-data\" itemprop=\"image\" itemscope itemtype=\"http:\/\/schema.org\/ImageObject\">\r\n\t\t\t   <span itemprop='url' >https:\/\/congolobilelo.com\/IN\/wp-content\/uploads\/2024\/11\/Les-Faiseurs-de-paix-au-Congo-1-2.jpg<\/span>\r\n\t\t\t   <span itemprop='height' >1748<\/span>\r\n\t\t\t   <span itemprop='width' >1489<\/span>\r\n\t\t\t<\/span>\r\n\t\t\t\t\t\t<span class=\"grve-structured-data vcard author\" itemprop=\"author\" itemscope itemtype=\"http:\/\/schema.org\/Person\">\r\n\t\t\t\t<span itemprop=\"name\" class=\"fn\">IN<\/span>\r\n\t\t\t<\/span>\r\n\t\t\t<span class=\"grve-structured-data\" itemprop=\"publisher\" itemscope itemtype=\"http:\/\/schema.org\/Organization\">\r\n\t\t\t\t<span itemprop='name'>IN<\/span>\r\n\t\t\t\t<span itemprop='logo' itemscope itemtype='http:\/\/schema.org\/ImageObject'>\r\n\t\t\t\t\t<span itemprop='url'>\/\/congolobilelo.com\/IN\/wp-content\/uploads\/2024\/11\/INGETA-80.png<\/span>\r\n\t\t\t\t<\/span>\r\n\t\t\t<\/span>\r\n\t\t\t\t\t\t<time class=\"grve-structured-data date published\" itemprop=\"datePublished\" datetime=\"2024-11-02T18:35:46+01:00\">2 November 2024<\/time>\r\n\t\t\t<time class=\"grve-structured-data date updated\" itemprop=\"dateModified\"  datetime=\"2024-11-02T18:35:46+01:00\">2 November 2024<\/time>\r\n\t\t\t<span class=\"grve-structured-data\" itemprop=\"mainEntityOfPage\" itemscope itemtype=\"http:\/\/schema.org\/WebPage\" itemid=\"https:\/\/congolobilelo.com\/IN\/lire-toujours-lire-lexemple-de-les-faiseurs-de-paix-au-congo\/\"><\/span>\r\n\t\t<\/span>\r\n\t\t\t\t\t\t\t\t<div itemprop=\"articleBody\"><p>Par Jean-Pierre Mbelu Travailler intellectuellement sur le temps long semble \u00eatre une mer \u00e0 boire pour plusieurs compatriotes kongolais. L&#8217;Occident que nous critiquons r\u00e9guli\u00e8rement dispose&hellip;<\/p><\/div>\t\t\t\t\t\t<\/div>\r\n\t\t\t\t\t<\/article>\r\n\t\t\t\t<\/div>\r\n\t\t\t\t<div class=\"grve-carousel-item\">\r\n\t\t\t\t\t<article class=\"grve-post-item post-15371 post type-post status-publish format-standard has-post-thumbnail hentry category-education category-paroles-dingeta category-pensee-critique\" itemscope itemType=\"http:\/\/schema.org\/BlogPosting\">\r\n\t\t\t\t\t\t\t\t<div class=\"grve-media grve-image-hover\">\r\n\t\t\t\t\t\t<a href=\"https:\/\/congolobilelo.com\/IN\/le-livre-de-charles-onana-offert-aux-etudiants-de-luniversite-de-kinshasa\/\"><img loading=\"lazy\" decoding=\"async\" width=\"560\" height=\"420\" src=\"https:\/\/congolobilelo.com\/IN\/wp-content\/uploads\/2024\/10\/Onana-Holocauste-Kin-1-560x420.jpg\" class=\"attachment-movedo-grve-small-rect-horizontal size-movedo-grve-small-rect-horizontal wp-post-image\" alt=\"\" srcset=\"https:\/\/congolobilelo.com\/IN\/wp-content\/uploads\/2024\/10\/Onana-Holocauste-Kin-1-560x420.jpg 560w, https:\/\/congolobilelo.com\/IN\/wp-content\/uploads\/2024\/10\/Onana-Holocauste-Kin-1-900x675.jpg 900w\" sizes=\"auto, (max-width: 560px) 100vw, 560px\" \/><\/a>\r\n\t\t\t\r\n\t\t<\/div>\r\n\t\t\t\t\t\t<div class=\"grve-post-content\">\r\n\t\t\t\t\t\t\t<ul class=\"grve-post-meta\">\r\n\t\t\t\t\t\t\t\t<li class=\"grve-post-date\">\t<time class=\"\" datetime=\"2024-10-29T13:49:25+01:00\">\r\n\t\t29 October 2024\t<\/time>\r\n<\/li>\t\t\t\t\t\t\t<\/ul>\r\n\t\t\t\t\t\t\t<a href=\"https:\/\/congolobilelo.com\/IN\/le-livre-de-charles-onana-offert-aux-etudiants-de-luniversite-de-kinshasa\/\" rel=\"bookmark\"><h2 class=\"grve-post-title grve-post-title-hover grve-h3\" itemprop=\"headline\">Le livre de Charles Onana offert aux \u00e9tudiants de l&#8217;Universit\u00e9 de Kinshasa<\/h2><\/a>\t\t\t\t\t\t\t\t\t<span class=\"grve-hidden\">\r\n\t\t\t<span class=\"grve-structured-data entry-title\">Le livre de Charles Onana offert aux \u00e9tudiants de l&#8217;Universit\u00e9 de Kinshasa<\/span>\r\n\t\t\t<span class=\"grve-structured-data\" itemprop=\"image\" itemscope itemtype=\"http:\/\/schema.org\/ImageObject\">\r\n\t\t\t   <span itemprop='url' >https:\/\/congolobilelo.com\/IN\/wp-content\/uploads\/2024\/10\/Onana-Holocauste-Kin-1.jpg<\/span>\r\n\t\t\t   <span itemprop='height' >1280<\/span>\r\n\t\t\t   <span itemprop='width' >853<\/span>\r\n\t\t\t<\/span>\r\n\t\t\t\t\t\t<span class=\"grve-structured-data vcard author\" itemprop=\"author\" itemscope itemtype=\"http:\/\/schema.org\/Person\">\r\n\t\t\t\t<span itemprop=\"name\" class=\"fn\">IN<\/span>\r\n\t\t\t<\/span>\r\n\t\t\t<span class=\"grve-structured-data\" itemprop=\"publisher\" itemscope itemtype=\"http:\/\/schema.org\/Organization\">\r\n\t\t\t\t<span itemprop='name'>IN<\/span>\r\n\t\t\t\t<span itemprop='logo' itemscope itemtype='http:\/\/schema.org\/ImageObject'>\r\n\t\t\t\t\t<span itemprop='url'>\/\/congolobilelo.com\/IN\/wp-content\/uploads\/2024\/11\/INGETA-80.png<\/span>\r\n\t\t\t\t<\/span>\r\n\t\t\t<\/span>\r\n\t\t\t\t\t\t<time class=\"grve-structured-data date published\" itemprop=\"datePublished\" datetime=\"2024-10-29T13:49:25+01:00\">29 October 2024<\/time>\r\n\t\t\t<time class=\"grve-structured-data date updated\" itemprop=\"dateModified\"  datetime=\"2024-10-29T13:49:25+01:00\">29 October 2024<\/time>\r\n\t\t\t<span class=\"grve-structured-data\" itemprop=\"mainEntityOfPage\" itemscope itemtype=\"http:\/\/schema.org\/WebPage\" itemid=\"https:\/\/congolobilelo.com\/IN\/le-livre-de-charles-onana-offert-aux-etudiants-de-luniversite-de-kinshasa\/\"><\/span>\r\n\t\t<\/span>\r\n\t\t\t\t\t\t\t\t<div itemprop=\"articleBody\"><p>Par Jean-Pierre Mbelu \u00ab Apr\u00e8s que les livres qui permettent de se fabriquer une culture et un esprit critique ont \u00e9t\u00e9 supprim\u00e9s, le Parti cr\u00e9e&hellip;<\/p><\/div>\t\t\t\t\t\t<\/div>\r\n\t\t\t\t\t<\/article>\r\n\t\t\t\t<\/div>\r\n\t\t\t\t<div class=\"grve-carousel-item\">\r\n\t\t\t\t\t<article class=\"grve-post-item post-15368 post type-post status-publish format-standard has-post-thumbnail hentry category-paroles-dingeta category-pensee-critique category-politique-societe\" itemscope itemType=\"http:\/\/schema.org\/BlogPosting\">\r\n\t\t\t\t\t\t\t\t<div class=\"grve-media grve-image-hover\">\r\n\t\t\t\t\t\t<a href=\"https:\/\/congolobilelo.com\/IN\/la-versatilite-des-politicards-kongolais-est-stupefiante\/\"><img loading=\"lazy\" decoding=\"async\" width=\"560\" height=\"420\" src=\"https:\/\/congolobilelo.com\/IN\/wp-content\/uploads\/2024\/10\/Assemblee-RDC-1-560x420.jpg\" class=\"attachment-movedo-grve-small-rect-horizontal size-movedo-grve-small-rect-horizontal wp-post-image\" alt=\"\" srcset=\"https:\/\/congolobilelo.com\/IN\/wp-content\/uploads\/2024\/10\/Assemblee-RDC-1-560x420.jpg 560w, https:\/\/congolobilelo.com\/IN\/wp-content\/uploads\/2024\/10\/Assemblee-RDC-1-900x675.jpg 900w\" sizes=\"auto, (max-width: 560px) 100vw, 560px\" \/><\/a>\r\n\t\t\t\r\n\t\t<\/div>\r\n\t\t\t\t\t\t<div class=\"grve-post-content\">\r\n\t\t\t\t\t\t\t<ul class=\"grve-post-meta\">\r\n\t\t\t\t\t\t\t\t<li class=\"grve-post-date\">\t<time class=\"\" datetime=\"2024-10-28T15:12:01+01:00\">\r\n\t\t28 October 2024\t<\/time>\r\n<\/li>\t\t\t\t\t\t\t<\/ul>\r\n\t\t\t\t\t\t\t<a href=\"https:\/\/congolobilelo.com\/IN\/la-versatilite-des-politicards-kongolais-est-stupefiante\/\" rel=\"bookmark\"><h2 class=\"grve-post-title grve-post-title-hover grve-h3\" itemprop=\"headline\">La versatilit\u00e9 des politicards kongolais est stup\u00e9fiante<\/h2><\/a>\t\t\t\t\t\t\t\t\t<span class=\"grve-hidden\">\r\n\t\t\t<span class=\"grve-structured-data entry-title\">La versatilit\u00e9 des politicards kongolais est stup\u00e9fiante<\/span>\r\n\t\t\t<span class=\"grve-structured-data\" itemprop=\"image\" itemscope itemtype=\"http:\/\/schema.org\/ImageObject\">\r\n\t\t\t   <span itemprop='url' >https:\/\/congolobilelo.com\/IN\/wp-content\/uploads\/2024\/10\/Assemblee-RDC-1.jpg<\/span>\r\n\t\t\t   <span itemprop='height' >1200<\/span>\r\n\t\t\t   <span itemprop='width' >800<\/span>\r\n\t\t\t<\/span>\r\n\t\t\t\t\t\t<span class=\"grve-structured-data vcard author\" itemprop=\"author\" itemscope itemtype=\"http:\/\/schema.org\/Person\">\r\n\t\t\t\t<span itemprop=\"name\" class=\"fn\">IN<\/span>\r\n\t\t\t<\/span>\r\n\t\t\t<span class=\"grve-structured-data\" itemprop=\"publisher\" itemscope itemtype=\"http:\/\/schema.org\/Organization\">\r\n\t\t\t\t<span itemprop='name'>IN<\/span>\r\n\t\t\t\t<span itemprop='logo' itemscope itemtype='http:\/\/schema.org\/ImageObject'>\r\n\t\t\t\t\t<span itemprop='url'>\/\/congolobilelo.com\/IN\/wp-content\/uploads\/2024\/11\/INGETA-80.png<\/span>\r\n\t\t\t\t<\/span>\r\n\t\t\t<\/span>\r\n\t\t\t\t\t\t<time class=\"grve-structured-data date published\" itemprop=\"datePublished\" datetime=\"2024-10-28T15:12:01+01:00\">28 October 2024<\/time>\r\n\t\t\t<time class=\"grve-structured-data date updated\" itemprop=\"dateModified\"  datetime=\"2024-10-28T15:12:01+01:00\">28 October 2024<\/time>\r\n\t\t\t<span class=\"grve-structured-data\" itemprop=\"mainEntityOfPage\" itemscope itemtype=\"http:\/\/schema.org\/WebPage\" itemid=\"https:\/\/congolobilelo.com\/IN\/la-versatilite-des-politicards-kongolais-est-stupefiante\/\"><\/span>\r\n\t\t<\/span>\r\n\t\t\t\t\t\t\t\t<div itemprop=\"articleBody\"><p>Par Jean-Pierre Mbelu &#8220;Nul ne peut servir deux ma\u00eetres. Car, ou il ha\u00efra l&#8217;un, et aimera l&#8217;autre; ou il s&#8217;attachera \u00e0 l&#8217;un, et m\u00e9prisera l&#8217;autre.&hellip;<\/p><\/div>\t\t\t\t\t\t<\/div>\r\n\t\t\t\t\t<\/article>\r\n\t\t\t\t<\/div>\r\n\t\t\t\t<div class=\"grve-carousel-item\">\r\n\t\t\t\t\t<article class=\"grve-post-item post-15298 post type-post status-publish format-standard has-post-thumbnail hentry category-guerre category-identite category-paroles-dingeta category-politique-societe\" itemscope itemType=\"http:\/\/schema.org\/BlogPosting\">\r\n\t\t\t\t\t\t\t\t<div class=\"grve-media grve-image-hover\">\r\n\t\t\t\t\t\t<a href=\"https:\/\/congolobilelo.com\/IN\/quelle-est-la-tradition-philosophique-et-politique-du-kongo-kinshasa\/\"><img loading=\"lazy\" decoding=\"async\" width=\"560\" height=\"420\" src=\"https:\/\/congolobilelo.com\/IN\/wp-content\/uploads\/2024\/08\/Patrie-1-560x420.jpg\" class=\"attachment-movedo-grve-small-rect-horizontal size-movedo-grve-small-rect-horizontal wp-post-image\" alt=\"\" srcset=\"https:\/\/congolobilelo.com\/IN\/wp-content\/uploads\/2024\/08\/Patrie-1-560x420.jpg 560w, https:\/\/congolobilelo.com\/IN\/wp-content\/uploads\/2024\/08\/Patrie-1-300x225.jpg 300w, https:\/\/congolobilelo.com\/IN\/wp-content\/uploads\/2024\/08\/Patrie-1-768x576.jpg 768w, https:\/\/congolobilelo.com\/IN\/wp-content\/uploads\/2024\/08\/Patrie-1.jpg 870w\" sizes=\"auto, (max-width: 560px) 100vw, 560px\" \/><\/a>\r\n\t\t\t\r\n\t\t<\/div>\r\n\t\t\t\t\t\t<div class=\"grve-post-content\">\r\n\t\t\t\t\t\t\t<ul class=\"grve-post-meta\">\r\n\t\t\t\t\t\t\t\t<li class=\"grve-post-date\">\t<time class=\"\" datetime=\"2024-08-14T02:16:27+02:00\">\r\n\t\t14 August 2024\t<\/time>\r\n<\/li>\t\t\t\t\t\t\t<\/ul>\r\n\t\t\t\t\t\t\t<a href=\"https:\/\/congolobilelo.com\/IN\/quelle-est-la-tradition-philosophique-et-politique-du-kongo-kinshasa\/\" rel=\"bookmark\"><h2 class=\"grve-post-title grve-post-title-hover grve-h3\" itemprop=\"headline\">Quelle est la tradition philosophique et politique du Kongo-Kinshasa ?<\/h2><\/a>\t\t\t\t\t\t\t\t\t<span class=\"grve-hidden\">\r\n\t\t\t<span class=\"grve-structured-data entry-title\">Quelle est la tradition philosophique et politique du Kongo-Kinshasa ?<\/span>\r\n\t\t\t<span class=\"grve-structured-data\" itemprop=\"image\" itemscope itemtype=\"http:\/\/schema.org\/ImageObject\">\r\n\t\t\t   <span itemprop='url' >https:\/\/congolobilelo.com\/IN\/wp-content\/uploads\/2024\/08\/Patrie-1.jpg<\/span>\r\n\t\t\t   <span itemprop='height' >870<\/span>\r\n\t\t\t   <span itemprop='width' >653<\/span>\r\n\t\t\t<\/span>\r\n\t\t\t\t\t\t<span class=\"grve-structured-data vcard author\" itemprop=\"author\" itemscope itemtype=\"http:\/\/schema.org\/Person\">\r\n\t\t\t\t<span itemprop=\"name\" class=\"fn\">IN<\/span>\r\n\t\t\t<\/span>\r\n\t\t\t<span class=\"grve-structured-data\" itemprop=\"publisher\" itemscope itemtype=\"http:\/\/schema.org\/Organization\">\r\n\t\t\t\t<span itemprop='name'>IN<\/span>\r\n\t\t\t\t<span itemprop='logo' itemscope itemtype='http:\/\/schema.org\/ImageObject'>\r\n\t\t\t\t\t<span itemprop='url'>\/\/congolobilelo.com\/IN\/wp-content\/uploads\/2024\/11\/INGETA-80.png<\/span>\r\n\t\t\t\t<\/span>\r\n\t\t\t<\/span>\r\n\t\t\t\t\t\t<time class=\"grve-structured-data date published\" itemprop=\"datePublished\" datetime=\"2024-08-14T02:16:27+02:00\">14 August 2024<\/time>\r\n\t\t\t<time class=\"grve-structured-data date updated\" itemprop=\"dateModified\"  datetime=\"2024-08-14T02:16:27+02:00\">14 August 2024<\/time>\r\n\t\t\t<span class=\"grve-structured-data\" itemprop=\"mainEntityOfPage\" itemscope itemtype=\"http:\/\/schema.org\/WebPage\" itemid=\"https:\/\/congolobilelo.com\/IN\/quelle-est-la-tradition-philosophique-et-politique-du-kongo-kinshasa\/\"><\/span>\r\n\t\t<\/span>\r\n\t\t\t\t\t\t\t\t<div itemprop=\"articleBody\"><p>Par Jean-Pierre Mbelu \u00ab A la lumi\u00e8re de cette tradition philosophique, on mesure l\u2019\u00e9cart civilisationnel entre la Chine et les \u00c9tats-Unis : pour le protestantisme&hellip;<\/p><\/div>\t\t\t\t\t\t<\/div>\r\n\t\t\t\t\t<\/article>\r\n\t\t\t\t<\/div>\r\n\t\t\t\t<div class=\"grve-carousel-item\">\r\n\t\t\t\t\t<article class=\"grve-post-item post-15291 post type-post status-publish format-standard has-post-thumbnail hentry category-paroles-dingeta category-pensee-critique category-strategie-du-chaos\" itemscope itemType=\"http:\/\/schema.org\/BlogPosting\">\r\n\t\t\t\t\t\t\t\t<div class=\"grve-media grve-image-hover\">\r\n\t\t\t\t\t\t<a href=\"https:\/\/congolobilelo.com\/IN\/joe-biden-kamala-devi-harris-des-paroles-dans-le-vide\/\"><img loading=\"lazy\" decoding=\"async\" width=\"560\" height=\"420\" src=\"https:\/\/congolobilelo.com\/IN\/wp-content\/uploads\/2024\/08\/Biden-Harris-560x420.jpg\" class=\"attachment-movedo-grve-small-rect-horizontal size-movedo-grve-small-rect-horizontal wp-post-image\" alt=\"\" srcset=\"https:\/\/congolobilelo.com\/IN\/wp-content\/uploads\/2024\/08\/Biden-Harris-560x420.jpg 560w, https:\/\/congolobilelo.com\/IN\/wp-content\/uploads\/2024\/08\/Biden-Harris-900x675.jpg 900w\" sizes=\"auto, (max-width: 560px) 100vw, 560px\" \/><\/a>\r\n\t\t\t\r\n\t\t<\/div>\r\n\t\t\t\t\t\t<div class=\"grve-post-content\">\r\n\t\t\t\t\t\t\t<ul class=\"grve-post-meta\">\r\n\t\t\t\t\t\t\t\t<li class=\"grve-post-date\">\t<time class=\"\" datetime=\"2024-08-08T14:37:48+02:00\">\r\n\t\t8 August 2024\t<\/time>\r\n<\/li>\t\t\t\t\t\t\t<\/ul>\r\n\t\t\t\t\t\t\t<a href=\"https:\/\/congolobilelo.com\/IN\/joe-biden-kamala-devi-harris-des-paroles-dans-le-vide\/\" rel=\"bookmark\"><h2 class=\"grve-post-title grve-post-title-hover grve-h3\" itemprop=\"headline\">Joe Biden, Kamala Devi Harris : des paroles dans le vide<\/h2><\/a>\t\t\t\t\t\t\t\t\t<span class=\"grve-hidden\">\r\n\t\t\t<span class=\"grve-structured-data entry-title\">Joe Biden, Kamala Devi Harris : des paroles dans le vide<\/span>\r\n\t\t\t<span class=\"grve-structured-data\" itemprop=\"image\" itemscope itemtype=\"http:\/\/schema.org\/ImageObject\">\r\n\t\t\t   <span itemprop='url' >https:\/\/congolobilelo.com\/IN\/wp-content\/uploads\/2024\/08\/Biden-Harris.jpg<\/span>\r\n\t\t\t   <span itemprop='height' >1280<\/span>\r\n\t\t\t   <span itemprop='width' >720<\/span>\r\n\t\t\t<\/span>\r\n\t\t\t\t\t\t<span class=\"grve-structured-data vcard author\" itemprop=\"author\" itemscope itemtype=\"http:\/\/schema.org\/Person\">\r\n\t\t\t\t<span itemprop=\"name\" class=\"fn\">IN<\/span>\r\n\t\t\t<\/span>\r\n\t\t\t<span class=\"grve-structured-data\" itemprop=\"publisher\" itemscope itemtype=\"http:\/\/schema.org\/Organization\">\r\n\t\t\t\t<span itemprop='name'>IN<\/span>\r\n\t\t\t\t<span itemprop='logo' itemscope itemtype='http:\/\/schema.org\/ImageObject'>\r\n\t\t\t\t\t<span itemprop='url'>\/\/congolobilelo.com\/IN\/wp-content\/uploads\/2024\/11\/INGETA-80.png<\/span>\r\n\t\t\t\t<\/span>\r\n\t\t\t<\/span>\r\n\t\t\t\t\t\t<time class=\"grve-structured-data date published\" itemprop=\"datePublished\" datetime=\"2024-08-08T14:37:48+02:00\">8 August 2024<\/time>\r\n\t\t\t<time class=\"grve-structured-data date updated\" itemprop=\"dateModified\"  datetime=\"2024-08-08T14:37:48+02:00\">8 August 2024<\/time>\r\n\t\t\t<span class=\"grve-structured-data\" itemprop=\"mainEntityOfPage\" itemscope itemtype=\"http:\/\/schema.org\/WebPage\" itemid=\"https:\/\/congolobilelo.com\/IN\/joe-biden-kamala-devi-harris-des-paroles-dans-le-vide\/\"><\/span>\r\n\t\t<\/span>\r\n\t\t\t\t\t\t\t\t<div itemprop=\"articleBody\"><p>Par Mufoncol Tshiyoyo Depuis le d\u00e9but de la guerre de procuration en Ukraine visant sp\u00e9cialement la destruction de la Russie, le refrain de l\u2019\u00c9tat profond,&hellip;<\/p><\/div>\t\t\t\t\t\t<\/div>\r\n\t\t\t\t\t<\/article>\r\n\t\t\t\t<\/div>\r\n\t\t\t\t<div class=\"grve-carousel-item\">\r\n\t\t\t\t\t<article class=\"grve-post-item post-15287 post type-post status-publish format-standard has-post-thumbnail hentry category-paroles-dingeta category-pensee-critique category-politique-societe\" itemscope itemType=\"http:\/\/schema.org\/BlogPosting\">\r\n\t\t\t\t\t\t\t\t<div class=\"grve-media grve-image-hover\">\r\n\t\t\t\t\t\t<a href=\"https:\/\/congolobilelo.com\/IN\/le-kongo-kinshasa-et-la-place-faite-a-la-pensee-finalement-les-placards-vont-etre-fouines\/\"><img loading=\"lazy\" decoding=\"async\" width=\"560\" height=\"420\" src=\"https:\/\/congolobilelo.com\/IN\/wp-content\/uploads\/2024\/08\/Fatshi-TopCongo-560x420.jpg\" class=\"attachment-movedo-grve-small-rect-horizontal size-movedo-grve-small-rect-horizontal wp-post-image\" alt=\"\" \/><\/a>\r\n\t\t\t\r\n\t\t<\/div>\r\n\t\t\t\t\t\t<div class=\"grve-post-content\">\r\n\t\t\t\t\t\t\t<ul class=\"grve-post-meta\">\r\n\t\t\t\t\t\t\t\t<li class=\"grve-post-date\">\t<time class=\"\" datetime=\"2024-08-07T19:14:57+02:00\">\r\n\t\t7 August 2024\t<\/time>\r\n<\/li>\t\t\t\t\t\t\t<\/ul>\r\n\t\t\t\t\t\t\t<a href=\"https:\/\/congolobilelo.com\/IN\/le-kongo-kinshasa-et-la-place-faite-a-la-pensee-finalement-les-placards-vont-etre-fouines\/\" rel=\"bookmark\"><h2 class=\"grve-post-title grve-post-title-hover grve-h3\" itemprop=\"headline\">Le Kongo-Kinshasa et la place faite \u00e0 la pens\u00e9e. Finalement, les placards vont \u00eatre fouin\u00e9s<\/h2><\/a>\t\t\t\t\t\t\t\t\t<span class=\"grve-hidden\">\r\n\t\t\t<span class=\"grve-structured-data entry-title\">Le Kongo-Kinshasa et la place faite \u00e0 la pens\u00e9e. Finalement, les placards vont \u00eatre fouin\u00e9s<\/span>\r\n\t\t\t<span class=\"grve-structured-data\" itemprop=\"image\" itemscope itemtype=\"http:\/\/schema.org\/ImageObject\">\r\n\t\t\t   <span itemprop='url' >https:\/\/congolobilelo.com\/IN\/wp-content\/uploads\/2024\/08\/Fatshi-TopCongo.jpg<\/span>\r\n\t\t\t   <span itemprop='height' >1342<\/span>\r\n\t\t\t   <span itemprop='width' >671<\/span>\r\n\t\t\t<\/span>\r\n\t\t\t\t\t\t<span class=\"grve-structured-data vcard author\" itemprop=\"author\" itemscope itemtype=\"http:\/\/schema.org\/Person\">\r\n\t\t\t\t<span itemprop=\"name\" class=\"fn\">IN<\/span>\r\n\t\t\t<\/span>\r\n\t\t\t<span class=\"grve-structured-data\" itemprop=\"publisher\" itemscope itemtype=\"http:\/\/schema.org\/Organization\">\r\n\t\t\t\t<span itemprop='name'>IN<\/span>\r\n\t\t\t\t<span itemprop='logo' itemscope itemtype='http:\/\/schema.org\/ImageObject'>\r\n\t\t\t\t\t<span itemprop='url'>\/\/congolobilelo.com\/IN\/wp-content\/uploads\/2024\/11\/INGETA-80.png<\/span>\r\n\t\t\t\t<\/span>\r\n\t\t\t<\/span>\r\n\t\t\t\t\t\t<time class=\"grve-structured-data date published\" itemprop=\"datePublished\" datetime=\"2024-08-07T19:14:57+02:00\">7 August 2024<\/time>\r\n\t\t\t<time class=\"grve-structured-data date updated\" itemprop=\"dateModified\"  datetime=\"2024-08-07T19:14:57+02:00\">7 August 2024<\/time>\r\n\t\t\t<span class=\"grve-structured-data\" itemprop=\"mainEntityOfPage\" itemscope itemtype=\"http:\/\/schema.org\/WebPage\" itemid=\"https:\/\/congolobilelo.com\/IN\/le-kongo-kinshasa-et-la-place-faite-a-la-pensee-finalement-les-placards-vont-etre-fouines\/\"><\/span>\r\n\t\t<\/span>\r\n\t\t\t\t\t\t\t\t<div itemprop=\"articleBody\"><p>Par Jean-Pierre Mbelu Le fanatisme au Kongo-Kinshasa est un danger mortel. Il me semble que s&#8217;il n&#8217;est pas combattu pour qu&#8217;un peu plus de place&hellip;<\/p><\/div>\t\t\t\t\t\t<\/div>\r\n\t\t\t\t\t<\/article>\r\n\t\t\t\t<\/div>\r\n\t\t\t\t<div class=\"grve-carousel-item\">\r\n\t\t\t\t\t<article class=\"grve-post-item post-7010 post type-post status-publish format-standard has-post-thumbnail hentry category-nouvelles-front-est category-paroles-dingeta category-politique-societe\" itemscope itemType=\"http:\/\/schema.org\/BlogPosting\">\r\n\t\t\t\t\t\t\t\t<div class=\"grve-media grve-image-hover\">\r\n\t\t\t\t\t\t<a href=\"https:\/\/congolobilelo.com\/IN\/africa-reconciled-message-aux-jeunes-de-la-rdc\/\"><\/a>\r\n\t\t\t\r\n\t\t<\/div>\r\n\t\t\t\t\t\t<div class=\"grve-post-content\">\r\n\t\t\t\t\t\t\t<ul class=\"grve-post-meta\">\r\n\t\t\t\t\t\t\t\t<li class=\"grve-post-date\">\t<time class=\"\" datetime=\"2014-10-21T22:48:07+02:00\">\r\n\t\t21 October 2014\t<\/time>\r\n<\/li>\t\t\t\t\t\t\t<\/ul>\r\n\t\t\t\t\t\t\t<a href=\"https:\/\/congolobilelo.com\/IN\/africa-reconciled-message-aux-jeunes-de-la-rdc\/\" rel=\"bookmark\"><h2 class=\"grve-post-title grve-post-title-hover grve-h3\" itemprop=\"headline\">Africa Reconciled: Message aux jeunes de la RDC<\/h2><\/a>\t\t\t\t\t\t\t\t\t<span class=\"grve-hidden\">\r\n\t\t\t<span class=\"grve-structured-data entry-title\">Africa Reconciled: Message aux jeunes de la RDC<\/span>\r\n\t\t\t<span class=\"grve-structured-data\" itemprop=\"image\" itemscope itemtype=\"http:\/\/schema.org\/ImageObject\">\r\n\t\t\t   <span itemprop='url' ><\/span>\r\n\t\t\t   <span itemprop='height' ><\/span>\r\n\t\t\t   <span itemprop='width' ><\/span>\r\n\t\t\t<\/span>\r\n\t\t\t\t\t\t<span class=\"grve-structured-data vcard author\" itemprop=\"author\" itemscope itemtype=\"http:\/\/schema.org\/Person\">\r\n\t\t\t\t<span itemprop=\"name\" class=\"fn\">IN<\/span>\r\n\t\t\t<\/span>\r\n\t\t\t<span class=\"grve-structured-data\" itemprop=\"publisher\" itemscope itemtype=\"http:\/\/schema.org\/Organization\">\r\n\t\t\t\t<span itemprop='name'>IN<\/span>\r\n\t\t\t\t<span itemprop='logo' itemscope itemtype='http:\/\/schema.org\/ImageObject'>\r\n\t\t\t\t\t<span itemprop='url'>\/\/congolobilelo.com\/IN\/wp-content\/uploads\/2024\/11\/INGETA-80.png<\/span>\r\n\t\t\t\t<\/span>\r\n\t\t\t<\/span>\r\n\t\t\t\t\t\t<time class=\"grve-structured-data date published\" itemprop=\"datePublished\" datetime=\"2014-10-21T22:48:07+02:00\">21 October 2014<\/time>\r\n\t\t\t<time class=\"grve-structured-data date updated\" itemprop=\"dateModified\"  datetime=\"2014-10-21T22:48:07+02:00\">21 October 2014<\/time>\r\n\t\t\t<span class=\"grve-structured-data\" itemprop=\"mainEntityOfPage\" itemscope itemtype=\"http:\/\/schema.org\/WebPage\" itemid=\"https:\/\/congolobilelo.com\/IN\/africa-reconciled-message-aux-jeunes-de-la-rdc\/\"><\/span>\r\n\t\t<\/span>\r\n\t\t\t\t\t\t\t\t<div itemprop=\"articleBody\">Par La Pr\u00e9sidence Africa Reconciled, le 21 octobre 2014 Jeunes de la RDC, arr\u00eatons d\u2019\u00eatre silencieux et passif sur la situation dans notre pays, sinon nous en payerons le prix \u00e0 l\u2019 avenir. Martin Luther King a dit : \u00ab Une communaut\u00e9 ne meurt pas seulement \u00e0 cause de l\u2019injustice de hommes m\u00e9chants, mais aussi [...]<\/div>\t\t\t\t\t\t<\/div>\r\n\t\t\t\t\t<\/article>\r\n\t\t\t\t<\/div>\r\n\t\t\t\t<div class=\"grve-carousel-item\">\r\n\t\t\t\t\t<article class=\"grve-post-item post-7003 post type-post status-publish format-standard has-post-thumbnail hentry category-paroles-dingeta category-politique-societe\" itemscope itemType=\"http:\/\/schema.org\/BlogPosting\">\r\n\t\t\t\t\t\t\t\t<div class=\"grve-media grve-image-hover\">\r\n\t\t\t\t\t\t<a href=\"https:\/\/congolobilelo.com\/IN\/rendez-donc-a-cesar-ce-qui-est-a-cesar-et-a-dieu-ce-qui-est-a-dieu\/\"><\/a>\r\n\t\t\t\r\n\t\t<\/div>\r\n\t\t\t\t\t\t<div class=\"grve-post-content\">\r\n\t\t\t\t\t\t\t<ul class=\"grve-post-meta\">\r\n\t\t\t\t\t\t\t\t<li class=\"grve-post-date\">\t<time class=\"\" datetime=\"2014-10-16T16:03:27+02:00\">\r\n\t\t16 October 2014\t<\/time>\r\n<\/li>\t\t\t\t\t\t\t<\/ul>\r\n\t\t\t\t\t\t\t<a href=\"https:\/\/congolobilelo.com\/IN\/rendez-donc-a-cesar-ce-qui-est-a-cesar-et-a-dieu-ce-qui-est-a-dieu\/\" rel=\"bookmark\"><h2 class=\"grve-post-title grve-post-title-hover grve-h3\" itemprop=\"headline\">&#8220;Rendez donc \u00e0 C\u00e9sar ce qui  est \u00e0 C\u00e9sar, et \u00e0 Dieu ce qui est \u00e0 Dieu.&#8221;<\/h2><\/a>\t\t\t\t\t\t\t\t\t<span class=\"grve-hidden\">\r\n\t\t\t<span class=\"grve-structured-data entry-title\">&#8220;Rendez donc \u00e0 C\u00e9sar ce qui  est \u00e0 C\u00e9sar, et \u00e0 Dieu ce qui est \u00e0 Dieu.&#8221;<\/span>\r\n\t\t\t<span class=\"grve-structured-data\" itemprop=\"image\" itemscope itemtype=\"http:\/\/schema.org\/ImageObject\">\r\n\t\t\t   <span itemprop='url' ><\/span>\r\n\t\t\t   <span itemprop='height' ><\/span>\r\n\t\t\t   <span itemprop='width' ><\/span>\r\n\t\t\t<\/span>\r\n\t\t\t\t\t\t<span class=\"grve-structured-data vcard author\" itemprop=\"author\" itemscope itemtype=\"http:\/\/schema.org\/Person\">\r\n\t\t\t\t<span itemprop=\"name\" class=\"fn\">IN<\/span>\r\n\t\t\t<\/span>\r\n\t\t\t<span class=\"grve-structured-data\" itemprop=\"publisher\" itemscope itemtype=\"http:\/\/schema.org\/Organization\">\r\n\t\t\t\t<span itemprop='name'>IN<\/span>\r\n\t\t\t\t<span itemprop='logo' itemscope itemtype='http:\/\/schema.org\/ImageObject'>\r\n\t\t\t\t\t<span itemprop='url'>\/\/congolobilelo.com\/IN\/wp-content\/uploads\/2024\/11\/INGETA-80.png<\/span>\r\n\t\t\t\t<\/span>\r\n\t\t\t<\/span>\r\n\t\t\t\t\t\t<time class=\"grve-structured-data date published\" itemprop=\"datePublished\" datetime=\"2014-10-16T16:03:27+02:00\">16 October 2014<\/time>\r\n\t\t\t<time class=\"grve-structured-data date updated\" itemprop=\"dateModified\"  datetime=\"2014-10-16T16:03:27+02:00\">16 October 2014<\/time>\r\n\t\t\t<span class=\"grve-structured-data\" itemprop=\"mainEntityOfPage\" itemscope itemtype=\"http:\/\/schema.org\/WebPage\" itemid=\"https:\/\/congolobilelo.com\/IN\/rendez-donc-a-cesar-ce-qui-est-a-cesar-et-a-dieu-ce-qui-est-a-dieu\/\"><\/span>\r\n\t\t<\/span>\r\n\t\t\t\t\t\t\t\t<div itemprop=\"articleBody\">Par Jean-Pierre Mbelu Il arrive que la question de la s\u00e9paration de l\u2019Etat et de l\u2019Eglise soit facilement fond\u00e9e sur ces deux formules de J\u00e9sus \u2018\u2019Rendez donc \u00e0 C\u00e9sar ce qui est \u00e0 C\u00e9sar, et \u00e0 Dieu ce qui est \u00e0 Dieu.\u2019\u2019 Souvent, ces deux formules qui sont la conclusion d\u2019un \u00e9change entre J\u00e9sus, les [...]<\/div>\t\t\t\t\t\t<\/div>\r\n\t\t\t\t\t<\/article>\r\n\t\t\t\t<\/div>\r\n\t\t\t\t<div class=\"grve-carousel-item\">\r\n\t\t\t\t\t<article class=\"grve-post-item post-6706 post type-post status-publish format-standard has-post-thumbnail hentry category-belgique category-paroles-dingeta category-politique-societe\" itemscope itemType=\"http:\/\/schema.org\/BlogPosting\">\r\n\t\t\t\t\t\t\t\t<div class=\"grve-media grve-image-hover\">\r\n\t\t\t\t\t\t<a href=\"https:\/\/congolobilelo.com\/IN\/communaute-congolaise-de-belgique-ce-quil-faudra-faire-avant-2018\/\"><\/a>\r\n\t\t\t\r\n\t\t<\/div>\r\n\t\t\t\t\t\t<div class=\"grve-post-content\">\r\n\t\t\t\t\t\t\t<ul class=\"grve-post-meta\">\r\n\t\t\t\t\t\t\t\t<li class=\"grve-post-date\">\t<time class=\"\" datetime=\"2014-06-14T21:19:45+02:00\">\r\n\t\t14 June 2014\t<\/time>\r\n<\/li>\t\t\t\t\t\t\t<\/ul>\r\n\t\t\t\t\t\t\t<a href=\"https:\/\/congolobilelo.com\/IN\/communaute-congolaise-de-belgique-ce-quil-faudra-faire-avant-2018\/\" rel=\"bookmark\"><h2 class=\"grve-post-title grve-post-title-hover grve-h3\" itemprop=\"headline\">Communaut\u00e9 Congolaise de Belgique: Ce qu\u2019il faudra faire avant 2018<\/h2><\/a>\t\t\t\t\t\t\t\t\t<span class=\"grve-hidden\">\r\n\t\t\t<span class=\"grve-structured-data entry-title\">Communaut\u00e9 Congolaise de Belgique: Ce qu\u2019il faudra faire avant 2018<\/span>\r\n\t\t\t<span class=\"grve-structured-data\" itemprop=\"image\" itemscope itemtype=\"http:\/\/schema.org\/ImageObject\">\r\n\t\t\t   <span itemprop='url' ><\/span>\r\n\t\t\t   <span itemprop='height' ><\/span>\r\n\t\t\t   <span itemprop='width' ><\/span>\r\n\t\t\t<\/span>\r\n\t\t\t\t\t\t<span class=\"grve-structured-data vcard author\" itemprop=\"author\" itemscope itemtype=\"http:\/\/schema.org\/Person\">\r\n\t\t\t\t<span itemprop=\"name\" class=\"fn\">IN<\/span>\r\n\t\t\t<\/span>\r\n\t\t\t<span class=\"grve-structured-data\" itemprop=\"publisher\" itemscope itemtype=\"http:\/\/schema.org\/Organization\">\r\n\t\t\t\t<span itemprop='name'>IN<\/span>\r\n\t\t\t\t<span itemprop='logo' itemscope itemtype='http:\/\/schema.org\/ImageObject'>\r\n\t\t\t\t\t<span itemprop='url'>\/\/congolobilelo.com\/IN\/wp-content\/uploads\/2024\/11\/INGETA-80.png<\/span>\r\n\t\t\t\t<\/span>\r\n\t\t\t<\/span>\r\n\t\t\t\t\t\t<time class=\"grve-structured-data date published\" itemprop=\"datePublished\" datetime=\"2014-06-14T21:19:45+02:00\">14 June 2014<\/time>\r\n\t\t\t<time class=\"grve-structured-data date updated\" itemprop=\"dateModified\"  datetime=\"2014-06-14T21:19:45+02:00\">14 June 2014<\/time>\r\n\t\t\t<span class=\"grve-structured-data\" itemprop=\"mainEntityOfPage\" itemscope itemtype=\"http:\/\/schema.org\/WebPage\" itemid=\"https:\/\/congolobilelo.com\/IN\/communaute-congolaise-de-belgique-ce-quil-faudra-faire-avant-2018\/\"><\/span>\r\n\t\t<\/span>\r\n\t\t\t\t\t\t\t\t<div itemprop=\"articleBody\">Par Momi M'Buze Lentement mais surement les langues se d\u00e9lient, les avis se rejoignent et les \"gens de maison\" se cachent. Apr\u00e8s\u00a0l'h\u00e9catombe du 25 mai 2014\u00a0qui n'a vu que 4 \u00e9lus issus de la communaut\u00e9 africaine \u00eatre pl\u00e9biscit\u00e9es sur les 34 pr\u00e9tendants, il y a de quoi se dire \"il y avait beaucoup d'appel\u00e9s mais [...]<\/div>\t\t\t\t\t\t<\/div>\r\n\t\t\t\t\t<\/article>\r\n\t\t\t\t<\/div>\r\n\t\t\t\t<div class=\"grve-carousel-item\">\r\n\t\t\t\t\t<article class=\"grve-post-item post-6658 post type-post status-publish format-standard has-post-thumbnail hentry category-paroles-dingeta category-politique-societe\" itemscope itemType=\"http:\/\/schema.org\/BlogPosting\">\r\n\t\t\t\t\t\t\t\t<div class=\"grve-media grve-image-hover\">\r\n\t\t\t\t\t\t<a href=\"https:\/\/congolobilelo.com\/IN\/quel-leadership-pour-le-congo-de-demain\/\"><\/a>\r\n\t\t\t\r\n\t\t<\/div>\r\n\t\t\t\t\t\t<div class=\"grve-post-content\">\r\n\t\t\t\t\t\t\t<ul class=\"grve-post-meta\">\r\n\t\t\t\t\t\t\t\t<li class=\"grve-post-date\">\t<time class=\"\" datetime=\"2014-05-29T19:53:13+02:00\">\r\n\t\t29 May 2014\t<\/time>\r\n<\/li>\t\t\t\t\t\t\t<\/ul>\r\n\t\t\t\t\t\t\t<a href=\"https:\/\/congolobilelo.com\/IN\/quel-leadership-pour-le-congo-de-demain\/\" rel=\"bookmark\"><h2 class=\"grve-post-title grve-post-title-hover grve-h3\" itemprop=\"headline\">Quel leadership pour le Congo de demain?<\/h2><\/a>\t\t\t\t\t\t\t\t\t<span class=\"grve-hidden\">\r\n\t\t\t<span class=\"grve-structured-data entry-title\">Quel leadership pour le Congo de demain?<\/span>\r\n\t\t\t<span class=\"grve-structured-data\" itemprop=\"image\" itemscope itemtype=\"http:\/\/schema.org\/ImageObject\">\r\n\t\t\t   <span itemprop='url' ><\/span>\r\n\t\t\t   <span itemprop='height' ><\/span>\r\n\t\t\t   <span itemprop='width' ><\/span>\r\n\t\t\t<\/span>\r\n\t\t\t\t\t\t<span class=\"grve-structured-data vcard author\" itemprop=\"author\" itemscope itemtype=\"http:\/\/schema.org\/Person\">\r\n\t\t\t\t<span itemprop=\"name\" class=\"fn\">IN<\/span>\r\n\t\t\t<\/span>\r\n\t\t\t<span class=\"grve-structured-data\" itemprop=\"publisher\" itemscope itemtype=\"http:\/\/schema.org\/Organization\">\r\n\t\t\t\t<span itemprop='name'>IN<\/span>\r\n\t\t\t\t<span itemprop='logo' itemscope itemtype='http:\/\/schema.org\/ImageObject'>\r\n\t\t\t\t\t<span itemprop='url'>\/\/congolobilelo.com\/IN\/wp-content\/uploads\/2024\/11\/INGETA-80.png<\/span>\r\n\t\t\t\t<\/span>\r\n\t\t\t<\/span>\r\n\t\t\t\t\t\t<time class=\"grve-structured-data date published\" itemprop=\"datePublished\" datetime=\"2014-05-29T19:53:13+02:00\">29 May 2014<\/time>\r\n\t\t\t<time class=\"grve-structured-data date updated\" itemprop=\"dateModified\"  datetime=\"2014-05-29T19:53:13+02:00\">29 May 2014<\/time>\r\n\t\t\t<span class=\"grve-structured-data\" itemprop=\"mainEntityOfPage\" itemscope itemtype=\"http:\/\/schema.org\/WebPage\" itemid=\"https:\/\/congolobilelo.com\/IN\/quel-leadership-pour-le-congo-de-demain\/\"><\/span>\r\n\t\t<\/span>\r\n\t\t\t\t\t\t\t\t<div itemprop=\"articleBody\">Par Lusamba wa Mputu - L\u2019imminence des \u00e9ch\u00e9ances \u00e9lectorales pr\u00e9vues pour 2016 apporte avec elle un foisonnement de mouvements, regroupements et autres associations politiques qui font leur sortie tambours battants, au sein de la diaspora. Comme 2016 c\u2019est demain dans l\u2019histoire de notre jeune d\u00e9mocratie, pour ne pas \u00eatre en reste, de nombreux leaders politiques [...]<\/div>\t\t\t\t\t\t<\/div>\r\n\t\t\t\t\t<\/article>\r\n\t\t\t\t<\/div>\r\n\t\t\t\t<div class=\"grve-carousel-item\">\r\n\t\t\t\t\t<article class=\"grve-post-item post-5052 post type-post status-publish format-standard has-post-thumbnail hentry category-mondialisation category-paroles-dingeta category-politique-societe\" itemscope itemType=\"http:\/\/schema.org\/BlogPosting\">\r\n\t\t\t\t\t\t\t\t<div class=\"grve-media grve-image-hover\">\r\n\t\t\t\t\t\t<a href=\"https:\/\/congolobilelo.com\/IN\/quelle-est-la-contribution-des-congolais-de-letranger-a-leconomie-nationale\/\"><\/a>\r\n\t\t\t\r\n\t\t<\/div>\r\n\t\t\t\t\t\t<div class=\"grve-post-content\">\r\n\t\t\t\t\t\t\t<ul class=\"grve-post-meta\">\r\n\t\t\t\t\t\t\t\t<li class=\"grve-post-date\">\t<time class=\"\" datetime=\"2013-02-17T15:55:33+01:00\">\r\n\t\t17 February 2013\t<\/time>\r\n<\/li>\t\t\t\t\t\t\t<\/ul>\r\n\t\t\t\t\t\t\t<a href=\"https:\/\/congolobilelo.com\/IN\/quelle-est-la-contribution-des-congolais-de-letranger-a-leconomie-nationale\/\" rel=\"bookmark\"><h2 class=\"grve-post-title grve-post-title-hover grve-h3\" itemprop=\"headline\">Quelle est la contribution des Congolais de l\u2019\u00e9tranger \u00e0 l\u2019\u00e9conomie nationale ?<\/h2><\/a>\t\t\t\t\t\t\t\t\t<span class=\"grve-hidden\">\r\n\t\t\t<span class=\"grve-structured-data entry-title\">Quelle est la contribution des Congolais de l\u2019\u00e9tranger \u00e0 l\u2019\u00e9conomie nationale ?<\/span>\r\n\t\t\t<span class=\"grve-structured-data\" itemprop=\"image\" itemscope itemtype=\"http:\/\/schema.org\/ImageObject\">\r\n\t\t\t   <span itemprop='url' ><\/span>\r\n\t\t\t   <span itemprop='height' ><\/span>\r\n\t\t\t   <span itemprop='width' ><\/span>\r\n\t\t\t<\/span>\r\n\t\t\t\t\t\t<span class=\"grve-structured-data vcard author\" itemprop=\"author\" itemscope itemtype=\"http:\/\/schema.org\/Person\">\r\n\t\t\t\t<span itemprop=\"name\" class=\"fn\">IN<\/span>\r\n\t\t\t<\/span>\r\n\t\t\t<span class=\"grve-structured-data\" itemprop=\"publisher\" itemscope itemtype=\"http:\/\/schema.org\/Organization\">\r\n\t\t\t\t<span itemprop='name'>IN<\/span>\r\n\t\t\t\t<span itemprop='logo' itemscope itemtype='http:\/\/schema.org\/ImageObject'>\r\n\t\t\t\t\t<span itemprop='url'>\/\/congolobilelo.com\/IN\/wp-content\/uploads\/2024\/11\/INGETA-80.png<\/span>\r\n\t\t\t\t<\/span>\r\n\t\t\t<\/span>\r\n\t\t\t\t\t\t<time class=\"grve-structured-data date published\" itemprop=\"datePublished\" datetime=\"2013-02-17T15:55:33+01:00\">17 February 2013<\/time>\r\n\t\t\t<time class=\"grve-structured-data date updated\" itemprop=\"dateModified\"  datetime=\"2013-02-17T15:55:33+01:00\">17 February 2013<\/time>\r\n\t\t\t<span class=\"grve-structured-data\" itemprop=\"mainEntityOfPage\" itemscope itemtype=\"http:\/\/schema.org\/WebPage\" itemid=\"https:\/\/congolobilelo.com\/IN\/quelle-est-la-contribution-des-congolais-de-letranger-a-leconomie-nationale\/\"><\/span>\r\n\t\t<\/span>\r\n\t\t\t\t\t\t\t\t<div itemprop=\"articleBody\">Pour le docteur Fweley Diangitukwa : \"Que le gouvernement congolais d\u00e9mocratise le pays, qu\u2019il encourage ensuite les Congolais de l\u2019\u00e9tranger et ceux-ci travailleront pour le Congo\". Les laudateurs congolais admirent les contributions des migrants des autres pays et ils critiquent tr\u00e8s s\u00e9v\u00e8rement le manque de r\u00e9alisations notables des migrants congolais mais ils ignorent compl\u00e8tement qu\u2019il [...]<\/div>\t\t\t\t\t\t<\/div>\r\n\t\t\t\t\t<\/article>\r\n\t\t\t\t<\/div>\r\n<\/div>\t\t\t<\/div>\r\n\t\t<\/div>\r\n[\/vc_column][\/vc_row][vc_row][vc_column width=&#8221;1\/4&#8243;][vc_column_text]<\/p>\n<p>[\/vc_column_text]<h3 class=\"grve-element grve-title grve-align-left grve-h3\" style=\"\"><span>DISCOURS<span class=\"grve-title-line grve-bg-primary-1\" style=\"width: 50px;height: 2px;\"><\/span><\/span><\/h3>[vc_column_text css=&#8221;&#8221;]<\/p>\n<h4><span style=\"color: #808080;\">Des textes essentiels et d\u00e9cisifs sur les d\u00e9fis collectifs auxquels les congolais et les afrodescendants font face.<\/span><\/h4>\n<p>[\/vc_column_text][\/vc_column][vc_column width=&#8221;3\/4&#8243;]\t\t<div class=\"grve-element grve-carousel grve-layout-1 grve-carousel-style-1 grve-with-gap grve-carousel-wrapper\" style=\"\" >\r\n  <div class=\"grve-carousel-wrapper\"><div class=\"grve-carousel-navigation grve-dark grve-navigation-1 grve-navigation-carousel\"><div class=\"grve-carousel-buttons\"><div class=\"grve-carousel-prev\"><i class=\"grve-icon-nav-left-small\"><\/i><span class=\"screen-reader-text\">Previous<\/span><\/div><div class=\"grve-carousel-next\"><i class=\"grve-icon-nav-right-small\"><\/i><span class=\"screen-reader-text\">Next<\/span><\/div><\/div><\/div>\r\n\t\t\t<div class=\"grve-blog grve-blog-carousel grve-carousel-element\" data-items=\"3\" data-items-tablet-landscape=\"3\" data-items-tablet-portrait=\"3\" data-items-mobile=\"1\" data-slider-autoplay=\"yes\" data-slider-loop=\"yes\" data-slider-speed=\"3000\" data-slider-pause=\"no\" data-pagination-speed=\"400\" data-pagination=\"no\" data-gutter-size=\"40\">\r\n\t\t\t\t<div class=\"grve-carousel-item\">\r\n\t\t\t\t\t<article class=\"grve-post-item post-15392 post type-post status-publish format-standard has-post-thumbnail hentry category-etat category-paroles-dingeta category-pensee-critique\" itemscope itemType=\"http:\/\/schema.org\/BlogPosting\">\r\n\t\t\t\t\t\t\t\t<div class=\"grve-media grve-image-hover\">\r\n\t\t\t\t\t\t<a href=\"https:\/\/congolobilelo.com\/IN\/en-2006-le-kongo-kinshasa-etait-un-etat-rate-sous-tutelle\/\"><img loading=\"lazy\" decoding=\"async\" width=\"560\" height=\"420\" src=\"https:\/\/congolobilelo.com\/IN\/wp-content\/uploads\/2024\/11\/Bemba-Kabila2006-1-560x420.jpg\" class=\"attachment-movedo-grve-small-rect-horizontal size-movedo-grve-small-rect-horizontal wp-post-image\" alt=\"\" srcset=\"https:\/\/congolobilelo.com\/IN\/wp-content\/uploads\/2024\/11\/Bemba-Kabila2006-1-560x420.jpg 560w, https:\/\/congolobilelo.com\/IN\/wp-content\/uploads\/2024\/11\/Bemba-Kabila2006-1-900x675.jpg 900w\" sizes=\"auto, (max-width: 560px) 100vw, 560px\" \/><\/a>\r\n\t\t\t\r\n\t\t<\/div>\r\n\t\t\t\t\t\t<div class=\"grve-post-content\">\r\n\t\t\t\t\t\t\t<ul class=\"grve-post-meta\">\r\n\t\t\t\t\t\t\t\t<li class=\"grve-post-date\">\t<time class=\"\" datetime=\"2024-11-03T15:32:16+01:00\">\r\n\t\t3 November 2024\t<\/time>\r\n<\/li>\t\t\t\t\t\t\t<\/ul>\r\n\t\t\t\t\t\t\t<a href=\"https:\/\/congolobilelo.com\/IN\/en-2006-le-kongo-kinshasa-etait-un-etat-rate-sous-tutelle\/\" rel=\"bookmark\"><h2 class=\"grve-post-title grve-post-title-hover grve-h3\" itemprop=\"headline\">En 2006, le Kongo-Kinshasa \u00e9tait un Etat (rat\u00e9) sous tutelle<\/h2><\/a>\t\t\t\t\t\t\t\t\t<span class=\"grve-hidden\">\r\n\t\t\t<span class=\"grve-structured-data entry-title\">En 2006, le Kongo-Kinshasa \u00e9tait un Etat (rat\u00e9) sous tutelle<\/span>\r\n\t\t\t<span class=\"grve-structured-data\" itemprop=\"image\" itemscope itemtype=\"http:\/\/schema.org\/ImageObject\">\r\n\t\t\t   <span itemprop='url' >https:\/\/congolobilelo.com\/IN\/wp-content\/uploads\/2024\/11\/Bemba-Kabila2006-1.jpg<\/span>\r\n\t\t\t   <span itemprop='height' >1215<\/span>\r\n\t\t\t   <span itemprop='width' >860<\/span>\r\n\t\t\t<\/span>\r\n\t\t\t\t\t\t<span class=\"grve-structured-data vcard author\" itemprop=\"author\" itemscope itemtype=\"http:\/\/schema.org\/Person\">\r\n\t\t\t\t<span itemprop=\"name\" class=\"fn\">IN<\/span>\r\n\t\t\t<\/span>\r\n\t\t\t<span class=\"grve-structured-data\" itemprop=\"publisher\" itemscope itemtype=\"http:\/\/schema.org\/Organization\">\r\n\t\t\t\t<span itemprop='name'>IN<\/span>\r\n\t\t\t\t<span itemprop='logo' itemscope itemtype='http:\/\/schema.org\/ImageObject'>\r\n\t\t\t\t\t<span itemprop='url'>\/\/congolobilelo.com\/IN\/wp-content\/uploads\/2024\/11\/INGETA-80.png<\/span>\r\n\t\t\t\t<\/span>\r\n\t\t\t<\/span>\r\n\t\t\t\t\t\t<time class=\"grve-structured-data date published\" itemprop=\"datePublished\" datetime=\"2024-11-03T15:32:16+01:00\">3 November 2024<\/time>\r\n\t\t\t<time class=\"grve-structured-data date updated\" itemprop=\"dateModified\"  datetime=\"2024-11-03T15:32:16+01:00\">3 November 2024<\/time>\r\n\t\t\t<span class=\"grve-structured-data\" itemprop=\"mainEntityOfPage\" itemscope itemtype=\"http:\/\/schema.org\/WebPage\" itemid=\"https:\/\/congolobilelo.com\/IN\/en-2006-le-kongo-kinshasa-etait-un-etat-rate-sous-tutelle\/\"><\/span>\r\n\t\t<\/span>\r\n\t\t\t\t\t\t\t\t<div itemprop=\"articleBody\"><p>Par Jean-Pierre Mbelu Plusieurs compatriotes qui disent aujourd&#8217;hui &#8220;touche pas \u00e0 ma constitution&#8221; ne savent pas et\/ou ont vite oubli\u00e9 qu&#8217;il \u00e9tait interdit au parlement&hellip;<\/p><\/div>\t\t\t\t\t\t<\/div>\r\n\t\t\t\t\t<\/article>\r\n\t\t\t\t<\/div>\r\n\t\t\t\t<div class=\"grve-carousel-item\">\r\n\t\t\t\t\t<article class=\"grve-post-item post-16531 post type-post status-publish format-standard has-post-thumbnail hentry category-paroles-dingeta category-pensee-critique category-politique-societe\" itemscope itemType=\"http:\/\/schema.org\/BlogPosting\">\r\n\t\t\t\t\t\t\t\t<div class=\"grve-media grve-image-hover\">\r\n\t\t\t\t\t\t<a href=\"https:\/\/congolobilelo.com\/IN\/lire-toujours-lire-lexemple-de-les-faiseurs-de-paix-au-congo\/\"><img loading=\"lazy\" decoding=\"async\" width=\"560\" height=\"420\" src=\"https:\/\/congolobilelo.com\/IN\/wp-content\/uploads\/2024\/11\/Les-Faiseurs-de-paix-au-Congo-1-2-560x420.jpg\" class=\"attachment-movedo-grve-small-rect-horizontal size-movedo-grve-small-rect-horizontal wp-post-image\" alt=\"\" srcset=\"https:\/\/congolobilelo.com\/IN\/wp-content\/uploads\/2024\/11\/Les-Faiseurs-de-paix-au-Congo-1-2-560x420.jpg 560w, https:\/\/congolobilelo.com\/IN\/wp-content\/uploads\/2024\/11\/Les-Faiseurs-de-paix-au-Congo-1-2-900x675.jpg 900w\" sizes=\"auto, (max-width: 560px) 100vw, 560px\" \/><\/a>\r\n\t\t\t\r\n\t\t<\/div>\r\n\t\t\t\t\t\t<div class=\"grve-post-content\">\r\n\t\t\t\t\t\t\t<ul class=\"grve-post-meta\">\r\n\t\t\t\t\t\t\t\t<li class=\"grve-post-date\">\t<time class=\"\" datetime=\"2024-11-02T18:35:46+01:00\">\r\n\t\t2 November 2024\t<\/time>\r\n<\/li>\t\t\t\t\t\t\t<\/ul>\r\n\t\t\t\t\t\t\t<a href=\"https:\/\/congolobilelo.com\/IN\/lire-toujours-lire-lexemple-de-les-faiseurs-de-paix-au-congo\/\" rel=\"bookmark\"><h2 class=\"grve-post-title grve-post-title-hover grve-h3\" itemprop=\"headline\">Lire. Toujours lire. L&#8217;exemple de &#8220;Les &#8216;Faiseurs de paix&#8217; au Congo&#8221;<\/h2><\/a>\t\t\t\t\t\t\t\t\t<span class=\"grve-hidden\">\r\n\t\t\t<span class=\"grve-structured-data entry-title\">Lire. Toujours lire. L&#8217;exemple de &#8220;Les &#8216;Faiseurs de paix&#8217; au Congo&#8221;<\/span>\r\n\t\t\t<span class=\"grve-structured-data\" itemprop=\"image\" itemscope itemtype=\"http:\/\/schema.org\/ImageObject\">\r\n\t\t\t   <span itemprop='url' >https:\/\/congolobilelo.com\/IN\/wp-content\/uploads\/2024\/11\/Les-Faiseurs-de-paix-au-Congo-1-2.jpg<\/span>\r\n\t\t\t   <span itemprop='height' >1748<\/span>\r\n\t\t\t   <span itemprop='width' >1489<\/span>\r\n\t\t\t<\/span>\r\n\t\t\t\t\t\t<span class=\"grve-structured-data vcard author\" itemprop=\"author\" itemscope itemtype=\"http:\/\/schema.org\/Person\">\r\n\t\t\t\t<span itemprop=\"name\" class=\"fn\">IN<\/span>\r\n\t\t\t<\/span>\r\n\t\t\t<span class=\"grve-structured-data\" itemprop=\"publisher\" itemscope itemtype=\"http:\/\/schema.org\/Organization\">\r\n\t\t\t\t<span itemprop='name'>IN<\/span>\r\n\t\t\t\t<span itemprop='logo' itemscope itemtype='http:\/\/schema.org\/ImageObject'>\r\n\t\t\t\t\t<span itemprop='url'>\/\/congolobilelo.com\/IN\/wp-content\/uploads\/2024\/11\/INGETA-80.png<\/span>\r\n\t\t\t\t<\/span>\r\n\t\t\t<\/span>\r\n\t\t\t\t\t\t<time class=\"grve-structured-data date published\" itemprop=\"datePublished\" datetime=\"2024-11-02T18:35:46+01:00\">2 November 2024<\/time>\r\n\t\t\t<time class=\"grve-structured-data date updated\" itemprop=\"dateModified\"  datetime=\"2024-11-02T18:35:46+01:00\">2 November 2024<\/time>\r\n\t\t\t<span class=\"grve-structured-data\" itemprop=\"mainEntityOfPage\" itemscope itemtype=\"http:\/\/schema.org\/WebPage\" itemid=\"https:\/\/congolobilelo.com\/IN\/lire-toujours-lire-lexemple-de-les-faiseurs-de-paix-au-congo\/\"><\/span>\r\n\t\t<\/span>\r\n\t\t\t\t\t\t\t\t<div itemprop=\"articleBody\"><p>Par Jean-Pierre Mbelu Travailler intellectuellement sur le temps long semble \u00eatre une mer \u00e0 boire pour plusieurs compatriotes kongolais. L&#8217;Occident que nous critiquons r\u00e9guli\u00e8rement dispose&hellip;<\/p><\/div>\t\t\t\t\t\t<\/div>\r\n\t\t\t\t\t<\/article>\r\n\t\t\t\t<\/div>\r\n\t\t\t\t<div class=\"grve-carousel-item\">\r\n\t\t\t\t\t<article class=\"grve-post-item post-15371 post type-post status-publish format-standard has-post-thumbnail hentry category-education category-paroles-dingeta category-pensee-critique\" itemscope itemType=\"http:\/\/schema.org\/BlogPosting\">\r\n\t\t\t\t\t\t\t\t<div class=\"grve-media grve-image-hover\">\r\n\t\t\t\t\t\t<a href=\"https:\/\/congolobilelo.com\/IN\/le-livre-de-charles-onana-offert-aux-etudiants-de-luniversite-de-kinshasa\/\"><img loading=\"lazy\" decoding=\"async\" width=\"560\" height=\"420\" src=\"https:\/\/congolobilelo.com\/IN\/wp-content\/uploads\/2024\/10\/Onana-Holocauste-Kin-1-560x420.jpg\" class=\"attachment-movedo-grve-small-rect-horizontal size-movedo-grve-small-rect-horizontal wp-post-image\" alt=\"\" srcset=\"https:\/\/congolobilelo.com\/IN\/wp-content\/uploads\/2024\/10\/Onana-Holocauste-Kin-1-560x420.jpg 560w, https:\/\/congolobilelo.com\/IN\/wp-content\/uploads\/2024\/10\/Onana-Holocauste-Kin-1-900x675.jpg 900w\" sizes=\"auto, (max-width: 560px) 100vw, 560px\" \/><\/a>\r\n\t\t\t\r\n\t\t<\/div>\r\n\t\t\t\t\t\t<div class=\"grve-post-content\">\r\n\t\t\t\t\t\t\t<ul class=\"grve-post-meta\">\r\n\t\t\t\t\t\t\t\t<li class=\"grve-post-date\">\t<time class=\"\" datetime=\"2024-10-29T13:49:25+01:00\">\r\n\t\t29 October 2024\t<\/time>\r\n<\/li>\t\t\t\t\t\t\t<\/ul>\r\n\t\t\t\t\t\t\t<a href=\"https:\/\/congolobilelo.com\/IN\/le-livre-de-charles-onana-offert-aux-etudiants-de-luniversite-de-kinshasa\/\" rel=\"bookmark\"><h2 class=\"grve-post-title grve-post-title-hover grve-h3\" itemprop=\"headline\">Le livre de Charles Onana offert aux \u00e9tudiants de l&#8217;Universit\u00e9 de Kinshasa<\/h2><\/a>\t\t\t\t\t\t\t\t\t<span class=\"grve-hidden\">\r\n\t\t\t<span class=\"grve-structured-data entry-title\">Le livre de Charles Onana offert aux \u00e9tudiants de l&#8217;Universit\u00e9 de Kinshasa<\/span>\r\n\t\t\t<span class=\"grve-structured-data\" itemprop=\"image\" itemscope itemtype=\"http:\/\/schema.org\/ImageObject\">\r\n\t\t\t   <span itemprop='url' >https:\/\/congolobilelo.com\/IN\/wp-content\/uploads\/2024\/10\/Onana-Holocauste-Kin-1.jpg<\/span>\r\n\t\t\t   <span itemprop='height' >1280<\/span>\r\n\t\t\t   <span itemprop='width' >853<\/span>\r\n\t\t\t<\/span>\r\n\t\t\t\t\t\t<span class=\"grve-structured-data vcard author\" itemprop=\"author\" itemscope itemtype=\"http:\/\/schema.org\/Person\">\r\n\t\t\t\t<span itemprop=\"name\" class=\"fn\">IN<\/span>\r\n\t\t\t<\/span>\r\n\t\t\t<span class=\"grve-structured-data\" itemprop=\"publisher\" itemscope itemtype=\"http:\/\/schema.org\/Organization\">\r\n\t\t\t\t<span itemprop='name'>IN<\/span>\r\n\t\t\t\t<span itemprop='logo' itemscope itemtype='http:\/\/schema.org\/ImageObject'>\r\n\t\t\t\t\t<span itemprop='url'>\/\/congolobilelo.com\/IN\/wp-content\/uploads\/2024\/11\/INGETA-80.png<\/span>\r\n\t\t\t\t<\/span>\r\n\t\t\t<\/span>\r\n\t\t\t\t\t\t<time class=\"grve-structured-data date published\" itemprop=\"datePublished\" datetime=\"2024-10-29T13:49:25+01:00\">29 October 2024<\/time>\r\n\t\t\t<time class=\"grve-structured-data date updated\" itemprop=\"dateModified\"  datetime=\"2024-10-29T13:49:25+01:00\">29 October 2024<\/time>\r\n\t\t\t<span class=\"grve-structured-data\" itemprop=\"mainEntityOfPage\" itemscope itemtype=\"http:\/\/schema.org\/WebPage\" itemid=\"https:\/\/congolobilelo.com\/IN\/le-livre-de-charles-onana-offert-aux-etudiants-de-luniversite-de-kinshasa\/\"><\/span>\r\n\t\t<\/span>\r\n\t\t\t\t\t\t\t\t<div itemprop=\"articleBody\"><p>Par Jean-Pierre Mbelu \u00ab Apr\u00e8s que les livres qui permettent de se fabriquer une culture et un esprit critique ont \u00e9t\u00e9 supprim\u00e9s, le Parti cr\u00e9e&hellip;<\/p><\/div>\t\t\t\t\t\t<\/div>\r\n\t\t\t\t\t<\/article>\r\n\t\t\t\t<\/div>\r\n\t\t\t\t<div class=\"grve-carousel-item\">\r\n\t\t\t\t\t<article class=\"grve-post-item post-15368 post type-post status-publish format-standard has-post-thumbnail hentry category-paroles-dingeta category-pensee-critique category-politique-societe\" itemscope itemType=\"http:\/\/schema.org\/BlogPosting\">\r\n\t\t\t\t\t\t\t\t<div class=\"grve-media grve-image-hover\">\r\n\t\t\t\t\t\t<a href=\"https:\/\/congolobilelo.com\/IN\/la-versatilite-des-politicards-kongolais-est-stupefiante\/\"><img loading=\"lazy\" decoding=\"async\" width=\"560\" height=\"420\" src=\"https:\/\/congolobilelo.com\/IN\/wp-content\/uploads\/2024\/10\/Assemblee-RDC-1-560x420.jpg\" class=\"attachment-movedo-grve-small-rect-horizontal size-movedo-grve-small-rect-horizontal wp-post-image\" alt=\"\" srcset=\"https:\/\/congolobilelo.com\/IN\/wp-content\/uploads\/2024\/10\/Assemblee-RDC-1-560x420.jpg 560w, https:\/\/congolobilelo.com\/IN\/wp-content\/uploads\/2024\/10\/Assemblee-RDC-1-900x675.jpg 900w\" sizes=\"auto, (max-width: 560px) 100vw, 560px\" \/><\/a>\r\n\t\t\t\r\n\t\t<\/div>\r\n\t\t\t\t\t\t<div class=\"grve-post-content\">\r\n\t\t\t\t\t\t\t<ul class=\"grve-post-meta\">\r\n\t\t\t\t\t\t\t\t<li class=\"grve-post-date\">\t<time class=\"\" datetime=\"2024-10-28T15:12:01+01:00\">\r\n\t\t28 October 2024\t<\/time>\r\n<\/li>\t\t\t\t\t\t\t<\/ul>\r\n\t\t\t\t\t\t\t<a href=\"https:\/\/congolobilelo.com\/IN\/la-versatilite-des-politicards-kongolais-est-stupefiante\/\" rel=\"bookmark\"><h2 class=\"grve-post-title grve-post-title-hover grve-h3\" itemprop=\"headline\">La versatilit\u00e9 des politicards kongolais est stup\u00e9fiante<\/h2><\/a>\t\t\t\t\t\t\t\t\t<span class=\"grve-hidden\">\r\n\t\t\t<span class=\"grve-structured-data entry-title\">La versatilit\u00e9 des politicards kongolais est stup\u00e9fiante<\/span>\r\n\t\t\t<span class=\"grve-structured-data\" itemprop=\"image\" itemscope itemtype=\"http:\/\/schema.org\/ImageObject\">\r\n\t\t\t   <span itemprop='url' >https:\/\/congolobilelo.com\/IN\/wp-content\/uploads\/2024\/10\/Assemblee-RDC-1.jpg<\/span>\r\n\t\t\t   <span itemprop='height' >1200<\/span>\r\n\t\t\t   <span itemprop='width' >800<\/span>\r\n\t\t\t<\/span>\r\n\t\t\t\t\t\t<span class=\"grve-structured-data vcard author\" itemprop=\"author\" itemscope itemtype=\"http:\/\/schema.org\/Person\">\r\n\t\t\t\t<span itemprop=\"name\" class=\"fn\">IN<\/span>\r\n\t\t\t<\/span>\r\n\t\t\t<span class=\"grve-structured-data\" itemprop=\"publisher\" itemscope itemtype=\"http:\/\/schema.org\/Organization\">\r\n\t\t\t\t<span itemprop='name'>IN<\/span>\r\n\t\t\t\t<span itemprop='logo' itemscope itemtype='http:\/\/schema.org\/ImageObject'>\r\n\t\t\t\t\t<span itemprop='url'>\/\/congolobilelo.com\/IN\/wp-content\/uploads\/2024\/11\/INGETA-80.png<\/span>\r\n\t\t\t\t<\/span>\r\n\t\t\t<\/span>\r\n\t\t\t\t\t\t<time class=\"grve-structured-data date published\" itemprop=\"datePublished\" datetime=\"2024-10-28T15:12:01+01:00\">28 October 2024<\/time>\r\n\t\t\t<time class=\"grve-structured-data date updated\" itemprop=\"dateModified\"  datetime=\"2024-10-28T15:12:01+01:00\">28 October 2024<\/time>\r\n\t\t\t<span class=\"grve-structured-data\" itemprop=\"mainEntityOfPage\" itemscope itemtype=\"http:\/\/schema.org\/WebPage\" itemid=\"https:\/\/congolobilelo.com\/IN\/la-versatilite-des-politicards-kongolais-est-stupefiante\/\"><\/span>\r\n\t\t<\/span>\r\n\t\t\t\t\t\t\t\t<div itemprop=\"articleBody\"><p>Par Jean-Pierre Mbelu &#8220;Nul ne peut servir deux ma\u00eetres. Car, ou il ha\u00efra l&#8217;un, et aimera l&#8217;autre; ou il s&#8217;attachera \u00e0 l&#8217;un, et m\u00e9prisera l&#8217;autre.&hellip;<\/p><\/div>\t\t\t\t\t\t<\/div>\r\n\t\t\t\t\t<\/article>\r\n\t\t\t\t<\/div>\r\n\t\t\t\t<div class=\"grve-carousel-item\">\r\n\t\t\t\t\t<article class=\"grve-post-item post-15359 post type-post status-publish format-standard has-post-thumbnail hentry category-analyses-commentaires category-guerre category-strategie-du-chaos\" itemscope itemType=\"http:\/\/schema.org\/BlogPosting\">\r\n\t\t\t\t\t\t\t\t<div class=\"grve-media grve-image-hover\">\r\n\t\t\t\t\t\t<a href=\"https:\/\/congolobilelo.com\/IN\/trois-proxys-au-service-des-elites-anglo-saxonnes\/\"><img loading=\"lazy\" decoding=\"async\" width=\"560\" height=\"420\" src=\"https:\/\/congolobilelo.com\/IN\/wp-content\/uploads\/2024\/10\/Fatshi-Lourenco-1-560x420.jpg\" class=\"attachment-movedo-grve-small-rect-horizontal size-movedo-grve-small-rect-horizontal wp-post-image\" alt=\"\" srcset=\"https:\/\/congolobilelo.com\/IN\/wp-content\/uploads\/2024\/10\/Fatshi-Lourenco-1-560x420.jpg 560w, https:\/\/congolobilelo.com\/IN\/wp-content\/uploads\/2024\/10\/Fatshi-Lourenco-1-900x675.jpg 900w\" sizes=\"auto, (max-width: 560px) 100vw, 560px\" \/><\/a>\r\n\t\t\t\r\n\t\t<\/div>\r\n\t\t\t\t\t\t<div class=\"grve-post-content\">\r\n\t\t\t\t\t\t\t<ul class=\"grve-post-meta\">\r\n\t\t\t\t\t\t\t\t<li class=\"grve-post-date\">\t<time class=\"\" datetime=\"2024-10-27T15:19:34+01:00\">\r\n\t\t27 October 2024\t<\/time>\r\n<\/li>\t\t\t\t\t\t\t<\/ul>\r\n\t\t\t\t\t\t\t<a href=\"https:\/\/congolobilelo.com\/IN\/trois-proxys-au-service-des-elites-anglo-saxonnes\/\" rel=\"bookmark\"><h2 class=\"grve-post-title grve-post-title-hover grve-h3\" itemprop=\"headline\">Une m\u00e9diation de l&#8217;Angola entre le Congo et le Rwanda : trois proxys au service des \u00e9lites anglo-saxonnes<\/h2><\/a>\t\t\t\t\t\t\t\t\t<span class=\"grve-hidden\">\r\n\t\t\t<span class=\"grve-structured-data entry-title\">Une m\u00e9diation de l&#8217;Angola entre le Congo et le Rwanda : trois proxys au service des \u00e9lites anglo-saxonnes<\/span>\r\n\t\t\t<span class=\"grve-structured-data\" itemprop=\"image\" itemscope itemtype=\"http:\/\/schema.org\/ImageObject\">\r\n\t\t\t   <span itemprop='url' >https:\/\/congolobilelo.com\/IN\/wp-content\/uploads\/2024\/10\/Fatshi-Lourenco-1.jpg<\/span>\r\n\t\t\t   <span itemprop='height' >2048<\/span>\r\n\t\t\t   <span itemprop='width' >1366<\/span>\r\n\t\t\t<\/span>\r\n\t\t\t\t\t\t<span class=\"grve-structured-data vcard author\" itemprop=\"author\" itemscope itemtype=\"http:\/\/schema.org\/Person\">\r\n\t\t\t\t<span itemprop=\"name\" class=\"fn\">IN<\/span>\r\n\t\t\t<\/span>\r\n\t\t\t<span class=\"grve-structured-data\" itemprop=\"publisher\" itemscope itemtype=\"http:\/\/schema.org\/Organization\">\r\n\t\t\t\t<span itemprop='name'>IN<\/span>\r\n\t\t\t\t<span itemprop='logo' itemscope itemtype='http:\/\/schema.org\/ImageObject'>\r\n\t\t\t\t\t<span itemprop='url'>\/\/congolobilelo.com\/IN\/wp-content\/uploads\/2024\/11\/INGETA-80.png<\/span>\r\n\t\t\t\t<\/span>\r\n\t\t\t<\/span>\r\n\t\t\t\t\t\t<time class=\"grve-structured-data date published\" itemprop=\"datePublished\" datetime=\"2024-10-27T15:19:34+01:00\">27 October 2024<\/time>\r\n\t\t\t<time class=\"grve-structured-data date updated\" itemprop=\"dateModified\"  datetime=\"2024-10-27T15:19:34+01:00\">27 October 2024<\/time>\r\n\t\t\t<span class=\"grve-structured-data\" itemprop=\"mainEntityOfPage\" itemscope itemtype=\"http:\/\/schema.org\/WebPage\" itemid=\"https:\/\/congolobilelo.com\/IN\/trois-proxys-au-service-des-elites-anglo-saxonnes\/\"><\/span>\r\n\t\t<\/span>\r\n\t\t\t\t\t\t\t\t<div itemprop=\"articleBody\"><p>Par Mufoncol Tshiyoyo Lorsqu&#8217;on apprend que l&#8217;Angola est positionn\u00e9 comme \u00ab m\u00e9diateur \u00bb entre le Congo et le Rwanda, une sensation \u00e9trange surgit. Comment un&hellip;<\/p><\/div>\t\t\t\t\t\t<\/div>\r\n\t\t\t\t\t<\/article>\r\n\t\t\t\t<\/div>\r\n\t\t\t\t<div class=\"grve-carousel-item\">\r\n\t\t\t\t\t<article class=\"grve-post-item post-15330 post type-post status-publish format-standard has-post-thumbnail hentry category-analyses-commentaires category-guerre category-medias category-pensee-critique\" itemscope itemType=\"http:\/\/schema.org\/BlogPosting\">\r\n\t\t\t\t\t\t\t\t<div class=\"grve-media grve-image-hover\">\r\n\t\t\t\t\t\t<a href=\"https:\/\/congolobilelo.com\/IN\/lire-charles-onana-et-constituer-sa-petite-bibliotheque\/\"><img loading=\"lazy\" decoding=\"async\" width=\"560\" height=\"420\" src=\"https:\/\/congolobilelo.com\/IN\/wp-content\/uploads\/2024\/09\/onana-rwanda2-1-560x420.jpg\" class=\"attachment-movedo-grve-small-rect-horizontal size-movedo-grve-small-rect-horizontal wp-post-image\" alt=\"\" \/><\/a>\r\n\t\t\t\r\n\t\t<\/div>\r\n\t\t\t\t\t\t<div class=\"grve-post-content\">\r\n\t\t\t\t\t\t\t<ul class=\"grve-post-meta\">\r\n\t\t\t\t\t\t\t\t<li class=\"grve-post-date\">\t<time class=\"\" datetime=\"2024-09-28T18:34:04+02:00\">\r\n\t\t28 September 2024\t<\/time>\r\n<\/li>\t\t\t\t\t\t\t<\/ul>\r\n\t\t\t\t\t\t\t<a href=\"https:\/\/congolobilelo.com\/IN\/lire-charles-onana-et-constituer-sa-petite-bibliotheque\/\" rel=\"bookmark\"><h2 class=\"grve-post-title grve-post-title-hover grve-h3\" itemprop=\"headline\">Lire Charles Onana et constituer sa petite biblioth\u00e8que<\/h2><\/a>\t\t\t\t\t\t\t\t\t<span class=\"grve-hidden\">\r\n\t\t\t<span class=\"grve-structured-data entry-title\">Lire Charles Onana et constituer sa petite biblioth\u00e8que<\/span>\r\n\t\t\t<span class=\"grve-structured-data\" itemprop=\"image\" itemscope itemtype=\"http:\/\/schema.org\/ImageObject\">\r\n\t\t\t   <span itemprop='url' >https:\/\/congolobilelo.com\/IN\/wp-content\/uploads\/2024\/09\/onana-rwanda2-1.jpg<\/span>\r\n\t\t\t   <span itemprop='height' >960<\/span>\r\n\t\t\t   <span itemprop='width' >540<\/span>\r\n\t\t\t<\/span>\r\n\t\t\t\t\t\t<span class=\"grve-structured-data vcard author\" itemprop=\"author\" itemscope itemtype=\"http:\/\/schema.org\/Person\">\r\n\t\t\t\t<span itemprop=\"name\" class=\"fn\">IN<\/span>\r\n\t\t\t<\/span>\r\n\t\t\t<span class=\"grve-structured-data\" itemprop=\"publisher\" itemscope itemtype=\"http:\/\/schema.org\/Organization\">\r\n\t\t\t\t<span itemprop='name'>IN<\/span>\r\n\t\t\t\t<span itemprop='logo' itemscope itemtype='http:\/\/schema.org\/ImageObject'>\r\n\t\t\t\t\t<span itemprop='url'>\/\/congolobilelo.com\/IN\/wp-content\/uploads\/2024\/11\/INGETA-80.png<\/span>\r\n\t\t\t\t<\/span>\r\n\t\t\t<\/span>\r\n\t\t\t\t\t\t<time class=\"grve-structured-data date published\" itemprop=\"datePublished\" datetime=\"2024-09-28T18:34:04+02:00\">28 September 2024<\/time>\r\n\t\t\t<time class=\"grve-structured-data date updated\" itemprop=\"dateModified\"  datetime=\"2024-09-28T18:34:04+02:00\">28 September 2024<\/time>\r\n\t\t\t<span class=\"grve-structured-data\" itemprop=\"mainEntityOfPage\" itemscope itemtype=\"http:\/\/schema.org\/WebPage\" itemid=\"https:\/\/congolobilelo.com\/IN\/lire-charles-onana-et-constituer-sa-petite-bibliotheque\/\"><\/span>\r\n\t\t<\/span>\r\n\t\t\t\t\t\t\t\t<div itemprop=\"articleBody\"><p>Par Jean-Pierre Mbelu \u00ab\u00a0On tue pas les id\u00e9es. \u00bb &#8211; Fidel Castro Mise en route Deux personnes de l&#8217;histoire philosophique et spirituelle, condamn\u00e9es par les&hellip;<\/p><\/div>\t\t\t\t\t\t<\/div>\r\n\t\t\t\t\t<\/article>\r\n\t\t\t\t<\/div>\r\n\t\t\t\t<div class=\"grve-carousel-item\">\r\n\t\t\t\t\t<article class=\"grve-post-item post-15326 post type-post status-publish format-standard has-post-thumbnail hentry category-analyses-commentaires category-guerre category-medias category-pensee-critique\" itemscope itemType=\"http:\/\/schema.org\/BlogPosting\">\r\n\t\t\t\t\t\t\t\t<div class=\"grve-media grve-image-hover\">\r\n\t\t\t\t\t\t<a href=\"https:\/\/congolobilelo.com\/IN\/charles-onana-face-a-un-deuxieme-jury\/\"><img loading=\"lazy\" decoding=\"async\" width=\"560\" height=\"420\" src=\"https:\/\/congolobilelo.com\/IN\/wp-content\/uploads\/2024\/09\/Onana2-1-560x420.jpg\" class=\"attachment-movedo-grve-small-rect-horizontal size-movedo-grve-small-rect-horizontal wp-post-image\" alt=\"\" \/><\/a>\r\n\t\t\t\r\n\t\t<\/div>\r\n\t\t\t\t\t\t<div class=\"grve-post-content\">\r\n\t\t\t\t\t\t\t<ul class=\"grve-post-meta\">\r\n\t\t\t\t\t\t\t\t<li class=\"grve-post-date\">\t<time class=\"\" datetime=\"2024-09-27T17:41:02+02:00\">\r\n\t\t27 September 2024\t<\/time>\r\n<\/li>\t\t\t\t\t\t\t<\/ul>\r\n\t\t\t\t\t\t\t<a href=\"https:\/\/congolobilelo.com\/IN\/charles-onana-face-a-un-deuxieme-jury\/\" rel=\"bookmark\"><h2 class=\"grve-post-title grve-post-title-hover grve-h3\" itemprop=\"headline\">Charles Onana face \u00e0 un &#8220;deuxi\u00e8me jury&#8221;<\/h2><\/a>\t\t\t\t\t\t\t\t\t<span class=\"grve-hidden\">\r\n\t\t\t<span class=\"grve-structured-data entry-title\">Charles Onana face \u00e0 un &#8220;deuxi\u00e8me jury&#8221;<\/span>\r\n\t\t\t<span class=\"grve-structured-data\" itemprop=\"image\" itemscope itemtype=\"http:\/\/schema.org\/ImageObject\">\r\n\t\t\t   <span itemprop='url' >https:\/\/congolobilelo.com\/IN\/wp-content\/uploads\/2024\/09\/Onana2-1.jpg<\/span>\r\n\t\t\t   <span itemprop='height' >800<\/span>\r\n\t\t\t   <span itemprop='width' >450<\/span>\r\n\t\t\t<\/span>\r\n\t\t\t\t\t\t<span class=\"grve-structured-data vcard author\" itemprop=\"author\" itemscope itemtype=\"http:\/\/schema.org\/Person\">\r\n\t\t\t\t<span itemprop=\"name\" class=\"fn\">IN<\/span>\r\n\t\t\t<\/span>\r\n\t\t\t<span class=\"grve-structured-data\" itemprop=\"publisher\" itemscope itemtype=\"http:\/\/schema.org\/Organization\">\r\n\t\t\t\t<span itemprop='name'>IN<\/span>\r\n\t\t\t\t<span itemprop='logo' itemscope itemtype='http:\/\/schema.org\/ImageObject'>\r\n\t\t\t\t\t<span itemprop='url'>\/\/congolobilelo.com\/IN\/wp-content\/uploads\/2024\/11\/INGETA-80.png<\/span>\r\n\t\t\t\t<\/span>\r\n\t\t\t<\/span>\r\n\t\t\t\t\t\t<time class=\"grve-structured-data date published\" itemprop=\"datePublished\" datetime=\"2024-09-27T17:41:02+02:00\">27 September 2024<\/time>\r\n\t\t\t<time class=\"grve-structured-data date updated\" itemprop=\"dateModified\"  datetime=\"2024-09-27T17:41:02+02:00\">27 September 2024<\/time>\r\n\t\t\t<span class=\"grve-structured-data\" itemprop=\"mainEntityOfPage\" itemscope itemtype=\"http:\/\/schema.org\/WebPage\" itemid=\"https:\/\/congolobilelo.com\/IN\/charles-onana-face-a-un-deuxieme-jury\/\"><\/span>\r\n\t\t<\/span>\r\n\t\t\t\t\t\t\t\t<div itemprop=\"articleBody\"><p>Par Jean-Pierre Mbelu Des compatriotes africains des Grands Lacs et Kongolais sont inquiets depuis qu&#8217;ils ont appris que l&#8217;auteur de &#8220;Rwanda, la v\u00e9rit\u00e9 sur l&#8217;op\u00e9ration&hellip;<\/p><\/div>\t\t\t\t\t\t<\/div>\r\n\t\t\t\t\t<\/article>\r\n\t\t\t\t<\/div>\r\n\t\t\t\t<div class=\"grve-carousel-item\">\r\n\t\t\t\t\t<article class=\"grve-post-item post-15307 post type-post status-publish format-standard has-post-thumbnail hentry category-analyses-commentaires category-guerre category-pensee-critique category-terre\" itemscope itemType=\"http:\/\/schema.org\/BlogPosting\">\r\n\t\t\t\t\t\t\t\t<div class=\"grve-media grve-image-hover\">\r\n\t\t\t\t\t\t<a href=\"https:\/\/congolobilelo.com\/IN\/lhomme-fortifie-de-kigali-la-paresse-intellectuelle-et-les-terres-kongolaises\/\"><img loading=\"lazy\" decoding=\"async\" width=\"560\" height=\"420\" src=\"https:\/\/congolobilelo.com\/IN\/wp-content\/uploads\/2024\/08\/Fatshi-PK-1-560x420.jpg\" class=\"attachment-movedo-grve-small-rect-horizontal size-movedo-grve-small-rect-horizontal wp-post-image\" alt=\"\" srcset=\"https:\/\/congolobilelo.com\/IN\/wp-content\/uploads\/2024\/08\/Fatshi-PK-1-560x420.jpg 560w, https:\/\/congolobilelo.com\/IN\/wp-content\/uploads\/2024\/08\/Fatshi-PK-1-300x224.jpg 300w, https:\/\/congolobilelo.com\/IN\/wp-content\/uploads\/2024\/08\/Fatshi-PK-1-900x675.jpg 900w\" sizes=\"auto, (max-width: 560px) 100vw, 560px\" \/><\/a>\r\n\t\t\t\r\n\t\t<\/div>\r\n\t\t\t\t\t\t<div class=\"grve-post-content\">\r\n\t\t\t\t\t\t\t<ul class=\"grve-post-meta\">\r\n\t\t\t\t\t\t\t\t<li class=\"grve-post-date\">\t<time class=\"\" datetime=\"2024-08-23T17:47:41+02:00\">\r\n\t\t23 August 2024\t<\/time>\r\n<\/li>\t\t\t\t\t\t\t<\/ul>\r\n\t\t\t\t\t\t\t<a href=\"https:\/\/congolobilelo.com\/IN\/lhomme-fortifie-de-kigali-la-paresse-intellectuelle-et-les-terres-kongolaises\/\" rel=\"bookmark\"><h2 class=\"grve-post-title grve-post-title-hover grve-h3\" itemprop=\"headline\">L&#8217;homme fortifi\u00e9 de Kigali, la paresse intellectuelle et les terres kongolaises<\/h2><\/a>\t\t\t\t\t\t\t\t\t<span class=\"grve-hidden\">\r\n\t\t\t<span class=\"grve-structured-data entry-title\">L&#8217;homme fortifi\u00e9 de Kigali, la paresse intellectuelle et les terres kongolaises<\/span>\r\n\t\t\t<span class=\"grve-structured-data\" itemprop=\"image\" itemscope itemtype=\"http:\/\/schema.org\/ImageObject\">\r\n\t\t\t   <span itemprop='url' >https:\/\/congolobilelo.com\/IN\/wp-content\/uploads\/2024\/08\/Fatshi-PK-1.jpg<\/span>\r\n\t\t\t   <span itemprop='height' >1500<\/span>\r\n\t\t\t   <span itemprop='width' >1119<\/span>\r\n\t\t\t<\/span>\r\n\t\t\t\t\t\t<span class=\"grve-structured-data vcard author\" itemprop=\"author\" itemscope itemtype=\"http:\/\/schema.org\/Person\">\r\n\t\t\t\t<span itemprop=\"name\" class=\"fn\">IN<\/span>\r\n\t\t\t<\/span>\r\n\t\t\t<span class=\"grve-structured-data\" itemprop=\"publisher\" itemscope itemtype=\"http:\/\/schema.org\/Organization\">\r\n\t\t\t\t<span itemprop='name'>IN<\/span>\r\n\t\t\t\t<span itemprop='logo' itemscope itemtype='http:\/\/schema.org\/ImageObject'>\r\n\t\t\t\t\t<span itemprop='url'>\/\/congolobilelo.com\/IN\/wp-content\/uploads\/2024\/11\/INGETA-80.png<\/span>\r\n\t\t\t\t<\/span>\r\n\t\t\t<\/span>\r\n\t\t\t\t\t\t<time class=\"grve-structured-data date published\" itemprop=\"datePublished\" datetime=\"2024-08-23T17:47:41+02:00\">23 August 2024<\/time>\r\n\t\t\t<time class=\"grve-structured-data date updated\" itemprop=\"dateModified\"  datetime=\"2024-08-23T17:47:41+02:00\">23 August 2024<\/time>\r\n\t\t\t<span class=\"grve-structured-data\" itemprop=\"mainEntityOfPage\" itemscope itemtype=\"http:\/\/schema.org\/WebPage\" itemid=\"https:\/\/congolobilelo.com\/IN\/lhomme-fortifie-de-kigali-la-paresse-intellectuelle-et-les-terres-kongolaises\/\"><\/span>\r\n\t\t<\/span>\r\n\t\t\t\t\t\t\t\t<div itemprop=\"articleBody\"><p>Par Jean-Pierre Mbelu \u00ab L&#8217;histoire nous apprend que nous ne savons pas apprendre de l&#8217;histoire. \u00bb &#8211; M. JEAN Mise en route Le Kongo-Kinshasa a&hellip;<\/p><\/div>\t\t\t\t\t\t<\/div>\r\n\t\t\t\t\t<\/article>\r\n\t\t\t\t<\/div>\r\n\t\t\t\t<div class=\"grve-carousel-item\">\r\n\t\t\t\t\t<article class=\"grve-post-item post-15298 post type-post status-publish format-standard has-post-thumbnail hentry category-guerre category-identite category-paroles-dingeta category-politique-societe\" itemscope itemType=\"http:\/\/schema.org\/BlogPosting\">\r\n\t\t\t\t\t\t\t\t<div class=\"grve-media grve-image-hover\">\r\n\t\t\t\t\t\t<a href=\"https:\/\/congolobilelo.com\/IN\/quelle-est-la-tradition-philosophique-et-politique-du-kongo-kinshasa\/\"><img loading=\"lazy\" decoding=\"async\" width=\"560\" height=\"420\" src=\"https:\/\/congolobilelo.com\/IN\/wp-content\/uploads\/2024\/08\/Patrie-1-560x420.jpg\" class=\"attachment-movedo-grve-small-rect-horizontal size-movedo-grve-small-rect-horizontal wp-post-image\" alt=\"\" srcset=\"https:\/\/congolobilelo.com\/IN\/wp-content\/uploads\/2024\/08\/Patrie-1-560x420.jpg 560w, https:\/\/congolobilelo.com\/IN\/wp-content\/uploads\/2024\/08\/Patrie-1-300x225.jpg 300w, https:\/\/congolobilelo.com\/IN\/wp-content\/uploads\/2024\/08\/Patrie-1-768x576.jpg 768w, https:\/\/congolobilelo.com\/IN\/wp-content\/uploads\/2024\/08\/Patrie-1.jpg 870w\" sizes=\"auto, (max-width: 560px) 100vw, 560px\" \/><\/a>\r\n\t\t\t\r\n\t\t<\/div>\r\n\t\t\t\t\t\t<div class=\"grve-post-content\">\r\n\t\t\t\t\t\t\t<ul class=\"grve-post-meta\">\r\n\t\t\t\t\t\t\t\t<li class=\"grve-post-date\">\t<time class=\"\" datetime=\"2024-08-14T02:16:27+02:00\">\r\n\t\t14 August 2024\t<\/time>\r\n<\/li>\t\t\t\t\t\t\t<\/ul>\r\n\t\t\t\t\t\t\t<a href=\"https:\/\/congolobilelo.com\/IN\/quelle-est-la-tradition-philosophique-et-politique-du-kongo-kinshasa\/\" rel=\"bookmark\"><h2 class=\"grve-post-title grve-post-title-hover grve-h3\" itemprop=\"headline\">Quelle est la tradition philosophique et politique du Kongo-Kinshasa ?<\/h2><\/a>\t\t\t\t\t\t\t\t\t<span class=\"grve-hidden\">\r\n\t\t\t<span class=\"grve-structured-data entry-title\">Quelle est la tradition philosophique et politique du Kongo-Kinshasa ?<\/span>\r\n\t\t\t<span class=\"grve-structured-data\" itemprop=\"image\" itemscope itemtype=\"http:\/\/schema.org\/ImageObject\">\r\n\t\t\t   <span itemprop='url' >https:\/\/congolobilelo.com\/IN\/wp-content\/uploads\/2024\/08\/Patrie-1.jpg<\/span>\r\n\t\t\t   <span itemprop='height' >870<\/span>\r\n\t\t\t   <span itemprop='width' >653<\/span>\r\n\t\t\t<\/span>\r\n\t\t\t\t\t\t<span class=\"grve-structured-data vcard author\" itemprop=\"author\" itemscope itemtype=\"http:\/\/schema.org\/Person\">\r\n\t\t\t\t<span itemprop=\"name\" class=\"fn\">IN<\/span>\r\n\t\t\t<\/span>\r\n\t\t\t<span class=\"grve-structured-data\" itemprop=\"publisher\" itemscope itemtype=\"http:\/\/schema.org\/Organization\">\r\n\t\t\t\t<span itemprop='name'>IN<\/span>\r\n\t\t\t\t<span itemprop='logo' itemscope itemtype='http:\/\/schema.org\/ImageObject'>\r\n\t\t\t\t\t<span itemprop='url'>\/\/congolobilelo.com\/IN\/wp-content\/uploads\/2024\/11\/INGETA-80.png<\/span>\r\n\t\t\t\t<\/span>\r\n\t\t\t<\/span>\r\n\t\t\t\t\t\t<time class=\"grve-structured-data date published\" itemprop=\"datePublished\" datetime=\"2024-08-14T02:16:27+02:00\">14 August 2024<\/time>\r\n\t\t\t<time class=\"grve-structured-data date updated\" itemprop=\"dateModified\"  datetime=\"2024-08-14T02:16:27+02:00\">14 August 2024<\/time>\r\n\t\t\t<span class=\"grve-structured-data\" itemprop=\"mainEntityOfPage\" itemscope itemtype=\"http:\/\/schema.org\/WebPage\" itemid=\"https:\/\/congolobilelo.com\/IN\/quelle-est-la-tradition-philosophique-et-politique-du-kongo-kinshasa\/\"><\/span>\r\n\t\t<\/span>\r\n\t\t\t\t\t\t\t\t<div itemprop=\"articleBody\"><p>Par Jean-Pierre Mbelu \u00ab A la lumi\u00e8re de cette tradition philosophique, on mesure l\u2019\u00e9cart civilisationnel entre la Chine et les \u00c9tats-Unis : pour le protestantisme&hellip;<\/p><\/div>\t\t\t\t\t\t<\/div>\r\n\t\t\t\t\t<\/article>\r\n\t\t\t\t<\/div>\r\n\t\t\t\t<div class=\"grve-carousel-item\">\r\n\t\t\t\t\t<article class=\"grve-post-item post-15291 post type-post status-publish format-standard has-post-thumbnail hentry category-paroles-dingeta category-pensee-critique category-strategie-du-chaos\" itemscope itemType=\"http:\/\/schema.org\/BlogPosting\">\r\n\t\t\t\t\t\t\t\t<div class=\"grve-media grve-image-hover\">\r\n\t\t\t\t\t\t<a href=\"https:\/\/congolobilelo.com\/IN\/joe-biden-kamala-devi-harris-des-paroles-dans-le-vide\/\"><img loading=\"lazy\" decoding=\"async\" width=\"560\" height=\"420\" src=\"https:\/\/congolobilelo.com\/IN\/wp-content\/uploads\/2024\/08\/Biden-Harris-560x420.jpg\" class=\"attachment-movedo-grve-small-rect-horizontal size-movedo-grve-small-rect-horizontal wp-post-image\" alt=\"\" srcset=\"https:\/\/congolobilelo.com\/IN\/wp-content\/uploads\/2024\/08\/Biden-Harris-560x420.jpg 560w, https:\/\/congolobilelo.com\/IN\/wp-content\/uploads\/2024\/08\/Biden-Harris-900x675.jpg 900w\" sizes=\"auto, (max-width: 560px) 100vw, 560px\" \/><\/a>\r\n\t\t\t\r\n\t\t<\/div>\r\n\t\t\t\t\t\t<div class=\"grve-post-content\">\r\n\t\t\t\t\t\t\t<ul class=\"grve-post-meta\">\r\n\t\t\t\t\t\t\t\t<li class=\"grve-post-date\">\t<time class=\"\" datetime=\"2024-08-08T14:37:48+02:00\">\r\n\t\t8 August 2024\t<\/time>\r\n<\/li>\t\t\t\t\t\t\t<\/ul>\r\n\t\t\t\t\t\t\t<a href=\"https:\/\/congolobilelo.com\/IN\/joe-biden-kamala-devi-harris-des-paroles-dans-le-vide\/\" rel=\"bookmark\"><h2 class=\"grve-post-title grve-post-title-hover grve-h3\" itemprop=\"headline\">Joe Biden, Kamala Devi Harris : des paroles dans le vide<\/h2><\/a>\t\t\t\t\t\t\t\t\t<span class=\"grve-hidden\">\r\n\t\t\t<span class=\"grve-structured-data entry-title\">Joe Biden, Kamala Devi Harris : des paroles dans le vide<\/span>\r\n\t\t\t<span class=\"grve-structured-data\" itemprop=\"image\" itemscope itemtype=\"http:\/\/schema.org\/ImageObject\">\r\n\t\t\t   <span itemprop='url' >https:\/\/congolobilelo.com\/IN\/wp-content\/uploads\/2024\/08\/Biden-Harris.jpg<\/span>\r\n\t\t\t   <span itemprop='height' >1280<\/span>\r\n\t\t\t   <span itemprop='width' >720<\/span>\r\n\t\t\t<\/span>\r\n\t\t\t\t\t\t<span class=\"grve-structured-data vcard author\" itemprop=\"author\" itemscope itemtype=\"http:\/\/schema.org\/Person\">\r\n\t\t\t\t<span itemprop=\"name\" class=\"fn\">IN<\/span>\r\n\t\t\t<\/span>\r\n\t\t\t<span class=\"grve-structured-data\" itemprop=\"publisher\" itemscope itemtype=\"http:\/\/schema.org\/Organization\">\r\n\t\t\t\t<span itemprop='name'>IN<\/span>\r\n\t\t\t\t<span itemprop='logo' itemscope itemtype='http:\/\/schema.org\/ImageObject'>\r\n\t\t\t\t\t<span itemprop='url'>\/\/congolobilelo.com\/IN\/wp-content\/uploads\/2024\/11\/INGETA-80.png<\/span>\r\n\t\t\t\t<\/span>\r\n\t\t\t<\/span>\r\n\t\t\t\t\t\t<time class=\"grve-structured-data date published\" itemprop=\"datePublished\" datetime=\"2024-08-08T14:37:48+02:00\">8 August 2024<\/time>\r\n\t\t\t<time class=\"grve-structured-data date updated\" itemprop=\"dateModified\"  datetime=\"2024-08-08T14:37:48+02:00\">8 August 2024<\/time>\r\n\t\t\t<span class=\"grve-structured-data\" itemprop=\"mainEntityOfPage\" itemscope itemtype=\"http:\/\/schema.org\/WebPage\" itemid=\"https:\/\/congolobilelo.com\/IN\/joe-biden-kamala-devi-harris-des-paroles-dans-le-vide\/\"><\/span>\r\n\t\t<\/span>\r\n\t\t\t\t\t\t\t\t<div itemprop=\"articleBody\"><p>Par Mufoncol Tshiyoyo Depuis le d\u00e9but de la guerre de procuration en Ukraine visant sp\u00e9cialement la destruction de la Russie, le refrain de l\u2019\u00c9tat profond,&hellip;<\/p><\/div>\t\t\t\t\t\t<\/div>\r\n\t\t\t\t\t<\/article>\r\n\t\t\t\t<\/div>\r\n\t\t\t\t<div class=\"grve-carousel-item\">\r\n\t\t\t\t\t<article class=\"grve-post-item post-15287 post type-post status-publish format-standard has-post-thumbnail hentry category-paroles-dingeta category-pensee-critique category-politique-societe\" itemscope itemType=\"http:\/\/schema.org\/BlogPosting\">\r\n\t\t\t\t\t\t\t\t<div class=\"grve-media grve-image-hover\">\r\n\t\t\t\t\t\t<a href=\"https:\/\/congolobilelo.com\/IN\/le-kongo-kinshasa-et-la-place-faite-a-la-pensee-finalement-les-placards-vont-etre-fouines\/\"><img loading=\"lazy\" decoding=\"async\" width=\"560\" height=\"420\" src=\"https:\/\/congolobilelo.com\/IN\/wp-content\/uploads\/2024\/08\/Fatshi-TopCongo-560x420.jpg\" class=\"attachment-movedo-grve-small-rect-horizontal size-movedo-grve-small-rect-horizontal wp-post-image\" alt=\"\" \/><\/a>\r\n\t\t\t\r\n\t\t<\/div>\r\n\t\t\t\t\t\t<div class=\"grve-post-content\">\r\n\t\t\t\t\t\t\t<ul class=\"grve-post-meta\">\r\n\t\t\t\t\t\t\t\t<li class=\"grve-post-date\">\t<time class=\"\" datetime=\"2024-08-07T19:14:57+02:00\">\r\n\t\t7 August 2024\t<\/time>\r\n<\/li>\t\t\t\t\t\t\t<\/ul>\r\n\t\t\t\t\t\t\t<a href=\"https:\/\/congolobilelo.com\/IN\/le-kongo-kinshasa-et-la-place-faite-a-la-pensee-finalement-les-placards-vont-etre-fouines\/\" rel=\"bookmark\"><h2 class=\"grve-post-title grve-post-title-hover grve-h3\" itemprop=\"headline\">Le Kongo-Kinshasa et la place faite \u00e0 la pens\u00e9e. Finalement, les placards vont \u00eatre fouin\u00e9s<\/h2><\/a>\t\t\t\t\t\t\t\t\t<span class=\"grve-hidden\">\r\n\t\t\t<span class=\"grve-structured-data entry-title\">Le Kongo-Kinshasa et la place faite \u00e0 la pens\u00e9e. Finalement, les placards vont \u00eatre fouin\u00e9s<\/span>\r\n\t\t\t<span class=\"grve-structured-data\" itemprop=\"image\" itemscope itemtype=\"http:\/\/schema.org\/ImageObject\">\r\n\t\t\t   <span itemprop='url' >https:\/\/congolobilelo.com\/IN\/wp-content\/uploads\/2024\/08\/Fatshi-TopCongo.jpg<\/span>\r\n\t\t\t   <span itemprop='height' >1342<\/span>\r\n\t\t\t   <span itemprop='width' >671<\/span>\r\n\t\t\t<\/span>\r\n\t\t\t\t\t\t<span class=\"grve-structured-data vcard author\" itemprop=\"author\" itemscope itemtype=\"http:\/\/schema.org\/Person\">\r\n\t\t\t\t<span itemprop=\"name\" class=\"fn\">IN<\/span>\r\n\t\t\t<\/span>\r\n\t\t\t<span class=\"grve-structured-data\" itemprop=\"publisher\" itemscope itemtype=\"http:\/\/schema.org\/Organization\">\r\n\t\t\t\t<span itemprop='name'>IN<\/span>\r\n\t\t\t\t<span itemprop='logo' itemscope itemtype='http:\/\/schema.org\/ImageObject'>\r\n\t\t\t\t\t<span itemprop='url'>\/\/congolobilelo.com\/IN\/wp-content\/uploads\/2024\/11\/INGETA-80.png<\/span>\r\n\t\t\t\t<\/span>\r\n\t\t\t<\/span>\r\n\t\t\t\t\t\t<time class=\"grve-structured-data date published\" itemprop=\"datePublished\" datetime=\"2024-08-07T19:14:57+02:00\">7 August 2024<\/time>\r\n\t\t\t<time class=\"grve-structured-data date updated\" itemprop=\"dateModified\"  datetime=\"2024-08-07T19:14:57+02:00\">7 August 2024<\/time>\r\n\t\t\t<span class=\"grve-structured-data\" itemprop=\"mainEntityOfPage\" itemscope itemtype=\"http:\/\/schema.org\/WebPage\" itemid=\"https:\/\/congolobilelo.com\/IN\/le-kongo-kinshasa-et-la-place-faite-a-la-pensee-finalement-les-placards-vont-etre-fouines\/\"><\/span>\r\n\t\t<\/span>\r\n\t\t\t\t\t\t\t\t<div itemprop=\"articleBody\"><p>Par Jean-Pierre Mbelu Le fanatisme au Kongo-Kinshasa est un danger mortel. Il me semble que s&#8217;il n&#8217;est pas combattu pour qu&#8217;un peu plus de place&hellip;<\/p><\/div>\t\t\t\t\t\t<\/div>\r\n\t\t\t\t\t<\/article>\r\n\t\t\t\t<\/div>\r\n\t\t\t\t<div class=\"grve-carousel-item\">\r\n\t\t\t\t\t<article class=\"grve-post-item post-16519 post type-post status-publish format-standard has-post-thumbnail hentry category-analyses-commentaires category-guerre category-politique-societe category-strategie-du-chaos\" itemscope itemType=\"http:\/\/schema.org\/BlogPosting\">\r\n\t\t\t\t\t\t\t\t<div class=\"grve-media grve-image-hover\">\r\n\t\t\t\t\t\t<a href=\"https:\/\/congolobilelo.com\/IN\/reformes-judiciaires-mutambistes-dans-un-pays-en-guerre-par-procuration\/\"><img loading=\"lazy\" decoding=\"async\" width=\"560\" height=\"420\" src=\"https:\/\/congolobilelo.com\/IN\/wp-content\/uploads\/2024\/08\/Constant-Mutamba-OK-560x420.jpg\" class=\"attachment-movedo-grve-small-rect-horizontal size-movedo-grve-small-rect-horizontal wp-post-image\" alt=\"\" srcset=\"https:\/\/congolobilelo.com\/IN\/wp-content\/uploads\/2024\/08\/Constant-Mutamba-OK-560x420.jpg 560w, https:\/\/congolobilelo.com\/IN\/wp-content\/uploads\/2024\/08\/Constant-Mutamba-OK-900x675.jpg 900w\" sizes=\"auto, (max-width: 560px) 100vw, 560px\" \/><\/a>\r\n\t\t\t\r\n\t\t<\/div>\r\n\t\t\t\t\t\t<div class=\"grve-post-content\">\r\n\t\t\t\t\t\t\t<ul class=\"grve-post-meta\">\r\n\t\t\t\t\t\t\t\t<li class=\"grve-post-date\">\t<time class=\"\" datetime=\"2024-08-06T16:59:56+02:00\">\r\n\t\t6 August 2024\t<\/time>\r\n<\/li>\t\t\t\t\t\t\t<\/ul>\r\n\t\t\t\t\t\t\t<a href=\"https:\/\/congolobilelo.com\/IN\/reformes-judiciaires-mutambistes-dans-un-pays-en-guerre-par-procuration\/\" rel=\"bookmark\"><h2 class=\"grve-post-title grve-post-title-hover grve-h3\" itemprop=\"headline\">R\u00e9formes judiciaires mutambistes dans un pays en guerre par procuration<\/h2><\/a>\t\t\t\t\t\t\t\t\t<span class=\"grve-hidden\">\r\n\t\t\t<span class=\"grve-structured-data entry-title\">R\u00e9formes judiciaires mutambistes dans un pays en guerre par procuration<\/span>\r\n\t\t\t<span class=\"grve-structured-data\" itemprop=\"image\" itemscope itemtype=\"http:\/\/schema.org\/ImageObject\">\r\n\t\t\t   <span itemprop='url' >https:\/\/congolobilelo.com\/IN\/wp-content\/uploads\/2024\/08\/Constant-Mutamba-OK.jpg<\/span>\r\n\t\t\t   <span itemprop='height' >1200<\/span>\r\n\t\t\t   <span itemprop='width' >799<\/span>\r\n\t\t\t<\/span>\r\n\t\t\t\t\t\t<span class=\"grve-structured-data vcard author\" itemprop=\"author\" itemscope itemtype=\"http:\/\/schema.org\/Person\">\r\n\t\t\t\t<span itemprop=\"name\" class=\"fn\">IN<\/span>\r\n\t\t\t<\/span>\r\n\t\t\t<span class=\"grve-structured-data\" itemprop=\"publisher\" itemscope itemtype=\"http:\/\/schema.org\/Organization\">\r\n\t\t\t\t<span itemprop='name'>IN<\/span>\r\n\t\t\t\t<span itemprop='logo' itemscope itemtype='http:\/\/schema.org\/ImageObject'>\r\n\t\t\t\t\t<span itemprop='url'>\/\/congolobilelo.com\/IN\/wp-content\/uploads\/2024\/11\/INGETA-80.png<\/span>\r\n\t\t\t\t<\/span>\r\n\t\t\t<\/span>\r\n\t\t\t\t\t\t<time class=\"grve-structured-data date published\" itemprop=\"datePublished\" datetime=\"2024-08-06T16:59:56+02:00\">6 August 2024<\/time>\r\n\t\t\t<time class=\"grve-structured-data date updated\" itemprop=\"dateModified\"  datetime=\"2024-08-06T16:59:56+02:00\">6 August 2024<\/time>\r\n\t\t\t<span class=\"grve-structured-data\" itemprop=\"mainEntityOfPage\" itemscope itemtype=\"http:\/\/schema.org\/WebPage\" itemid=\"https:\/\/congolobilelo.com\/IN\/reformes-judiciaires-mutambistes-dans-un-pays-en-guerre-par-procuration\/\"><\/span>\r\n\t\t<\/span>\r\n\t\t\t\t\t\t\t\t<div itemprop=\"articleBody\"><p>Par Jean-Pierre Mbelu \u00ab Marx a su qu&#8217;il fallait nommer l&#8217;adversaire, la puissance qui ensorcelle, qui capture le monde et la pens\u00e9e, parce que nommer,&hellip;<\/p><\/div>\t\t\t\t\t\t<\/div>\r\n\t\t\t\t\t<\/article>\r\n\t\t\t\t<\/div>\r\n<\/div>\t\t\t<\/div>\r\n\t\t<\/div>\r\n[\/vc_column][\/vc_row][vc_row bg_type=&#8221;color&#8221; bg_color=&#8221;#FBD08F&#8221;][vc_column width=&#8221;1\/4&#8243;][vc_column_text]<\/p>\n<p>[\/vc_column_text]<h3 class=\"grve-element grve-title grve-align-left grve-h3\" style=\"\"><span>ENTRETIENS<span class=\"grve-title-line grve-bg-primary-1\" style=\"width: 50px;height: 2px;\"><\/span><\/span><\/h3>[vc_column_text css=&#8221;&#8221;]<\/p>\n<h4><span style=\"color: #808080;\">S\u00e9rie d\u2019interviews avec des penseurs, activistes, sp\u00e9cialistes et experts autour des d\u00e9fis de la RD Congo et de l\u2019Afrique d\u2019aujourd\u2019hui et de demain.<\/span><\/h4>\n<p>[\/vc_column_text][\/vc_column][vc_column width=&#8221;3\/4&#8243;]\t\t<div class=\"grve-element grve-carousel grve-layout-1 grve-carousel-style-1 grve-with-gap grve-carousel-wrapper\" style=\"\" >\r\n  <div class=\"grve-carousel-wrapper\"><div class=\"grve-carousel-navigation grve-dark grve-navigation-1 grve-navigation-carousel\"><div class=\"grve-carousel-buttons\"><div class=\"grve-carousel-prev\"><i class=\"grve-icon-nav-left-small\"><\/i><span class=\"screen-reader-text\">Previous<\/span><\/div><div class=\"grve-carousel-next\"><i class=\"grve-icon-nav-right-small\"><\/i><span class=\"screen-reader-text\">Next<\/span><\/div><\/div><\/div>\r\n\t\t\t<div class=\"grve-blog grve-blog-carousel grve-carousel-element\" data-items=\"3\" data-items-tablet-landscape=\"3\" data-items-tablet-portrait=\"3\" data-items-mobile=\"1\" data-slider-autoplay=\"yes\" data-slider-loop=\"yes\" data-slider-speed=\"3000\" data-slider-pause=\"no\" data-pagination-speed=\"400\" data-pagination=\"no\" data-gutter-size=\"40\">\r\n\t\t\t\t<div class=\"grve-carousel-item\">\r\n\t\t\t\t\t<article class=\"grve-post-item post-15392 post type-post status-publish format-standard has-post-thumbnail hentry category-etat category-paroles-dingeta category-pensee-critique\" itemscope itemType=\"http:\/\/schema.org\/BlogPosting\">\r\n\t\t\t\t\t\t\t\t<div class=\"grve-media grve-image-hover\">\r\n\t\t\t\t\t\t<a href=\"https:\/\/congolobilelo.com\/IN\/en-2006-le-kongo-kinshasa-etait-un-etat-rate-sous-tutelle\/\"><img loading=\"lazy\" decoding=\"async\" width=\"560\" height=\"420\" src=\"https:\/\/congolobilelo.com\/IN\/wp-content\/uploads\/2024\/11\/Bemba-Kabila2006-1-560x420.jpg\" class=\"attachment-movedo-grve-small-rect-horizontal size-movedo-grve-small-rect-horizontal wp-post-image\" alt=\"\" srcset=\"https:\/\/congolobilelo.com\/IN\/wp-content\/uploads\/2024\/11\/Bemba-Kabila2006-1-560x420.jpg 560w, https:\/\/congolobilelo.com\/IN\/wp-content\/uploads\/2024\/11\/Bemba-Kabila2006-1-900x675.jpg 900w\" sizes=\"auto, (max-width: 560px) 100vw, 560px\" \/><\/a>\r\n\t\t\t\r\n\t\t<\/div>\r\n\t\t\t\t\t\t<div class=\"grve-post-content\">\r\n\t\t\t\t\t\t\t<ul class=\"grve-post-meta\">\r\n\t\t\t\t\t\t\t\t<li class=\"grve-post-date\">\t<time class=\"\" datetime=\"2024-11-03T15:32:16+01:00\">\r\n\t\t3 November 2024\t<\/time>\r\n<\/li>\t\t\t\t\t\t\t<\/ul>\r\n\t\t\t\t\t\t\t<a href=\"https:\/\/congolobilelo.com\/IN\/en-2006-le-kongo-kinshasa-etait-un-etat-rate-sous-tutelle\/\" rel=\"bookmark\"><h2 class=\"grve-post-title grve-post-title-hover grve-h3\" itemprop=\"headline\">En 2006, le Kongo-Kinshasa \u00e9tait un Etat (rat\u00e9) sous tutelle<\/h2><\/a>\t\t\t\t\t\t\t\t\t<span class=\"grve-hidden\">\r\n\t\t\t<span class=\"grve-structured-data entry-title\">En 2006, le Kongo-Kinshasa \u00e9tait un Etat (rat\u00e9) sous tutelle<\/span>\r\n\t\t\t<span class=\"grve-structured-data\" itemprop=\"image\" itemscope itemtype=\"http:\/\/schema.org\/ImageObject\">\r\n\t\t\t   <span itemprop='url' >https:\/\/congolobilelo.com\/IN\/wp-content\/uploads\/2024\/11\/Bemba-Kabila2006-1.jpg<\/span>\r\n\t\t\t   <span itemprop='height' >1215<\/span>\r\n\t\t\t   <span itemprop='width' >860<\/span>\r\n\t\t\t<\/span>\r\n\t\t\t\t\t\t<span class=\"grve-structured-data vcard author\" itemprop=\"author\" itemscope itemtype=\"http:\/\/schema.org\/Person\">\r\n\t\t\t\t<span itemprop=\"name\" class=\"fn\">IN<\/span>\r\n\t\t\t<\/span>\r\n\t\t\t<span class=\"grve-structured-data\" itemprop=\"publisher\" itemscope itemtype=\"http:\/\/schema.org\/Organization\">\r\n\t\t\t\t<span itemprop='name'>IN<\/span>\r\n\t\t\t\t<span itemprop='logo' itemscope itemtype='http:\/\/schema.org\/ImageObject'>\r\n\t\t\t\t\t<span itemprop='url'>\/\/congolobilelo.com\/IN\/wp-content\/uploads\/2024\/11\/INGETA-80.png<\/span>\r\n\t\t\t\t<\/span>\r\n\t\t\t<\/span>\r\n\t\t\t\t\t\t<time class=\"grve-structured-data date published\" itemprop=\"datePublished\" datetime=\"2024-11-03T15:32:16+01:00\">3 November 2024<\/time>\r\n\t\t\t<time class=\"grve-structured-data date updated\" itemprop=\"dateModified\"  datetime=\"2024-11-03T15:32:16+01:00\">3 November 2024<\/time>\r\n\t\t\t<span class=\"grve-structured-data\" itemprop=\"mainEntityOfPage\" itemscope itemtype=\"http:\/\/schema.org\/WebPage\" itemid=\"https:\/\/congolobilelo.com\/IN\/en-2006-le-kongo-kinshasa-etait-un-etat-rate-sous-tutelle\/\"><\/span>\r\n\t\t<\/span>\r\n\t\t\t\t\t\t\t\t<div itemprop=\"articleBody\"><p>Par Jean-Pierre Mbelu Plusieurs compatriotes qui disent aujourd&#8217;hui &#8220;touche pas \u00e0 ma constitution&#8221; ne savent pas et\/ou ont vite oubli\u00e9 qu&#8217;il \u00e9tait interdit au parlement&hellip;<\/p><\/div>\t\t\t\t\t\t<\/div>\r\n\t\t\t\t\t<\/article>\r\n\t\t\t\t<\/div>\r\n\t\t\t\t<div class=\"grve-carousel-item\">\r\n\t\t\t\t\t<article class=\"grve-post-item post-16531 post type-post status-publish format-standard has-post-thumbnail hentry category-paroles-dingeta category-pensee-critique category-politique-societe\" itemscope itemType=\"http:\/\/schema.org\/BlogPosting\">\r\n\t\t\t\t\t\t\t\t<div class=\"grve-media grve-image-hover\">\r\n\t\t\t\t\t\t<a href=\"https:\/\/congolobilelo.com\/IN\/lire-toujours-lire-lexemple-de-les-faiseurs-de-paix-au-congo\/\"><img loading=\"lazy\" decoding=\"async\" width=\"560\" height=\"420\" src=\"https:\/\/congolobilelo.com\/IN\/wp-content\/uploads\/2024\/11\/Les-Faiseurs-de-paix-au-Congo-1-2-560x420.jpg\" class=\"attachment-movedo-grve-small-rect-horizontal size-movedo-grve-small-rect-horizontal wp-post-image\" alt=\"\" srcset=\"https:\/\/congolobilelo.com\/IN\/wp-content\/uploads\/2024\/11\/Les-Faiseurs-de-paix-au-Congo-1-2-560x420.jpg 560w, https:\/\/congolobilelo.com\/IN\/wp-content\/uploads\/2024\/11\/Les-Faiseurs-de-paix-au-Congo-1-2-900x675.jpg 900w\" sizes=\"auto, (max-width: 560px) 100vw, 560px\" \/><\/a>\r\n\t\t\t\r\n\t\t<\/div>\r\n\t\t\t\t\t\t<div class=\"grve-post-content\">\r\n\t\t\t\t\t\t\t<ul class=\"grve-post-meta\">\r\n\t\t\t\t\t\t\t\t<li class=\"grve-post-date\">\t<time class=\"\" datetime=\"2024-11-02T18:35:46+01:00\">\r\n\t\t2 November 2024\t<\/time>\r\n<\/li>\t\t\t\t\t\t\t<\/ul>\r\n\t\t\t\t\t\t\t<a href=\"https:\/\/congolobilelo.com\/IN\/lire-toujours-lire-lexemple-de-les-faiseurs-de-paix-au-congo\/\" rel=\"bookmark\"><h2 class=\"grve-post-title grve-post-title-hover grve-h3\" itemprop=\"headline\">Lire. Toujours lire. L&#8217;exemple de &#8220;Les &#8216;Faiseurs de paix&#8217; au Congo&#8221;<\/h2><\/a>\t\t\t\t\t\t\t\t\t<span class=\"grve-hidden\">\r\n\t\t\t<span class=\"grve-structured-data entry-title\">Lire. Toujours lire. L&#8217;exemple de &#8220;Les &#8216;Faiseurs de paix&#8217; au Congo&#8221;<\/span>\r\n\t\t\t<span class=\"grve-structured-data\" itemprop=\"image\" itemscope itemtype=\"http:\/\/schema.org\/ImageObject\">\r\n\t\t\t   <span itemprop='url' >https:\/\/congolobilelo.com\/IN\/wp-content\/uploads\/2024\/11\/Les-Faiseurs-de-paix-au-Congo-1-2.jpg<\/span>\r\n\t\t\t   <span itemprop='height' >1748<\/span>\r\n\t\t\t   <span itemprop='width' >1489<\/span>\r\n\t\t\t<\/span>\r\n\t\t\t\t\t\t<span class=\"grve-structured-data vcard author\" itemprop=\"author\" itemscope itemtype=\"http:\/\/schema.org\/Person\">\r\n\t\t\t\t<span itemprop=\"name\" class=\"fn\">IN<\/span>\r\n\t\t\t<\/span>\r\n\t\t\t<span class=\"grve-structured-data\" itemprop=\"publisher\" itemscope itemtype=\"http:\/\/schema.org\/Organization\">\r\n\t\t\t\t<span itemprop='name'>IN<\/span>\r\n\t\t\t\t<span itemprop='logo' itemscope itemtype='http:\/\/schema.org\/ImageObject'>\r\n\t\t\t\t\t<span itemprop='url'>\/\/congolobilelo.com\/IN\/wp-content\/uploads\/2024\/11\/INGETA-80.png<\/span>\r\n\t\t\t\t<\/span>\r\n\t\t\t<\/span>\r\n\t\t\t\t\t\t<time class=\"grve-structured-data date published\" itemprop=\"datePublished\" datetime=\"2024-11-02T18:35:46+01:00\">2 November 2024<\/time>\r\n\t\t\t<time class=\"grve-structured-data date updated\" itemprop=\"dateModified\"  datetime=\"2024-11-02T18:35:46+01:00\">2 November 2024<\/time>\r\n\t\t\t<span class=\"grve-structured-data\" itemprop=\"mainEntityOfPage\" itemscope itemtype=\"http:\/\/schema.org\/WebPage\" itemid=\"https:\/\/congolobilelo.com\/IN\/lire-toujours-lire-lexemple-de-les-faiseurs-de-paix-au-congo\/\"><\/span>\r\n\t\t<\/span>\r\n\t\t\t\t\t\t\t\t<div itemprop=\"articleBody\"><p>Par Jean-Pierre Mbelu Travailler intellectuellement sur le temps long semble \u00eatre une mer \u00e0 boire pour plusieurs compatriotes kongolais. L&#8217;Occident que nous critiquons r\u00e9guli\u00e8rement dispose&hellip;<\/p><\/div>\t\t\t\t\t\t<\/div>\r\n\t\t\t\t\t<\/article>\r\n\t\t\t\t<\/div>\r\n\t\t\t\t<div class=\"grve-carousel-item\">\r\n\t\t\t\t\t<article class=\"grve-post-item post-15371 post type-post status-publish format-standard has-post-thumbnail hentry category-education category-paroles-dingeta category-pensee-critique\" itemscope itemType=\"http:\/\/schema.org\/BlogPosting\">\r\n\t\t\t\t\t\t\t\t<div class=\"grve-media grve-image-hover\">\r\n\t\t\t\t\t\t<a href=\"https:\/\/congolobilelo.com\/IN\/le-livre-de-charles-onana-offert-aux-etudiants-de-luniversite-de-kinshasa\/\"><img loading=\"lazy\" decoding=\"async\" width=\"560\" height=\"420\" src=\"https:\/\/congolobilelo.com\/IN\/wp-content\/uploads\/2024\/10\/Onana-Holocauste-Kin-1-560x420.jpg\" class=\"attachment-movedo-grve-small-rect-horizontal size-movedo-grve-small-rect-horizontal wp-post-image\" alt=\"\" srcset=\"https:\/\/congolobilelo.com\/IN\/wp-content\/uploads\/2024\/10\/Onana-Holocauste-Kin-1-560x420.jpg 560w, https:\/\/congolobilelo.com\/IN\/wp-content\/uploads\/2024\/10\/Onana-Holocauste-Kin-1-900x675.jpg 900w\" sizes=\"auto, (max-width: 560px) 100vw, 560px\" \/><\/a>\r\n\t\t\t\r\n\t\t<\/div>\r\n\t\t\t\t\t\t<div class=\"grve-post-content\">\r\n\t\t\t\t\t\t\t<ul class=\"grve-post-meta\">\r\n\t\t\t\t\t\t\t\t<li class=\"grve-post-date\">\t<time class=\"\" datetime=\"2024-10-29T13:49:25+01:00\">\r\n\t\t29 October 2024\t<\/time>\r\n<\/li>\t\t\t\t\t\t\t<\/ul>\r\n\t\t\t\t\t\t\t<a href=\"https:\/\/congolobilelo.com\/IN\/le-livre-de-charles-onana-offert-aux-etudiants-de-luniversite-de-kinshasa\/\" rel=\"bookmark\"><h2 class=\"grve-post-title grve-post-title-hover grve-h3\" itemprop=\"headline\">Le livre de Charles Onana offert aux \u00e9tudiants de l&#8217;Universit\u00e9 de Kinshasa<\/h2><\/a>\t\t\t\t\t\t\t\t\t<span class=\"grve-hidden\">\r\n\t\t\t<span class=\"grve-structured-data entry-title\">Le livre de Charles Onana offert aux \u00e9tudiants de l&#8217;Universit\u00e9 de Kinshasa<\/span>\r\n\t\t\t<span class=\"grve-structured-data\" itemprop=\"image\" itemscope itemtype=\"http:\/\/schema.org\/ImageObject\">\r\n\t\t\t   <span itemprop='url' >https:\/\/congolobilelo.com\/IN\/wp-content\/uploads\/2024\/10\/Onana-Holocauste-Kin-1.jpg<\/span>\r\n\t\t\t   <span itemprop='height' >1280<\/span>\r\n\t\t\t   <span itemprop='width' >853<\/span>\r\n\t\t\t<\/span>\r\n\t\t\t\t\t\t<span class=\"grve-structured-data vcard author\" itemprop=\"author\" itemscope itemtype=\"http:\/\/schema.org\/Person\">\r\n\t\t\t\t<span itemprop=\"name\" class=\"fn\">IN<\/span>\r\n\t\t\t<\/span>\r\n\t\t\t<span class=\"grve-structured-data\" itemprop=\"publisher\" itemscope itemtype=\"http:\/\/schema.org\/Organization\">\r\n\t\t\t\t<span itemprop='name'>IN<\/span>\r\n\t\t\t\t<span itemprop='logo' itemscope itemtype='http:\/\/schema.org\/ImageObject'>\r\n\t\t\t\t\t<span itemprop='url'>\/\/congolobilelo.com\/IN\/wp-content\/uploads\/2024\/11\/INGETA-80.png<\/span>\r\n\t\t\t\t<\/span>\r\n\t\t\t<\/span>\r\n\t\t\t\t\t\t<time class=\"grve-structured-data date published\" itemprop=\"datePublished\" datetime=\"2024-10-29T13:49:25+01:00\">29 October 2024<\/time>\r\n\t\t\t<time class=\"grve-structured-data date updated\" itemprop=\"dateModified\"  datetime=\"2024-10-29T13:49:25+01:00\">29 October 2024<\/time>\r\n\t\t\t<span class=\"grve-structured-data\" itemprop=\"mainEntityOfPage\" itemscope itemtype=\"http:\/\/schema.org\/WebPage\" itemid=\"https:\/\/congolobilelo.com\/IN\/le-livre-de-charles-onana-offert-aux-etudiants-de-luniversite-de-kinshasa\/\"><\/span>\r\n\t\t<\/span>\r\n\t\t\t\t\t\t\t\t<div itemprop=\"articleBody\"><p>Par Jean-Pierre Mbelu \u00ab Apr\u00e8s que les livres qui permettent de se fabriquer une culture et un esprit critique ont \u00e9t\u00e9 supprim\u00e9s, le Parti cr\u00e9e&hellip;<\/p><\/div>\t\t\t\t\t\t<\/div>\r\n\t\t\t\t\t<\/article>\r\n\t\t\t\t<\/div>\r\n\t\t\t\t<div class=\"grve-carousel-item\">\r\n\t\t\t\t\t<article class=\"grve-post-item post-15368 post type-post status-publish format-standard has-post-thumbnail hentry category-paroles-dingeta category-pensee-critique category-politique-societe\" itemscope itemType=\"http:\/\/schema.org\/BlogPosting\">\r\n\t\t\t\t\t\t\t\t<div class=\"grve-media grve-image-hover\">\r\n\t\t\t\t\t\t<a href=\"https:\/\/congolobilelo.com\/IN\/la-versatilite-des-politicards-kongolais-est-stupefiante\/\"><img loading=\"lazy\" decoding=\"async\" width=\"560\" height=\"420\" src=\"https:\/\/congolobilelo.com\/IN\/wp-content\/uploads\/2024\/10\/Assemblee-RDC-1-560x420.jpg\" class=\"attachment-movedo-grve-small-rect-horizontal size-movedo-grve-small-rect-horizontal wp-post-image\" alt=\"\" srcset=\"https:\/\/congolobilelo.com\/IN\/wp-content\/uploads\/2024\/10\/Assemblee-RDC-1-560x420.jpg 560w, https:\/\/congolobilelo.com\/IN\/wp-content\/uploads\/2024\/10\/Assemblee-RDC-1-900x675.jpg 900w\" sizes=\"auto, (max-width: 560px) 100vw, 560px\" \/><\/a>\r\n\t\t\t\r\n\t\t<\/div>\r\n\t\t\t\t\t\t<div class=\"grve-post-content\">\r\n\t\t\t\t\t\t\t<ul class=\"grve-post-meta\">\r\n\t\t\t\t\t\t\t\t<li class=\"grve-post-date\">\t<time class=\"\" datetime=\"2024-10-28T15:12:01+01:00\">\r\n\t\t28 October 2024\t<\/time>\r\n<\/li>\t\t\t\t\t\t\t<\/ul>\r\n\t\t\t\t\t\t\t<a href=\"https:\/\/congolobilelo.com\/IN\/la-versatilite-des-politicards-kongolais-est-stupefiante\/\" rel=\"bookmark\"><h2 class=\"grve-post-title grve-post-title-hover grve-h3\" itemprop=\"headline\">La versatilit\u00e9 des politicards kongolais est stup\u00e9fiante<\/h2><\/a>\t\t\t\t\t\t\t\t\t<span class=\"grve-hidden\">\r\n\t\t\t<span class=\"grve-structured-data entry-title\">La versatilit\u00e9 des politicards kongolais est stup\u00e9fiante<\/span>\r\n\t\t\t<span class=\"grve-structured-data\" itemprop=\"image\" itemscope itemtype=\"http:\/\/schema.org\/ImageObject\">\r\n\t\t\t   <span itemprop='url' >https:\/\/congolobilelo.com\/IN\/wp-content\/uploads\/2024\/10\/Assemblee-RDC-1.jpg<\/span>\r\n\t\t\t   <span itemprop='height' >1200<\/span>\r\n\t\t\t   <span itemprop='width' >800<\/span>\r\n\t\t\t<\/span>\r\n\t\t\t\t\t\t<span class=\"grve-structured-data vcard author\" itemprop=\"author\" itemscope itemtype=\"http:\/\/schema.org\/Person\">\r\n\t\t\t\t<span itemprop=\"name\" class=\"fn\">IN<\/span>\r\n\t\t\t<\/span>\r\n\t\t\t<span class=\"grve-structured-data\" itemprop=\"publisher\" itemscope itemtype=\"http:\/\/schema.org\/Organization\">\r\n\t\t\t\t<span itemprop='name'>IN<\/span>\r\n\t\t\t\t<span itemprop='logo' itemscope itemtype='http:\/\/schema.org\/ImageObject'>\r\n\t\t\t\t\t<span itemprop='url'>\/\/congolobilelo.com\/IN\/wp-content\/uploads\/2024\/11\/INGETA-80.png<\/span>\r\n\t\t\t\t<\/span>\r\n\t\t\t<\/span>\r\n\t\t\t\t\t\t<time class=\"grve-structured-data date published\" itemprop=\"datePublished\" datetime=\"2024-10-28T15:12:01+01:00\">28 October 2024<\/time>\r\n\t\t\t<time class=\"grve-structured-data date updated\" itemprop=\"dateModified\"  datetime=\"2024-10-28T15:12:01+01:00\">28 October 2024<\/time>\r\n\t\t\t<span class=\"grve-structured-data\" itemprop=\"mainEntityOfPage\" itemscope itemtype=\"http:\/\/schema.org\/WebPage\" itemid=\"https:\/\/congolobilelo.com\/IN\/la-versatilite-des-politicards-kongolais-est-stupefiante\/\"><\/span>\r\n\t\t<\/span>\r\n\t\t\t\t\t\t\t\t<div itemprop=\"articleBody\"><p>Par Jean-Pierre Mbelu &#8220;Nul ne peut servir deux ma\u00eetres. Car, ou il ha\u00efra l&#8217;un, et aimera l&#8217;autre; ou il s&#8217;attachera \u00e0 l&#8217;un, et m\u00e9prisera l&#8217;autre.&hellip;<\/p><\/div>\t\t\t\t\t\t<\/div>\r\n\t\t\t\t\t<\/article>\r\n\t\t\t\t<\/div>\r\n\t\t\t\t<div class=\"grve-carousel-item\">\r\n\t\t\t\t\t<article class=\"grve-post-item post-15298 post type-post status-publish format-standard has-post-thumbnail hentry category-guerre category-identite category-paroles-dingeta category-politique-societe\" itemscope itemType=\"http:\/\/schema.org\/BlogPosting\">\r\n\t\t\t\t\t\t\t\t<div class=\"grve-media grve-image-hover\">\r\n\t\t\t\t\t\t<a href=\"https:\/\/congolobilelo.com\/IN\/quelle-est-la-tradition-philosophique-et-politique-du-kongo-kinshasa\/\"><img loading=\"lazy\" decoding=\"async\" width=\"560\" height=\"420\" src=\"https:\/\/congolobilelo.com\/IN\/wp-content\/uploads\/2024\/08\/Patrie-1-560x420.jpg\" class=\"attachment-movedo-grve-small-rect-horizontal size-movedo-grve-small-rect-horizontal wp-post-image\" alt=\"\" srcset=\"https:\/\/congolobilelo.com\/IN\/wp-content\/uploads\/2024\/08\/Patrie-1-560x420.jpg 560w, https:\/\/congolobilelo.com\/IN\/wp-content\/uploads\/2024\/08\/Patrie-1-300x225.jpg 300w, https:\/\/congolobilelo.com\/IN\/wp-content\/uploads\/2024\/08\/Patrie-1-768x576.jpg 768w, https:\/\/congolobilelo.com\/IN\/wp-content\/uploads\/2024\/08\/Patrie-1.jpg 870w\" sizes=\"auto, (max-width: 560px) 100vw, 560px\" \/><\/a>\r\n\t\t\t\r\n\t\t<\/div>\r\n\t\t\t\t\t\t<div class=\"grve-post-content\">\r\n\t\t\t\t\t\t\t<ul class=\"grve-post-meta\">\r\n\t\t\t\t\t\t\t\t<li class=\"grve-post-date\">\t<time class=\"\" datetime=\"2024-08-14T02:16:27+02:00\">\r\n\t\t14 August 2024\t<\/time>\r\n<\/li>\t\t\t\t\t\t\t<\/ul>\r\n\t\t\t\t\t\t\t<a href=\"https:\/\/congolobilelo.com\/IN\/quelle-est-la-tradition-philosophique-et-politique-du-kongo-kinshasa\/\" rel=\"bookmark\"><h2 class=\"grve-post-title grve-post-title-hover grve-h3\" itemprop=\"headline\">Quelle est la tradition philosophique et politique du Kongo-Kinshasa ?<\/h2><\/a>\t\t\t\t\t\t\t\t\t<span class=\"grve-hidden\">\r\n\t\t\t<span class=\"grve-structured-data entry-title\">Quelle est la tradition philosophique et politique du Kongo-Kinshasa ?<\/span>\r\n\t\t\t<span class=\"grve-structured-data\" itemprop=\"image\" itemscope itemtype=\"http:\/\/schema.org\/ImageObject\">\r\n\t\t\t   <span itemprop='url' >https:\/\/congolobilelo.com\/IN\/wp-content\/uploads\/2024\/08\/Patrie-1.jpg<\/span>\r\n\t\t\t   <span itemprop='height' >870<\/span>\r\n\t\t\t   <span itemprop='width' >653<\/span>\r\n\t\t\t<\/span>\r\n\t\t\t\t\t\t<span class=\"grve-structured-data vcard author\" itemprop=\"author\" itemscope itemtype=\"http:\/\/schema.org\/Person\">\r\n\t\t\t\t<span itemprop=\"name\" class=\"fn\">IN<\/span>\r\n\t\t\t<\/span>\r\n\t\t\t<span class=\"grve-structured-data\" itemprop=\"publisher\" itemscope itemtype=\"http:\/\/schema.org\/Organization\">\r\n\t\t\t\t<span itemprop='name'>IN<\/span>\r\n\t\t\t\t<span itemprop='logo' itemscope itemtype='http:\/\/schema.org\/ImageObject'>\r\n\t\t\t\t\t<span itemprop='url'>\/\/congolobilelo.com\/IN\/wp-content\/uploads\/2024\/11\/INGETA-80.png<\/span>\r\n\t\t\t\t<\/span>\r\n\t\t\t<\/span>\r\n\t\t\t\t\t\t<time class=\"grve-structured-data date published\" itemprop=\"datePublished\" datetime=\"2024-08-14T02:16:27+02:00\">14 August 2024<\/time>\r\n\t\t\t<time class=\"grve-structured-data date updated\" itemprop=\"dateModified\"  datetime=\"2024-08-14T02:16:27+02:00\">14 August 2024<\/time>\r\n\t\t\t<span class=\"grve-structured-data\" itemprop=\"mainEntityOfPage\" itemscope itemtype=\"http:\/\/schema.org\/WebPage\" itemid=\"https:\/\/congolobilelo.com\/IN\/quelle-est-la-tradition-philosophique-et-politique-du-kongo-kinshasa\/\"><\/span>\r\n\t\t<\/span>\r\n\t\t\t\t\t\t\t\t<div itemprop=\"articleBody\"><p>Par Jean-Pierre Mbelu \u00ab A la lumi\u00e8re de cette tradition philosophique, on mesure l\u2019\u00e9cart civilisationnel entre la Chine et les \u00c9tats-Unis : pour le protestantisme&hellip;<\/p><\/div>\t\t\t\t\t\t<\/div>\r\n\t\t\t\t\t<\/article>\r\n\t\t\t\t<\/div>\r\n\t\t\t\t<div class=\"grve-carousel-item\">\r\n\t\t\t\t\t<article class=\"grve-post-item post-15291 post type-post status-publish format-standard has-post-thumbnail hentry category-paroles-dingeta category-pensee-critique category-strategie-du-chaos\" itemscope itemType=\"http:\/\/schema.org\/BlogPosting\">\r\n\t\t\t\t\t\t\t\t<div class=\"grve-media grve-image-hover\">\r\n\t\t\t\t\t\t<a href=\"https:\/\/congolobilelo.com\/IN\/joe-biden-kamala-devi-harris-des-paroles-dans-le-vide\/\"><img loading=\"lazy\" decoding=\"async\" width=\"560\" height=\"420\" src=\"https:\/\/congolobilelo.com\/IN\/wp-content\/uploads\/2024\/08\/Biden-Harris-560x420.jpg\" class=\"attachment-movedo-grve-small-rect-horizontal size-movedo-grve-small-rect-horizontal wp-post-image\" alt=\"\" srcset=\"https:\/\/congolobilelo.com\/IN\/wp-content\/uploads\/2024\/08\/Biden-Harris-560x420.jpg 560w, https:\/\/congolobilelo.com\/IN\/wp-content\/uploads\/2024\/08\/Biden-Harris-900x675.jpg 900w\" sizes=\"auto, (max-width: 560px) 100vw, 560px\" \/><\/a>\r\n\t\t\t\r\n\t\t<\/div>\r\n\t\t\t\t\t\t<div class=\"grve-post-content\">\r\n\t\t\t\t\t\t\t<ul class=\"grve-post-meta\">\r\n\t\t\t\t\t\t\t\t<li class=\"grve-post-date\">\t<time class=\"\" datetime=\"2024-08-08T14:37:48+02:00\">\r\n\t\t8 August 2024\t<\/time>\r\n<\/li>\t\t\t\t\t\t\t<\/ul>\r\n\t\t\t\t\t\t\t<a href=\"https:\/\/congolobilelo.com\/IN\/joe-biden-kamala-devi-harris-des-paroles-dans-le-vide\/\" rel=\"bookmark\"><h2 class=\"grve-post-title grve-post-title-hover grve-h3\" itemprop=\"headline\">Joe Biden, Kamala Devi Harris : des paroles dans le vide<\/h2><\/a>\t\t\t\t\t\t\t\t\t<span class=\"grve-hidden\">\r\n\t\t\t<span class=\"grve-structured-data entry-title\">Joe Biden, Kamala Devi Harris : des paroles dans le vide<\/span>\r\n\t\t\t<span class=\"grve-structured-data\" itemprop=\"image\" itemscope itemtype=\"http:\/\/schema.org\/ImageObject\">\r\n\t\t\t   <span itemprop='url' >https:\/\/congolobilelo.com\/IN\/wp-content\/uploads\/2024\/08\/Biden-Harris.jpg<\/span>\r\n\t\t\t   <span itemprop='height' >1280<\/span>\r\n\t\t\t   <span itemprop='width' >720<\/span>\r\n\t\t\t<\/span>\r\n\t\t\t\t\t\t<span class=\"grve-structured-data vcard author\" itemprop=\"author\" itemscope itemtype=\"http:\/\/schema.org\/Person\">\r\n\t\t\t\t<span itemprop=\"name\" class=\"fn\">IN<\/span>\r\n\t\t\t<\/span>\r\n\t\t\t<span class=\"grve-structured-data\" itemprop=\"publisher\" itemscope itemtype=\"http:\/\/schema.org\/Organization\">\r\n\t\t\t\t<span itemprop='name'>IN<\/span>\r\n\t\t\t\t<span itemprop='logo' itemscope itemtype='http:\/\/schema.org\/ImageObject'>\r\n\t\t\t\t\t<span itemprop='url'>\/\/congolobilelo.com\/IN\/wp-content\/uploads\/2024\/11\/INGETA-80.png<\/span>\r\n\t\t\t\t<\/span>\r\n\t\t\t<\/span>\r\n\t\t\t\t\t\t<time class=\"grve-structured-data date published\" itemprop=\"datePublished\" datetime=\"2024-08-08T14:37:48+02:00\">8 August 2024<\/time>\r\n\t\t\t<time class=\"grve-structured-data date updated\" itemprop=\"dateModified\"  datetime=\"2024-08-08T14:37:48+02:00\">8 August 2024<\/time>\r\n\t\t\t<span class=\"grve-structured-data\" itemprop=\"mainEntityOfPage\" itemscope itemtype=\"http:\/\/schema.org\/WebPage\" itemid=\"https:\/\/congolobilelo.com\/IN\/joe-biden-kamala-devi-harris-des-paroles-dans-le-vide\/\"><\/span>\r\n\t\t<\/span>\r\n\t\t\t\t\t\t\t\t<div itemprop=\"articleBody\"><p>Par Mufoncol Tshiyoyo Depuis le d\u00e9but de la guerre de procuration en Ukraine visant sp\u00e9cialement la destruction de la Russie, le refrain de l\u2019\u00c9tat profond,&hellip;<\/p><\/div>\t\t\t\t\t\t<\/div>\r\n\t\t\t\t\t<\/article>\r\n\t\t\t\t<\/div>\r\n\t\t\t\t<div class=\"grve-carousel-item\">\r\n\t\t\t\t\t<article class=\"grve-post-item post-15287 post type-post status-publish format-standard has-post-thumbnail hentry category-paroles-dingeta category-pensee-critique category-politique-societe\" itemscope itemType=\"http:\/\/schema.org\/BlogPosting\">\r\n\t\t\t\t\t\t\t\t<div class=\"grve-media grve-image-hover\">\r\n\t\t\t\t\t\t<a href=\"https:\/\/congolobilelo.com\/IN\/le-kongo-kinshasa-et-la-place-faite-a-la-pensee-finalement-les-placards-vont-etre-fouines\/\"><img loading=\"lazy\" decoding=\"async\" width=\"560\" height=\"420\" src=\"https:\/\/congolobilelo.com\/IN\/wp-content\/uploads\/2024\/08\/Fatshi-TopCongo-560x420.jpg\" class=\"attachment-movedo-grve-small-rect-horizontal size-movedo-grve-small-rect-horizontal wp-post-image\" alt=\"\" \/><\/a>\r\n\t\t\t\r\n\t\t<\/div>\r\n\t\t\t\t\t\t<div class=\"grve-post-content\">\r\n\t\t\t\t\t\t\t<ul class=\"grve-post-meta\">\r\n\t\t\t\t\t\t\t\t<li class=\"grve-post-date\">\t<time class=\"\" datetime=\"2024-08-07T19:14:57+02:00\">\r\n\t\t7 August 2024\t<\/time>\r\n<\/li>\t\t\t\t\t\t\t<\/ul>\r\n\t\t\t\t\t\t\t<a href=\"https:\/\/congolobilelo.com\/IN\/le-kongo-kinshasa-et-la-place-faite-a-la-pensee-finalement-les-placards-vont-etre-fouines\/\" rel=\"bookmark\"><h2 class=\"grve-post-title grve-post-title-hover grve-h3\" itemprop=\"headline\">Le Kongo-Kinshasa et la place faite \u00e0 la pens\u00e9e. Finalement, les placards vont \u00eatre fouin\u00e9s<\/h2><\/a>\t\t\t\t\t\t\t\t\t<span class=\"grve-hidden\">\r\n\t\t\t<span class=\"grve-structured-data entry-title\">Le Kongo-Kinshasa et la place faite \u00e0 la pens\u00e9e. Finalement, les placards vont \u00eatre fouin\u00e9s<\/span>\r\n\t\t\t<span class=\"grve-structured-data\" itemprop=\"image\" itemscope itemtype=\"http:\/\/schema.org\/ImageObject\">\r\n\t\t\t   <span itemprop='url' >https:\/\/congolobilelo.com\/IN\/wp-content\/uploads\/2024\/08\/Fatshi-TopCongo.jpg<\/span>\r\n\t\t\t   <span itemprop='height' >1342<\/span>\r\n\t\t\t   <span itemprop='width' >671<\/span>\r\n\t\t\t<\/span>\r\n\t\t\t\t\t\t<span class=\"grve-structured-data vcard author\" itemprop=\"author\" itemscope itemtype=\"http:\/\/schema.org\/Person\">\r\n\t\t\t\t<span itemprop=\"name\" class=\"fn\">IN<\/span>\r\n\t\t\t<\/span>\r\n\t\t\t<span class=\"grve-structured-data\" itemprop=\"publisher\" itemscope itemtype=\"http:\/\/schema.org\/Organization\">\r\n\t\t\t\t<span itemprop='name'>IN<\/span>\r\n\t\t\t\t<span itemprop='logo' itemscope itemtype='http:\/\/schema.org\/ImageObject'>\r\n\t\t\t\t\t<span itemprop='url'>\/\/congolobilelo.com\/IN\/wp-content\/uploads\/2024\/11\/INGETA-80.png<\/span>\r\n\t\t\t\t<\/span>\r\n\t\t\t<\/span>\r\n\t\t\t\t\t\t<time class=\"grve-structured-data date published\" itemprop=\"datePublished\" datetime=\"2024-08-07T19:14:57+02:00\">7 August 2024<\/time>\r\n\t\t\t<time class=\"grve-structured-data date updated\" itemprop=\"dateModified\"  datetime=\"2024-08-07T19:14:57+02:00\">7 August 2024<\/time>\r\n\t\t\t<span class=\"grve-structured-data\" itemprop=\"mainEntityOfPage\" itemscope itemtype=\"http:\/\/schema.org\/WebPage\" itemid=\"https:\/\/congolobilelo.com\/IN\/le-kongo-kinshasa-et-la-place-faite-a-la-pensee-finalement-les-placards-vont-etre-fouines\/\"><\/span>\r\n\t\t<\/span>\r\n\t\t\t\t\t\t\t\t<div itemprop=\"articleBody\"><p>Par Jean-Pierre Mbelu Le fanatisme au Kongo-Kinshasa est un danger mortel. Il me semble que s&#8217;il n&#8217;est pas combattu pour qu&#8217;un peu plus de place&hellip;<\/p><\/div>\t\t\t\t\t\t<\/div>\r\n\t\t\t\t\t<\/article>\r\n\t\t\t\t<\/div>\r\n\t\t\t\t<div class=\"grve-carousel-item\">\r\n\t\t\t\t\t<article class=\"grve-post-item post-7010 post type-post status-publish format-standard has-post-thumbnail hentry category-nouvelles-front-est category-paroles-dingeta category-politique-societe\" itemscope itemType=\"http:\/\/schema.org\/BlogPosting\">\r\n\t\t\t\t\t\t\t\t<div class=\"grve-media grve-image-hover\">\r\n\t\t\t\t\t\t<a href=\"https:\/\/congolobilelo.com\/IN\/africa-reconciled-message-aux-jeunes-de-la-rdc\/\"><\/a>\r\n\t\t\t\r\n\t\t<\/div>\r\n\t\t\t\t\t\t<div class=\"grve-post-content\">\r\n\t\t\t\t\t\t\t<ul class=\"grve-post-meta\">\r\n\t\t\t\t\t\t\t\t<li class=\"grve-post-date\">\t<time class=\"\" datetime=\"2014-10-21T22:48:07+02:00\">\r\n\t\t21 October 2014\t<\/time>\r\n<\/li>\t\t\t\t\t\t\t<\/ul>\r\n\t\t\t\t\t\t\t<a href=\"https:\/\/congolobilelo.com\/IN\/africa-reconciled-message-aux-jeunes-de-la-rdc\/\" rel=\"bookmark\"><h2 class=\"grve-post-title grve-post-title-hover grve-h3\" itemprop=\"headline\">Africa Reconciled: Message aux jeunes de la RDC<\/h2><\/a>\t\t\t\t\t\t\t\t\t<span class=\"grve-hidden\">\r\n\t\t\t<span class=\"grve-structured-data entry-title\">Africa Reconciled: Message aux jeunes de la RDC<\/span>\r\n\t\t\t<span class=\"grve-structured-data\" itemprop=\"image\" itemscope itemtype=\"http:\/\/schema.org\/ImageObject\">\r\n\t\t\t   <span itemprop='url' ><\/span>\r\n\t\t\t   <span itemprop='height' ><\/span>\r\n\t\t\t   <span itemprop='width' ><\/span>\r\n\t\t\t<\/span>\r\n\t\t\t\t\t\t<span class=\"grve-structured-data vcard author\" itemprop=\"author\" itemscope itemtype=\"http:\/\/schema.org\/Person\">\r\n\t\t\t\t<span itemprop=\"name\" class=\"fn\">IN<\/span>\r\n\t\t\t<\/span>\r\n\t\t\t<span class=\"grve-structured-data\" itemprop=\"publisher\" itemscope itemtype=\"http:\/\/schema.org\/Organization\">\r\n\t\t\t\t<span itemprop='name'>IN<\/span>\r\n\t\t\t\t<span itemprop='logo' itemscope itemtype='http:\/\/schema.org\/ImageObject'>\r\n\t\t\t\t\t<span itemprop='url'>\/\/congolobilelo.com\/IN\/wp-content\/uploads\/2024\/11\/INGETA-80.png<\/span>\r\n\t\t\t\t<\/span>\r\n\t\t\t<\/span>\r\n\t\t\t\t\t\t<time class=\"grve-structured-data date published\" itemprop=\"datePublished\" datetime=\"2014-10-21T22:48:07+02:00\">21 October 2014<\/time>\r\n\t\t\t<time class=\"grve-structured-data date updated\" itemprop=\"dateModified\"  datetime=\"2014-10-21T22:48:07+02:00\">21 October 2014<\/time>\r\n\t\t\t<span class=\"grve-structured-data\" itemprop=\"mainEntityOfPage\" itemscope itemtype=\"http:\/\/schema.org\/WebPage\" itemid=\"https:\/\/congolobilelo.com\/IN\/africa-reconciled-message-aux-jeunes-de-la-rdc\/\"><\/span>\r\n\t\t<\/span>\r\n\t\t\t\t\t\t\t\t<div itemprop=\"articleBody\">Par La Pr\u00e9sidence Africa Reconciled, le 21 octobre 2014 Jeunes de la RDC, arr\u00eatons d\u2019\u00eatre silencieux et passif sur la situation dans notre pays, sinon nous en payerons le prix \u00e0 l\u2019 avenir. Martin Luther King a dit : \u00ab Une communaut\u00e9 ne meurt pas seulement \u00e0 cause de l\u2019injustice de hommes m\u00e9chants, mais aussi [...]<\/div>\t\t\t\t\t\t<\/div>\r\n\t\t\t\t\t<\/article>\r\n\t\t\t\t<\/div>\r\n\t\t\t\t<div class=\"grve-carousel-item\">\r\n\t\t\t\t\t<article class=\"grve-post-item post-7003 post type-post status-publish format-standard has-post-thumbnail hentry category-paroles-dingeta category-politique-societe\" itemscope itemType=\"http:\/\/schema.org\/BlogPosting\">\r\n\t\t\t\t\t\t\t\t<div class=\"grve-media grve-image-hover\">\r\n\t\t\t\t\t\t<a href=\"https:\/\/congolobilelo.com\/IN\/rendez-donc-a-cesar-ce-qui-est-a-cesar-et-a-dieu-ce-qui-est-a-dieu\/\"><\/a>\r\n\t\t\t\r\n\t\t<\/div>\r\n\t\t\t\t\t\t<div class=\"grve-post-content\">\r\n\t\t\t\t\t\t\t<ul class=\"grve-post-meta\">\r\n\t\t\t\t\t\t\t\t<li class=\"grve-post-date\">\t<time class=\"\" datetime=\"2014-10-16T16:03:27+02:00\">\r\n\t\t16 October 2014\t<\/time>\r\n<\/li>\t\t\t\t\t\t\t<\/ul>\r\n\t\t\t\t\t\t\t<a href=\"https:\/\/congolobilelo.com\/IN\/rendez-donc-a-cesar-ce-qui-est-a-cesar-et-a-dieu-ce-qui-est-a-dieu\/\" rel=\"bookmark\"><h2 class=\"grve-post-title grve-post-title-hover grve-h3\" itemprop=\"headline\">&#8220;Rendez donc \u00e0 C\u00e9sar ce qui  est \u00e0 C\u00e9sar, et \u00e0 Dieu ce qui est \u00e0 Dieu.&#8221;<\/h2><\/a>\t\t\t\t\t\t\t\t\t<span class=\"grve-hidden\">\r\n\t\t\t<span class=\"grve-structured-data entry-title\">&#8220;Rendez donc \u00e0 C\u00e9sar ce qui  est \u00e0 C\u00e9sar, et \u00e0 Dieu ce qui est \u00e0 Dieu.&#8221;<\/span>\r\n\t\t\t<span class=\"grve-structured-data\" itemprop=\"image\" itemscope itemtype=\"http:\/\/schema.org\/ImageObject\">\r\n\t\t\t   <span itemprop='url' ><\/span>\r\n\t\t\t   <span itemprop='height' ><\/span>\r\n\t\t\t   <span itemprop='width' ><\/span>\r\n\t\t\t<\/span>\r\n\t\t\t\t\t\t<span class=\"grve-structured-data vcard author\" itemprop=\"author\" itemscope itemtype=\"http:\/\/schema.org\/Person\">\r\n\t\t\t\t<span itemprop=\"name\" class=\"fn\">IN<\/span>\r\n\t\t\t<\/span>\r\n\t\t\t<span class=\"grve-structured-data\" itemprop=\"publisher\" itemscope itemtype=\"http:\/\/schema.org\/Organization\">\r\n\t\t\t\t<span itemprop='name'>IN<\/span>\r\n\t\t\t\t<span itemprop='logo' itemscope itemtype='http:\/\/schema.org\/ImageObject'>\r\n\t\t\t\t\t<span itemprop='url'>\/\/congolobilelo.com\/IN\/wp-content\/uploads\/2024\/11\/INGETA-80.png<\/span>\r\n\t\t\t\t<\/span>\r\n\t\t\t<\/span>\r\n\t\t\t\t\t\t<time class=\"grve-structured-data date published\" itemprop=\"datePublished\" datetime=\"2014-10-16T16:03:27+02:00\">16 October 2014<\/time>\r\n\t\t\t<time class=\"grve-structured-data date updated\" itemprop=\"dateModified\"  datetime=\"2014-10-16T16:03:27+02:00\">16 October 2014<\/time>\r\n\t\t\t<span class=\"grve-structured-data\" itemprop=\"mainEntityOfPage\" itemscope itemtype=\"http:\/\/schema.org\/WebPage\" itemid=\"https:\/\/congolobilelo.com\/IN\/rendez-donc-a-cesar-ce-qui-est-a-cesar-et-a-dieu-ce-qui-est-a-dieu\/\"><\/span>\r\n\t\t<\/span>\r\n\t\t\t\t\t\t\t\t<div itemprop=\"articleBody\">Par Jean-Pierre Mbelu Il arrive que la question de la s\u00e9paration de l\u2019Etat et de l\u2019Eglise soit facilement fond\u00e9e sur ces deux formules de J\u00e9sus \u2018\u2019Rendez donc \u00e0 C\u00e9sar ce qui est \u00e0 C\u00e9sar, et \u00e0 Dieu ce qui est \u00e0 Dieu.\u2019\u2019 Souvent, ces deux formules qui sont la conclusion d\u2019un \u00e9change entre J\u00e9sus, les [...]<\/div>\t\t\t\t\t\t<\/div>\r\n\t\t\t\t\t<\/article>\r\n\t\t\t\t<\/div>\r\n\t\t\t\t<div class=\"grve-carousel-item\">\r\n\t\t\t\t\t<article class=\"grve-post-item post-6706 post type-post status-publish format-standard has-post-thumbnail hentry category-belgique category-paroles-dingeta category-politique-societe\" itemscope itemType=\"http:\/\/schema.org\/BlogPosting\">\r\n\t\t\t\t\t\t\t\t<div class=\"grve-media grve-image-hover\">\r\n\t\t\t\t\t\t<a href=\"https:\/\/congolobilelo.com\/IN\/communaute-congolaise-de-belgique-ce-quil-faudra-faire-avant-2018\/\"><\/a>\r\n\t\t\t\r\n\t\t<\/div>\r\n\t\t\t\t\t\t<div class=\"grve-post-content\">\r\n\t\t\t\t\t\t\t<ul class=\"grve-post-meta\">\r\n\t\t\t\t\t\t\t\t<li class=\"grve-post-date\">\t<time class=\"\" datetime=\"2014-06-14T21:19:45+02:00\">\r\n\t\t14 June 2014\t<\/time>\r\n<\/li>\t\t\t\t\t\t\t<\/ul>\r\n\t\t\t\t\t\t\t<a href=\"https:\/\/congolobilelo.com\/IN\/communaute-congolaise-de-belgique-ce-quil-faudra-faire-avant-2018\/\" rel=\"bookmark\"><h2 class=\"grve-post-title grve-post-title-hover grve-h3\" itemprop=\"headline\">Communaut\u00e9 Congolaise de Belgique: Ce qu\u2019il faudra faire avant 2018<\/h2><\/a>\t\t\t\t\t\t\t\t\t<span class=\"grve-hidden\">\r\n\t\t\t<span class=\"grve-structured-data entry-title\">Communaut\u00e9 Congolaise de Belgique: Ce qu\u2019il faudra faire avant 2018<\/span>\r\n\t\t\t<span class=\"grve-structured-data\" itemprop=\"image\" itemscope itemtype=\"http:\/\/schema.org\/ImageObject\">\r\n\t\t\t   <span itemprop='url' ><\/span>\r\n\t\t\t   <span itemprop='height' ><\/span>\r\n\t\t\t   <span itemprop='width' ><\/span>\r\n\t\t\t<\/span>\r\n\t\t\t\t\t\t<span class=\"grve-structured-data vcard author\" itemprop=\"author\" itemscope itemtype=\"http:\/\/schema.org\/Person\">\r\n\t\t\t\t<span itemprop=\"name\" class=\"fn\">IN<\/span>\r\n\t\t\t<\/span>\r\n\t\t\t<span class=\"grve-structured-data\" itemprop=\"publisher\" itemscope itemtype=\"http:\/\/schema.org\/Organization\">\r\n\t\t\t\t<span itemprop='name'>IN<\/span>\r\n\t\t\t\t<span itemprop='logo' itemscope itemtype='http:\/\/schema.org\/ImageObject'>\r\n\t\t\t\t\t<span itemprop='url'>\/\/congolobilelo.com\/IN\/wp-content\/uploads\/2024\/11\/INGETA-80.png<\/span>\r\n\t\t\t\t<\/span>\r\n\t\t\t<\/span>\r\n\t\t\t\t\t\t<time class=\"grve-structured-data date published\" itemprop=\"datePublished\" datetime=\"2014-06-14T21:19:45+02:00\">14 June 2014<\/time>\r\n\t\t\t<time class=\"grve-structured-data date updated\" itemprop=\"dateModified\"  datetime=\"2014-06-14T21:19:45+02:00\">14 June 2014<\/time>\r\n\t\t\t<span class=\"grve-structured-data\" itemprop=\"mainEntityOfPage\" itemscope itemtype=\"http:\/\/schema.org\/WebPage\" itemid=\"https:\/\/congolobilelo.com\/IN\/communaute-congolaise-de-belgique-ce-quil-faudra-faire-avant-2018\/\"><\/span>\r\n\t\t<\/span>\r\n\t\t\t\t\t\t\t\t<div itemprop=\"articleBody\">Par Momi M'Buze Lentement mais surement les langues se d\u00e9lient, les avis se rejoignent et les \"gens de maison\" se cachent. Apr\u00e8s\u00a0l'h\u00e9catombe du 25 mai 2014\u00a0qui n'a vu que 4 \u00e9lus issus de la communaut\u00e9 africaine \u00eatre pl\u00e9biscit\u00e9es sur les 34 pr\u00e9tendants, il y a de quoi se dire \"il y avait beaucoup d'appel\u00e9s mais [...]<\/div>\t\t\t\t\t\t<\/div>\r\n\t\t\t\t\t<\/article>\r\n\t\t\t\t<\/div>\r\n\t\t\t\t<div class=\"grve-carousel-item\">\r\n\t\t\t\t\t<article class=\"grve-post-item post-6658 post type-post status-publish format-standard has-post-thumbnail hentry category-paroles-dingeta category-politique-societe\" itemscope itemType=\"http:\/\/schema.org\/BlogPosting\">\r\n\t\t\t\t\t\t\t\t<div class=\"grve-media grve-image-hover\">\r\n\t\t\t\t\t\t<a href=\"https:\/\/congolobilelo.com\/IN\/quel-leadership-pour-le-congo-de-demain\/\"><\/a>\r\n\t\t\t\r\n\t\t<\/div>\r\n\t\t\t\t\t\t<div class=\"grve-post-content\">\r\n\t\t\t\t\t\t\t<ul class=\"grve-post-meta\">\r\n\t\t\t\t\t\t\t\t<li class=\"grve-post-date\">\t<time class=\"\" datetime=\"2014-05-29T19:53:13+02:00\">\r\n\t\t29 May 2014\t<\/time>\r\n<\/li>\t\t\t\t\t\t\t<\/ul>\r\n\t\t\t\t\t\t\t<a href=\"https:\/\/congolobilelo.com\/IN\/quel-leadership-pour-le-congo-de-demain\/\" rel=\"bookmark\"><h2 class=\"grve-post-title grve-post-title-hover grve-h3\" itemprop=\"headline\">Quel leadership pour le Congo de demain?<\/h2><\/a>\t\t\t\t\t\t\t\t\t<span class=\"grve-hidden\">\r\n\t\t\t<span class=\"grve-structured-data entry-title\">Quel leadership pour le Congo de demain?<\/span>\r\n\t\t\t<span class=\"grve-structured-data\" itemprop=\"image\" itemscope itemtype=\"http:\/\/schema.org\/ImageObject\">\r\n\t\t\t   <span itemprop='url' ><\/span>\r\n\t\t\t   <span itemprop='height' ><\/span>\r\n\t\t\t   <span itemprop='width' ><\/span>\r\n\t\t\t<\/span>\r\n\t\t\t\t\t\t<span class=\"grve-structured-data vcard author\" itemprop=\"author\" itemscope itemtype=\"http:\/\/schema.org\/Person\">\r\n\t\t\t\t<span itemprop=\"name\" class=\"fn\">IN<\/span>\r\n\t\t\t<\/span>\r\n\t\t\t<span class=\"grve-structured-data\" itemprop=\"publisher\" itemscope itemtype=\"http:\/\/schema.org\/Organization\">\r\n\t\t\t\t<span itemprop='name'>IN<\/span>\r\n\t\t\t\t<span itemprop='logo' itemscope itemtype='http:\/\/schema.org\/ImageObject'>\r\n\t\t\t\t\t<span itemprop='url'>\/\/congolobilelo.com\/IN\/wp-content\/uploads\/2024\/11\/INGETA-80.png<\/span>\r\n\t\t\t\t<\/span>\r\n\t\t\t<\/span>\r\n\t\t\t\t\t\t<time class=\"grve-structured-data date published\" itemprop=\"datePublished\" datetime=\"2014-05-29T19:53:13+02:00\">29 May 2014<\/time>\r\n\t\t\t<time class=\"grve-structured-data date updated\" itemprop=\"dateModified\"  datetime=\"2014-05-29T19:53:13+02:00\">29 May 2014<\/time>\r\n\t\t\t<span class=\"grve-structured-data\" itemprop=\"mainEntityOfPage\" itemscope itemtype=\"http:\/\/schema.org\/WebPage\" itemid=\"https:\/\/congolobilelo.com\/IN\/quel-leadership-pour-le-congo-de-demain\/\"><\/span>\r\n\t\t<\/span>\r\n\t\t\t\t\t\t\t\t<div itemprop=\"articleBody\">Par Lusamba wa Mputu - L\u2019imminence des \u00e9ch\u00e9ances \u00e9lectorales pr\u00e9vues pour 2016 apporte avec elle un foisonnement de mouvements, regroupements et autres associations politiques qui font leur sortie tambours battants, au sein de la diaspora. Comme 2016 c\u2019est demain dans l\u2019histoire de notre jeune d\u00e9mocratie, pour ne pas \u00eatre en reste, de nombreux leaders politiques [...]<\/div>\t\t\t\t\t\t<\/div>\r\n\t\t\t\t\t<\/article>\r\n\t\t\t\t<\/div>\r\n\t\t\t\t<div class=\"grve-carousel-item\">\r\n\t\t\t\t\t<article class=\"grve-post-item post-5052 post type-post status-publish format-standard has-post-thumbnail hentry category-mondialisation category-paroles-dingeta category-politique-societe\" itemscope itemType=\"http:\/\/schema.org\/BlogPosting\">\r\n\t\t\t\t\t\t\t\t<div class=\"grve-media grve-image-hover\">\r\n\t\t\t\t\t\t<a href=\"https:\/\/congolobilelo.com\/IN\/quelle-est-la-contribution-des-congolais-de-letranger-a-leconomie-nationale\/\"><\/a>\r\n\t\t\t\r\n\t\t<\/div>\r\n\t\t\t\t\t\t<div class=\"grve-post-content\">\r\n\t\t\t\t\t\t\t<ul class=\"grve-post-meta\">\r\n\t\t\t\t\t\t\t\t<li class=\"grve-post-date\">\t<time class=\"\" datetime=\"2013-02-17T15:55:33+01:00\">\r\n\t\t17 February 2013\t<\/time>\r\n<\/li>\t\t\t\t\t\t\t<\/ul>\r\n\t\t\t\t\t\t\t<a href=\"https:\/\/congolobilelo.com\/IN\/quelle-est-la-contribution-des-congolais-de-letranger-a-leconomie-nationale\/\" rel=\"bookmark\"><h2 class=\"grve-post-title grve-post-title-hover grve-h3\" itemprop=\"headline\">Quelle est la contribution des Congolais de l\u2019\u00e9tranger \u00e0 l\u2019\u00e9conomie nationale ?<\/h2><\/a>\t\t\t\t\t\t\t\t\t<span class=\"grve-hidden\">\r\n\t\t\t<span class=\"grve-structured-data entry-title\">Quelle est la contribution des Congolais de l\u2019\u00e9tranger \u00e0 l\u2019\u00e9conomie nationale ?<\/span>\r\n\t\t\t<span class=\"grve-structured-data\" itemprop=\"image\" itemscope itemtype=\"http:\/\/schema.org\/ImageObject\">\r\n\t\t\t   <span itemprop='url' ><\/span>\r\n\t\t\t   <span itemprop='height' ><\/span>\r\n\t\t\t   <span itemprop='width' ><\/span>\r\n\t\t\t<\/span>\r\n\t\t\t\t\t\t<span class=\"grve-structured-data vcard author\" itemprop=\"author\" itemscope itemtype=\"http:\/\/schema.org\/Person\">\r\n\t\t\t\t<span itemprop=\"name\" class=\"fn\">IN<\/span>\r\n\t\t\t<\/span>\r\n\t\t\t<span class=\"grve-structured-data\" itemprop=\"publisher\" itemscope itemtype=\"http:\/\/schema.org\/Organization\">\r\n\t\t\t\t<span itemprop='name'>IN<\/span>\r\n\t\t\t\t<span itemprop='logo' itemscope itemtype='http:\/\/schema.org\/ImageObject'>\r\n\t\t\t\t\t<span itemprop='url'>\/\/congolobilelo.com\/IN\/wp-content\/uploads\/2024\/11\/INGETA-80.png<\/span>\r\n\t\t\t\t<\/span>\r\n\t\t\t<\/span>\r\n\t\t\t\t\t\t<time class=\"grve-structured-data date published\" itemprop=\"datePublished\" datetime=\"2013-02-17T15:55:33+01:00\">17 February 2013<\/time>\r\n\t\t\t<time class=\"grve-structured-data date updated\" itemprop=\"dateModified\"  datetime=\"2013-02-17T15:55:33+01:00\">17 February 2013<\/time>\r\n\t\t\t<span class=\"grve-structured-data\" itemprop=\"mainEntityOfPage\" itemscope itemtype=\"http:\/\/schema.org\/WebPage\" itemid=\"https:\/\/congolobilelo.com\/IN\/quelle-est-la-contribution-des-congolais-de-letranger-a-leconomie-nationale\/\"><\/span>\r\n\t\t<\/span>\r\n\t\t\t\t\t\t\t\t<div itemprop=\"articleBody\">Pour le docteur Fweley Diangitukwa : \"Que le gouvernement congolais d\u00e9mocratise le pays, qu\u2019il encourage ensuite les Congolais de l\u2019\u00e9tranger et ceux-ci travailleront pour le Congo\". Les laudateurs congolais admirent les contributions des migrants des autres pays et ils critiquent tr\u00e8s s\u00e9v\u00e8rement le manque de r\u00e9alisations notables des migrants congolais mais ils ignorent compl\u00e8tement qu\u2019il [...]<\/div>\t\t\t\t\t\t<\/div>\r\n\t\t\t\t\t<\/article>\r\n\t\t\t\t<\/div>\r\n<\/div>\t\t\t<\/div>\r\n\t\t<\/div>\r\n[\/vc_column][\/vc_row]<\/p>\n<\/div>","protected":false},"excerpt":{"rendered":"<p>[vc_row heading_color=&#8221;light&#8221; bg_type=&#8221;image&#8221; bg_image=&#8221;16587&#8243; bg_image_type=&#8221;horizontal-parallax-lr&#8221; bg_image_size=&#8221;full&#8221; color_overlay=&#8221;dark&#8221; font_color=&#8221;#ffffff&#8221; min_height=&#8221;200&#8243;][vc_column column_effect=&#8221;mouse-move-x-y&#8221; column_effect_invert=&#8221;true&#8221; width=&#8221;1\/2&#8243;][vc_column_text css=&#8221;&#8221; text_style=&#8221;leader-text&#8221; animation=&#8221;grve-fade-in-up&#8221; animation_delay=&#8221;600&#8243;]Nous avons le devoir d\u2019opposer notre intelligence \u00e0 l\u2019intelligence des autres.[\/vc_column_text][\/vc_column][vc_column width=&#8221;1\/2&#8243;][\/vc_column][\/vc_row][vc_row][vc_column width=&#8221;1\/4&#8243;][vc_column_text] [\/vc_column_text][vc_column_text css=&#8221;&#8221;] Informations, d\u00e9cryptages et propositions pour mieux comprendre les enjeux g\u00e9opolitiques, politiques, \u00e9conomiques, socio-culturels au Congo-Kinshasa et en lien avec la RDC. [\/vc_column_text][\/vc_column][vc_column width=&#8221;3\/4&#8243;][\/vc_column][\/vc_row][vc_row bg_type=&#8221;color&#8221; bg_color=&#8221;#D9D9D9&#8243;][vc_column [&hellip;]<\/p>\n","protected":false},"author":1,"featured_media":0,"parent":0,"menu_order":0,"comment_status":"closed","ping_status":"closed","template":"","meta":{"_acf_changed":false,"content-type":"","footnotes":""},"class_list":["post-16662","page","type-page","status-publish","hentry"],"acf":[],"_links":{"self":[{"href":"https:\/\/congolobilelo.com\/IN\/wp-json\/wp\/v2\/pages\/16662","targetHints":{"allow":["GET"]}}],"collection":[{"href":"https:\/\/congolobilelo.com\/IN\/wp-json\/wp\/v2\/pages"}],"about":[{"href":"https:\/\/congolobilelo.com\/IN\/wp-json\/wp\/v2\/types\/page"}],"author":[{"embeddable":true,"href":"https:\/\/congolobilelo.com\/IN\/wp-json\/wp\/v2\/users\/1"}],"replies":[{"embeddable":true,"href":"https:\/\/congolobilelo.com\/IN\/wp-json\/wp\/v2\/comments?post=16662"}],"version-history":[{"count":4,"href":"https:\/\/congolobilelo.com\/IN\/wp-json\/wp\/v2\/pages\/16662\/revisions"}],"predecessor-version":[{"id":16867,"href":"https:\/\/congolobilelo.com\/IN\/wp-json\/wp\/v2\/pages\/16662\/revisions\/16867"}],"wp:attachment":[{"href":"https:\/\/congolobilelo.com\/IN\/wp-json\/wp\/v2\/media?parent=16662"}],"curies":[{"name":"wp","href":"https:\/\/api.w.org\/{rel}","templated":true}]}}