{"id":16626,"date":"2024-11-13T21:46:40","date_gmt":"2024-11-13T20:46:40","guid":{"rendered":"https:\/\/congolobilelo.com\/IN\/?page_id=16626"},"modified":"2026-04-04T23:33:21","modified_gmt":"2026-04-04T21:33:21","slug":"rs","status":"publish","type":"page","link":"https:\/\/congolobilelo.com\/IN\/rs\/","title":{"rendered":"Ressources"},"content":{"rendered":"<div class=\"wpb-content-wrapper\"><p>[vc_row heading_color=&#8221;light&#8221; bg_type=&#8221;image&#8221; bg_image=&#8221;16587&#8243; bg_image_type=&#8221;horizontal-parallax-lr&#8221; bg_image_size=&#8221;full&#8221; color_overlay=&#8221;dark&#8221; font_color=&#8221;#ffffff&#8221; min_height=&#8221;200&#8243;][vc_column column_effect=&#8221;mouse-move-x-y&#8221; column_effect_invert=&#8221;true&#8221; width=&#8221;1\/2&#8243;]<div class=\"grve-empty-space grve-height-3x\" style=\"\"><\/div><h1 class=\"grve-element grve-title grve-align-left grve-animated-item grve-duration-normal grve-fade-in-left grve-h1 grve-increase-heading grve-heading-300\" style=\"margin-bottom: 0px;\" data-delay=\"200\"><span>Ressources<\/span><\/h1>[vc_column_text css=&#8221;&#8221; text_style=&#8221;leader-text&#8221; animation=&#8221;grve-fade-in-up&#8221; animation_delay=&#8221;600&#8243;]Campagnes de communication, livres,\u00a0 \u00e9v\u00e9nements, vid\u00e9os, audios : Pour utiliser et tirer profit collectivement des ressources que nous mettons \u00e0 disposition et en avant.[\/vc_column_text][\/vc_column][vc_column width=&#8221;1\/2&#8243;][\/vc_column][\/vc_row][vc_row][vc_column]<style type=\"text\/css\">.grve-title-gradient.grve-title-69ee4a77a53c2 > span,.grve-title-gradient.grve-title-69ee4a77a53c2 .grve-clipping-content > span {color: #0080ff;background-image: -moz-linear-gradient(-45deg, #0080ff 0%, #740d11 100%);background-image: -webkit-linear-gradient(-45deg, #0080ff 0%, #740d11 100%);background-image: linear-gradient(135deg, #0080ff 0%, #740d11 100%);}<\/style><h3 class=\"grve-element grve-title grve-align-left grve-h3 grve-title-gradient grve-title-69ee4a77a53c2\" style=\"\"><span>Publications (conseils de lecture)<span class=\"grve-title-line grve-bg-primary-1\" style=\"width: 50px;height: 2px;\"><\/span><\/span><\/h3>\t\t\t<div class=\"grve-element grve-carousel grve-layout-1 grve-with-gap\" style=\"\" data-items=\"4\" data-items-tablet-landscape=\"3\" data-items-tablet-portrait=\"3\" data-items-mobile=\"1\" data-slider-autoplay=\"yes\" data-slider-speed=\"3000\" data-slider-pause=\"no\" data-pagination-speed=\"400\" data-pagination=\"no\" data-slider-loop=\"yes\" data-gutter-size=\"30\">\r\n\t\t\r\n\t\t\t\r\n\t\t  <div class=\"grve-carousel-wrapper\"><div class=\"grve-carousel-navigation grve-dark grve-navigation-1 grve-navigation-carousel\"><div class=\"grve-carousel-buttons\"><div class=\"grve-carousel-prev\"><i class=\"grve-icon-nav-left-small\"><\/i><span class=\"screen-reader-text\">Previous<\/span><\/div><div class=\"grve-carousel-next\"><i class=\"grve-icon-nav-right-small\"><\/i><span class=\"screen-reader-text\">Next<\/span><\/div><\/div><\/div>\t\t\t<div class=\"grve-carousel-element grve-portfolio\" data-items=\"4\" data-items-tablet-landscape=\"3\" data-items-tablet-portrait=\"3\" data-items-mobile=\"1\" data-slider-autoplay=\"yes\" data-slider-speed=\"3000\" data-slider-pause=\"no\" data-pagination-speed=\"400\" data-pagination=\"no\" data-slider-loop=\"yes\" data-gutter-size=\"30\">\r\n<div class=\"grve-carousel-item\">\t\t\t\t\t<article id=\"portfolio-16787-69ee4a77a7619\" class=\"grve-portfolio-item post-16787 portfolio type-portfolio status-publish has-post-thumbnail hentry portfolio_category-prolongations\">\r\n\t\t\t\t\t\t<div class=\"grve-carousel-item grve-hover-item grve-hover-style-1\">\t\t\t\t\t\t\t\t\t<figure class=\"grve-image-hover grve-media\">\r\n\t\t\t\t\t\t\t\t\t\t<a class=\"grve-item-url\" aria-label=\"Europe, crimes et censure au Congo: Les documents qui accusent\" href=\"https:\/\/congolobilelo.com\/IN\/pub\/europe-crimes-et-censure-au-congo-les-documents-qui-accusent\/\"><\/a>\t\t\t\t\t\t\t\t\t\t<div class=\"grve-bg-light grve-hover-overlay grve-opacity-60\"><\/div>\r\n\t\t\t\t\t\t\t\t\t\t<img loading=\"lazy\" decoding=\"async\" width=\"560\" height=\"400\" src=\"https:\/\/congolobilelo.com\/IN\/wp-content\/uploads\/2024\/11\/Livre-Europe-crime-censures-au-congo-560x400.jpg\" class=\"attachment-movedo-grve-small-rect-horizontal size-movedo-grve-small-rect-horizontal\" alt=\"\" \/>\t\t\t\t\t\t\t\t\t\t<figcaption><\/figcaption>\r\n\t\t\t\t\t\t\t\t\t<\/figure>\r\n\t\t\t\t\t\t\t\t\t\t\t\t\t\t\t\t\t\t<div class=\"grve-content grve-align-center\">\r\n\t\t\t\t\t\t\t\t\t\t\t\t\t\t\t\t\t\t\t\t\t\t\t\t\t\t\t\t\t\t<h3 class=\"grve-title grve-text-inherit grve-h3\">Europe, crimes et censure au Congo: Les documents qui accusent<\/h3>\r\n\t\t\t\t\t\t\t\t\t\t\t\t\t\t\t\t\t\t\t\t\t\t\t\t\t\t\t\t\t\t\t\t\t\t\t\t\t\t\t<\/div>\r\n\t\t\t\t\t\t\t\t\t\t\t\t\t\t\t\t\t\t\t\t\t\t<\/div>\r\n\t\t\t\t\t<\/article>\r\n<\/div><div class=\"grve-carousel-item\">\t\t\t\t\t<article id=\"portfolio-16786-69ee4a77a7af7\" class=\"grve-portfolio-item post-16786 portfolio type-portfolio status-publish has-post-thumbnail hentry portfolio_category-prolongations\">\r\n\t\t\t\t\t\t<div class=\"grve-carousel-item grve-hover-item grve-hover-style-1\">\t\t\t\t\t\t\t\t\t<figure class=\"grve-image-hover grve-media\">\r\n\t\t\t\t\t\t\t\t\t\t<a class=\"grve-item-url\" aria-label=\"La th\u00e8se du Complot contre l\u2019Afrique\" href=\"https:\/\/congolobilelo.com\/IN\/pub\/la-these-du-complot-contre-lafrique\/\"><\/a>\t\t\t\t\t\t\t\t\t\t<div class=\"grve-bg-light grve-hover-overlay grve-opacity-60\"><\/div>\r\n\t\t\t\t\t\t\t\t\t\t<img loading=\"lazy\" decoding=\"async\" width=\"560\" height=\"400\" src=\"https:\/\/congolobilelo.com\/IN\/wp-content\/uploads\/2024\/11\/Livre-LaTheseDuComplotContre-Afrique-560x400.jpg\" class=\"attachment-movedo-grve-small-rect-horizontal size-movedo-grve-small-rect-horizontal\" alt=\"\" \/>\t\t\t\t\t\t\t\t\t\t<figcaption><\/figcaption>\r\n\t\t\t\t\t\t\t\t\t<\/figure>\r\n\t\t\t\t\t\t\t\t\t\t\t\t\t\t\t\t\t\t<div class=\"grve-content grve-align-center\">\r\n\t\t\t\t\t\t\t\t\t\t\t\t\t\t\t\t\t\t\t\t\t\t\t\t\t\t\t\t\t\t<h3 class=\"grve-title grve-text-inherit grve-h3\">La th\u00e8se du Complot contre l\u2019Afrique<\/h3>\r\n\t\t\t\t\t\t\t\t\t\t\t\t\t\t\t\t\t\t\t\t\t\t\t\t\t\t\t\t\t\t\t\t\t\t\t\t\t\t\t<\/div>\r\n\t\t\t\t\t\t\t\t\t\t\t\t\t\t\t\t\t\t\t\t\t\t<\/div>\r\n\t\t\t\t\t<\/article>\r\n<\/div><div class=\"grve-carousel-item\">\t\t\t\t\t<article id=\"portfolio-16785-69ee4a77a7f86\" class=\"grve-portfolio-item post-16785 portfolio type-portfolio status-publish has-post-thumbnail hentry portfolio_category-prolongations\">\r\n\t\t\t\t\t\t<div class=\"grve-carousel-item grve-hover-item grve-hover-style-1\">\t\t\t\t\t\t\t\t\t<figure class=\"grve-image-hover grve-media\">\r\n\t\t\t\t\t\t\t\t\t\t<a class=\"grve-item-url\" aria-label=\"Congo Inc.\" href=\"https:\/\/congolobilelo.com\/IN\/pub\/congoinc\/\"><\/a>\t\t\t\t\t\t\t\t\t\t<div class=\"grve-bg-light grve-hover-overlay grve-opacity-60\"><\/div>\r\n\t\t\t\t\t\t\t\t\t\t<img loading=\"lazy\" decoding=\"async\" width=\"560\" height=\"400\" src=\"https:\/\/congolobilelo.com\/IN\/wp-content\/uploads\/2024\/11\/Livre-CongoInc-560x400.jpg\" class=\"attachment-movedo-grve-small-rect-horizontal size-movedo-grve-small-rect-horizontal\" alt=\"\" \/>\t\t\t\t\t\t\t\t\t\t<figcaption><\/figcaption>\r\n\t\t\t\t\t\t\t\t\t<\/figure>\r\n\t\t\t\t\t\t\t\t\t\t\t\t\t\t\t\t\t\t<div class=\"grve-content grve-align-center\">\r\n\t\t\t\t\t\t\t\t\t\t\t\t\t\t\t\t\t\t\t\t\t\t\t\t\t\t\t\t\t\t<h3 class=\"grve-title grve-text-inherit grve-h3\">Congo Inc.<\/h3>\r\n\t\t\t\t\t\t\t\t\t\t\t\t\t\t\t\t\t\t\t\t\t\t\t\t\t\t\t\t\t\t\t\t\t\t\t\t\t\t\t<\/div>\r\n\t\t\t\t\t\t\t\t\t\t\t\t\t\t\t\t\t\t\t\t\t\t<\/div>\r\n\t\t\t\t\t<\/article>\r\n<\/div><div class=\"grve-carousel-item\">\t\t\t\t\t<article id=\"portfolio-16784-69ee4a77a83a8\" class=\"grve-portfolio-item post-16784 portfolio type-portfolio status-publish has-post-thumbnail hentry portfolio_category-prolongations\">\r\n\t\t\t\t\t\t<div class=\"grve-carousel-item grve-hover-item grve-hover-style-1\">\t\t\t\t\t\t\t\t\t<figure class=\"grve-image-hover grve-media\">\r\n\t\t\t\t\t\t\t\t\t\t<a class=\"grve-item-url\" aria-label=\"Le Canada et le pouvoir tutsi du Rwanda\" href=\"https:\/\/congolobilelo.com\/IN\/pub\/canada-pouvoir-tutsi\/\"><\/a>\t\t\t\t\t\t\t\t\t\t<div class=\"grve-bg-light grve-hover-overlay grve-opacity-60\"><\/div>\r\n\t\t\t\t\t\t\t\t\t\t<img loading=\"lazy\" decoding=\"async\" width=\"560\" height=\"400\" src=\"https:\/\/congolobilelo.com\/IN\/wp-content\/uploads\/2024\/11\/Livre-Canada-PouvoirTutsi-560x400.jpg\" class=\"attachment-movedo-grve-small-rect-horizontal size-movedo-grve-small-rect-horizontal\" alt=\"\" \/>\t\t\t\t\t\t\t\t\t\t<figcaption><\/figcaption>\r\n\t\t\t\t\t\t\t\t\t<\/figure>\r\n\t\t\t\t\t\t\t\t\t\t\t\t\t\t\t\t\t\t<div class=\"grve-content grve-align-center\">\r\n\t\t\t\t\t\t\t\t\t\t\t\t\t\t\t\t\t\t\t\t\t\t\t\t\t\t\t\t\t\t<h3 class=\"grve-title grve-text-inherit grve-h3\">Le Canada et le pouvoir tutsi du Rwanda<\/h3>\r\n\t\t\t\t\t\t\t\t\t\t\t\t\t\t\t\t\t\t\t\t\t\t\t\t\t\t\t\t\t\t\t\t\t\t\t\t\t\t\t<\/div>\r\n\t\t\t\t\t\t\t\t\t\t\t\t\t\t\t\t\t\t\t\t\t\t<\/div>\r\n\t\t\t\t\t<\/article>\r\n<\/div><div class=\"grve-carousel-item\">\t\t\t\t\t<article id=\"portfolio-16783-69ee4a77a87e9\" class=\"grve-portfolio-item post-16783 portfolio type-portfolio status-publish has-post-thumbnail hentry portfolio_category-prolongations\">\r\n\t\t\t\t\t\t<div class=\"grve-carousel-item grve-hover-item grve-hover-style-1\">\t\t\t\t\t\t\t\t\t<figure class=\"grve-image-hover grve-media\">\r\n\t\t\t\t\t\t\t\t\t\t<a class=\"grve-item-url\" aria-label=\"Les congolais rejettent le r\u00e9gime de Kabila\" href=\"https:\/\/congolobilelo.com\/IN\/pub\/congolais-rejettent\/\"><\/a>\t\t\t\t\t\t\t\t\t\t<div class=\"grve-bg-light grve-hover-overlay grve-opacity-60\"><\/div>\r\n\t\t\t\t\t\t\t\t\t\t<img loading=\"lazy\" decoding=\"async\" width=\"560\" height=\"400\" src=\"https:\/\/congolobilelo.com\/IN\/wp-content\/uploads\/2024\/11\/Livre-Congolais-560x400.jpg\" class=\"attachment-movedo-grve-small-rect-horizontal size-movedo-grve-small-rect-horizontal\" alt=\"\" \/>\t\t\t\t\t\t\t\t\t\t<figcaption><\/figcaption>\r\n\t\t\t\t\t\t\t\t\t<\/figure>\r\n\t\t\t\t\t\t\t\t\t\t\t\t\t\t\t\t\t\t<div class=\"grve-content grve-align-center\">\r\n\t\t\t\t\t\t\t\t\t\t\t\t\t\t\t\t\t\t\t\t\t\t\t\t\t\t\t\t\t\t<h3 class=\"grve-title grve-text-inherit grve-h3\">Les congolais rejettent le r\u00e9gime de Kabila<\/h3>\r\n\t\t\t\t\t\t\t\t\t\t\t\t\t\t\t\t\t\t\t\t\t\t\t\t\t\t\t\t\t\t\t\t\t\t\t\t\t\t\t<\/div>\r\n\t\t\t\t\t\t\t\t\t\t\t\t\t\t\t\t\t\t\t\t\t\t<\/div>\r\n\t\t\t\t\t<\/article>\r\n<\/div><div class=\"grve-carousel-item\">\t\t\t\t\t<article id=\"portfolio-16790-69ee4a77a8c70\" class=\"grve-portfolio-item post-16790 portfolio type-portfolio status-publish has-post-thumbnail hentry portfolio_category-prolongations\">\r\n\t\t\t\t\t\t<div class=\"grve-carousel-item grve-hover-item grve-hover-style-1\">\t\t\t\t\t\t\t\t\t<figure class=\"grve-image-hover grve-media\">\r\n\t\t\t\t\t\t\t\t\t\t<a class=\"grve-item-url\" aria-label=\"Les arm\u00e9es au Congo-Kinshasa\" href=\"https:\/\/congolobilelo.com\/IN\/pub\/armees-congo-kinshasa\/\"><\/a>\t\t\t\t\t\t\t\t\t\t<div class=\"grve-bg-light grve-hover-overlay grve-opacity-60\"><\/div>\r\n\t\t\t\t\t\t\t\t\t\t<img loading=\"lazy\" decoding=\"async\" width=\"560\" height=\"400\" src=\"https:\/\/congolobilelo.com\/IN\/wp-content\/uploads\/2024\/11\/Livre-LesArmees-Congo-560x400.jpg\" class=\"attachment-movedo-grve-small-rect-horizontal size-movedo-grve-small-rect-horizontal\" alt=\"\" \/>\t\t\t\t\t\t\t\t\t\t<figcaption><\/figcaption>\r\n\t\t\t\t\t\t\t\t\t<\/figure>\r\n\t\t\t\t\t\t\t\t\t\t\t\t\t\t\t\t\t\t<div class=\"grve-content grve-align-center\">\r\n\t\t\t\t\t\t\t\t\t\t\t\t\t\t\t\t\t\t\t\t\t\t\t\t\t\t\t\t\t\t<h3 class=\"grve-title grve-text-inherit grve-h3\">Les arm\u00e9es au Congo-Kinshasa<\/h3>\r\n\t\t\t\t\t\t\t\t\t\t\t\t\t\t\t\t\t\t\t\t\t\t\t\t\t\t\t\t\t\t\t\t\t\t\t\t\t\t\t<\/div>\r\n\t\t\t\t\t\t\t\t\t\t\t\t\t\t\t\t\t\t\t\t\t\t<\/div>\r\n\t\t\t\t\t<\/article>\r\n<\/div><div class=\"grve-carousel-item\">\t\t\t\t\t<article id=\"portfolio-16782-69ee4a77a916b\" class=\"grve-portfolio-item post-16782 portfolio type-portfolio status-publish has-post-thumbnail hentry portfolio_category-prolongations\">\r\n\t\t\t\t\t\t<div class=\"grve-carousel-item grve-hover-item grve-hover-style-1\">\t\t\t\t\t\t\t\t\t<figure class=\"grve-image-hover grve-media\">\r\n\t\t\t\t\t\t\t\t\t\t<a class=\"grve-item-url\" aria-label=\"Africa Unite\" href=\"https:\/\/congolobilelo.com\/IN\/pub\/africa-unite\/\"><\/a>\t\t\t\t\t\t\t\t\t\t<div class=\"grve-bg-light grve-hover-overlay grve-opacity-60\"><\/div>\r\n\t\t\t\t\t\t\t\t\t\t<img loading=\"lazy\" decoding=\"async\" width=\"560\" height=\"400\" src=\"https:\/\/congolobilelo.com\/IN\/wp-content\/uploads\/2024\/11\/Livre-AfricaUnite-560x400.jpg\" class=\"attachment-movedo-grve-small-rect-horizontal size-movedo-grve-small-rect-horizontal\" alt=\"\" \/>\t\t\t\t\t\t\t\t\t\t<figcaption><\/figcaption>\r\n\t\t\t\t\t\t\t\t\t<\/figure>\r\n\t\t\t\t\t\t\t\t\t\t\t\t\t\t\t\t\t\t<div class=\"grve-content grve-align-center\">\r\n\t\t\t\t\t\t\t\t\t\t\t\t\t\t\t\t\t\t\t\t\t\t\t\t\t\t\t\t\t\t<h3 class=\"grve-title grve-text-inherit grve-h3\">Africa Unite<\/h3>\r\n\t\t\t\t\t\t\t\t\t\t\t\t\t\t\t\t\t\t\t\t\t\t\t\t\t\t\t\t\t\t\t\t\t\t\t\t\t\t\t<\/div>\r\n\t\t\t\t\t\t\t\t\t\t\t\t\t\t\t\t\t\t\t\t\t\t<\/div>\r\n\t\t\t\t\t<\/article>\r\n<\/div><div class=\"grve-carousel-item\">\t\t\t\t\t<article id=\"portfolio-16789-69ee4a77a9703\" class=\"grve-portfolio-item post-16789 portfolio type-portfolio status-publish has-post-thumbnail hentry portfolio_category-prolongations\">\r\n\t\t\t\t\t\t<div class=\"grve-carousel-item grve-hover-item grve-hover-style-1\">\t\t\t\t\t\t\t\t\t<figure class=\"grve-image-hover grve-media\">\r\n\t\t\t\t\t\t\t\t\t\t<a class=\"grve-item-url\" aria-label=\"La R\u00e9publique D\u00e9mocratique du Congo face au complot de balkanisation et d\u2019implosion\" href=\"https:\/\/congolobilelo.com\/IN\/pub\/rdc-balkanisation-implosion\/\"><\/a>\t\t\t\t\t\t\t\t\t\t<div class=\"grve-bg-light grve-hover-overlay grve-opacity-60\"><\/div>\r\n\t\t\t\t\t\t\t\t\t\t<img loading=\"lazy\" decoding=\"async\" width=\"560\" height=\"400\" src=\"https:\/\/congolobilelo.com\/IN\/wp-content\/uploads\/2024\/11\/Livre-balkanisation-560x400.jpg\" class=\"attachment-movedo-grve-small-rect-horizontal size-movedo-grve-small-rect-horizontal\" alt=\"\" \/>\t\t\t\t\t\t\t\t\t\t<figcaption><\/figcaption>\r\n\t\t\t\t\t\t\t\t\t<\/figure>\r\n\t\t\t\t\t\t\t\t\t\t\t\t\t\t\t\t\t\t<div class=\"grve-content grve-align-center\">\r\n\t\t\t\t\t\t\t\t\t\t\t\t\t\t\t\t\t\t\t\t\t\t\t\t\t\t\t\t\t\t<h3 class=\"grve-title grve-text-inherit grve-h3\">La R\u00e9publique D\u00e9mocratique du Congo face au complot de balkanisation et d\u2019implosion<\/h3>\r\n\t\t\t\t\t\t\t\t\t\t\t\t\t\t\t\t\t\t\t\t\t\t\t\t\t\t\t\t\t\t\t\t\t\t\t\t\t\t\t<\/div>\r\n\t\t\t\t\t\t\t\t\t\t\t\t\t\t\t\t\t\t\t\t\t\t<\/div>\r\n\t\t\t\t\t<\/article>\r\n<\/div><div class=\"grve-carousel-item\">\t\t\t\t\t<article id=\"portfolio-16788-69ee4a77a9c26\" class=\"grve-portfolio-item post-16788 portfolio type-portfolio status-publish has-post-thumbnail hentry portfolio_category-prolongations\">\r\n\t\t\t\t\t\t<div class=\"grve-carousel-item grve-hover-item grve-hover-style-1\">\t\t\t\t\t\t\t\t\t<figure class=\"grve-image-hover grve-media\">\r\n\t\t\t\t\t\t\t\t\t\t<a class=\"grve-item-url\" aria-label=\"Le Canada dans les guerres en Afrique centrale\" href=\"https:\/\/congolobilelo.com\/IN\/pub\/canada-afrique-centrale\/\"><\/a>\t\t\t\t\t\t\t\t\t\t<div class=\"grve-bg-light grve-hover-overlay grve-opacity-60\"><\/div>\r\n\t\t\t\t\t\t\t\t\t\t<img loading=\"lazy\" decoding=\"async\" width=\"560\" height=\"400\" src=\"https:\/\/congolobilelo.com\/IN\/wp-content\/uploads\/2024\/11\/Livre-Canada-Guerres-AfriqueCentrale-560x400.jpg\" class=\"attachment-movedo-grve-small-rect-horizontal size-movedo-grve-small-rect-horizontal\" alt=\"\" \/>\t\t\t\t\t\t\t\t\t\t<figcaption><\/figcaption>\r\n\t\t\t\t\t\t\t\t\t<\/figure>\r\n\t\t\t\t\t\t\t\t\t\t\t\t\t\t\t\t\t\t<div class=\"grve-content grve-align-center\">\r\n\t\t\t\t\t\t\t\t\t\t\t\t\t\t\t\t\t\t\t\t\t\t\t\t\t\t\t\t\t\t<h3 class=\"grve-title grve-text-inherit grve-h3\">Le Canada dans les guerres en Afrique centrale<\/h3>\r\n\t\t\t\t\t\t\t\t\t\t\t\t\t\t\t\t\t\t\t\t\t\t\t\t\t\t\t\t\t\t\t\t\t\t\t\t\t\t\t<\/div>\r\n\t\t\t\t\t\t\t\t\t\t\t\t\t\t\t\t\t\t\t\t\t\t<\/div>\r\n\t\t\t\t\t<\/article>\r\n<\/div><div class=\"grve-carousel-item\">\t\t\t\t\t<article id=\"portfolio-16781-69ee4a77aa0f5\" class=\"grve-portfolio-item post-16781 portfolio type-portfolio status-publish has-post-thumbnail hentry portfolio_category-prolongations\">\r\n\t\t\t\t\t\t<div class=\"grve-carousel-item grve-hover-item grve-hover-style-1\">\t\t\t\t\t\t\t\t\t<figure class=\"grve-image-hover grve-media\">\r\n\t\t\t\t\t\t\t\t\t\t<a class=\"grve-item-url\" aria-label=\"Les g\u00e9nocides des Congolais\" href=\"https:\/\/congolobilelo.com\/IN\/pub\/genocidedescongolais\/\"><\/a>\t\t\t\t\t\t\t\t\t\t<div class=\"grve-bg-light grve-hover-overlay grve-opacity-60\"><\/div>\r\n\t\t\t\t\t\t\t\t\t\t<img loading=\"lazy\" decoding=\"async\" width=\"560\" height=\"400\" src=\"https:\/\/congolobilelo.com\/IN\/wp-content\/uploads\/2024\/11\/LeGenocidedesCongolais-560x400.jpg\" class=\"attachment-movedo-grve-small-rect-horizontal size-movedo-grve-small-rect-horizontal\" alt=\"\" \/>\t\t\t\t\t\t\t\t\t\t<figcaption><\/figcaption>\r\n\t\t\t\t\t\t\t\t\t<\/figure>\r\n\t\t\t\t\t\t\t\t\t\t\t\t\t\t\t\t\t\t<div class=\"grve-content grve-align-center\">\r\n\t\t\t\t\t\t\t\t\t\t\t\t\t\t\t\t\t\t\t\t\t\t\t\t\t\t\t\t\t\t<h3 class=\"grve-title grve-text-inherit grve-h3\">Les g\u00e9nocides des Congolais<\/h3>\r\n\t\t\t\t\t\t\t\t\t\t\t\t\t\t\t\t\t\t\t\t\t\t\t\t\t\t\t\t\t\t\t\t\t\t\t\t\t\t\t<\/div>\r\n\t\t\t\t\t\t\t\t\t\t\t\t\t\t\t\t\t\t\t\t\t\t<\/div>\r\n\t\t\t\t\t<\/article>\r\n<\/div><div class=\"grve-carousel-item\">\t\t\t\t\t<article id=\"portfolio-16779-69ee4a77aa5a0\" class=\"grve-portfolio-item post-16779 portfolio type-portfolio status-publish has-post-thumbnail hentry portfolio_category-prolongations\">\r\n\t\t\t\t\t\t<div class=\"grve-carousel-item grve-hover-item grve-hover-style-1\">\t\t\t\t\t\t\t\t\t<figure class=\"grve-image-hover grve-media\">\r\n\t\t\t\t\t\t\t\t\t\t<a class=\"grve-item-url\" aria-label=\"A Criminal State\" href=\"https:\/\/congolobilelo.com\/IN\/pub\/a-criminal-state\/\"><\/a>\t\t\t\t\t\t\t\t\t\t<div class=\"grve-bg-light grve-hover-overlay grve-opacity-60\"><\/div>\r\n\t\t\t\t\t\t\t\t\t\t<img loading=\"lazy\" decoding=\"async\" width=\"560\" height=\"400\" src=\"https:\/\/congolobilelo.com\/IN\/wp-content\/uploads\/2024\/11\/CriminalState-EnoughProject-560x400.jpg\" class=\"attachment-movedo-grve-small-rect-horizontal size-movedo-grve-small-rect-horizontal\" alt=\"\" \/>\t\t\t\t\t\t\t\t\t\t<figcaption><\/figcaption>\r\n\t\t\t\t\t\t\t\t\t<\/figure>\r\n\t\t\t\t\t\t\t\t\t\t\t\t\t\t\t\t\t\t<div class=\"grve-content grve-align-center\">\r\n\t\t\t\t\t\t\t\t\t\t\t\t\t\t\t\t\t\t\t\t\t\t\t\t\t\t\t\t\t\t<h3 class=\"grve-title grve-text-inherit grve-h3\">A Criminal State<\/h3>\r\n\t\t\t\t\t\t\t\t\t\t\t\t\t\t\t\t\t\t\t\t\t\t\t\t\t\t\t\t\t\t\t\t\t\t\t\t\t\t\t<\/div>\r\n\t\t\t\t\t\t\t\t\t\t\t\t\t\t\t\t\t\t\t\t\t\t<\/div>\r\n\t\t\t\t\t<\/article>\r\n<\/div><div class=\"grve-carousel-item\">\t\t\t\t\t<article id=\"portfolio-16774-69ee4a77aaa5c\" class=\"grve-portfolio-item post-16774 portfolio type-portfolio status-publish has-post-thumbnail hentry portfolio_category-prolongations\">\r\n\t\t\t\t\t\t<div class=\"grve-carousel-item grve-hover-item grve-hover-style-1\">\t\t\t\t\t\t\t\t\t<figure class=\"grve-image-hover grve-media\">\r\n\t\t\t\t\t\t\t\t\t\t<a class=\"grve-item-url\" aria-label=\"Objectif Kadhafi\" href=\"https:\/\/congolobilelo.com\/IN\/pub\/objectifkadhafi\/\"><\/a>\t\t\t\t\t\t\t\t\t\t<div class=\"grve-bg-light grve-hover-overlay grve-opacity-60\"><\/div>\r\n\t\t\t\t\t\t\t\t\t\t<img loading=\"lazy\" decoding=\"async\" width=\"560\" height=\"400\" src=\"https:\/\/congolobilelo.com\/IN\/wp-content\/uploads\/2024\/11\/Livre-ObjectifKadhafi-560x400.jpg\" class=\"attachment-movedo-grve-small-rect-horizontal size-movedo-grve-small-rect-horizontal\" alt=\"\" \/>\t\t\t\t\t\t\t\t\t\t<figcaption><\/figcaption>\r\n\t\t\t\t\t\t\t\t\t<\/figure>\r\n\t\t\t\t\t\t\t\t\t\t\t\t\t\t\t\t\t\t<div class=\"grve-content grve-align-center\">\r\n\t\t\t\t\t\t\t\t\t\t\t\t\t\t\t\t\t\t\t\t\t\t\t\t\t\t\t\t\t\t<h3 class=\"grve-title grve-text-inherit grve-h3\">Objectif Kadhafi<\/h3>\r\n\t\t\t\t\t\t\t\t\t\t\t\t\t\t\t\t\t\t\t\t\t\t\t\t\t\t\t\t\t\t\t\t\t\t\t\t\t\t\t<\/div>\r\n\t\t\t\t\t\t\t\t\t\t\t\t\t\t\t\t\t\t\t\t\t\t<\/div>\r\n\t\t\t\t\t<\/article>\r\n<\/div><\/div>\t\t\t\t<\/div>\r\n\t\t\t<\/div>\r\n\r\n\t\t[\/vc_column][\/vc_row][vc_row][vc_column]<style type=\"text\/css\">.grve-title-gradient.grve-title-69ee4a77aaf12 > span,.grve-title-gradient.grve-title-69ee4a77aaf12 .grve-clipping-content > span {color: #0080ff;background-image: -moz-linear-gradient(-45deg, #0080ff 0%, #740d11 100%);background-image: -webkit-linear-gradient(-45deg, #0080ff 0%, #740d11 100%);background-image: linear-gradient(135deg, #0080ff 0%, #740d11 100%);}<\/style><h3 class=\"grve-element grve-title grve-align-left grve-h3 grve-title-gradient grve-title-69ee4a77aaf12\" style=\"\"><span>Campagnes (Verbatims)<span class=\"grve-title-line grve-bg-primary-1\" style=\"width: 50px;height: 2px;\"><\/span><\/span><\/h3>\t\t\t<div class=\"grve-element grve-carousel grve-layout-1 grve-with-gap\" style=\"\" data-items=\"4\" data-items-tablet-landscape=\"3\" data-items-tablet-portrait=\"3\" data-items-mobile=\"1\" data-slider-autoplay=\"yes\" data-slider-speed=\"3000\" data-slider-pause=\"no\" data-pagination-speed=\"400\" data-pagination=\"no\" data-slider-loop=\"yes\" data-gutter-size=\"30\">\r\n\t\t\r\n\t\t\t\r\n\t\t  <div class=\"grve-carousel-wrapper\"><div class=\"grve-carousel-navigation grve-dark grve-navigation-1 grve-navigation-carousel\"><div class=\"grve-carousel-buttons\"><div class=\"grve-carousel-prev\"><i class=\"grve-icon-nav-left-small\"><\/i><span class=\"screen-reader-text\">Previous<\/span><\/div><div class=\"grve-carousel-next\"><i class=\"grve-icon-nav-right-small\"><\/i><span class=\"screen-reader-text\">Next<\/span><\/div><\/div><\/div>\t\t\t<div class=\"grve-carousel-element grve-portfolio\" data-items=\"4\" data-items-tablet-landscape=\"3\" data-items-tablet-portrait=\"3\" data-items-mobile=\"1\" data-slider-autoplay=\"yes\" data-slider-speed=\"3000\" data-slider-pause=\"no\" data-pagination-speed=\"400\" data-pagination=\"no\" data-slider-loop=\"yes\" data-gutter-size=\"30\">\r\n<div class=\"grve-carousel-item\">\t\t\t\t\t<article id=\"portfolio-16838-69ee4a77ac5d0\" class=\"grve-portfolio-item post-16838 portfolio type-portfolio status-publish has-post-thumbnail hentry portfolio_category-campagnes\">\r\n\t\t\t\t\t\t<div class=\"grve-carousel-item grve-hover-item grve-hover-style-1\">\t\t\t\t\t\t\t\t\t<figure class=\"grve-image-hover grve-media\">\r\n\t\t\t\t\t\t\t\t\t\t<a class=\"grve-item-url\" aria-label=\"Id\u00e9es + R\u00e9flexions (Pour mieux comprendre le Congo), part. 43\" href=\"https:\/\/congolobilelo.com\/IN\/pub\/ir43\/\"><\/a>\t\t\t\t\t\t\t\t\t\t<div class=\"grve-bg-light grve-hover-overlay grve-opacity-60\"><\/div>\r\n\t\t\t\t\t\t\t\t\t\t<img loading=\"lazy\" decoding=\"async\" width=\"560\" height=\"420\" src=\"https:\/\/congolobilelo.com\/IN\/wp-content\/uploads\/2024\/11\/1-560x420.jpg\" class=\"attachment-movedo-grve-small-rect-horizontal size-movedo-grve-small-rect-horizontal\" alt=\"\" srcset=\"https:\/\/congolobilelo.com\/IN\/wp-content\/uploads\/2024\/11\/1-560x420.jpg 560w, https:\/\/congolobilelo.com\/IN\/wp-content\/uploads\/2024\/11\/1-900x675.jpg 900w\" sizes=\"auto, (max-width: 560px) 100vw, 560px\" \/>\t\t\t\t\t\t\t\t\t\t<figcaption><\/figcaption>\r\n\t\t\t\t\t\t\t\t\t<\/figure>\r\n\t\t\t\t\t\t\t\t\t\t\t\t\t\t\t\t\t\t<div class=\"grve-content grve-align-center\">\r\n\t\t\t\t\t\t\t\t\t\t\t\t\t\t\t\t\t\t\t\t\t\t\t\t\t\t\t\t\t\t<h3 class=\"grve-title grve-text-inherit grve-h3\">Id\u00e9es + R\u00e9flexions (Pour mieux comprendre le Congo), part. 43<\/h3>\r\n\t\t\t\t\t\t\t\t\t\t\t\t\t\t\t\t\t\t\t\t\t\t\t\t\t\t\t\t\t\t\t\t\t\t\t\t\t\t\t<\/div>\r\n\t\t\t\t\t\t\t\t\t\t\t\t\t\t\t\t\t\t\t\t\t\t<\/div>\r\n\t\t\t\t\t<\/article>\r\n<\/div><div class=\"grve-carousel-item\">\t\t\t\t\t<article id=\"portfolio-16852-69ee4a77aca73\" class=\"grve-portfolio-item post-16852 portfolio type-portfolio status-publish has-post-thumbnail hentry portfolio_category-campagnes\">\r\n\t\t\t\t\t\t<div class=\"grve-carousel-item grve-hover-item grve-hover-style-1\">\t\t\t\t\t\t\t\t\t<figure class=\"grve-image-hover grve-media\">\r\n\t\t\t\t\t\t\t\t\t\t<a class=\"grve-item-url\" aria-label=\"Id\u00e9es + R\u00e9flexions (Pour mieux comprendre le Congo), part. 42\" href=\"https:\/\/congolobilelo.com\/IN\/pub\/ir42\/\"><\/a>\t\t\t\t\t\t\t\t\t\t<div class=\"grve-bg-light grve-hover-overlay grve-opacity-60\"><\/div>\r\n\t\t\t\t\t\t\t\t\t\t<img loading=\"lazy\" decoding=\"async\" width=\"560\" height=\"420\" src=\"https:\/\/congolobilelo.com\/IN\/wp-content\/uploads\/2024\/11\/1-560x420.jpg\" class=\"attachment-movedo-grve-small-rect-horizontal size-movedo-grve-small-rect-horizontal\" alt=\"\" srcset=\"https:\/\/congolobilelo.com\/IN\/wp-content\/uploads\/2024\/11\/1-560x420.jpg 560w, https:\/\/congolobilelo.com\/IN\/wp-content\/uploads\/2024\/11\/1-900x675.jpg 900w\" sizes=\"auto, (max-width: 560px) 100vw, 560px\" \/>\t\t\t\t\t\t\t\t\t\t<figcaption><\/figcaption>\r\n\t\t\t\t\t\t\t\t\t<\/figure>\r\n\t\t\t\t\t\t\t\t\t\t\t\t\t\t\t\t\t\t<div class=\"grve-content grve-align-center\">\r\n\t\t\t\t\t\t\t\t\t\t\t\t\t\t\t\t\t\t\t\t\t\t\t\t\t\t\t\t\t\t<h3 class=\"grve-title grve-text-inherit grve-h3\">Id\u00e9es + R\u00e9flexions (Pour mieux comprendre le Congo), part. 42<\/h3>\r\n\t\t\t\t\t\t\t\t\t\t\t\t\t\t\t\t\t\t\t\t\t\t\t\t\t\t\t\t\t\t\t\t\t\t\t\t\t\t\t<\/div>\r\n\t\t\t\t\t\t\t\t\t\t\t\t\t\t\t\t\t\t\t\t\t\t<\/div>\r\n\t\t\t\t\t<\/article>\r\n<\/div><div class=\"grve-carousel-item\">\t\t\t\t\t<article id=\"portfolio-16853-69ee4a77acb4f\" class=\"grve-portfolio-item post-16853 portfolio type-portfolio status-publish has-post-thumbnail hentry portfolio_category-campagnes\">\r\n\t\t\t\t\t\t<div class=\"grve-carousel-item grve-hover-item grve-hover-style-1\">\t\t\t\t\t\t\t\t\t<figure class=\"grve-image-hover grve-media\">\r\n\t\t\t\t\t\t\t\t\t\t<a class=\"grve-item-url\" aria-label=\"Id\u00e9es + R\u00e9flexions (Pour mieux comprendre le Congo), part. 41\" href=\"https:\/\/congolobilelo.com\/IN\/pub\/ir41\/\"><\/a>\t\t\t\t\t\t\t\t\t\t<div class=\"grve-bg-light grve-hover-overlay grve-opacity-60\"><\/div>\r\n\t\t\t\t\t\t\t\t\t\t<img loading=\"lazy\" decoding=\"async\" width=\"560\" height=\"420\" src=\"https:\/\/congolobilelo.com\/IN\/wp-content\/uploads\/2024\/11\/1-560x420.jpg\" class=\"attachment-movedo-grve-small-rect-horizontal size-movedo-grve-small-rect-horizontal\" alt=\"\" srcset=\"https:\/\/congolobilelo.com\/IN\/wp-content\/uploads\/2024\/11\/1-560x420.jpg 560w, https:\/\/congolobilelo.com\/IN\/wp-content\/uploads\/2024\/11\/1-900x675.jpg 900w\" sizes=\"auto, (max-width: 560px) 100vw, 560px\" \/>\t\t\t\t\t\t\t\t\t\t<figcaption><\/figcaption>\r\n\t\t\t\t\t\t\t\t\t<\/figure>\r\n\t\t\t\t\t\t\t\t\t\t\t\t\t\t\t\t\t\t<div class=\"grve-content grve-align-center\">\r\n\t\t\t\t\t\t\t\t\t\t\t\t\t\t\t\t\t\t\t\t\t\t\t\t\t\t\t\t\t\t<h3 class=\"grve-title grve-text-inherit grve-h3\">Id\u00e9es + R\u00e9flexions (Pour mieux comprendre le Congo), part. 41<\/h3>\r\n\t\t\t\t\t\t\t\t\t\t\t\t\t\t\t\t\t\t\t\t\t\t\t\t\t\t\t\t\t\t\t\t\t\t\t\t\t\t\t<\/div>\r\n\t\t\t\t\t\t\t\t\t\t\t\t\t\t\t\t\t\t\t\t\t\t<\/div>\r\n\t\t\t\t\t<\/article>\r\n<\/div><div class=\"grve-carousel-item\">\t\t\t\t\t<article id=\"portfolio-16854-69ee4a77acc18\" class=\"grve-portfolio-item post-16854 portfolio type-portfolio status-publish has-post-thumbnail hentry portfolio_category-campagnes\">\r\n\t\t\t\t\t\t<div class=\"grve-carousel-item grve-hover-item grve-hover-style-1\">\t\t\t\t\t\t\t\t\t<figure class=\"grve-image-hover grve-media\">\r\n\t\t\t\t\t\t\t\t\t\t<a class=\"grve-item-url\" aria-label=\"Id\u00e9es + R\u00e9flexions (Pour mieux comprendre le Congo), part. 40\" href=\"https:\/\/congolobilelo.com\/IN\/pub\/ir40\/\"><\/a>\t\t\t\t\t\t\t\t\t\t<div class=\"grve-bg-light grve-hover-overlay grve-opacity-60\"><\/div>\r\n\t\t\t\t\t\t\t\t\t\t<img loading=\"lazy\" decoding=\"async\" width=\"560\" height=\"420\" src=\"https:\/\/congolobilelo.com\/IN\/wp-content\/uploads\/2024\/11\/1-560x420.jpg\" class=\"attachment-movedo-grve-small-rect-horizontal size-movedo-grve-small-rect-horizontal\" alt=\"\" srcset=\"https:\/\/congolobilelo.com\/IN\/wp-content\/uploads\/2024\/11\/1-560x420.jpg 560w, https:\/\/congolobilelo.com\/IN\/wp-content\/uploads\/2024\/11\/1-900x675.jpg 900w\" sizes=\"auto, (max-width: 560px) 100vw, 560px\" \/>\t\t\t\t\t\t\t\t\t\t<figcaption><\/figcaption>\r\n\t\t\t\t\t\t\t\t\t<\/figure>\r\n\t\t\t\t\t\t\t\t\t\t\t\t\t\t\t\t\t\t<div class=\"grve-content grve-align-center\">\r\n\t\t\t\t\t\t\t\t\t\t\t\t\t\t\t\t\t\t\t\t\t\t\t\t\t\t\t\t\t\t<h3 class=\"grve-title grve-text-inherit grve-h3\">Id\u00e9es + R\u00e9flexions (Pour mieux comprendre le Congo), part. 40<\/h3>\r\n\t\t\t\t\t\t\t\t\t\t\t\t\t\t\t\t\t\t\t\t\t\t\t\t\t\t\t\t\t\t\t\t\t\t\t\t\t\t\t<\/div>\r\n\t\t\t\t\t\t\t\t\t\t\t\t\t\t\t\t\t\t\t\t\t\t<\/div>\r\n\t\t\t\t\t<\/article>\r\n<\/div><div class=\"grve-carousel-item\">\t\t\t\t\t<article id=\"portfolio-16855-69ee4a77acce5\" class=\"grve-portfolio-item post-16855 portfolio type-portfolio status-publish has-post-thumbnail hentry portfolio_category-campagnes\">\r\n\t\t\t\t\t\t<div class=\"grve-carousel-item grve-hover-item grve-hover-style-1\">\t\t\t\t\t\t\t\t\t<figure class=\"grve-image-hover grve-media\">\r\n\t\t\t\t\t\t\t\t\t\t<a class=\"grve-item-url\" aria-label=\"Id\u00e9es + R\u00e9flexions (Pour mieux comprendre le Congo), part. 39\" href=\"https:\/\/congolobilelo.com\/IN\/pub\/ir39\/\"><\/a>\t\t\t\t\t\t\t\t\t\t<div class=\"grve-bg-light grve-hover-overlay grve-opacity-60\"><\/div>\r\n\t\t\t\t\t\t\t\t\t\t<img loading=\"lazy\" decoding=\"async\" width=\"560\" height=\"420\" src=\"https:\/\/congolobilelo.com\/IN\/wp-content\/uploads\/2024\/11\/1-560x420.jpg\" class=\"attachment-movedo-grve-small-rect-horizontal size-movedo-grve-small-rect-horizontal\" alt=\"\" srcset=\"https:\/\/congolobilelo.com\/IN\/wp-content\/uploads\/2024\/11\/1-560x420.jpg 560w, https:\/\/congolobilelo.com\/IN\/wp-content\/uploads\/2024\/11\/1-900x675.jpg 900w\" sizes=\"auto, (max-width: 560px) 100vw, 560px\" \/>\t\t\t\t\t\t\t\t\t\t<figcaption><\/figcaption>\r\n\t\t\t\t\t\t\t\t\t<\/figure>\r\n\t\t\t\t\t\t\t\t\t\t\t\t\t\t\t\t\t\t<div class=\"grve-content grve-align-center\">\r\n\t\t\t\t\t\t\t\t\t\t\t\t\t\t\t\t\t\t\t\t\t\t\t\t\t\t\t\t\t\t<h3 class=\"grve-title grve-text-inherit grve-h3\">Id\u00e9es + R\u00e9flexions (Pour mieux comprendre le Congo), part. 39<\/h3>\r\n\t\t\t\t\t\t\t\t\t\t\t\t\t\t\t\t\t\t\t\t\t\t\t\t\t\t\t\t\t\t\t\t\t\t\t\t\t\t\t<\/div>\r\n\t\t\t\t\t\t\t\t\t\t\t\t\t\t\t\t\t\t\t\t\t\t<\/div>\r\n\t\t\t\t\t<\/article>\r\n<\/div><div class=\"grve-carousel-item\">\t\t\t\t\t<article id=\"portfolio-16856-69ee4a77acda7\" class=\"grve-portfolio-item post-16856 portfolio type-portfolio status-publish has-post-thumbnail hentry portfolio_category-campagnes\">\r\n\t\t\t\t\t\t<div class=\"grve-carousel-item grve-hover-item grve-hover-style-1\">\t\t\t\t\t\t\t\t\t<figure class=\"grve-image-hover grve-media\">\r\n\t\t\t\t\t\t\t\t\t\t<a class=\"grve-item-url\" aria-label=\"Id\u00e9es + R\u00e9flexions (Pour mieux comprendre le Congo), part. 38\" href=\"https:\/\/congolobilelo.com\/IN\/pub\/ir38\/\"><\/a>\t\t\t\t\t\t\t\t\t\t<div class=\"grve-bg-light grve-hover-overlay grve-opacity-60\"><\/div>\r\n\t\t\t\t\t\t\t\t\t\t<img loading=\"lazy\" decoding=\"async\" width=\"560\" height=\"420\" src=\"https:\/\/congolobilelo.com\/IN\/wp-content\/uploads\/2024\/11\/1-560x420.jpg\" class=\"attachment-movedo-grve-small-rect-horizontal size-movedo-grve-small-rect-horizontal\" alt=\"\" srcset=\"https:\/\/congolobilelo.com\/IN\/wp-content\/uploads\/2024\/11\/1-560x420.jpg 560w, https:\/\/congolobilelo.com\/IN\/wp-content\/uploads\/2024\/11\/1-900x675.jpg 900w\" sizes=\"auto, (max-width: 560px) 100vw, 560px\" \/>\t\t\t\t\t\t\t\t\t\t<figcaption><\/figcaption>\r\n\t\t\t\t\t\t\t\t\t<\/figure>\r\n\t\t\t\t\t\t\t\t\t\t\t\t\t\t\t\t\t\t<div class=\"grve-content grve-align-center\">\r\n\t\t\t\t\t\t\t\t\t\t\t\t\t\t\t\t\t\t\t\t\t\t\t\t\t\t\t\t\t\t<h3 class=\"grve-title grve-text-inherit grve-h3\">Id\u00e9es + R\u00e9flexions (Pour mieux comprendre le Congo), part. 38<\/h3>\r\n\t\t\t\t\t\t\t\t\t\t\t\t\t\t\t\t\t\t\t\t\t\t\t\t\t\t\t\t\t\t\t\t\t\t\t\t\t\t\t<\/div>\r\n\t\t\t\t\t\t\t\t\t\t\t\t\t\t\t\t\t\t\t\t\t\t<\/div>\r\n\t\t\t\t\t<\/article>\r\n<\/div><div class=\"grve-carousel-item\">\t\t\t\t\t<article id=\"portfolio-16857-69ee4a77ace66\" class=\"grve-portfolio-item post-16857 portfolio type-portfolio status-publish has-post-thumbnail hentry portfolio_category-campagnes\">\r\n\t\t\t\t\t\t<div class=\"grve-carousel-item grve-hover-item grve-hover-style-1\">\t\t\t\t\t\t\t\t\t<figure class=\"grve-image-hover grve-media\">\r\n\t\t\t\t\t\t\t\t\t\t<a class=\"grve-item-url\" aria-label=\"Id\u00e9es + R\u00e9flexions (Pour mieux comprendre le Congo), part. 37\" href=\"https:\/\/congolobilelo.com\/IN\/pub\/ir37\/\"><\/a>\t\t\t\t\t\t\t\t\t\t<div class=\"grve-bg-light grve-hover-overlay grve-opacity-60\"><\/div>\r\n\t\t\t\t\t\t\t\t\t\t<img loading=\"lazy\" decoding=\"async\" width=\"560\" height=\"420\" src=\"https:\/\/congolobilelo.com\/IN\/wp-content\/uploads\/2024\/11\/1-560x420.jpg\" class=\"attachment-movedo-grve-small-rect-horizontal size-movedo-grve-small-rect-horizontal\" alt=\"\" srcset=\"https:\/\/congolobilelo.com\/IN\/wp-content\/uploads\/2024\/11\/1-560x420.jpg 560w, https:\/\/congolobilelo.com\/IN\/wp-content\/uploads\/2024\/11\/1-900x675.jpg 900w\" sizes=\"auto, (max-width: 560px) 100vw, 560px\" \/>\t\t\t\t\t\t\t\t\t\t<figcaption><\/figcaption>\r\n\t\t\t\t\t\t\t\t\t<\/figure>\r\n\t\t\t\t\t\t\t\t\t\t\t\t\t\t\t\t\t\t<div class=\"grve-content grve-align-center\">\r\n\t\t\t\t\t\t\t\t\t\t\t\t\t\t\t\t\t\t\t\t\t\t\t\t\t\t\t\t\t\t<h3 class=\"grve-title grve-text-inherit grve-h3\">Id\u00e9es + R\u00e9flexions (Pour mieux comprendre le Congo), part. 37<\/h3>\r\n\t\t\t\t\t\t\t\t\t\t\t\t\t\t\t\t\t\t\t\t\t\t\t\t\t\t\t\t\t\t\t\t\t\t\t\t\t\t\t<\/div>\r\n\t\t\t\t\t\t\t\t\t\t\t\t\t\t\t\t\t\t\t\t\t\t<\/div>\r\n\t\t\t\t\t<\/article>\r\n<\/div><div class=\"grve-carousel-item\">\t\t\t\t\t<article id=\"portfolio-16858-69ee4a77acf24\" class=\"grve-portfolio-item post-16858 portfolio type-portfolio status-publish has-post-thumbnail hentry portfolio_category-campagnes\">\r\n\t\t\t\t\t\t<div class=\"grve-carousel-item grve-hover-item grve-hover-style-1\">\t\t\t\t\t\t\t\t\t<figure class=\"grve-image-hover grve-media\">\r\n\t\t\t\t\t\t\t\t\t\t<a class=\"grve-item-url\" aria-label=\"Id\u00e9es + R\u00e9flexions (Pour mieux comprendre le Congo), part. 36\" href=\"https:\/\/congolobilelo.com\/IN\/pub\/ir36\/\"><\/a>\t\t\t\t\t\t\t\t\t\t<div class=\"grve-bg-light grve-hover-overlay grve-opacity-60\"><\/div>\r\n\t\t\t\t\t\t\t\t\t\t<img loading=\"lazy\" decoding=\"async\" width=\"560\" height=\"420\" src=\"https:\/\/congolobilelo.com\/IN\/wp-content\/uploads\/2024\/11\/1-560x420.jpg\" class=\"attachment-movedo-grve-small-rect-horizontal size-movedo-grve-small-rect-horizontal\" alt=\"\" srcset=\"https:\/\/congolobilelo.com\/IN\/wp-content\/uploads\/2024\/11\/1-560x420.jpg 560w, https:\/\/congolobilelo.com\/IN\/wp-content\/uploads\/2024\/11\/1-900x675.jpg 900w\" sizes=\"auto, (max-width: 560px) 100vw, 560px\" \/>\t\t\t\t\t\t\t\t\t\t<figcaption><\/figcaption>\r\n\t\t\t\t\t\t\t\t\t<\/figure>\r\n\t\t\t\t\t\t\t\t\t\t\t\t\t\t\t\t\t\t<div class=\"grve-content grve-align-center\">\r\n\t\t\t\t\t\t\t\t\t\t\t\t\t\t\t\t\t\t\t\t\t\t\t\t\t\t\t\t\t\t<h3 class=\"grve-title grve-text-inherit grve-h3\">Id\u00e9es + R\u00e9flexions (Pour mieux comprendre le Congo), part. 36<\/h3>\r\n\t\t\t\t\t\t\t\t\t\t\t\t\t\t\t\t\t\t\t\t\t\t\t\t\t\t\t\t\t\t\t\t\t\t\t\t\t\t\t<\/div>\r\n\t\t\t\t\t\t\t\t\t\t\t\t\t\t\t\t\t\t\t\t\t\t<\/div>\r\n\t\t\t\t\t<\/article>\r\n<\/div><div class=\"grve-carousel-item\">\t\t\t\t\t<article id=\"portfolio-16859-69ee4a77acfe2\" class=\"grve-portfolio-item post-16859 portfolio type-portfolio status-publish has-post-thumbnail hentry portfolio_category-campagnes\">\r\n\t\t\t\t\t\t<div class=\"grve-carousel-item grve-hover-item grve-hover-style-1\">\t\t\t\t\t\t\t\t\t<figure class=\"grve-image-hover grve-media\">\r\n\t\t\t\t\t\t\t\t\t\t<a class=\"grve-item-url\" aria-label=\"Id\u00e9es + R\u00e9flexions (Pour mieux comprendre le Congo), part. 35\" href=\"https:\/\/congolobilelo.com\/IN\/pub\/ir35\/\"><\/a>\t\t\t\t\t\t\t\t\t\t<div class=\"grve-bg-light grve-hover-overlay grve-opacity-60\"><\/div>\r\n\t\t\t\t\t\t\t\t\t\t<img loading=\"lazy\" decoding=\"async\" width=\"560\" height=\"420\" src=\"https:\/\/congolobilelo.com\/IN\/wp-content\/uploads\/2024\/11\/1-560x420.jpg\" class=\"attachment-movedo-grve-small-rect-horizontal size-movedo-grve-small-rect-horizontal\" alt=\"\" srcset=\"https:\/\/congolobilelo.com\/IN\/wp-content\/uploads\/2024\/11\/1-560x420.jpg 560w, https:\/\/congolobilelo.com\/IN\/wp-content\/uploads\/2024\/11\/1-900x675.jpg 900w\" sizes=\"auto, (max-width: 560px) 100vw, 560px\" \/>\t\t\t\t\t\t\t\t\t\t<figcaption><\/figcaption>\r\n\t\t\t\t\t\t\t\t\t<\/figure>\r\n\t\t\t\t\t\t\t\t\t\t\t\t\t\t\t\t\t\t<div class=\"grve-content grve-align-center\">\r\n\t\t\t\t\t\t\t\t\t\t\t\t\t\t\t\t\t\t\t\t\t\t\t\t\t\t\t\t\t\t<h3 class=\"grve-title grve-text-inherit grve-h3\">Id\u00e9es + R\u00e9flexions (Pour mieux comprendre le Congo), part. 35<\/h3>\r\n\t\t\t\t\t\t\t\t\t\t\t\t\t\t\t\t\t\t\t\t\t\t\t\t\t\t\t\t\t\t\t\t\t\t\t\t\t\t\t<\/div>\r\n\t\t\t\t\t\t\t\t\t\t\t\t\t\t\t\t\t\t\t\t\t\t<\/div>\r\n\t\t\t\t\t<\/article>\r\n<\/div><\/div>\t\t\t\t<\/div>\r\n\t\t\t<\/div>\r\n\r\n\t\t[\/vc_column][\/vc_row][vc_row][vc_column]<style type=\"text\/css\">.grve-title-gradient.grve-title-69ee4a77ad08c > span,.grve-title-gradient.grve-title-69ee4a77ad08c .grve-clipping-content > span {color: #0080ff;background-image: -moz-linear-gradient(-45deg, #0080ff 0%, #740d11 100%);background-image: -webkit-linear-gradient(-45deg, #0080ff 0%, #740d11 100%);background-image: linear-gradient(135deg, #0080ff 0%, #740d11 100%);}<\/style><h3 class=\"grve-element grve-title grve-align-left grve-h3 grve-title-gradient grve-title-69ee4a77ad08c\" style=\"\"><span>Vid\u00e9os &amp; films<span class=\"grve-title-line grve-bg-primary-1\" style=\"width: 50px;height: 2px;\"><\/span><\/span><\/h3>\t\t<div class=\"grve-element grve-carousel grve-layout-1 grve-carousel-style-1 grve-with-gap grve-carousel-wrapper\" style=\"\" >\r\n  <div class=\"grve-carousel-wrapper\"><div class=\"grve-carousel-navigation grve-dark grve-navigation-1 grve-navigation-carousel\"><div class=\"grve-carousel-buttons\"><div class=\"grve-carousel-prev\"><i class=\"grve-icon-nav-left-small\"><\/i><span class=\"screen-reader-text\">Previous<\/span><\/div><div class=\"grve-carousel-next\"><i class=\"grve-icon-nav-right-small\"><\/i><span class=\"screen-reader-text\">Next<\/span><\/div><\/div><\/div>\r\n\t\t\t<div class=\"grve-blog grve-blog-carousel grve-carousel-element\" data-items=\"4\" data-items-tablet-landscape=\"3\" data-items-tablet-portrait=\"3\" data-items-mobile=\"1\" data-slider-autoplay=\"yes\" data-slider-loop=\"yes\" data-slider-speed=\"3000\" data-slider-pause=\"no\" data-pagination-speed=\"400\" data-pagination=\"no\" data-gutter-size=\"40\">\r\n\t\t\t\t<div class=\"grve-carousel-item\">\r\n\t\t\t\t\t<article class=\"grve-post-item post-15330 post type-post status-publish format-standard has-post-thumbnail hentry category-analyses-commentaires category-guerre category-medias category-pensee-critique\" itemscope itemType=\"http:\/\/schema.org\/BlogPosting\">\r\n\t\t\t\t\t\t\t\t<div class=\"grve-media grve-image-hover\">\r\n\t\t\t\t\t\t<a href=\"https:\/\/congolobilelo.com\/IN\/lire-charles-onana-et-constituer-sa-petite-bibliotheque\/\"><img loading=\"lazy\" decoding=\"async\" width=\"560\" height=\"420\" src=\"https:\/\/congolobilelo.com\/IN\/wp-content\/uploads\/2024\/09\/onana-rwanda2-1-560x420.jpg\" class=\"attachment-movedo-grve-small-rect-horizontal size-movedo-grve-small-rect-horizontal wp-post-image\" alt=\"\" \/><\/a>\r\n\t\t\t\r\n\t\t<\/div>\r\n\t\t\t\t\t\t<div class=\"grve-post-content\">\r\n\t\t\t\t\t\t\t<ul class=\"grve-post-meta\">\r\n\t\t\t\t\t\t\t\t\t\t\t\t\t\t\t<\/ul>\r\n\t\t\t\t\t\t\t<a href=\"https:\/\/congolobilelo.com\/IN\/lire-charles-onana-et-constituer-sa-petite-bibliotheque\/\" rel=\"bookmark\"><h2 class=\"grve-post-title grve-post-title-hover grve-h3\" itemprop=\"headline\">Lire Charles Onana et constituer sa petite biblioth\u00e8que<\/h2><\/a>\t\t\t\t\t\t\t\t\t<span class=\"grve-hidden\">\r\n\t\t\t<span class=\"grve-structured-data entry-title\">Lire Charles Onana et constituer sa petite biblioth\u00e8que<\/span>\r\n\t\t\t<span class=\"grve-structured-data\" itemprop=\"image\" itemscope itemtype=\"http:\/\/schema.org\/ImageObject\">\r\n\t\t\t   <span itemprop='url' >https:\/\/congolobilelo.com\/IN\/wp-content\/uploads\/2024\/09\/onana-rwanda2-1.jpg<\/span>\r\n\t\t\t   <span itemprop='height' >960<\/span>\r\n\t\t\t   <span itemprop='width' >540<\/span>\r\n\t\t\t<\/span>\r\n\t\t\t\t\t\t<span class=\"grve-structured-data vcard author\" itemprop=\"author\" itemscope itemtype=\"http:\/\/schema.org\/Person\">\r\n\t\t\t\t<span itemprop=\"name\" class=\"fn\">IN<\/span>\r\n\t\t\t<\/span>\r\n\t\t\t<span class=\"grve-structured-data\" itemprop=\"publisher\" itemscope itemtype=\"http:\/\/schema.org\/Organization\">\r\n\t\t\t\t<span itemprop='name'>IN<\/span>\r\n\t\t\t\t<span itemprop='logo' itemscope itemtype='http:\/\/schema.org\/ImageObject'>\r\n\t\t\t\t\t<span itemprop='url'>\/\/congolobilelo.com\/IN\/wp-content\/uploads\/2024\/11\/INGETA-80.png<\/span>\r\n\t\t\t\t<\/span>\r\n\t\t\t<\/span>\r\n\t\t\t\t\t\t<time class=\"grve-structured-data date published\" itemprop=\"datePublished\" datetime=\"2024-09-28T18:34:04+02:00\">28 September 2024<\/time>\r\n\t\t\t<time class=\"grve-structured-data date updated\" itemprop=\"dateModified\"  datetime=\"2024-09-28T18:34:04+02:00\">28 September 2024<\/time>\r\n\t\t\t<span class=\"grve-structured-data\" itemprop=\"mainEntityOfPage\" itemscope itemtype=\"http:\/\/schema.org\/WebPage\" itemid=\"https:\/\/congolobilelo.com\/IN\/lire-charles-onana-et-constituer-sa-petite-bibliotheque\/\"><\/span>\r\n\t\t<\/span>\r\n\t\t\t\t\t\t\t\t<div itemprop=\"articleBody\"><p>Par Jean-Pierre Mbelu \u00ab\u00a0On tue pas les id\u00e9es. \u00bb &#8211; Fidel Castro Mise en route Deux personnes de l&#8217;histoire philosophique et spirituelle, condamn\u00e9es par les&hellip;<\/p><\/div>\t\t\t\t\t\t<\/div>\r\n\t\t\t\t\t<\/article>\r\n\t\t\t\t<\/div>\r\n\t\t\t\t<div class=\"grve-carousel-item\">\r\n\t\t\t\t\t<article class=\"grve-post-item post-15326 post type-post status-publish format-standard has-post-thumbnail hentry category-analyses-commentaires category-guerre category-medias category-pensee-critique\" itemscope itemType=\"http:\/\/schema.org\/BlogPosting\">\r\n\t\t\t\t\t\t\t\t<div class=\"grve-media grve-image-hover\">\r\n\t\t\t\t\t\t<a href=\"https:\/\/congolobilelo.com\/IN\/charles-onana-face-a-un-deuxieme-jury\/\"><img loading=\"lazy\" decoding=\"async\" width=\"560\" height=\"420\" src=\"https:\/\/congolobilelo.com\/IN\/wp-content\/uploads\/2024\/09\/Onana2-1-560x420.jpg\" class=\"attachment-movedo-grve-small-rect-horizontal size-movedo-grve-small-rect-horizontal wp-post-image\" alt=\"\" \/><\/a>\r\n\t\t\t\r\n\t\t<\/div>\r\n\t\t\t\t\t\t<div class=\"grve-post-content\">\r\n\t\t\t\t\t\t\t<ul class=\"grve-post-meta\">\r\n\t\t\t\t\t\t\t\t\t\t\t\t\t\t\t<\/ul>\r\n\t\t\t\t\t\t\t<a href=\"https:\/\/congolobilelo.com\/IN\/charles-onana-face-a-un-deuxieme-jury\/\" rel=\"bookmark\"><h2 class=\"grve-post-title grve-post-title-hover grve-h3\" itemprop=\"headline\">Charles Onana face \u00e0 un &#8220;deuxi\u00e8me jury&#8221;<\/h2><\/a>\t\t\t\t\t\t\t\t\t<span class=\"grve-hidden\">\r\n\t\t\t<span class=\"grve-structured-data entry-title\">Charles Onana face \u00e0 un &#8220;deuxi\u00e8me jury&#8221;<\/span>\r\n\t\t\t<span class=\"grve-structured-data\" itemprop=\"image\" itemscope itemtype=\"http:\/\/schema.org\/ImageObject\">\r\n\t\t\t   <span itemprop='url' >https:\/\/congolobilelo.com\/IN\/wp-content\/uploads\/2024\/09\/Onana2-1.jpg<\/span>\r\n\t\t\t   <span itemprop='height' >800<\/span>\r\n\t\t\t   <span itemprop='width' >450<\/span>\r\n\t\t\t<\/span>\r\n\t\t\t\t\t\t<span class=\"grve-structured-data vcard author\" itemprop=\"author\" itemscope itemtype=\"http:\/\/schema.org\/Person\">\r\n\t\t\t\t<span itemprop=\"name\" class=\"fn\">IN<\/span>\r\n\t\t\t<\/span>\r\n\t\t\t<span class=\"grve-structured-data\" itemprop=\"publisher\" itemscope itemtype=\"http:\/\/schema.org\/Organization\">\r\n\t\t\t\t<span itemprop='name'>IN<\/span>\r\n\t\t\t\t<span itemprop='logo' itemscope itemtype='http:\/\/schema.org\/ImageObject'>\r\n\t\t\t\t\t<span itemprop='url'>\/\/congolobilelo.com\/IN\/wp-content\/uploads\/2024\/11\/INGETA-80.png<\/span>\r\n\t\t\t\t<\/span>\r\n\t\t\t<\/span>\r\n\t\t\t\t\t\t<time class=\"grve-structured-data date published\" itemprop=\"datePublished\" datetime=\"2024-09-27T17:41:02+02:00\">27 September 2024<\/time>\r\n\t\t\t<time class=\"grve-structured-data date updated\" itemprop=\"dateModified\"  datetime=\"2024-09-27T17:41:02+02:00\">27 September 2024<\/time>\r\n\t\t\t<span class=\"grve-structured-data\" itemprop=\"mainEntityOfPage\" itemscope itemtype=\"http:\/\/schema.org\/WebPage\" itemid=\"https:\/\/congolobilelo.com\/IN\/charles-onana-face-a-un-deuxieme-jury\/\"><\/span>\r\n\t\t<\/span>\r\n\t\t\t\t\t\t\t\t<div itemprop=\"articleBody\"><p>Par Jean-Pierre Mbelu Des compatriotes africains des Grands Lacs et Kongolais sont inquiets depuis qu&#8217;ils ont appris que l&#8217;auteur de &#8220;Rwanda, la v\u00e9rit\u00e9 sur l&#8217;op\u00e9ration&hellip;<\/p><\/div>\t\t\t\t\t\t<\/div>\r\n\t\t\t\t\t<\/article>\r\n\t\t\t\t<\/div>\r\n\t\t\t\t<div class=\"grve-carousel-item\">\r\n\t\t\t\t\t<article class=\"grve-post-item post-7061 post type-post status-publish format-video has-post-thumbnail hentry category-documents-presse category-politique-societe category-videos post_format-post-format-video\" itemscope itemType=\"http:\/\/schema.org\/BlogPosting\">\r\n\t\t\t\t\t\t\t\t<div class=\"grve-media grve-image-hover\">\r\n\t\t\t\t\t\t<a href=\"https:\/\/congolobilelo.com\/IN\/rd-congo-guerre-paix-conference-de-linstitut-diplomatique-de-vienne-29-octobre-2014\/\"><\/a>\r\n\t\t\t\r\n\t\t<\/div>\r\n\t\t\t\t\t\t<div class=\"grve-post-content\">\r\n\t\t\t\t\t\t\t<ul class=\"grve-post-meta\">\r\n\t\t\t\t\t\t\t\t\t\t\t\t\t\t\t<\/ul>\r\n\t\t\t\t\t\t\t<a href=\"https:\/\/congolobilelo.com\/IN\/rd-congo-guerre-paix-conference-de-linstitut-diplomatique-de-vienne-29-octobre-2014\/\" rel=\"bookmark\"><h2 class=\"grve-post-title grve-post-title-hover grve-h3\" itemprop=\"headline\">RD Congo: Guerre &#038; paix (Conf\u00e9rence de l&#8217;institut diplomatique de Vienne, 29 octobre 2014)<\/h2><\/a>\t\t\t\t\t\t\t\t\t<span class=\"grve-hidden\">\r\n\t\t\t<span class=\"grve-structured-data entry-title\">RD Congo: Guerre &#038; paix (Conf\u00e9rence de l&#8217;institut diplomatique de Vienne, 29 octobre 2014)<\/span>\r\n\t\t\t<span class=\"grve-structured-data\" itemprop=\"image\" itemscope itemtype=\"http:\/\/schema.org\/ImageObject\">\r\n\t\t\t   <span itemprop='url' ><\/span>\r\n\t\t\t   <span itemprop='height' ><\/span>\r\n\t\t\t   <span itemprop='width' ><\/span>\r\n\t\t\t<\/span>\r\n\t\t\t\t\t\t<span class=\"grve-structured-data vcard author\" itemprop=\"author\" itemscope itemtype=\"http:\/\/schema.org\/Person\">\r\n\t\t\t\t<span itemprop=\"name\" class=\"fn\">IN<\/span>\r\n\t\t\t<\/span>\r\n\t\t\t<span class=\"grve-structured-data\" itemprop=\"publisher\" itemscope itemtype=\"http:\/\/schema.org\/Organization\">\r\n\t\t\t\t<span itemprop='name'>IN<\/span>\r\n\t\t\t\t<span itemprop='logo' itemscope itemtype='http:\/\/schema.org\/ImageObject'>\r\n\t\t\t\t\t<span itemprop='url'>\/\/congolobilelo.com\/IN\/wp-content\/uploads\/2024\/11\/INGETA-80.png<\/span>\r\n\t\t\t\t<\/span>\r\n\t\t\t<\/span>\r\n\t\t\t\t\t\t<time class=\"grve-structured-data date published\" itemprop=\"datePublished\" datetime=\"2014-11-15T11:01:54+01:00\">15 November 2014<\/time>\r\n\t\t\t<time class=\"grve-structured-data date updated\" itemprop=\"dateModified\"  datetime=\"2014-11-15T11:01:54+01:00\">15 November 2014<\/time>\r\n\t\t\t<span class=\"grve-structured-data\" itemprop=\"mainEntityOfPage\" itemscope itemtype=\"http:\/\/schema.org\/WebPage\" itemid=\"https:\/\/congolobilelo.com\/IN\/rd-congo-guerre-paix-conference-de-linstitut-diplomatique-de-vienne-29-octobre-2014\/\"><\/span>\r\n\t\t<\/span>\r\n\t\t\t\t\t\t\t\t<div itemprop=\"articleBody\">Apr\u00e8s deux d\u00e9cennies de combats qui ont fait des millions de morts, il y a un nouvel espoir pour la paix. Un plan de paix a \u00e9t\u00e9 \u00e9tabli avec le mouvement rebelle M23. D\u2019autres groupes arm\u00e9s ont pu \u00eatre repouss\u00e9s gr\u00e2ce \u00e0 l\u2019action conjointe des troupes de l\u2019ONU et de l\u2019arm\u00e9e congolaise. Mais ce n\u2019est [...]<\/div>\t\t\t\t\t\t<\/div>\r\n\t\t\t\t\t<\/article>\r\n\t\t\t\t<\/div>\r\n\t\t\t\t<div class=\"grve-carousel-item\">\r\n\t\t\t\t\t<article class=\"grve-post-item post-7030 post type-post status-publish format-video has-post-thumbnail hentry category-documents-presse category-politique-societe category-videos post_format-post-format-video\" itemscope itemType=\"http:\/\/schema.org\/BlogPosting\">\r\n\t\t\t\t\t\t\t\t<div class=\"grve-media grve-image-hover\">\r\n\t\t\t\t\t\t<a href=\"https:\/\/congolobilelo.com\/IN\/congo-in-harlem-6-special-panel-discussion-on-drcs-2016-elections\/\"><\/a>\r\n\t\t\t\r\n\t\t<\/div>\r\n\t\t\t\t\t\t<div class=\"grve-post-content\">\r\n\t\t\t\t\t\t\t<ul class=\"grve-post-meta\">\r\n\t\t\t\t\t\t\t\t\t\t\t\t\t\t\t<\/ul>\r\n\t\t\t\t\t\t\t<a href=\"https:\/\/congolobilelo.com\/IN\/congo-in-harlem-6-special-panel-discussion-on-drcs-2016-elections\/\" rel=\"bookmark\"><h2 class=\"grve-post-title grve-post-title-hover grve-h3\" itemprop=\"headline\">Congo in Harlem 6: Special Panel Discussion on DRC&#8217;s 2016 Elections<\/h2><\/a>\t\t\t\t\t\t\t\t\t<span class=\"grve-hidden\">\r\n\t\t\t<span class=\"grve-structured-data entry-title\">Congo in Harlem 6: Special Panel Discussion on DRC&#8217;s 2016 Elections<\/span>\r\n\t\t\t<span class=\"grve-structured-data\" itemprop=\"image\" itemscope itemtype=\"http:\/\/schema.org\/ImageObject\">\r\n\t\t\t   <span itemprop='url' ><\/span>\r\n\t\t\t   <span itemprop='height' ><\/span>\r\n\t\t\t   <span itemprop='width' ><\/span>\r\n\t\t\t<\/span>\r\n\t\t\t\t\t\t<span class=\"grve-structured-data vcard author\" itemprop=\"author\" itemscope itemtype=\"http:\/\/schema.org\/Person\">\r\n\t\t\t\t<span itemprop=\"name\" class=\"fn\">IN<\/span>\r\n\t\t\t<\/span>\r\n\t\t\t<span class=\"grve-structured-data\" itemprop=\"publisher\" itemscope itemtype=\"http:\/\/schema.org\/Organization\">\r\n\t\t\t\t<span itemprop='name'>IN<\/span>\r\n\t\t\t\t<span itemprop='logo' itemscope itemtype='http:\/\/schema.org\/ImageObject'>\r\n\t\t\t\t\t<span itemprop='url'>\/\/congolobilelo.com\/IN\/wp-content\/uploads\/2024\/11\/INGETA-80.png<\/span>\r\n\t\t\t\t<\/span>\r\n\t\t\t<\/span>\r\n\t\t\t\t\t\t<time class=\"grve-structured-data date published\" itemprop=\"datePublished\" datetime=\"2014-11-02T08:00:02+01:00\">2 November 2014<\/time>\r\n\t\t\t<time class=\"grve-structured-data date updated\" itemprop=\"dateModified\"  datetime=\"2014-11-02T08:00:02+01:00\">2 November 2014<\/time>\r\n\t\t\t<span class=\"grve-structured-data\" itemprop=\"mainEntityOfPage\" itemscope itemtype=\"http:\/\/schema.org\/WebPage\" itemid=\"https:\/\/congolobilelo.com\/IN\/congo-in-harlem-6-special-panel-discussion-on-drcs-2016-elections\/\"><\/span>\r\n\t\t<\/span>\r\n\t\t\t\t\t\t\t\t<div itemprop=\"articleBody\">A central issue of concern to the Congolese populace at large is the transition from the current government to a new one in 2016. President Joseph Kabila's second term in office will expire in December 2016 and per the Congolese constitution, he is not permitted to run for a third term. His political party has [...]<\/div>\t\t\t\t\t\t<\/div>\r\n\t\t\t\t\t<\/article>\r\n\t\t\t\t<\/div>\r\n\t\t\t\t<div class=\"grve-carousel-item\">\r\n\t\t\t\t\t<article class=\"grve-post-item post-6993 post type-post status-publish format-video has-post-thumbnail hentry category-documents-presse category-politique-societe category-videos post_format-post-format-video\" itemscope itemType=\"http:\/\/schema.org\/BlogPosting\">\r\n\t\t\t\t\t\t\t\t<div class=\"grve-media grve-image-hover\">\r\n\t\t\t\t\t\t<a href=\"https:\/\/congolobilelo.com\/IN\/congologie-le-sens-du-leopard\/\"><\/a>\r\n\t\t\t\r\n\t\t<\/div>\r\n\t\t\t\t\t\t<div class=\"grve-post-content\">\r\n\t\t\t\t\t\t\t<ul class=\"grve-post-meta\">\r\n\t\t\t\t\t\t\t\t\t\t\t\t\t\t\t<\/ul>\r\n\t\t\t\t\t\t\t<a href=\"https:\/\/congolobilelo.com\/IN\/congologie-le-sens-du-leopard\/\" rel=\"bookmark\"><h2 class=\"grve-post-title grve-post-title-hover grve-h3\" itemprop=\"headline\">Sur l\u2019importance de conna\u00eetre l\u2019histoire du Congo et le sens du l\u00e9opard<\/h2><\/a>\t\t\t\t\t\t\t\t\t<span class=\"grve-hidden\">\r\n\t\t\t<span class=\"grve-structured-data entry-title\">Sur l\u2019importance de conna\u00eetre l\u2019histoire du Congo et le sens du l\u00e9opard<\/span>\r\n\t\t\t<span class=\"grve-structured-data\" itemprop=\"image\" itemscope itemtype=\"http:\/\/schema.org\/ImageObject\">\r\n\t\t\t   <span itemprop='url' ><\/span>\r\n\t\t\t   <span itemprop='height' ><\/span>\r\n\t\t\t   <span itemprop='width' ><\/span>\r\n\t\t\t<\/span>\r\n\t\t\t\t\t\t<span class=\"grve-structured-data vcard author\" itemprop=\"author\" itemscope itemtype=\"http:\/\/schema.org\/Person\">\r\n\t\t\t\t<span itemprop=\"name\" class=\"fn\">IN<\/span>\r\n\t\t\t<\/span>\r\n\t\t\t<span class=\"grve-structured-data\" itemprop=\"publisher\" itemscope itemtype=\"http:\/\/schema.org\/Organization\">\r\n\t\t\t\t<span itemprop='name'>IN<\/span>\r\n\t\t\t\t<span itemprop='logo' itemscope itemtype='http:\/\/schema.org\/ImageObject'>\r\n\t\t\t\t\t<span itemprop='url'>\/\/congolobilelo.com\/IN\/wp-content\/uploads\/2024\/11\/INGETA-80.png<\/span>\r\n\t\t\t\t<\/span>\r\n\t\t\t<\/span>\r\n\t\t\t\t\t\t<time class=\"grve-structured-data date published\" itemprop=\"datePublished\" datetime=\"2014-10-14T19:10:26+02:00\">14 October 2014<\/time>\r\n\t\t\t<time class=\"grve-structured-data date updated\" itemprop=\"dateModified\"  datetime=\"2014-10-14T19:10:26+02:00\">14 October 2014<\/time>\r\n\t\t\t<span class=\"grve-structured-data\" itemprop=\"mainEntityOfPage\" itemscope itemtype=\"http:\/\/schema.org\/WebPage\" itemid=\"https:\/\/congolobilelo.com\/IN\/congologie-le-sens-du-leopard\/\"><\/span>\r\n\t\t<\/span>\r\n\t\t\t\t\t\t\t\t<div itemprop=\"articleBody\">Dans ce nouvel \u00e9pisode de Congologie, Kambale Musavuli rappelle que la question du changement est celui du changement de syst\u00e8me et non de personnes, insiste sur l\u2019importance de conna\u00eetre l\u2019histoire du Congo et surtout des combats que les diff\u00e9rents peuples et tribus du pays ont men\u00e9 contre les envahisseurs, notamment belges. Il expose \u00e9galement le [...]<\/div>\t\t\t\t\t\t<\/div>\r\n\t\t\t\t\t<\/article>\r\n\t\t\t\t<\/div>\r\n\t\t\t\t<div class=\"grve-carousel-item\">\r\n\t\t\t\t\t<article class=\"grve-post-item post-6998 post type-post status-publish format-video has-post-thumbnail hentry category-documents-presse category-politique-societe category-videos post_format-post-format-video\" itemscope itemType=\"http:\/\/schema.org\/BlogPosting\">\r\n\t\t\t\t\t\t\t\t<div class=\"grve-media grve-image-hover\">\r\n\t\t\t\t\t\t<a href=\"https:\/\/congolobilelo.com\/IN\/africom-go-home-bases-etrangeres-hors-dafrique\/\"><\/a>\r\n\t\t\t\r\n\t\t<\/div>\r\n\t\t\t\t\t\t<div class=\"grve-post-content\">\r\n\t\t\t\t\t\t\t<ul class=\"grve-post-meta\">\r\n\t\t\t\t\t\t\t\t\t\t\t\t\t\t\t<\/ul>\r\n\t\t\t\t\t\t\t<a href=\"https:\/\/congolobilelo.com\/IN\/africom-go-home-bases-etrangeres-hors-dafrique\/\" rel=\"bookmark\"><h2 class=\"grve-post-title grve-post-title-hover grve-h3\" itemprop=\"headline\">AFRICOM Go Home, Bases E\u0301trange\u0300res Hors d&#8217;Afrique<\/h2><\/a>\t\t\t\t\t\t\t\t\t<span class=\"grve-hidden\">\r\n\t\t\t<span class=\"grve-structured-data entry-title\">AFRICOM Go Home, Bases E\u0301trange\u0300res Hors d&#8217;Afrique<\/span>\r\n\t\t\t<span class=\"grve-structured-data\" itemprop=\"image\" itemscope itemtype=\"http:\/\/schema.org\/ImageObject\">\r\n\t\t\t   <span itemprop='url' ><\/span>\r\n\t\t\t   <span itemprop='height' ><\/span>\r\n\t\t\t   <span itemprop='width' ><\/span>\r\n\t\t\t<\/span>\r\n\t\t\t\t\t\t<span class=\"grve-structured-data vcard author\" itemprop=\"author\" itemscope itemtype=\"http:\/\/schema.org\/Person\">\r\n\t\t\t\t<span itemprop=\"name\" class=\"fn\">IN<\/span>\r\n\t\t\t<\/span>\r\n\t\t\t<span class=\"grve-structured-data\" itemprop=\"publisher\" itemscope itemtype=\"http:\/\/schema.org\/Organization\">\r\n\t\t\t\t<span itemprop='name'>IN<\/span>\r\n\t\t\t\t<span itemprop='logo' itemscope itemtype='http:\/\/schema.org\/ImageObject'>\r\n\t\t\t\t\t<span itemprop='url'>\/\/congolobilelo.com\/IN\/wp-content\/uploads\/2024\/11\/INGETA-80.png<\/span>\r\n\t\t\t\t<\/span>\r\n\t\t\t<\/span>\r\n\t\t\t\t\t\t<time class=\"grve-structured-data date published\" itemprop=\"datePublished\" datetime=\"2014-10-14T10:43:18+02:00\">14 October 2014<\/time>\r\n\t\t\t<time class=\"grve-structured-data date updated\" itemprop=\"dateModified\"  datetime=\"2014-10-14T10:43:18+02:00\">14 October 2014<\/time>\r\n\t\t\t<span class=\"grve-structured-data\" itemprop=\"mainEntityOfPage\" itemscope itemtype=\"http:\/\/schema.org\/WebPage\" itemid=\"https:\/\/congolobilelo.com\/IN\/africom-go-home-bases-etrangeres-hors-dafrique\/\"><\/span>\r\n\t\t<\/span>\r\n\t\t\t\t\t\t\t\t<div itemprop=\"articleBody\">Cette version AFRICOM Go Home Bases \u00e9trang\u00e8res hors d'Afrique sur Youtube remplace celle d\u00e9j\u00e0 vue depuis le 30 D\u00e9cembre 2013 par quelques centaines de personnes.. Pour les connexions lentes prendre quelques minutes d'attente pour la mise en m\u00e9moire tampon-buffering avant de visionner. AFRICOM GO HOME, Bases \u00e9trang\u00e8res hors d'Afrique est un film document dans le [...]<\/div>\t\t\t\t\t\t<\/div>\r\n\t\t\t\t\t<\/article>\r\n\t\t\t\t<\/div>\r\n\t\t\t\t<div class=\"grve-carousel-item\">\r\n\t\t\t\t\t<article class=\"grve-post-item post-6945 post type-post status-publish format-video has-post-thumbnail hentry category-documents-presse category-politique-societe post_format-post-format-video\" itemscope itemType=\"http:\/\/schema.org\/BlogPosting\">\r\n\t\t\t\t\t\t\t\t<div class=\"grve-media grve-image-hover\">\r\n\t\t\t\t\t\t<a href=\"https:\/\/congolobilelo.com\/IN\/pour-une-insurrection-des-consciences-congolaises\/\"><\/a>\r\n\t\t\t\r\n\t\t<\/div>\r\n\t\t\t\t\t\t<div class=\"grve-post-content\">\r\n\t\t\t\t\t\t\t<ul class=\"grve-post-meta\">\r\n\t\t\t\t\t\t\t\t\t\t\t\t\t\t\t<\/ul>\r\n\t\t\t\t\t\t\t<a href=\"https:\/\/congolobilelo.com\/IN\/pour-une-insurrection-des-consciences-congolaises\/\" rel=\"bookmark\"><h2 class=\"grve-post-title grve-post-title-hover grve-h3\" itemprop=\"headline\">Pour une insurrection des consciences congolaises&#8230;<\/h2><\/a>\t\t\t\t\t\t\t\t\t<span class=\"grve-hidden\">\r\n\t\t\t<span class=\"grve-structured-data entry-title\">Pour une insurrection des consciences congolaises&#8230;<\/span>\r\n\t\t\t<span class=\"grve-structured-data\" itemprop=\"image\" itemscope itemtype=\"http:\/\/schema.org\/ImageObject\">\r\n\t\t\t   <span itemprop='url' ><\/span>\r\n\t\t\t   <span itemprop='height' ><\/span>\r\n\t\t\t   <span itemprop='width' ><\/span>\r\n\t\t\t<\/span>\r\n\t\t\t\t\t\t<span class=\"grve-structured-data vcard author\" itemprop=\"author\" itemscope itemtype=\"http:\/\/schema.org\/Person\">\r\n\t\t\t\t<span itemprop=\"name\" class=\"fn\">IN<\/span>\r\n\t\t\t<\/span>\r\n\t\t\t<span class=\"grve-structured-data\" itemprop=\"publisher\" itemscope itemtype=\"http:\/\/schema.org\/Organization\">\r\n\t\t\t\t<span itemprop='name'>IN<\/span>\r\n\t\t\t\t<span itemprop='logo' itemscope itemtype='http:\/\/schema.org\/ImageObject'>\r\n\t\t\t\t\t<span itemprop='url'>\/\/congolobilelo.com\/IN\/wp-content\/uploads\/2024\/11\/INGETA-80.png<\/span>\r\n\t\t\t\t<\/span>\r\n\t\t\t<\/span>\r\n\t\t\t\t\t\t<time class=\"grve-structured-data date published\" itemprop=\"datePublished\" datetime=\"2014-09-30T11:55:46+02:00\">30 September 2014<\/time>\r\n\t\t\t<time class=\"grve-structured-data date updated\" itemprop=\"dateModified\"  datetime=\"2014-09-30T11:55:46+02:00\">30 September 2014<\/time>\r\n\t\t\t<span class=\"grve-structured-data\" itemprop=\"mainEntityOfPage\" itemscope itemtype=\"http:\/\/schema.org\/WebPage\" itemid=\"https:\/\/congolobilelo.com\/IN\/pour-une-insurrection-des-consciences-congolaises\/\"><\/span>\r\n\t\t<\/span>\r\n\t\t\t\t\t\t\t\t<div itemprop=\"articleBody\">Dans ce nouvel \u00e9pisode de Congologie, Kambale Musavuli revient sur le sens et les enjeux des \u00e9lections en RDC. Il souligne pourquoi il est important d\u2019\u00eatre pro-actif au lieu de se contenter d\u2019\u00eatre en r\u00e9action \u00e0, invite la jeunesse congolaise \u00e0 prendre l\u2019exemple du mouvement national congolais de Patrice Lumumba et encourage les congolais \u00e0 [...]<\/div>\t\t\t\t\t\t<\/div>\r\n\t\t\t\t\t<\/article>\r\n\t\t\t\t<\/div>\r\n\t\t\t\t<div class=\"grve-carousel-item\">\r\n\t\t\t\t\t<article class=\"grve-post-item post-6935 post type-post status-publish format-standard has-post-thumbnail hentry category-culture category-medias category-rencontresdebats category-usa\" itemscope itemType=\"http:\/\/schema.org\/BlogPosting\">\r\n\t\t\t\t\t\t\t\t<div class=\"grve-media grve-image-hover\">\r\n\t\t\t\t\t\t<a href=\"https:\/\/congolobilelo.com\/IN\/congo-in-harlem-6-du-16-au-26-octobre-2014-a-new-york\/\"><\/a>\r\n\t\t\t\r\n\t\t<\/div>\r\n\t\t\t\t\t\t<div class=\"grve-post-content\">\r\n\t\t\t\t\t\t\t<ul class=\"grve-post-meta\">\r\n\t\t\t\t\t\t\t\t\t\t\t\t\t\t\t<\/ul>\r\n\t\t\t\t\t\t\t<a href=\"https:\/\/congolobilelo.com\/IN\/congo-in-harlem-6-du-16-au-26-octobre-2014-a-new-york\/\" rel=\"bookmark\"><h2 class=\"grve-post-title grve-post-title-hover grve-h3\" itemprop=\"headline\">Festival du film &#8211; Congo in Harlem #6: Du 16 au 26 octobre 2014 \u00e0 New-York<\/h2><\/a>\t\t\t\t\t\t\t\t\t<span class=\"grve-hidden\">\r\n\t\t\t<span class=\"grve-structured-data entry-title\">Festival du film &#8211; Congo in Harlem #6: Du 16 au 26 octobre 2014 \u00e0 New-York<\/span>\r\n\t\t\t<span class=\"grve-structured-data\" itemprop=\"image\" itemscope itemtype=\"http:\/\/schema.org\/ImageObject\">\r\n\t\t\t   <span itemprop='url' ><\/span>\r\n\t\t\t   <span itemprop='height' ><\/span>\r\n\t\t\t   <span itemprop='width' ><\/span>\r\n\t\t\t<\/span>\r\n\t\t\t\t\t\t<span class=\"grve-structured-data vcard author\" itemprop=\"author\" itemscope itemtype=\"http:\/\/schema.org\/Person\">\r\n\t\t\t\t<span itemprop=\"name\" class=\"fn\">IN<\/span>\r\n\t\t\t<\/span>\r\n\t\t\t<span class=\"grve-structured-data\" itemprop=\"publisher\" itemscope itemtype=\"http:\/\/schema.org\/Organization\">\r\n\t\t\t\t<span itemprop='name'>IN<\/span>\r\n\t\t\t\t<span itemprop='logo' itemscope itemtype='http:\/\/schema.org\/ImageObject'>\r\n\t\t\t\t\t<span itemprop='url'>\/\/congolobilelo.com\/IN\/wp-content\/uploads\/2024\/11\/INGETA-80.png<\/span>\r\n\t\t\t\t<\/span>\r\n\t\t\t<\/span>\r\n\t\t\t\t\t\t<time class=\"grve-structured-data date published\" itemprop=\"datePublished\" datetime=\"2014-09-26T13:16:40+02:00\">26 September 2014<\/time>\r\n\t\t\t<time class=\"grve-structured-data date updated\" itemprop=\"dateModified\"  datetime=\"2014-09-26T13:16:40+02:00\">26 September 2014<\/time>\r\n\t\t\t<span class=\"grve-structured-data\" itemprop=\"mainEntityOfPage\" itemscope itemtype=\"http:\/\/schema.org\/WebPage\" itemid=\"https:\/\/congolobilelo.com\/IN\/congo-in-harlem-6-du-16-au-26-octobre-2014-a-new-york\/\"><\/span>\r\n\t\t<\/span>\r\n\t\t\t\t\t\t\t\t<div itemprop=\"articleBody\">Communiqu\u00e9. Comme chaque ann\u00e9e, cette sixi\u00e8me \u00e9dition du festival Congo In Harlem \u00a0pr\u00e9voit de nombreuses activit\u00e9s, notamment la diffusion de certains films. Ainsi, une table ronde sp\u00e9ciale sur l'\u00e9tat actuel du journalisme en R\u00e9publique d\u00e9mocratique du Congo sera organis\u00e9e en collaboration \u00a0avec la Columbia University School of Journalism\u2019s Brown Institute for Media Innovation. Parmi les [...]<\/div>\t\t\t\t\t\t<\/div>\r\n\t\t\t\t\t<\/article>\r\n\t\t\t\t<\/div>\r\n\t\t\t\t<div class=\"grve-carousel-item\">\r\n\t\t\t\t\t<article class=\"grve-post-item post-6921 post type-post status-publish format-video has-post-thumbnail hentry category-documents-presse category-mondialisation category-politique-societe category-videos post_format-post-format-video\" itemscope itemType=\"http:\/\/schema.org\/BlogPosting\">\r\n\t\t\t\t\t\t\t\t<div class=\"grve-media grve-image-hover\">\r\n\t\t\t\t\t\t<a href=\"https:\/\/congolobilelo.com\/IN\/usa-les-multinationales-kagame-et-le-pillage-du-congo-quel-role-doit-jouer-la-diaspora-congolaise\/\"><\/a>\r\n\t\t\t\r\n\t\t<\/div>\r\n\t\t\t\t\t\t<div class=\"grve-post-content\">\r\n\t\t\t\t\t\t\t<ul class=\"grve-post-meta\">\r\n\t\t\t\t\t\t\t\t\t\t\t\t\t\t\t<\/ul>\r\n\t\t\t\t\t\t\t<a href=\"https:\/\/congolobilelo.com\/IN\/usa-les-multinationales-kagame-et-le-pillage-du-congo-quel-role-doit-jouer-la-diaspora-congolaise\/\" rel=\"bookmark\"><h2 class=\"grve-post-title grve-post-title-hover grve-h3\" itemprop=\"headline\">USA, les multinationales, Kagam\u00e9 et le pillage du Congo: Quel r\u00f4le doit jouer la diaspora congolaise?<\/h2><\/a>\t\t\t\t\t\t\t\t\t<span class=\"grve-hidden\">\r\n\t\t\t<span class=\"grve-structured-data entry-title\">USA, les multinationales, Kagam\u00e9 et le pillage du Congo: Quel r\u00f4le doit jouer la diaspora congolaise?<\/span>\r\n\t\t\t<span class=\"grve-structured-data\" itemprop=\"image\" itemscope itemtype=\"http:\/\/schema.org\/ImageObject\">\r\n\t\t\t   <span itemprop='url' ><\/span>\r\n\t\t\t   <span itemprop='height' ><\/span>\r\n\t\t\t   <span itemprop='width' ><\/span>\r\n\t\t\t<\/span>\r\n\t\t\t\t\t\t<span class=\"grve-structured-data vcard author\" itemprop=\"author\" itemscope itemtype=\"http:\/\/schema.org\/Person\">\r\n\t\t\t\t<span itemprop=\"name\" class=\"fn\">IN<\/span>\r\n\t\t\t<\/span>\r\n\t\t\t<span class=\"grve-structured-data\" itemprop=\"publisher\" itemscope itemtype=\"http:\/\/schema.org\/Organization\">\r\n\t\t\t\t<span itemprop='name'>IN<\/span>\r\n\t\t\t\t<span itemprop='logo' itemscope itemtype='http:\/\/schema.org\/ImageObject'>\r\n\t\t\t\t\t<span itemprop='url'>\/\/congolobilelo.com\/IN\/wp-content\/uploads\/2024\/11\/INGETA-80.png<\/span>\r\n\t\t\t\t<\/span>\r\n\t\t\t<\/span>\r\n\t\t\t\t\t\t<time class=\"grve-structured-data date published\" itemprop=\"datePublished\" datetime=\"2014-09-23T14:00:40+02:00\">23 September 2014<\/time>\r\n\t\t\t<time class=\"grve-structured-data date updated\" itemprop=\"dateModified\"  datetime=\"2014-09-23T14:00:40+02:00\">23 September 2014<\/time>\r\n\t\t\t<span class=\"grve-structured-data\" itemprop=\"mainEntityOfPage\" itemscope itemtype=\"http:\/\/schema.org\/WebPage\" itemid=\"https:\/\/congolobilelo.com\/IN\/usa-les-multinationales-kagame-et-le-pillage-du-congo-quel-role-doit-jouer-la-diaspora-congolaise\/\"><\/span>\r\n\t\t<\/span>\r\n\t\t\t\t\t\t\t\t<div itemprop=\"articleBody\">Dans ce nouvel \u00e9pisode de Congologie, Kambale Musavuli revient sur le r\u00f4le des USA et de leurs multinationales dans le pillage et la d\u00e9stabilisation du Congo, rappelle pourquoi Kagam\u00e9 est le L\u00e9opold II des temps modernes et expose des id\u00e9es et strat\u00e9gies pour que les congolais de la diaspora s'organisent et s'impliquent l\u00e0 o\u00f9 ils [...]<\/div>\t\t\t\t\t\t<\/div>\r\n\t\t\t\t\t<\/article>\r\n\t\t\t\t<\/div>\r\n\t\t\t\t<div class=\"grve-carousel-item\">\r\n\t\t\t\t\t<article class=\"grve-post-item post-6901 post type-post status-publish format-video has-post-thumbnail hentry category-documents-presse category-politique-societe category-sante category-videos post_format-post-format-video\" itemscope itemType=\"http:\/\/schema.org\/BlogPosting\">\r\n\t\t\t\t\t\t\t\t<div class=\"grve-media grve-image-hover\">\r\n\t\t\t\t\t\t<a href=\"https:\/\/congolobilelo.com\/IN\/ebola-pretexte-humanitaire-africom\/\"><\/a>\r\n\t\t\t\r\n\t\t<\/div>\r\n\t\t\t\t\t\t<div class=\"grve-post-content\">\r\n\t\t\t\t\t\t\t<ul class=\"grve-post-meta\">\r\n\t\t\t\t\t\t\t\t\t\t\t\t\t\t\t<\/ul>\r\n\t\t\t\t\t\t\t<a href=\"https:\/\/congolobilelo.com\/IN\/ebola-pretexte-humanitaire-africom\/\" rel=\"bookmark\"><h2 class=\"grve-post-title grve-post-title-hover grve-h3\" itemprop=\"headline\">Le virus Ebola, le pr\u00e9texte humanitaire et l&#8217;invasion militaire am\u00e9ricaine en Afrique<\/h2><\/a>\t\t\t\t\t\t\t\t\t<span class=\"grve-hidden\">\r\n\t\t\t<span class=\"grve-structured-data entry-title\">Le virus Ebola, le pr\u00e9texte humanitaire et l&#8217;invasion militaire am\u00e9ricaine en Afrique<\/span>\r\n\t\t\t<span class=\"grve-structured-data\" itemprop=\"image\" itemscope itemtype=\"http:\/\/schema.org\/ImageObject\">\r\n\t\t\t   <span itemprop='url' ><\/span>\r\n\t\t\t   <span itemprop='height' ><\/span>\r\n\t\t\t   <span itemprop='width' ><\/span>\r\n\t\t\t<\/span>\r\n\t\t\t\t\t\t<span class=\"grve-structured-data vcard author\" itemprop=\"author\" itemscope itemtype=\"http:\/\/schema.org\/Person\">\r\n\t\t\t\t<span itemprop=\"name\" class=\"fn\">IN<\/span>\r\n\t\t\t<\/span>\r\n\t\t\t<span class=\"grve-structured-data\" itemprop=\"publisher\" itemscope itemtype=\"http:\/\/schema.org\/Organization\">\r\n\t\t\t\t<span itemprop='name'>IN<\/span>\r\n\t\t\t\t<span itemprop='logo' itemscope itemtype='http:\/\/schema.org\/ImageObject'>\r\n\t\t\t\t\t<span itemprop='url'>\/\/congolobilelo.com\/IN\/wp-content\/uploads\/2024\/11\/INGETA-80.png<\/span>\r\n\t\t\t\t<\/span>\r\n\t\t\t<\/span>\r\n\t\t\t\t\t\t<time class=\"grve-structured-data date published\" itemprop=\"datePublished\" datetime=\"2014-09-17T08:54:25+02:00\">17 September 2014<\/time>\r\n\t\t\t<time class=\"grve-structured-data date updated\" itemprop=\"dateModified\"  datetime=\"2014-09-17T08:54:25+02:00\">17 September 2014<\/time>\r\n\t\t\t<span class=\"grve-structured-data\" itemprop=\"mainEntityOfPage\" itemscope itemtype=\"http:\/\/schema.org\/WebPage\" itemid=\"https:\/\/congolobilelo.com\/IN\/ebola-pretexte-humanitaire-africom\/\"><\/span>\r\n\t\t<\/span>\r\n\t\t\t\t\t\t\t\t<div itemprop=\"articleBody\">Dans cette nouvelle \u00e9mission de Congologie, Kambale Musavuli rappelle la g\u00e9n\u00e8se et le d\u00e9veloppement d'Ebola au Congo, d\u00e9crypte la manipulation du pr\u00e9texte humanitaire et expose le plan militaire des Etats-Unis vis \u00e0 vis du continent africain, par le biais de l'Africom.<\/div>\t\t\t\t\t\t<\/div>\r\n\t\t\t\t\t<\/article>\r\n\t\t\t\t<\/div>\r\n\t\t\t\t<div class=\"grve-carousel-item\">\r\n\t\t\t\t\t<article class=\"grve-post-item post-6926 post type-post status-publish format-video has-post-thumbnail hentry category-documents-presse category-politique-societe category-videos post_format-post-format-video\" itemscope itemType=\"http:\/\/schema.org\/BlogPosting\">\r\n\t\t\t\t\t\t\t\t<div class=\"grve-media grve-image-hover\">\r\n\t\t\t\t\t\t<a href=\"https:\/\/congolobilelo.com\/IN\/qui-est-congolais\/\"><\/a>\r\n\t\t\t\r\n\t\t<\/div>\r\n\t\t\t\t\t\t<div class=\"grve-post-content\">\r\n\t\t\t\t\t\t\t<ul class=\"grve-post-meta\">\r\n\t\t\t\t\t\t\t\t\t\t\t\t\t\t\t<\/ul>\r\n\t\t\t\t\t\t\t<a href=\"https:\/\/congolobilelo.com\/IN\/qui-est-congolais\/\" rel=\"bookmark\"><h2 class=\"grve-post-title grve-post-title-hover grve-h3\" itemprop=\"headline\">Qui est congolais ?<\/h2><\/a>\t\t\t\t\t\t\t\t\t<span class=\"grve-hidden\">\r\n\t\t\t<span class=\"grve-structured-data entry-title\">Qui est congolais ?<\/span>\r\n\t\t\t<span class=\"grve-structured-data\" itemprop=\"image\" itemscope itemtype=\"http:\/\/schema.org\/ImageObject\">\r\n\t\t\t   <span itemprop='url' ><\/span>\r\n\t\t\t   <span itemprop='height' ><\/span>\r\n\t\t\t   <span itemprop='width' ><\/span>\r\n\t\t\t<\/span>\r\n\t\t\t\t\t\t<span class=\"grve-structured-data vcard author\" itemprop=\"author\" itemscope itemtype=\"http:\/\/schema.org\/Person\">\r\n\t\t\t\t<span itemprop=\"name\" class=\"fn\">IN<\/span>\r\n\t\t\t<\/span>\r\n\t\t\t<span class=\"grve-structured-data\" itemprop=\"publisher\" itemscope itemtype=\"http:\/\/schema.org\/Organization\">\r\n\t\t\t\t<span itemprop='name'>IN<\/span>\r\n\t\t\t\t<span itemprop='logo' itemscope itemtype='http:\/\/schema.org\/ImageObject'>\r\n\t\t\t\t\t<span itemprop='url'>\/\/congolobilelo.com\/IN\/wp-content\/uploads\/2024\/11\/INGETA-80.png<\/span>\r\n\t\t\t\t<\/span>\r\n\t\t\t<\/span>\r\n\t\t\t\t\t\t<time class=\"grve-structured-data date published\" itemprop=\"datePublished\" datetime=\"2014-08-26T16:07:18+02:00\">26 August 2014<\/time>\r\n\t\t\t<time class=\"grve-structured-data date updated\" itemprop=\"dateModified\"  datetime=\"2014-08-26T16:07:18+02:00\">26 August 2014<\/time>\r\n\t\t\t<span class=\"grve-structured-data\" itemprop=\"mainEntityOfPage\" itemscope itemtype=\"http:\/\/schema.org\/WebPage\" itemid=\"https:\/\/congolobilelo.com\/IN\/qui-est-congolais\/\"><\/span>\r\n\t\t<\/span>\r\n\t\t\t\t\t\t\t\t<div itemprop=\"articleBody\">Dans ce nouvel \u00e9pisode de Congologie, \u00e9mission produite par R\/5 media, Kambale Musavuli aborde la question de la nationalit\u00e9 congolaise. Qui est congolais? Comment devient-on congolais? &nbsp; &nbsp;<\/div>\t\t\t\t\t\t<\/div>\r\n\t\t\t\t\t<\/article>\r\n\t\t\t\t<\/div>\r\n\t\t\t\t<div class=\"grve-carousel-item\">\r\n\t\t\t\t\t<article class=\"grve-post-item post-6838 post type-post status-publish format-video has-post-thumbnail hentry category-documents-presse category-politique-societe category-videos post_format-post-format-video\" itemscope itemType=\"http:\/\/schema.org\/BlogPosting\">\r\n\t\t\t\t\t\t\t\t<div class=\"grve-media grve-image-hover\">\r\n\t\t\t\t\t\t<a href=\"https:\/\/congolobilelo.com\/IN\/congologie-1-presente-par-kambale-musavuli\/\"><\/a>\r\n\t\t\t\r\n\t\t<\/div>\r\n\t\t\t\t\t\t<div class=\"grve-post-content\">\r\n\t\t\t\t\t\t\t<ul class=\"grve-post-meta\">\r\n\t\t\t\t\t\t\t\t\t\t\t\t\t\t\t<\/ul>\r\n\t\t\t\t\t\t\t<a href=\"https:\/\/congolobilelo.com\/IN\/congologie-1-presente-par-kambale-musavuli\/\" rel=\"bookmark\"><h2 class=\"grve-post-title grve-post-title-hover grve-h3\" itemprop=\"headline\">Congologie #1 &#8211; Pr\u00e9sent\u00e9 par Kambale Musavuli<\/h2><\/a>\t\t\t\t\t\t\t\t\t<span class=\"grve-hidden\">\r\n\t\t\t<span class=\"grve-structured-data entry-title\">Congologie #1 &#8211; Pr\u00e9sent\u00e9 par Kambale Musavuli<\/span>\r\n\t\t\t<span class=\"grve-structured-data\" itemprop=\"image\" itemscope itemtype=\"http:\/\/schema.org\/ImageObject\">\r\n\t\t\t   <span itemprop='url' ><\/span>\r\n\t\t\t   <span itemprop='height' ><\/span>\r\n\t\t\t   <span itemprop='width' ><\/span>\r\n\t\t\t<\/span>\r\n\t\t\t\t\t\t<span class=\"grve-structured-data vcard author\" itemprop=\"author\" itemscope itemtype=\"http:\/\/schema.org\/Person\">\r\n\t\t\t\t<span itemprop=\"name\" class=\"fn\">IN<\/span>\r\n\t\t\t<\/span>\r\n\t\t\t<span class=\"grve-structured-data\" itemprop=\"publisher\" itemscope itemtype=\"http:\/\/schema.org\/Organization\">\r\n\t\t\t\t<span itemprop='name'>IN<\/span>\r\n\t\t\t\t<span itemprop='logo' itemscope itemtype='http:\/\/schema.org\/ImageObject'>\r\n\t\t\t\t\t<span itemprop='url'>\/\/congolobilelo.com\/IN\/wp-content\/uploads\/2024\/11\/INGETA-80.png<\/span>\r\n\t\t\t\t<\/span>\r\n\t\t\t<\/span>\r\n\t\t\t\t\t\t<time class=\"grve-structured-data date published\" itemprop=\"datePublished\" datetime=\"2014-08-21T22:13:57+02:00\">21 August 2014<\/time>\r\n\t\t\t<time class=\"grve-structured-data date updated\" itemprop=\"dateModified\"  datetime=\"2014-08-21T22:13:57+02:00\">21 August 2014<\/time>\r\n\t\t\t<span class=\"grve-structured-data\" itemprop=\"mainEntityOfPage\" itemscope itemtype=\"http:\/\/schema.org\/WebPage\" itemid=\"https:\/\/congolobilelo.com\/IN\/congologie-1-presente-par-kambale-musavuli\/\"><\/span>\r\n\t\t<\/span>\r\n\t\t\t\t\t\t\t\t<div itemprop=\"articleBody\">Congologie: Science appliqu\u00e9e \u00e0 l'\u00e9veil de conscience du congolais moderne.<\/div>\t\t\t\t\t\t<\/div>\r\n\t\t\t\t\t<\/article>\r\n\t\t\t\t<\/div>\r\n<\/div>\t\t\t<\/div>\r\n\t\t<\/div>\r\n[\/vc_column][\/vc_row][vc_row][vc_column]<style type=\"text\/css\">.grve-title-gradient.grve-title-69ee4a77b5baa > span,.grve-title-gradient.grve-title-69ee4a77b5baa .grve-clipping-content > span {color: #0080ff;background-image: -moz-linear-gradient(-45deg, #0080ff 0%, #740d11 100%);background-image: -webkit-linear-gradient(-45deg, #0080ff 0%, #740d11 100%);background-image: linear-gradient(135deg, #0080ff 0%, #740d11 100%);}<\/style><h3 class=\"grve-element grve-title grve-align-left grve-h3 grve-title-gradient grve-title-69ee4a77b5baa\" style=\"\"><span>Ev\u00e9nements<span class=\"grve-title-line grve-bg-primary-1\" style=\"width: 50px;height: 2px;\"><\/span><\/span><\/h3>\t\t<div class=\"grve-element grve-carousel grve-layout-1 grve-carousel-style-1 grve-with-gap grve-carousel-wrapper\" style=\"\" >\r\n  <div class=\"grve-carousel-wrapper\"><div class=\"grve-carousel-navigation grve-dark grve-navigation-1 grve-navigation-carousel\"><div class=\"grve-carousel-buttons\"><div class=\"grve-carousel-prev\"><i class=\"grve-icon-nav-left-small\"><\/i><span class=\"screen-reader-text\">Previous<\/span><\/div><div class=\"grve-carousel-next\"><i class=\"grve-icon-nav-right-small\"><\/i><span class=\"screen-reader-text\">Next<\/span><\/div><\/div><\/div>\r\n\t\t\t<div class=\"grve-blog grve-blog-carousel grve-carousel-element\" data-items=\"4\" data-items-tablet-landscape=\"3\" data-items-tablet-portrait=\"3\" data-items-mobile=\"1\" data-slider-autoplay=\"yes\" data-slider-loop=\"yes\" data-slider-speed=\"3000\" data-slider-pause=\"no\" data-pagination-speed=\"400\" data-pagination=\"no\" data-gutter-size=\"40\">\r\n\t\t\t\t<div class=\"grve-carousel-item\">\r\n\t\t\t\t\t<article class=\"grve-post-item post-6935 post type-post status-publish format-standard has-post-thumbnail hentry category-culture category-medias category-rencontresdebats category-usa\" itemscope itemType=\"http:\/\/schema.org\/BlogPosting\">\r\n\t\t\t\t\t\t\t\t<div class=\"grve-media grve-image-hover\">\r\n\t\t\t\t\t\t<a href=\"https:\/\/congolobilelo.com\/IN\/congo-in-harlem-6-du-16-au-26-octobre-2014-a-new-york\/\"><\/a>\r\n\t\t\t\r\n\t\t<\/div>\r\n\t\t\t\t\t\t<div class=\"grve-post-content\">\r\n\t\t\t\t\t\t\t<ul class=\"grve-post-meta\">\r\n\t\t\t\t\t\t\t\t\t\t\t\t\t\t\t<\/ul>\r\n\t\t\t\t\t\t\t<a href=\"https:\/\/congolobilelo.com\/IN\/congo-in-harlem-6-du-16-au-26-octobre-2014-a-new-york\/\" rel=\"bookmark\"><h2 class=\"grve-post-title grve-post-title-hover grve-h3\" itemprop=\"headline\">Festival du film &#8211; Congo in Harlem #6: Du 16 au 26 octobre 2014 \u00e0 New-York<\/h2><\/a>\t\t\t\t\t\t\t\t\t<span class=\"grve-hidden\">\r\n\t\t\t<span class=\"grve-structured-data entry-title\">Festival du film &#8211; Congo in Harlem #6: Du 16 au 26 octobre 2014 \u00e0 New-York<\/span>\r\n\t\t\t<span class=\"grve-structured-data\" itemprop=\"image\" itemscope itemtype=\"http:\/\/schema.org\/ImageObject\">\r\n\t\t\t   <span itemprop='url' ><\/span>\r\n\t\t\t   <span itemprop='height' ><\/span>\r\n\t\t\t   <span itemprop='width' ><\/span>\r\n\t\t\t<\/span>\r\n\t\t\t\t\t\t<span class=\"grve-structured-data vcard author\" itemprop=\"author\" itemscope itemtype=\"http:\/\/schema.org\/Person\">\r\n\t\t\t\t<span itemprop=\"name\" class=\"fn\">IN<\/span>\r\n\t\t\t<\/span>\r\n\t\t\t<span class=\"grve-structured-data\" itemprop=\"publisher\" itemscope itemtype=\"http:\/\/schema.org\/Organization\">\r\n\t\t\t\t<span itemprop='name'>IN<\/span>\r\n\t\t\t\t<span itemprop='logo' itemscope itemtype='http:\/\/schema.org\/ImageObject'>\r\n\t\t\t\t\t<span itemprop='url'>\/\/congolobilelo.com\/IN\/wp-content\/uploads\/2024\/11\/INGETA-80.png<\/span>\r\n\t\t\t\t<\/span>\r\n\t\t\t<\/span>\r\n\t\t\t\t\t\t<time class=\"grve-structured-data date published\" itemprop=\"datePublished\" datetime=\"2014-09-26T13:16:40+02:00\">26 September 2014<\/time>\r\n\t\t\t<time class=\"grve-structured-data date updated\" itemprop=\"dateModified\"  datetime=\"2014-09-26T13:16:40+02:00\">26 September 2014<\/time>\r\n\t\t\t<span class=\"grve-structured-data\" itemprop=\"mainEntityOfPage\" itemscope itemtype=\"http:\/\/schema.org\/WebPage\" itemid=\"https:\/\/congolobilelo.com\/IN\/congo-in-harlem-6-du-16-au-26-octobre-2014-a-new-york\/\"><\/span>\r\n\t\t<\/span>\r\n\t\t\t\t\t\t\t\t<div itemprop=\"articleBody\">Communiqu\u00e9. Comme chaque ann\u00e9e, cette sixi\u00e8me \u00e9dition du festival Congo In Harlem \u00a0pr\u00e9voit de nombreuses activit\u00e9s, notamment la diffusion de certains films. Ainsi, une table ronde sp\u00e9ciale sur l'\u00e9tat actuel du journalisme en R\u00e9publique d\u00e9mocratique du Congo sera organis\u00e9e en collaboration \u00a0avec la Columbia University School of Journalism\u2019s Brown Institute for Media Innovation. Parmi les [...]<\/div>\t\t\t\t\t\t<\/div>\r\n\t\t\t\t\t<\/article>\r\n\t\t\t\t<\/div>\r\n\t\t\t\t<div class=\"grve-carousel-item\">\r\n\t\t\t\t\t<article class=\"grve-post-item post-6878 post type-post status-publish format-standard has-post-thumbnail hentry category-belgique category-politique-societe category-rencontresdebats\" itemscope itemType=\"http:\/\/schema.org\/BlogPosting\">\r\n\t\t\t\t\t\t\t\t<div class=\"grve-media grve-image-hover\">\r\n\t\t\t\t\t\t<a href=\"https:\/\/congolobilelo.com\/IN\/soiree-debat-lest-du-congo-apres-le-m23-comment-reinstaurer-la-paix-a-bruxelles-le-4-octobre-2014\/\"><\/a>\r\n\t\t\t\r\n\t\t<\/div>\r\n\t\t\t\t\t\t<div class=\"grve-post-content\">\r\n\t\t\t\t\t\t\t<ul class=\"grve-post-meta\">\r\n\t\t\t\t\t\t\t\t\t\t\t\t\t\t\t<\/ul>\r\n\t\t\t\t\t\t\t<a href=\"https:\/\/congolobilelo.com\/IN\/soiree-debat-lest-du-congo-apres-le-m23-comment-reinstaurer-la-paix-a-bruxelles-le-4-octobre-2014\/\" rel=\"bookmark\"><h2 class=\"grve-post-title grve-post-title-hover grve-h3\" itemprop=\"headline\">Soir\u00e9e-d\u00e9bat: L\u2019Est du Congo apr\u00e8s le M23 : comment r\u00e9instaurer la paix ? A Bruxelles, le 4 octobre 2014<\/h2><\/a>\t\t\t\t\t\t\t\t\t<span class=\"grve-hidden\">\r\n\t\t\t<span class=\"grve-structured-data entry-title\">Soir\u00e9e-d\u00e9bat: L\u2019Est du Congo apr\u00e8s le M23 : comment r\u00e9instaurer la paix ? A Bruxelles, le 4 octobre 2014<\/span>\r\n\t\t\t<span class=\"grve-structured-data\" itemprop=\"image\" itemscope itemtype=\"http:\/\/schema.org\/ImageObject\">\r\n\t\t\t   <span itemprop='url' ><\/span>\r\n\t\t\t   <span itemprop='height' ><\/span>\r\n\t\t\t   <span itemprop='width' ><\/span>\r\n\t\t\t<\/span>\r\n\t\t\t\t\t\t<span class=\"grve-structured-data vcard author\" itemprop=\"author\" itemscope itemtype=\"http:\/\/schema.org\/Person\">\r\n\t\t\t\t<span itemprop=\"name\" class=\"fn\">IN<\/span>\r\n\t\t\t<\/span>\r\n\t\t\t<span class=\"grve-structured-data\" itemprop=\"publisher\" itemscope itemtype=\"http:\/\/schema.org\/Organization\">\r\n\t\t\t\t<span itemprop='name'>IN<\/span>\r\n\t\t\t\t<span itemprop='logo' itemscope itemtype='http:\/\/schema.org\/ImageObject'>\r\n\t\t\t\t\t<span itemprop='url'>\/\/congolobilelo.com\/IN\/wp-content\/uploads\/2024\/11\/INGETA-80.png<\/span>\r\n\t\t\t\t<\/span>\r\n\t\t\t<\/span>\r\n\t\t\t\t\t\t<time class=\"grve-structured-data date published\" itemprop=\"datePublished\" datetime=\"2014-09-07T18:29:53+02:00\">7 September 2014<\/time>\r\n\t\t\t<time class=\"grve-structured-data date updated\" itemprop=\"dateModified\"  datetime=\"2014-09-07T18:29:53+02:00\">7 September 2014<\/time>\r\n\t\t\t<span class=\"grve-structured-data\" itemprop=\"mainEntityOfPage\" itemscope itemtype=\"http:\/\/schema.org\/WebPage\" itemid=\"https:\/\/congolobilelo.com\/IN\/soiree-debat-lest-du-congo-apres-le-m23-comment-reinstaurer-la-paix-a-bruxelles-le-4-octobre-2014\/\"><\/span>\r\n\t\t<\/span>\r\n\t\t\t\t\t\t\t\t<div itemprop=\"articleBody\">Depuis 20 ans, la guerre et l\u2019ins\u00e9curit\u00e9 ravagent l\u2019Est de la R\u00e9publique D\u00e9mocratique du Congo. Des activistes congolais prennent des initiatives pour contribuer \u00e0 la paix. Quelle est la situation au Nord-Kivu apr\u00e8s la d\u00e9faite officielle du M23 ? Comment le Congo peut r\u00e9instaurer la paix \u00e0 l\u2019Est du pays? Quel r\u00f4le peuvent jouer les [...]<\/div>\t\t\t\t\t\t<\/div>\r\n\t\t\t\t\t<\/article>\r\n\t\t\t\t<\/div>\r\n\t\t\t\t<div class=\"grve-carousel-item\">\r\n\t\t\t\t\t<article class=\"grve-post-item post-6889 post type-post status-publish format-standard has-post-thumbnail hentry category-conferences-salons category-politique-societe category-rencontresdebats\" itemscope itemType=\"http:\/\/schema.org\/BlogPosting\">\r\n\t\t\t\t\t\t\t\t<div class=\"grve-media grve-image-hover\">\r\n\t\t\t\t\t\t<a href=\"https:\/\/congolobilelo.com\/IN\/conference-inter-kongolaise-de-boston-usa-du-12-au-14-septembre-2014\/\"><\/a>\r\n\t\t\t\r\n\t\t<\/div>\r\n\t\t\t\t\t\t<div class=\"grve-post-content\">\r\n\t\t\t\t\t\t\t<ul class=\"grve-post-meta\">\r\n\t\t\t\t\t\t\t\t\t\t\t\t\t\t\t<\/ul>\r\n\t\t\t\t\t\t\t<a href=\"https:\/\/congolobilelo.com\/IN\/conference-inter-kongolaise-de-boston-usa-du-12-au-14-septembre-2014\/\" rel=\"bookmark\"><h2 class=\"grve-post-title grve-post-title-hover grve-h3\" itemprop=\"headline\">Conf\u00e9rence inter-Kongolaise de Boston, USA &#8211; Du 12 au 14 septembre 2014<\/h2><\/a>\t\t\t\t\t\t\t\t\t<span class=\"grve-hidden\">\r\n\t\t\t<span class=\"grve-structured-data entry-title\">Conf\u00e9rence inter-Kongolaise de Boston, USA &#8211; Du 12 au 14 septembre 2014<\/span>\r\n\t\t\t<span class=\"grve-structured-data\" itemprop=\"image\" itemscope itemtype=\"http:\/\/schema.org\/ImageObject\">\r\n\t\t\t   <span itemprop='url' ><\/span>\r\n\t\t\t   <span itemprop='height' ><\/span>\r\n\t\t\t   <span itemprop='width' ><\/span>\r\n\t\t\t<\/span>\r\n\t\t\t\t\t\t<span class=\"grve-structured-data vcard author\" itemprop=\"author\" itemscope itemtype=\"http:\/\/schema.org\/Person\">\r\n\t\t\t\t<span itemprop=\"name\" class=\"fn\">IN<\/span>\r\n\t\t\t<\/span>\r\n\t\t\t<span class=\"grve-structured-data\" itemprop=\"publisher\" itemscope itemtype=\"http:\/\/schema.org\/Organization\">\r\n\t\t\t\t<span itemprop='name'>IN<\/span>\r\n\t\t\t\t<span itemprop='logo' itemscope itemtype='http:\/\/schema.org\/ImageObject'>\r\n\t\t\t\t\t<span itemprop='url'>\/\/congolobilelo.com\/IN\/wp-content\/uploads\/2024\/11\/INGETA-80.png<\/span>\r\n\t\t\t\t<\/span>\r\n\t\t\t<\/span>\r\n\t\t\t\t\t\t<time class=\"grve-structured-data date published\" itemprop=\"datePublished\" datetime=\"2014-09-06T06:57:34+02:00\">6 September 2014<\/time>\r\n\t\t\t<time class=\"grve-structured-data date updated\" itemprop=\"dateModified\"  datetime=\"2014-09-06T06:57:34+02:00\">6 September 2014<\/time>\r\n\t\t\t<span class=\"grve-structured-data\" itemprop=\"mainEntityOfPage\" itemscope itemtype=\"http:\/\/schema.org\/WebPage\" itemid=\"https:\/\/congolobilelo.com\/IN\/conference-inter-kongolaise-de-boston-usa-du-12-au-14-septembre-2014\/\"><\/span>\r\n\t\t<\/span>\r\n\t\t\t\t\t\t\t\t<div itemprop=\"articleBody\">Communiqu\u00e9. La conf\u00e9rence Inter-Kongolaise que la G\u00e9n\u00e9ration \u2018\u2019R\u2019\u2019 organise est une activit\u00e9 qui rentre dans le cadre de la tenue sa convention annuelle qui est notamment un \u00e9v\u00e8nement international consacre \u00e0 la r\u00e9flexion sur le changement en Afrique, particuli\u00e8rement en RD Congo \u00e0 travers des questions des valeurs, des mentalit\u00e9s et en bref de l\u2019\u00e9ducation. [...]<\/div>\t\t\t\t\t\t<\/div>\r\n\t\t\t\t\t<\/article>\r\n\t\t\t\t<\/div>\r\n\t\t\t\t<div class=\"grve-carousel-item\">\r\n\t\t\t\t\t<article class=\"grve-post-item post-6733 post type-post status-publish format-standard has-post-thumbnail hentry category-anniversaires-celebrations category-education category-politique-societe category-royaume-uni-irlande\" itemscope itemType=\"http:\/\/schema.org\/BlogPosting\">\r\n\t\t\t\t\t\t\t\t<div class=\"grve-media grve-image-hover\">\r\n\t\t\t\t\t\t<a href=\"https:\/\/congolobilelo.com\/IN\/geno-cost-commemoration-du-genocide-congolais-2-aout-2014-a-londres\/\"><\/a>\r\n\t\t\t\r\n\t\t<\/div>\r\n\t\t\t\t\t\t<div class=\"grve-post-content\">\r\n\t\t\t\t\t\t\t<ul class=\"grve-post-meta\">\r\n\t\t\t\t\t\t\t\t\t\t\t\t\t\t\t<\/ul>\r\n\t\t\t\t\t\t\t<a href=\"https:\/\/congolobilelo.com\/IN\/geno-cost-commemoration-du-genocide-congolais-2-aout-2014-a-londres\/\" rel=\"bookmark\"><h2 class=\"grve-post-title grve-post-title-hover grve-h3\" itemprop=\"headline\">Geno-Cost &#8211; Comm\u00e9moration du g\u00e9nocide congolais &#8211; 2 Ao\u00fbt 2014 \u00e0 Londres<\/h2><\/a>\t\t\t\t\t\t\t\t\t<span class=\"grve-hidden\">\r\n\t\t\t<span class=\"grve-structured-data entry-title\">Geno-Cost &#8211; Comm\u00e9moration du g\u00e9nocide congolais &#8211; 2 Ao\u00fbt 2014 \u00e0 Londres<\/span>\r\n\t\t\t<span class=\"grve-structured-data\" itemprop=\"image\" itemscope itemtype=\"http:\/\/schema.org\/ImageObject\">\r\n\t\t\t   <span itemprop='url' ><\/span>\r\n\t\t\t   <span itemprop='height' ><\/span>\r\n\t\t\t   <span itemprop='width' ><\/span>\r\n\t\t\t<\/span>\r\n\t\t\t\t\t\t<span class=\"grve-structured-data vcard author\" itemprop=\"author\" itemscope itemtype=\"http:\/\/schema.org\/Person\">\r\n\t\t\t\t<span itemprop=\"name\" class=\"fn\">IN<\/span>\r\n\t\t\t<\/span>\r\n\t\t\t<span class=\"grve-structured-data\" itemprop=\"publisher\" itemscope itemtype=\"http:\/\/schema.org\/Organization\">\r\n\t\t\t\t<span itemprop='name'>IN<\/span>\r\n\t\t\t\t<span itemprop='logo' itemscope itemtype='http:\/\/schema.org\/ImageObject'>\r\n\t\t\t\t\t<span itemprop='url'>\/\/congolobilelo.com\/IN\/wp-content\/uploads\/2024\/11\/INGETA-80.png<\/span>\r\n\t\t\t\t<\/span>\r\n\t\t\t<\/span>\r\n\t\t\t\t\t\t<time class=\"grve-structured-data date published\" itemprop=\"datePublished\" datetime=\"2014-06-25T14:38:45+02:00\">25 June 2014<\/time>\r\n\t\t\t<time class=\"grve-structured-data date updated\" itemprop=\"dateModified\"  datetime=\"2014-06-25T14:38:45+02:00\">25 June 2014<\/time>\r\n\t\t\t<span class=\"grve-structured-data\" itemprop=\"mainEntityOfPage\" itemscope itemtype=\"http:\/\/schema.org\/WebPage\" itemid=\"https:\/\/congolobilelo.com\/IN\/geno-cost-commemoration-du-genocide-congolais-2-aout-2014-a-londres\/\"><\/span>\r\n\t\t<\/span>\r\n\t\t\t\t\t\t\t\t<div itemprop=\"articleBody\">Le samedi 2 Ao\u00fbt 2014, vous \u00eates invit\u00e9s \u00e0 rejoindre la communaut\u00e9 congolaise \u00e0 travers le monde pour participer \u00e0 la seconde Journ\u00e9e Comm\u00e9morative du G\u00e9nocide Congolais. Cet \u00e9v\u00e9nement annuel est simplement un geste de respect pour rendre hommage \u00e0 la vie de tous ceux que nous avons perdu dans la longue histoire des conflits [...]<\/div>\t\t\t\t\t\t<\/div>\r\n\t\t\t\t\t<\/article>\r\n\t\t\t\t<\/div>\r\n\t\t\t\t<div class=\"grve-carousel-item\">\r\n\t\t\t\t\t<article class=\"grve-post-item post-6697 post type-post status-publish format-standard has-post-thumbnail hentry category-conferences-salons category-france category-politique-societe category-rencontresdebats\" itemscope itemType=\"http:\/\/schema.org\/BlogPosting\">\r\n\t\t\t\t\t\t\t\t<div class=\"grve-media grve-image-hover\">\r\n\t\t\t\t\t\t<a href=\"https:\/\/congolobilelo.com\/IN\/conference-avenir-du-congodevoir-de-memoire-30-juin-2014-a-paris\/\"><\/a>\r\n\t\t\t\r\n\t\t<\/div>\r\n\t\t\t\t\t\t<div class=\"grve-post-content\">\r\n\t\t\t\t\t\t\t<ul class=\"grve-post-meta\">\r\n\t\t\t\t\t\t\t\t\t\t\t\t\t\t\t<\/ul>\r\n\t\t\t\t\t\t\t<a href=\"https:\/\/congolobilelo.com\/IN\/conference-avenir-du-congodevoir-de-memoire-30-juin-2014-a-paris\/\" rel=\"bookmark\"><h2 class=\"grve-post-title grve-post-title-hover grve-h3\" itemprop=\"headline\">Conf\u00e9rence : Avenir du Congo\/Devoir de M\u00e9moire &#8211; 30 juin 2014 \u00e0 Paris<\/h2><\/a>\t\t\t\t\t\t\t\t\t<span class=\"grve-hidden\">\r\n\t\t\t<span class=\"grve-structured-data entry-title\">Conf\u00e9rence : Avenir du Congo\/Devoir de M\u00e9moire &#8211; 30 juin 2014 \u00e0 Paris<\/span>\r\n\t\t\t<span class=\"grve-structured-data\" itemprop=\"image\" itemscope itemtype=\"http:\/\/schema.org\/ImageObject\">\r\n\t\t\t   <span itemprop='url' ><\/span>\r\n\t\t\t   <span itemprop='height' ><\/span>\r\n\t\t\t   <span itemprop='width' ><\/span>\r\n\t\t\t<\/span>\r\n\t\t\t\t\t\t<span class=\"grve-structured-data vcard author\" itemprop=\"author\" itemscope itemtype=\"http:\/\/schema.org\/Person\">\r\n\t\t\t\t<span itemprop=\"name\" class=\"fn\">IN<\/span>\r\n\t\t\t<\/span>\r\n\t\t\t<span class=\"grve-structured-data\" itemprop=\"publisher\" itemscope itemtype=\"http:\/\/schema.org\/Organization\">\r\n\t\t\t\t<span itemprop='name'>IN<\/span>\r\n\t\t\t\t<span itemprop='logo' itemscope itemtype='http:\/\/schema.org\/ImageObject'>\r\n\t\t\t\t\t<span itemprop='url'>\/\/congolobilelo.com\/IN\/wp-content\/uploads\/2024\/11\/INGETA-80.png<\/span>\r\n\t\t\t\t<\/span>\r\n\t\t\t<\/span>\r\n\t\t\t\t\t\t<time class=\"grve-structured-data date published\" itemprop=\"datePublished\" datetime=\"2014-06-09T08:04:53+02:00\">9 June 2014<\/time>\r\n\t\t\t<time class=\"grve-structured-data date updated\" itemprop=\"dateModified\"  datetime=\"2014-06-09T08:04:53+02:00\">9 June 2014<\/time>\r\n\t\t\t<span class=\"grve-structured-data\" itemprop=\"mainEntityOfPage\" itemscope itemtype=\"http:\/\/schema.org\/WebPage\" itemid=\"https:\/\/congolobilelo.com\/IN\/conference-avenir-du-congodevoir-de-memoire-30-juin-2014-a-paris\/\"><\/span>\r\n\t\t<\/span>\r\n\t\t\t\t\t\t\t\t<div itemprop=\"articleBody\">Le collectif \"Avenir du Congo\/Devoir de M\u00e9moire\" vous invite \u00e0 la deuxi\u00e8me \u00e9dition de sa grande conf\u00e9rence annuelle, le 30 juin 2014 \u00e0 Paris, de 19h \u00e0 22h30. Les th\u00e9matiques: - Stopper le G\u00e9nocide et l'impunit\u00e9 g\u00e9n\u00e9ralis\u00e9e en RD Congo (+ 8 Millions de morts, des milliers des femmes et mineures viol\u00e9es, arrestations et assassinats [...]<\/div>\t\t\t\t\t\t<\/div>\r\n\t\t\t\t\t<\/article>\r\n\t\t\t\t<\/div>\r\n\t\t\t\t<div class=\"grve-carousel-item\">\r\n\t\t\t\t\t<article class=\"grve-post-item post-6688 post type-post status-publish format-standard has-post-thumbnail hentry category-belgique category-politique-societe category-rencontresdebats\" itemscope itemType=\"http:\/\/schema.org\/BlogPosting\">\r\n\t\t\t\t\t\t\t\t<div class=\"grve-media grve-image-hover\">\r\n\t\t\t\t\t\t<a href=\"https:\/\/congolobilelo.com\/IN\/debat-masolo-resultats-analyses-suivi-le-9-juin-2014-a-bruxelles\/\"><\/a>\r\n\t\t\t\r\n\t\t<\/div>\r\n\t\t\t\t\t\t<div class=\"grve-post-content\">\r\n\t\t\t\t\t\t\t<ul class=\"grve-post-meta\">\r\n\t\t\t\t\t\t\t\t\t\t\t\t\t\t\t<\/ul>\r\n\t\t\t\t\t\t\t<a href=\"https:\/\/congolobilelo.com\/IN\/debat-masolo-resultats-analyses-suivi-le-9-juin-2014-a-bruxelles\/\" rel=\"bookmark\"><h2 class=\"grve-post-title grve-post-title-hover grve-h3\" itemprop=\"headline\">D\u00e9bat : Masolo* &#8211; R\u00e9sultats, analyses &#038; suivi &#8211; Le 9 juin 2014 \u00e0 Bruxelles<\/h2><\/a>\t\t\t\t\t\t\t\t\t<span class=\"grve-hidden\">\r\n\t\t\t<span class=\"grve-structured-data entry-title\">D\u00e9bat : Masolo* &#8211; R\u00e9sultats, analyses &#038; suivi &#8211; Le 9 juin 2014 \u00e0 Bruxelles<\/span>\r\n\t\t\t<span class=\"grve-structured-data\" itemprop=\"image\" itemscope itemtype=\"http:\/\/schema.org\/ImageObject\">\r\n\t\t\t   <span itemprop='url' ><\/span>\r\n\t\t\t   <span itemprop='height' ><\/span>\r\n\t\t\t   <span itemprop='width' ><\/span>\r\n\t\t\t<\/span>\r\n\t\t\t\t\t\t<span class=\"grve-structured-data vcard author\" itemprop=\"author\" itemscope itemtype=\"http:\/\/schema.org\/Person\">\r\n\t\t\t\t<span itemprop=\"name\" class=\"fn\">IN<\/span>\r\n\t\t\t<\/span>\r\n\t\t\t<span class=\"grve-structured-data\" itemprop=\"publisher\" itemscope itemtype=\"http:\/\/schema.org\/Organization\">\r\n\t\t\t\t<span itemprop='name'>IN<\/span>\r\n\t\t\t\t<span itemprop='logo' itemscope itemtype='http:\/\/schema.org\/ImageObject'>\r\n\t\t\t\t\t<span itemprop='url'>\/\/congolobilelo.com\/IN\/wp-content\/uploads\/2024\/11\/INGETA-80.png<\/span>\r\n\t\t\t\t<\/span>\r\n\t\t\t<\/span>\r\n\t\t\t\t\t\t<time class=\"grve-structured-data date published\" itemprop=\"datePublished\" datetime=\"2014-06-05T17:23:32+02:00\">5 June 2014<\/time>\r\n\t\t\t<time class=\"grve-structured-data date updated\" itemprop=\"dateModified\"  datetime=\"2014-06-05T17:23:32+02:00\">5 June 2014<\/time>\r\n\t\t\t<span class=\"grve-structured-data\" itemprop=\"mainEntityOfPage\" itemscope itemtype=\"http:\/\/schema.org\/WebPage\" itemid=\"https:\/\/congolobilelo.com\/IN\/debat-masolo-resultats-analyses-suivi-le-9-juin-2014-a-bruxelles\/\"><\/span>\r\n\t\t<\/span>\r\n\t\t\t\t\t\t\t\t<div itemprop=\"articleBody\">En vue des \u00e9lections du 25 mai 2014 en Belgique, CAMPUS CONGO et KUUMBA ont organis\u00e9 \"Masolo* 25.05.2014 - Informer pour mieux voter\", 8 soir\u00e9es \u00e9lectorales avec des candidats d\u2019origine congolaise. 26 candidats des partis politiques francophones et n\u00e9erlandophones (N-VA, CD&amp;V, FDF, PS, Sp.a, PTB\/PVDA, Groen, Ecolo, MR, CDH) ont pr\u00e9sent\u00e9 leur parcours, ont partag\u00e9 [...]<\/div>\t\t\t\t\t\t<\/div>\r\n\t\t\t\t\t<\/article>\r\n\t\t\t\t<\/div>\r\n\t\t\t\t<div class=\"grve-carousel-item\">\r\n\t\t\t\t\t<article class=\"grve-post-item post-6642 post type-post status-publish format-standard has-post-thumbnail hentry category-conferences-salons category-politique-societe category-rencontresdebats\" itemscope itemType=\"http:\/\/schema.org\/BlogPosting\">\r\n\t\t\t\t\t\t\t\t<div class=\"grve-media grve-image-hover\">\r\n\t\t\t\t\t\t<a href=\"https:\/\/congolobilelo.com\/IN\/conference-destabilisation-du-congo-millions-de-morts-congolais-infiltration-des-fardc-le-7-juin-2014-a-ottawa\/\"><\/a>\r\n\t\t\t\r\n\t\t<\/div>\r\n\t\t\t\t\t\t<div class=\"grve-post-content\">\r\n\t\t\t\t\t\t\t<ul class=\"grve-post-meta\">\r\n\t\t\t\t\t\t\t\t\t\t\t\t\t\t\t<\/ul>\r\n\t\t\t\t\t\t\t<a href=\"https:\/\/congolobilelo.com\/IN\/conference-destabilisation-du-congo-millions-de-morts-congolais-infiltration-des-fardc-le-7-juin-2014-a-ottawa\/\" rel=\"bookmark\"><h2 class=\"grve-post-title grve-post-title-hover grve-h3\" itemprop=\"headline\">Conf\u00e9rence &#8211; D\u00e9stabilisation du Congo, millions de morts congolais &#038; infiltration des FARDC &#8211; Le 7 juin 2014 \u00e0 Ottawa<\/h2><\/a>\t\t\t\t\t\t\t\t\t<span class=\"grve-hidden\">\r\n\t\t\t<span class=\"grve-structured-data entry-title\">Conf\u00e9rence &#8211; D\u00e9stabilisation du Congo, millions de morts congolais &#038; infiltration des FARDC &#8211; Le 7 juin 2014 \u00e0 Ottawa<\/span>\r\n\t\t\t<span class=\"grve-structured-data\" itemprop=\"image\" itemscope itemtype=\"http:\/\/schema.org\/ImageObject\">\r\n\t\t\t   <span itemprop='url' ><\/span>\r\n\t\t\t   <span itemprop='height' ><\/span>\r\n\t\t\t   <span itemprop='width' ><\/span>\r\n\t\t\t<\/span>\r\n\t\t\t\t\t\t<span class=\"grve-structured-data vcard author\" itemprop=\"author\" itemscope itemtype=\"http:\/\/schema.org\/Person\">\r\n\t\t\t\t<span itemprop=\"name\" class=\"fn\">IN<\/span>\r\n\t\t\t<\/span>\r\n\t\t\t<span class=\"grve-structured-data\" itemprop=\"publisher\" itemscope itemtype=\"http:\/\/schema.org\/Organization\">\r\n\t\t\t\t<span itemprop='name'>IN<\/span>\r\n\t\t\t\t<span itemprop='logo' itemscope itemtype='http:\/\/schema.org\/ImageObject'>\r\n\t\t\t\t\t<span itemprop='url'>\/\/congolobilelo.com\/IN\/wp-content\/uploads\/2024\/11\/INGETA-80.png<\/span>\r\n\t\t\t\t<\/span>\r\n\t\t\t<\/span>\r\n\t\t\t\t\t\t<time class=\"grve-structured-data date published\" itemprop=\"datePublished\" datetime=\"2014-05-27T07:26:05+02:00\">27 May 2014<\/time>\r\n\t\t\t<time class=\"grve-structured-data date updated\" itemprop=\"dateModified\"  datetime=\"2014-05-27T07:26:05+02:00\">27 May 2014<\/time>\r\n\t\t\t<span class=\"grve-structured-data\" itemprop=\"mainEntityOfPage\" itemscope itemtype=\"http:\/\/schema.org\/WebPage\" itemid=\"https:\/\/congolobilelo.com\/IN\/conference-destabilisation-du-congo-millions-de-morts-congolais-infiltration-des-fardc-le-7-juin-2014-a-ottawa\/\"><\/span>\r\n\t\t<\/span>\r\n\t\t\t\t\t\t\t\t<div itemprop=\"articleBody\">Le congr\u00e8s de congolais du Canada vous invitent \u00e0 la conf\u00e9rence: 20 ans apr\u00e8s le g\u00e9nocide, pourquoi ce silence complice des m\u00e9dias: D\u00e9stabilisation du Congo, millions de morts congolais &amp; infiltration des FARDC Cette conf\u00e9rence aura comme intervenants: - Patrick Mbeko, analyste g\u00e9opolitique et auteur de \"Le Canada dans les guerres en Afrique centrale\" (Le [...]<\/div>\t\t\t\t\t\t<\/div>\r\n\t\t\t\t\t<\/article>\r\n\t\t\t\t<\/div>\r\n\t\t\t\t<div class=\"grve-carousel-item\">\r\n\t\t\t\t\t<article class=\"grve-post-item post-6629 post type-post status-publish format-standard has-post-thumbnail hentry category-canada category-conferences-salons category-mondialisation category-politique-societe category-rencontresdebats\" itemscope itemType=\"http:\/\/schema.org\/BlogPosting\">\r\n\t\t\t\t\t\t\t\t<div class=\"grve-media grve-image-hover\">\r\n\t\t\t\t\t\t<a href=\"https:\/\/congolobilelo.com\/IN\/colloque-la-diaspora-congolaise-face-aux-enjeux-actuels-et-defis-davenir-le-31-mai-2014-a-montreal\/\"><\/a>\r\n\t\t\t\r\n\t\t<\/div>\r\n\t\t\t\t\t\t<div class=\"grve-post-content\">\r\n\t\t\t\t\t\t\t<ul class=\"grve-post-meta\">\r\n\t\t\t\t\t\t\t\t\t\t\t\t\t\t\t<\/ul>\r\n\t\t\t\t\t\t\t<a href=\"https:\/\/congolobilelo.com\/IN\/colloque-la-diaspora-congolaise-face-aux-enjeux-actuels-et-defis-davenir-le-31-mai-2014-a-montreal\/\" rel=\"bookmark\"><h2 class=\"grve-post-title grve-post-title-hover grve-h3\" itemprop=\"headline\">Colloque &#8211; La diaspora congolaise face aux enjeux actuels et d\u00e9fis d&#8217;avenir &#8211; Le 31 mai 2014 \u00e0 Montr\u00e9al<\/h2><\/a>\t\t\t\t\t\t\t\t\t<span class=\"grve-hidden\">\r\n\t\t\t<span class=\"grve-structured-data entry-title\">Colloque &#8211; La diaspora congolaise face aux enjeux actuels et d\u00e9fis d&#8217;avenir &#8211; Le 31 mai 2014 \u00e0 Montr\u00e9al<\/span>\r\n\t\t\t<span class=\"grve-structured-data\" itemprop=\"image\" itemscope itemtype=\"http:\/\/schema.org\/ImageObject\">\r\n\t\t\t   <span itemprop='url' ><\/span>\r\n\t\t\t   <span itemprop='height' ><\/span>\r\n\t\t\t   <span itemprop='width' ><\/span>\r\n\t\t\t<\/span>\r\n\t\t\t\t\t\t<span class=\"grve-structured-data vcard author\" itemprop=\"author\" itemscope itemtype=\"http:\/\/schema.org\/Person\">\r\n\t\t\t\t<span itemprop=\"name\" class=\"fn\">IN<\/span>\r\n\t\t\t<\/span>\r\n\t\t\t<span class=\"grve-structured-data\" itemprop=\"publisher\" itemscope itemtype=\"http:\/\/schema.org\/Organization\">\r\n\t\t\t\t<span itemprop='name'>IN<\/span>\r\n\t\t\t\t<span itemprop='logo' itemscope itemtype='http:\/\/schema.org\/ImageObject'>\r\n\t\t\t\t\t<span itemprop='url'>\/\/congolobilelo.com\/IN\/wp-content\/uploads\/2024\/11\/INGETA-80.png<\/span>\r\n\t\t\t\t<\/span>\r\n\t\t\t<\/span>\r\n\t\t\t\t\t\t<time class=\"grve-structured-data date published\" itemprop=\"datePublished\" datetime=\"2014-05-22T18:59:31+02:00\">22 May 2014<\/time>\r\n\t\t\t<time class=\"grve-structured-data date updated\" itemprop=\"dateModified\"  datetime=\"2014-05-22T18:59:31+02:00\">22 May 2014<\/time>\r\n\t\t\t<span class=\"grve-structured-data\" itemprop=\"mainEntityOfPage\" itemscope itemtype=\"http:\/\/schema.org\/WebPage\" itemid=\"https:\/\/congolobilelo.com\/IN\/colloque-la-diaspora-congolaise-face-aux-enjeux-actuels-et-defis-davenir-le-31-mai-2014-a-montreal\/\"><\/span>\r\n\t\t<\/span>\r\n\t\t\t\t\t\t\t\t<div itemprop=\"articleBody\">Le Commissariat g\u00e9n\u00e9ral de la Diaspora RDC (CoG\u00e9Dia) est ses partenaires vous invitent au colloque de la diaspora congolaise autour du th\u00e8me : \u201c La Diaspora congolaise face aux enjeux actuels et d\u00e9fis d\u2019avenir\u201d, Quelle contribution ? &nbsp; Principaux Intervenants: Patrick Mbeko Vanessa Zola Charles Onana Elza Vumi Jean-Jacques Wondo Omanyundu Patience Kabamba Damien Tuambi [...]<\/div>\t\t\t\t\t\t<\/div>\r\n\t\t\t\t\t<\/article>\r\n\t\t\t\t<\/div>\r\n\t\t\t\t<div class=\"grve-carousel-item\">\r\n\t\t\t\t\t<article class=\"grve-post-item post-6532 post type-post status-publish format-standard has-post-thumbnail hentry category-canada category-conferences-salons category-education category-mondialisation category-rencontresdebats\" itemscope itemType=\"http:\/\/schema.org\/BlogPosting\">\r\n\t\t\t\t\t\t\t\t<div class=\"grve-media grve-image-hover\">\r\n\t\t\t\t\t\t<a href=\"https:\/\/congolobilelo.com\/IN\/conference-lenseignement-des-langues-africaines-dans-la-mondialisation-3-mai-2014-a-montreal-canada\/\"><\/a>\r\n\t\t\t\r\n\t\t<\/div>\r\n\t\t\t\t\t\t<div class=\"grve-post-content\">\r\n\t\t\t\t\t\t\t<ul class=\"grve-post-meta\">\r\n\t\t\t\t\t\t\t\t\t\t\t\t\t\t\t<\/ul>\r\n\t\t\t\t\t\t\t<a href=\"https:\/\/congolobilelo.com\/IN\/conference-lenseignement-des-langues-africaines-dans-la-mondialisation-3-mai-2014-a-montreal-canada\/\" rel=\"bookmark\"><h2 class=\"grve-post-title grve-post-title-hover grve-h3\" itemprop=\"headline\">Conf\u00e9rence &#8211; L\u2019enseignement des langues africaines dans la mondialisation. &#8211; 3 mai 2014 \u00e0 Montr\u00e9al, Canada<\/h2><\/a>\t\t\t\t\t\t\t\t\t<span class=\"grve-hidden\">\r\n\t\t\t<span class=\"grve-structured-data entry-title\">Conf\u00e9rence &#8211; L\u2019enseignement des langues africaines dans la mondialisation. &#8211; 3 mai 2014 \u00e0 Montr\u00e9al, Canada<\/span>\r\n\t\t\t<span class=\"grve-structured-data\" itemprop=\"image\" itemscope itemtype=\"http:\/\/schema.org\/ImageObject\">\r\n\t\t\t   <span itemprop='url' ><\/span>\r\n\t\t\t   <span itemprop='height' ><\/span>\r\n\t\t\t   <span itemprop='width' ><\/span>\r\n\t\t\t<\/span>\r\n\t\t\t\t\t\t<span class=\"grve-structured-data vcard author\" itemprop=\"author\" itemscope itemtype=\"http:\/\/schema.org\/Person\">\r\n\t\t\t\t<span itemprop=\"name\" class=\"fn\">IN<\/span>\r\n\t\t\t<\/span>\r\n\t\t\t<span class=\"grve-structured-data\" itemprop=\"publisher\" itemscope itemtype=\"http:\/\/schema.org\/Organization\">\r\n\t\t\t\t<span itemprop='name'>IN<\/span>\r\n\t\t\t\t<span itemprop='logo' itemscope itemtype='http:\/\/schema.org\/ImageObject'>\r\n\t\t\t\t\t<span itemprop='url'>\/\/congolobilelo.com\/IN\/wp-content\/uploads\/2024\/11\/INGETA-80.png<\/span>\r\n\t\t\t\t<\/span>\r\n\t\t\t<\/span>\r\n\t\t\t\t\t\t<time class=\"grve-structured-data date published\" itemprop=\"datePublished\" datetime=\"2014-04-17T10:08:10+02:00\">17 April 2014<\/time>\r\n\t\t\t<time class=\"grve-structured-data date updated\" itemprop=\"dateModified\"  datetime=\"2014-04-17T10:08:10+02:00\">17 April 2014<\/time>\r\n\t\t\t<span class=\"grve-structured-data\" itemprop=\"mainEntityOfPage\" itemscope itemtype=\"http:\/\/schema.org\/WebPage\" itemid=\"https:\/\/congolobilelo.com\/IN\/conference-lenseignement-des-langues-africaines-dans-la-mondialisation-3-mai-2014-a-montreal-canada\/\"><\/span>\r\n\t\t<\/span>\r\n\t\t\t\t\t\t\t\t<div itemprop=\"articleBody\">L\u2019Ecole Ela Jambo vous invite \u00e0 la conf\u00e9rence : L\u2019enseignement des langues africaines dans un contexte de mondialisation : est-ce encore possible ? Date et heures: Le samedi 3 mai 2014, de 13 \u00e0 16h Lieu : Centre Afrika 1644, rue saint-Hubert, Montr\u00e9al, Qu\u00e9bec, H2L 3Z3 Message de l'organisateur: \u00ab On ne peut savoir o\u00f9 [...]<\/div>\t\t\t\t\t\t<\/div>\r\n\t\t\t\t\t<\/article>\r\n\t\t\t\t<\/div>\r\n\t\t\t\t<div class=\"grve-carousel-item\">\r\n\t\t\t\t\t<article class=\"grve-post-item post-6457 post type-post status-publish format-standard has-post-thumbnail hentry category-belgique category-politique-societe category-rencontresdebats\" itemscope itemType=\"http:\/\/schema.org\/BlogPosting\">\r\n\t\t\t\t\t\t\t\t<div class=\"grve-media grve-image-hover\">\r\n\t\t\t\t\t\t<a href=\"https:\/\/congolobilelo.com\/IN\/campus-congo-3eme-edition\/\"><\/a>\r\n\t\t\t\r\n\t\t<\/div>\r\n\t\t\t\t\t\t<div class=\"grve-post-content\">\r\n\t\t\t\t\t\t\t<ul class=\"grve-post-meta\">\r\n\t\t\t\t\t\t\t\t\t\t\t\t\t\t\t<\/ul>\r\n\t\t\t\t\t\t\t<a href=\"https:\/\/congolobilelo.com\/IN\/campus-congo-3eme-edition\/\" rel=\"bookmark\"><h2 class=\"grve-post-title grve-post-title-hover grve-h3\" itemprop=\"headline\">Campus Congo (3\u00e8me \u00e9dition,  printemps &#8211; \u00e9t\u00e9 2014) &#8211; Du 25 au 27 avril 2014<\/h2><\/a>\t\t\t\t\t\t\t\t\t<span class=\"grve-hidden\">\r\n\t\t\t<span class=\"grve-structured-data entry-title\">Campus Congo (3\u00e8me \u00e9dition,  printemps &#8211; \u00e9t\u00e9 2014) &#8211; Du 25 au 27 avril 2014<\/span>\r\n\t\t\t<span class=\"grve-structured-data\" itemprop=\"image\" itemscope itemtype=\"http:\/\/schema.org\/ImageObject\">\r\n\t\t\t   <span itemprop='url' ><\/span>\r\n\t\t\t   <span itemprop='height' ><\/span>\r\n\t\t\t   <span itemprop='width' ><\/span>\r\n\t\t\t<\/span>\r\n\t\t\t\t\t\t<span class=\"grve-structured-data vcard author\" itemprop=\"author\" itemscope itemtype=\"http:\/\/schema.org\/Person\">\r\n\t\t\t\t<span itemprop=\"name\" class=\"fn\">IN<\/span>\r\n\t\t\t<\/span>\r\n\t\t\t<span class=\"grve-structured-data\" itemprop=\"publisher\" itemscope itemtype=\"http:\/\/schema.org\/Organization\">\r\n\t\t\t\t<span itemprop='name'>IN<\/span>\r\n\t\t\t\t<span itemprop='logo' itemscope itemtype='http:\/\/schema.org\/ImageObject'>\r\n\t\t\t\t\t<span itemprop='url'>\/\/congolobilelo.com\/IN\/wp-content\/uploads\/2024\/11\/INGETA-80.png<\/span>\r\n\t\t\t\t<\/span>\r\n\t\t\t<\/span>\r\n\t\t\t\t\t\t<time class=\"grve-structured-data date published\" itemprop=\"datePublished\" datetime=\"2014-03-28T17:49:49+01:00\">28 March 2014<\/time>\r\n\t\t\t<time class=\"grve-structured-data date updated\" itemprop=\"dateModified\"  datetime=\"2014-03-28T17:49:49+01:00\">28 March 2014<\/time>\r\n\t\t\t<span class=\"grve-structured-data\" itemprop=\"mainEntityOfPage\" itemscope itemtype=\"http:\/\/schema.org\/WebPage\" itemid=\"https:\/\/congolobilelo.com\/IN\/campus-congo-3eme-edition\/\"><\/span>\r\n\t\t<\/span>\r\n\t\t\t\t\t\t\t\t<div itemprop=\"articleBody\">Campus Congo est l\u2019initiative des jeunes de la diaspora congolaise de Belgique. Elle vise essentiellement \u00e0 offrir aux congolais(es) entre 25 et 40 ans un espace de connexion, de discussion, de formation et de transmission de connaissance.Le programme de cette 3i\u00e8me \u00e9dition vous offre des d\u00e9bats-\u00e9changes, des films,\u00a0des jeux, de la d\u00e9tente et de la [...]<\/div>\t\t\t\t\t\t<\/div>\r\n\t\t\t\t\t<\/article>\r\n\t\t\t\t<\/div>\r\n\t\t\t\t<div class=\"grve-carousel-item\">\r\n\t\t\t\t\t<article class=\"grve-post-item post-6453 post type-post status-publish format-standard has-post-thumbnail hentry category-belgique category-politique-societe category-rencontresdebats\" itemscope itemType=\"http:\/\/schema.org\/BlogPosting\">\r\n\t\t\t\t\t\t\t\t<div class=\"grve-media grve-image-hover\">\r\n\t\t\t\t\t\t<a href=\"https:\/\/congolobilelo.com\/IN\/debat-masolo-25-05-2014-le-2-avril-a-bruxelles\/\"><\/a>\r\n\t\t\t\r\n\t\t<\/div>\r\n\t\t\t\t\t\t<div class=\"grve-post-content\">\r\n\t\t\t\t\t\t\t<ul class=\"grve-post-meta\">\r\n\t\t\t\t\t\t\t\t\t\t\t\t\t\t\t<\/ul>\r\n\t\t\t\t\t\t\t<a href=\"https:\/\/congolobilelo.com\/IN\/debat-masolo-25-05-2014-le-2-avril-a-bruxelles\/\" rel=\"bookmark\"><h2 class=\"grve-post-title grve-post-title-hover grve-h3\" itemprop=\"headline\">D\u00e9bat : Masolo* 25.05.2014 &#8211; Le 2 avril \u00e0 Bruxelles<\/h2><\/a>\t\t\t\t\t\t\t\t\t<span class=\"grve-hidden\">\r\n\t\t\t<span class=\"grve-structured-data entry-title\">D\u00e9bat : Masolo* 25.05.2014 &#8211; Le 2 avril \u00e0 Bruxelles<\/span>\r\n\t\t\t<span class=\"grve-structured-data\" itemprop=\"image\" itemscope itemtype=\"http:\/\/schema.org\/ImageObject\">\r\n\t\t\t   <span itemprop='url' ><\/span>\r\n\t\t\t   <span itemprop='height' ><\/span>\r\n\t\t\t   <span itemprop='width' ><\/span>\r\n\t\t\t<\/span>\r\n\t\t\t\t\t\t<span class=\"grve-structured-data vcard author\" itemprop=\"author\" itemscope itemtype=\"http:\/\/schema.org\/Person\">\r\n\t\t\t\t<span itemprop=\"name\" class=\"fn\">IN<\/span>\r\n\t\t\t<\/span>\r\n\t\t\t<span class=\"grve-structured-data\" itemprop=\"publisher\" itemscope itemtype=\"http:\/\/schema.org\/Organization\">\r\n\t\t\t\t<span itemprop='name'>IN<\/span>\r\n\t\t\t\t<span itemprop='logo' itemscope itemtype='http:\/\/schema.org\/ImageObject'>\r\n\t\t\t\t\t<span itemprop='url'>\/\/congolobilelo.com\/IN\/wp-content\/uploads\/2024\/11\/INGETA-80.png<\/span>\r\n\t\t\t\t<\/span>\r\n\t\t\t<\/span>\r\n\t\t\t\t\t\t<time class=\"grve-structured-data date published\" itemprop=\"datePublished\" datetime=\"2014-03-28T17:30:16+01:00\">28 March 2014<\/time>\r\n\t\t\t<time class=\"grve-structured-data date updated\" itemprop=\"dateModified\"  datetime=\"2014-03-28T17:30:16+01:00\">28 March 2014<\/time>\r\n\t\t\t<span class=\"grve-structured-data\" itemprop=\"mainEntityOfPage\" itemscope itemtype=\"http:\/\/schema.org\/WebPage\" itemid=\"https:\/\/congolobilelo.com\/IN\/debat-masolo-25-05-2014-le-2-avril-a-bruxelles\/\"><\/span>\r\n\t\t<\/span>\r\n\t\t\t\t\t\t\t\t<div itemprop=\"articleBody\">En vue des \u00e9lections r\u00e9gionales, f\u00e9d\u00e9rales et europ\u00e9ennes du 25 mai 2014, KUUMBA et CAMPUS CONGO organisent \u00ab\u00a0MASOLO\u00a025.05.2014\u00a0\u00bb, une s\u00e9rie de soir\u00e9es \u00e9lectorales avec des candidats d\u2019origine congolaise qui auront lieu tous les mercredi du 2 avril au 21 mai en soir\u00e9e. Mercredi 2 avril 2014 nous invitons deux candidats du parti politique flamand N-VA:\u00a0SEVA [...]<\/div>\t\t\t\t\t\t<\/div>\r\n\t\t\t\t\t<\/article>\r\n\t\t\t\t<\/div>\r\n\t\t\t\t<div class=\"grve-carousel-item\">\r\n\t\t\t\t\t<article class=\"grve-post-item post-6423 post type-post status-publish format-standard has-post-thumbnail hentry category-conferences-salons category-economie-entreprises category-mondialisation category-politique-societe category-rencontresdebats\" itemscope itemType=\"http:\/\/schema.org\/BlogPosting\">\r\n\t\t\t\t\t\t\t\t<div class=\"grve-media grve-image-hover\">\r\n\t\t\t\t\t\t<a href=\"https:\/\/congolobilelo.com\/IN\/montreal-march-15th-2014-stand-mcgill-presents-a-conflict-of-interests-canadian-mining-in-the-congo-conference\/\"><\/a>\r\n\t\t\t\r\n\t\t<\/div>\r\n\t\t\t\t\t\t<div class=\"grve-post-content\">\r\n\t\t\t\t\t\t\t<ul class=\"grve-post-meta\">\r\n\t\t\t\t\t\t\t\t\t\t\t\t\t\t\t<\/ul>\r\n\t\t\t\t\t\t\t<a href=\"https:\/\/congolobilelo.com\/IN\/montreal-march-15th-2014-stand-mcgill-presents-a-conflict-of-interests-canadian-mining-in-the-congo-conference\/\" rel=\"bookmark\"><h2 class=\"grve-post-title grve-post-title-hover grve-h3\" itemprop=\"headline\">Montreal &#8211; March 15th, 2014. STAND McGill Presents &#8211; A Conflict of Interests: Canadian Mining in the Congo Conference<\/h2><\/a>\t\t\t\t\t\t\t\t\t<span class=\"grve-hidden\">\r\n\t\t\t<span class=\"grve-structured-data entry-title\">Montreal &#8211; March 15th, 2014. STAND McGill Presents &#8211; A Conflict of Interests: Canadian Mining in the Congo Conference<\/span>\r\n\t\t\t<span class=\"grve-structured-data\" itemprop=\"image\" itemscope itemtype=\"http:\/\/schema.org\/ImageObject\">\r\n\t\t\t   <span itemprop='url' ><\/span>\r\n\t\t\t   <span itemprop='height' ><\/span>\r\n\t\t\t   <span itemprop='width' ><\/span>\r\n\t\t\t<\/span>\r\n\t\t\t\t\t\t<span class=\"grve-structured-data vcard author\" itemprop=\"author\" itemscope itemtype=\"http:\/\/schema.org\/Person\">\r\n\t\t\t\t<span itemprop=\"name\" class=\"fn\">IN<\/span>\r\n\t\t\t<\/span>\r\n\t\t\t<span class=\"grve-structured-data\" itemprop=\"publisher\" itemscope itemtype=\"http:\/\/schema.org\/Organization\">\r\n\t\t\t\t<span itemprop='name'>IN<\/span>\r\n\t\t\t\t<span itemprop='logo' itemscope itemtype='http:\/\/schema.org\/ImageObject'>\r\n\t\t\t\t\t<span itemprop='url'>\/\/congolobilelo.com\/IN\/wp-content\/uploads\/2024\/11\/INGETA-80.png<\/span>\r\n\t\t\t\t<\/span>\r\n\t\t\t<\/span>\r\n\t\t\t\t\t\t<time class=\"grve-structured-data date published\" itemprop=\"datePublished\" datetime=\"2014-03-11T08:08:34+01:00\">11 March 2014<\/time>\r\n\t\t\t<time class=\"grve-structured-data date updated\" itemprop=\"dateModified\"  datetime=\"2014-03-11T08:08:34+01:00\">11 March 2014<\/time>\r\n\t\t\t<span class=\"grve-structured-data\" itemprop=\"mainEntityOfPage\" itemscope itemtype=\"http:\/\/schema.org\/WebPage\" itemid=\"https:\/\/congolobilelo.com\/IN\/montreal-march-15th-2014-stand-mcgill-presents-a-conflict-of-interests-canadian-mining-in-the-congo-conference\/\"><\/span>\r\n\t\t<\/span>\r\n\t\t\t\t\t\t\t\t<div itemprop=\"articleBody\">The extractive sector is an enormous part of the Canadian economy, with 70% of the world's mining companies and 70% of the world's free-enterprise oil located within our borders. In 2011, natural resources industries indirectly and indirectly employed approximately 1.6 million people and contributed close to 20% of Canada's GDP. Canadian mining companies have a [...]<\/div>\t\t\t\t\t\t<\/div>\r\n\t\t\t\t\t<\/article>\r\n\t\t\t\t<\/div>\r\n<\/div>\t\t\t<\/div>\r\n\t\t<\/div>\r\n[\/vc_column][\/vc_row]<\/p>\n<\/div>","protected":false},"excerpt":{"rendered":"<p>[vc_row heading_color=&#8221;light&#8221; bg_type=&#8221;image&#8221; bg_image=&#8221;16587&#8243; bg_image_type=&#8221;horizontal-parallax-lr&#8221; bg_image_size=&#8221;full&#8221; color_overlay=&#8221;dark&#8221; font_color=&#8221;#ffffff&#8221; min_height=&#8221;200&#8243;][vc_column column_effect=&#8221;mouse-move-x-y&#8221; column_effect_invert=&#8221;true&#8221; width=&#8221;1\/2&#8243;][vc_column_text css=&#8221;&#8221; text_style=&#8221;leader-text&#8221; animation=&#8221;grve-fade-in-up&#8221; animation_delay=&#8221;600&#8243;]Campagnes de communication, livres,\u00a0 \u00e9v\u00e9nements, vid\u00e9os, audios : Pour utiliser et tirer profit collectivement des ressources que nous mettons \u00e0 disposition et en avant.[\/vc_column_text][\/vc_column][vc_column width=&#8221;1\/2&#8243;][\/vc_column][\/vc_row][vc_row][vc_column][\/vc_column][\/vc_row][vc_row][vc_column][\/vc_column][\/vc_row][vc_row][vc_column][\/vc_column][\/vc_row][vc_row][vc_column][\/vc_column][\/vc_row]<\/p>\n","protected":false},"author":1,"featured_media":0,"parent":0,"menu_order":0,"comment_status":"closed","ping_status":"closed","template":"","meta":{"_acf_changed":false,"content-type":"","footnotes":""},"class_list":["post-16626","page","type-page","status-publish","hentry"],"acf":[],"_links":{"self":[{"href":"https:\/\/congolobilelo.com\/IN\/wp-json\/wp\/v2\/pages\/16626","targetHints":{"allow":["GET"]}}],"collection":[{"href":"https:\/\/congolobilelo.com\/IN\/wp-json\/wp\/v2\/pages"}],"about":[{"href":"https:\/\/congolobilelo.com\/IN\/wp-json\/wp\/v2\/types\/page"}],"author":[{"embeddable":true,"href":"https:\/\/congolobilelo.com\/IN\/wp-json\/wp\/v2\/users\/1"}],"replies":[{"embeddable":true,"href":"https:\/\/congolobilelo.com\/IN\/wp-json\/wp\/v2\/comments?post=16626"}],"version-history":[{"count":8,"href":"https:\/\/congolobilelo.com\/IN\/wp-json\/wp\/v2\/pages\/16626\/revisions"}],"predecessor-version":[{"id":16869,"href":"https:\/\/congolobilelo.com\/IN\/wp-json\/wp\/v2\/pages\/16626\/revisions\/16869"}],"wp:attachment":[{"href":"https:\/\/congolobilelo.com\/IN\/wp-json\/wp\/v2\/media?parent=16626"}],"curies":[{"name":"wp","href":"https:\/\/api.w.org\/{rel}","templated":true}]}}