{"id":16437,"date":"2024-11-11T21:24:57","date_gmt":"2024-11-11T20:24:57","guid":{"rendered":"https:\/\/congolobilelo.com\/IN\/?page_id=16437"},"modified":"2026-04-20T21:15:09","modified_gmt":"2026-04-20T19:15:09","slug":"intro-test-v7","status":"publish","type":"page","link":"https:\/\/congolobilelo.com\/IN\/","title":{"rendered":"Intro &#8211; V7"},"content":{"rendered":"<div class=\"wpb-content-wrapper\"><p>[vc_row bg_type=&#8221;color&#8221; padding_top_multiplier=&#8221;&#8221; padding_bottom_multiplier=&#8221;2x&#8221; bg_color=&#8221;#ffffff&#8221;][vc_column css=&#8221;.vc_custom_1731694228536{padding-top: 10px !important;}&#8221;]<div class=\"grve-element grve-divider\" style=\"padding-top: 0px;padding-bottom: 0px;\"><div class=\"grve-line-divider grve-border\"><\/div><\/div><div class=\"grve-empty-space grve-height-1x\" style=\"\"><\/div>\t\t<div class=\"grve-element grve-blog-leader grve-layout-1 grve-blog-items-4\" style=\"\">\r\n<div class=\"grve-post-leader\">\r\n\t\t\t\t<article class=\"grve-blog-item post-16532 post type-post status-publish format-standard has-post-thumbnail hentry category-analyses-commentaires category-mondialisation category-pensee-critique\" itemscope itemType=\"http:\/\/schema.org\/BlogPosting\">\r\n\t\t\t\t\t<div class=\"grve-blog-item-inner grve-animated-item grve-zoom-in\">\r\n\r\n\t\t\t\t\t\t\t\t\t<div class=\"grve-media clearfix\">\r\n\t\t\t<a href=\"https:\/\/congolobilelo.com\/IN\/une-reflexion-sur-lere-trump\/\"><img loading=\"lazy\" decoding=\"async\" width=\"560\" height=\"405\" src=\"https:\/\/congolobilelo.com\/IN\/wp-content\/uploads\/2024\/11\/Trump2024-1-560x405.jpg\" class=\"attachment-movedo-grve-small-rect-horizontal size-movedo-grve-small-rect-horizontal wp-post-image\" alt=\"\" \/><\/a>\r\n\t\t<\/div>\r\n\t\t\t\t\t\t\t<div class=\"grve-post-content\">\r\n\t\t\t\t\t\t\t\t<div class=\"grve-post-header\">\r\n\t\t\t\t\t\t\t\t\t\t\t\t\t\t\t\t\t\t\t<a href=\"https:\/\/congolobilelo.com\/IN\/une-reflexion-sur-lere-trump\/\" rel=\"bookmark\"><h2 class=\"grve-post-title grve-post-title-hover grve-h3\" itemprop=\"headline\">Une r\u00e9flexion sur &#8220;l&#8217;\u00e8re Trump&#8221; : l&#8217;\u00c9tat profond et la reconfiguration du pouvoir am\u00e9ricain<\/h2><\/a>\t\t\t\t\t\t\t\t\t\t\t\t<span class=\"grve-hidden\">\r\n\t\t\t<span class=\"grve-structured-data entry-title\">Une r\u00e9flexion sur &#8220;l&#8217;\u00e8re Trump&#8221; : l&#8217;\u00c9tat profond et la reconfiguration du pouvoir am\u00e9ricain<\/span>\r\n\t\t\t<span class=\"grve-structured-data\" itemprop=\"image\" itemscope itemtype=\"http:\/\/schema.org\/ImageObject\">\r\n\t\t\t   <span itemprop='url' >https:\/\/congolobilelo.com\/IN\/wp-content\/uploads\/2024\/11\/Trump2024-1.jpg<\/span>\r\n\t\t\t   <span itemprop='height' >720<\/span>\r\n\t\t\t   <span itemprop='width' >405<\/span>\r\n\t\t\t<\/span>\r\n\t\t\t\t\t\t<span class=\"grve-structured-data vcard author\" itemprop=\"author\" itemscope itemtype=\"http:\/\/schema.org\/Person\">\r\n\t\t\t\t<span itemprop=\"name\" class=\"fn\">IN<\/span>\r\n\t\t\t<\/span>\r\n\t\t\t<span class=\"grve-structured-data\" itemprop=\"publisher\" itemscope itemtype=\"http:\/\/schema.org\/Organization\">\r\n\t\t\t\t<span itemprop='name'>IN<\/span>\r\n\t\t\t\t<span itemprop='logo' itemscope itemtype='http:\/\/schema.org\/ImageObject'>\r\n\t\t\t\t\t<span itemprop='url'>\/\/congolobilelo.com\/IN\/wp-content\/uploads\/2024\/11\/INGETA-80.png<\/span>\r\n\t\t\t\t<\/span>\r\n\t\t\t<\/span>\r\n\t\t\t\t\t\t<time class=\"grve-structured-data date published\" itemprop=\"datePublished\" datetime=\"2024-11-13T08:42:58+01:00\">13 November 2024<\/time>\r\n\t\t\t<time class=\"grve-structured-data date updated\" itemprop=\"dateModified\"  datetime=\"2024-11-15T19:06:08+01:00\">15 November 2024<\/time>\r\n\t\t\t<span class=\"grve-structured-data\" itemprop=\"mainEntityOfPage\" itemscope itemtype=\"http:\/\/schema.org\/WebPage\" itemid=\"https:\/\/congolobilelo.com\/IN\/une-reflexion-sur-lere-trump\/\"><\/span>\r\n\t\t<\/span>\r\n\t\t\t\t\t\t\t\t\t\t\t\t\t\t\t\t\t\t\t\t\t\t<ul class=\"grve-post-meta\">\r\n\t\t\t\t\t\t\t\t\t\t\t<li class=\"grve-post-date\">\t<time class=\"\" datetime=\"2024-11-13T08:42:58+01:00\">\r\n\t\t13 November 2024\t<\/time>\r\n<\/li>\t\t\t\t\t\t\t\t\t\t\t<\/ul>\r\n\t\t\t\t\t\t\t\t\t\t\t\t\t\t\t\t\t\t\t\r\n\t\t\t\t\t\t\t\t<\/div>\r\n\t\t\t\t\t\t\t\t<div itemprop=\"articleBody\"><p>Par Mufoncol Tshiyoyo L&#8217;\u00e9lection de Donald Trump en 2024 soul\u00e8ve des questions profondes sur la r\u00e9silience et l&#8217;adaptabilit\u00e9 de l&#8217;\u00c9tat profond aux \u00c9tats-Unis. Ce r\u00e9seau d&#8217;influence, ancr\u00e9 dans les institutions,&hellip;<\/p><\/div>\t\t\t\t\t\t\t<\/div>\r\n\r\n\t\t\t\t\t<\/div>\r\n\t\t\t\t<\/article>\r\n\r\n<\/div><div class=\"grve-post-list\">\r\n\t\t\t\t<article class=\"grve-blog-item post-16533 post type-post status-publish format-standard has-post-thumbnail hentry category-analyses-commentaires category-etat\" itemscope itemType=\"http:\/\/schema.org\/BlogPosting\">\r\n\t\t\t\t\t<div class=\"grve-blog-item-inner grve-animated-item grve-zoom-in\">\r\n\r\n\t\t\t\t\t\t\t\t\t<div class=\"grve-media clearfix\">\r\n\t\t\t<a href=\"https:\/\/congolobilelo.com\/IN\/bob-kabamba-la-constitution-et-le-kongo-gateau\/\"><img loading=\"lazy\" decoding=\"async\" width=\"560\" height=\"420\" src=\"https:\/\/congolobilelo.com\/IN\/wp-content\/uploads\/2024\/11\/SunCity-560x420.jpg\" class=\"attachment-movedo-grve-small-rect-horizontal size-movedo-grve-small-rect-horizontal wp-post-image\" alt=\"\" srcset=\"https:\/\/congolobilelo.com\/IN\/wp-content\/uploads\/2024\/11\/SunCity-560x420.jpg 560w, https:\/\/congolobilelo.com\/IN\/wp-content\/uploads\/2024\/11\/SunCity-300x225.jpg 300w, https:\/\/congolobilelo.com\/IN\/wp-content\/uploads\/2024\/11\/SunCity-768x576.jpg 768w, https:\/\/congolobilelo.com\/IN\/wp-content\/uploads\/2024\/11\/SunCity-900x675.jpg 900w, https:\/\/congolobilelo.com\/IN\/wp-content\/uploads\/2024\/11\/SunCity.jpg 1024w\" sizes=\"auto, (max-width: 560px) 100vw, 560px\" \/><\/a>\r\n\t\t<\/div>\r\n\t\t\t\t\t\t\t<div class=\"grve-post-content\">\r\n\t\t\t\t\t\t\t\t<div class=\"grve-post-header\">\r\n\t\t\t\t\t\t\t\t\t\t\t\t\t\t\t\t\t\t\t<a href=\"https:\/\/congolobilelo.com\/IN\/bob-kabamba-la-constitution-et-le-kongo-gateau\/\" rel=\"bookmark\"><h2 class=\"grve-post-title grve-post-title-hover grve-h5\" itemprop=\"headline\">Bob Kabamba, &#8220;la constitution&#8221; et le Kongo-g\u00e2teau<\/h2><\/a>\t\t\t\t\t\t\t\t\t\t\t\t<span class=\"grve-hidden\">\r\n\t\t\t<span class=\"grve-structured-data entry-title\">Bob Kabamba, &#8220;la constitution&#8221; et le Kongo-g\u00e2teau<\/span>\r\n\t\t\t<span class=\"grve-structured-data\" itemprop=\"image\" itemscope itemtype=\"http:\/\/schema.org\/ImageObject\">\r\n\t\t\t   <span itemprop='url' >https:\/\/congolobilelo.com\/IN\/wp-content\/uploads\/2024\/11\/SunCity.jpg<\/span>\r\n\t\t\t   <span itemprop='height' >1024<\/span>\r\n\t\t\t   <span itemprop='width' >768<\/span>\r\n\t\t\t<\/span>\r\n\t\t\t\t\t\t<span class=\"grve-structured-data vcard author\" itemprop=\"author\" itemscope itemtype=\"http:\/\/schema.org\/Person\">\r\n\t\t\t\t<span itemprop=\"name\" class=\"fn\">IN<\/span>\r\n\t\t\t<\/span>\r\n\t\t\t<span class=\"grve-structured-data\" itemprop=\"publisher\" itemscope itemtype=\"http:\/\/schema.org\/Organization\">\r\n\t\t\t\t<span itemprop='name'>IN<\/span>\r\n\t\t\t\t<span itemprop='logo' itemscope itemtype='http:\/\/schema.org\/ImageObject'>\r\n\t\t\t\t\t<span itemprop='url'>\/\/congolobilelo.com\/IN\/wp-content\/uploads\/2024\/11\/INGETA-80.png<\/span>\r\n\t\t\t\t<\/span>\r\n\t\t\t<\/span>\r\n\t\t\t\t\t\t<time class=\"grve-structured-data date published\" itemprop=\"datePublished\" datetime=\"2024-11-07T13:24:16+01:00\">7 November 2024<\/time>\r\n\t\t\t<time class=\"grve-structured-data date updated\" itemprop=\"dateModified\"  datetime=\"2024-11-07T13:24:16+01:00\">7 November 2024<\/time>\r\n\t\t\t<span class=\"grve-structured-data\" itemprop=\"mainEntityOfPage\" itemscope itemtype=\"http:\/\/schema.org\/WebPage\" itemid=\"https:\/\/congolobilelo.com\/IN\/bob-kabamba-la-constitution-et-le-kongo-gateau\/\"><\/span>\r\n\t\t<\/span>\r\n\t\t\t\t\t\t\t\t\t\t\t\t\t\t\t\t\t\t\t\t\t\t<ul class=\"grve-post-meta\">\r\n\t\t\t\t\t\t\t\t\t\t\t<li class=\"grve-post-date\">\t<time class=\"\" datetime=\"2024-11-07T13:24:16+01:00\">\r\n\t\t7 November 2024\t<\/time>\r\n<\/li>\t\t\t\t\t\t\t\t\t\t\t<\/ul>\r\n\t\t\t\t\t\t\t\t\t\t\t\t\t\t\t\t\t\t\t\r\n\t\t\t\t\t\t\t\t<\/div>\r\n\t\t\t\t\t\t\t\t<div itemprop=\"articleBody\"><p>Par Jean-Pierre Mbelu Mise en route L&#8217;un de mes derniers articles[1] voulait, entre autres, comprendre pourquoi des compatriotes kongolais sont r\u00e9ticents chaque fois que quelques-uns, parmi entre eux, essaient d&#8217;en&hellip;<\/p><\/div>\t\t\t\t\t\t\t<\/div>\r\n\r\n\t\t\t\t\t<\/div>\r\n\t\t\t\t<\/article>\r\n\r\n\r\n\t\t\t\t<article class=\"grve-blog-item post-15392 post type-post status-publish format-standard has-post-thumbnail hentry category-etat category-paroles-dingeta category-pensee-critique\" itemscope itemType=\"http:\/\/schema.org\/BlogPosting\">\r\n\t\t\t\t\t<div class=\"grve-blog-item-inner grve-animated-item grve-zoom-in\">\r\n\r\n\t\t\t\t\t\t\t\t\t<div class=\"grve-media clearfix\">\r\n\t\t\t<a href=\"https:\/\/congolobilelo.com\/IN\/en-2006-le-kongo-kinshasa-etait-un-etat-rate-sous-tutelle\/\"><img loading=\"lazy\" decoding=\"async\" width=\"560\" height=\"420\" src=\"https:\/\/congolobilelo.com\/IN\/wp-content\/uploads\/2024\/11\/Bemba-Kabila2006-1-560x420.jpg\" class=\"attachment-movedo-grve-small-rect-horizontal size-movedo-grve-small-rect-horizontal wp-post-image\" alt=\"\" srcset=\"https:\/\/congolobilelo.com\/IN\/wp-content\/uploads\/2024\/11\/Bemba-Kabila2006-1-560x420.jpg 560w, https:\/\/congolobilelo.com\/IN\/wp-content\/uploads\/2024\/11\/Bemba-Kabila2006-1-900x675.jpg 900w\" sizes=\"auto, (max-width: 560px) 100vw, 560px\" \/><\/a>\r\n\t\t<\/div>\r\n\t\t\t\t\t\t\t<div class=\"grve-post-content\">\r\n\t\t\t\t\t\t\t\t<div class=\"grve-post-header\">\r\n\t\t\t\t\t\t\t\t\t\t\t\t\t\t\t\t\t\t\t<a href=\"https:\/\/congolobilelo.com\/IN\/en-2006-le-kongo-kinshasa-etait-un-etat-rate-sous-tutelle\/\" rel=\"bookmark\"><h2 class=\"grve-post-title grve-post-title-hover grve-h5\" itemprop=\"headline\">En 2006, le Kongo-Kinshasa \u00e9tait un Etat (rat\u00e9) sous tutelle<\/h2><\/a>\t\t\t\t\t\t\t\t\t\t\t\t<span class=\"grve-hidden\">\r\n\t\t\t<span class=\"grve-structured-data entry-title\">En 2006, le Kongo-Kinshasa \u00e9tait un Etat (rat\u00e9) sous tutelle<\/span>\r\n\t\t\t<span class=\"grve-structured-data\" itemprop=\"image\" itemscope itemtype=\"http:\/\/schema.org\/ImageObject\">\r\n\t\t\t   <span itemprop='url' >https:\/\/congolobilelo.com\/IN\/wp-content\/uploads\/2024\/11\/Bemba-Kabila2006-1.jpg<\/span>\r\n\t\t\t   <span itemprop='height' >1215<\/span>\r\n\t\t\t   <span itemprop='width' >860<\/span>\r\n\t\t\t<\/span>\r\n\t\t\t\t\t\t<span class=\"grve-structured-data vcard author\" itemprop=\"author\" itemscope itemtype=\"http:\/\/schema.org\/Person\">\r\n\t\t\t\t<span itemprop=\"name\" class=\"fn\">IN<\/span>\r\n\t\t\t<\/span>\r\n\t\t\t<span class=\"grve-structured-data\" itemprop=\"publisher\" itemscope itemtype=\"http:\/\/schema.org\/Organization\">\r\n\t\t\t\t<span itemprop='name'>IN<\/span>\r\n\t\t\t\t<span itemprop='logo' itemscope itemtype='http:\/\/schema.org\/ImageObject'>\r\n\t\t\t\t\t<span itemprop='url'>\/\/congolobilelo.com\/IN\/wp-content\/uploads\/2024\/11\/INGETA-80.png<\/span>\r\n\t\t\t\t<\/span>\r\n\t\t\t<\/span>\r\n\t\t\t\t\t\t<time class=\"grve-structured-data date published\" itemprop=\"datePublished\" datetime=\"2024-11-03T15:32:16+01:00\">3 November 2024<\/time>\r\n\t\t\t<time class=\"grve-structured-data date updated\" itemprop=\"dateModified\"  datetime=\"2024-11-03T15:32:16+01:00\">3 November 2024<\/time>\r\n\t\t\t<span class=\"grve-structured-data\" itemprop=\"mainEntityOfPage\" itemscope itemtype=\"http:\/\/schema.org\/WebPage\" itemid=\"https:\/\/congolobilelo.com\/IN\/en-2006-le-kongo-kinshasa-etait-un-etat-rate-sous-tutelle\/\"><\/span>\r\n\t\t<\/span>\r\n\t\t\t\t\t\t\t\t\t\t\t\t\t\t\t\t\t\t\t\t\t\t<ul class=\"grve-post-meta\">\r\n\t\t\t\t\t\t\t\t\t\t\t<li class=\"grve-post-date\">\t<time class=\"\" datetime=\"2024-11-03T15:32:16+01:00\">\r\n\t\t3 November 2024\t<\/time>\r\n<\/li>\t\t\t\t\t\t\t\t\t\t\t<\/ul>\r\n\t\t\t\t\t\t\t\t\t\t\t\t\t\t\t\t\t\t\t\r\n\t\t\t\t\t\t\t\t<\/div>\r\n\t\t\t\t\t\t\t\t<div itemprop=\"articleBody\"><p>Par Jean-Pierre Mbelu Plusieurs compatriotes qui disent aujourd&#8217;hui &#8220;touche pas \u00e0 ma constitution&#8221; ne savent pas et\/ou ont vite oubli\u00e9 qu&#8217;il \u00e9tait interdit au parlement kongolais de la transition de&hellip;<\/p><\/div>\t\t\t\t\t\t\t<\/div>\r\n\r\n\t\t\t\t\t<\/div>\r\n\t\t\t\t<\/article>\r\n\r\n\r\n\t\t\t\t<article class=\"grve-blog-item post-16531 post type-post status-publish format-standard has-post-thumbnail hentry category-paroles-dingeta category-pensee-critique category-politique-societe\" itemscope itemType=\"http:\/\/schema.org\/BlogPosting\">\r\n\t\t\t\t\t<div class=\"grve-blog-item-inner grve-animated-item grve-zoom-in\">\r\n\r\n\t\t\t\t\t\t\t\t\t<div class=\"grve-media clearfix\">\r\n\t\t\t<a href=\"https:\/\/congolobilelo.com\/IN\/lire-toujours-lire-lexemple-de-les-faiseurs-de-paix-au-congo\/\"><img loading=\"lazy\" decoding=\"async\" width=\"560\" height=\"420\" src=\"https:\/\/congolobilelo.com\/IN\/wp-content\/uploads\/2024\/11\/Les-Faiseurs-de-paix-au-Congo-1-2-560x420.jpg\" class=\"attachment-movedo-grve-small-rect-horizontal size-movedo-grve-small-rect-horizontal wp-post-image\" alt=\"\" srcset=\"https:\/\/congolobilelo.com\/IN\/wp-content\/uploads\/2024\/11\/Les-Faiseurs-de-paix-au-Congo-1-2-560x420.jpg 560w, https:\/\/congolobilelo.com\/IN\/wp-content\/uploads\/2024\/11\/Les-Faiseurs-de-paix-au-Congo-1-2-900x675.jpg 900w\" sizes=\"auto, (max-width: 560px) 100vw, 560px\" \/><\/a>\r\n\t\t<\/div>\r\n\t\t\t\t\t\t\t<div class=\"grve-post-content\">\r\n\t\t\t\t\t\t\t\t<div class=\"grve-post-header\">\r\n\t\t\t\t\t\t\t\t\t\t\t\t\t\t\t\t\t\t\t<a href=\"https:\/\/congolobilelo.com\/IN\/lire-toujours-lire-lexemple-de-les-faiseurs-de-paix-au-congo\/\" rel=\"bookmark\"><h2 class=\"grve-post-title grve-post-title-hover grve-h5\" itemprop=\"headline\">Lire. Toujours lire. L&#8217;exemple de &#8220;Les &#8216;Faiseurs de paix&#8217; au Congo&#8221;<\/h2><\/a>\t\t\t\t\t\t\t\t\t\t\t\t<span class=\"grve-hidden\">\r\n\t\t\t<span class=\"grve-structured-data entry-title\">Lire. Toujours lire. L&#8217;exemple de &#8220;Les &#8216;Faiseurs de paix&#8217; au Congo&#8221;<\/span>\r\n\t\t\t<span class=\"grve-structured-data\" itemprop=\"image\" itemscope itemtype=\"http:\/\/schema.org\/ImageObject\">\r\n\t\t\t   <span itemprop='url' >https:\/\/congolobilelo.com\/IN\/wp-content\/uploads\/2024\/11\/Les-Faiseurs-de-paix-au-Congo-1-2.jpg<\/span>\r\n\t\t\t   <span itemprop='height' >1748<\/span>\r\n\t\t\t   <span itemprop='width' >1489<\/span>\r\n\t\t\t<\/span>\r\n\t\t\t\t\t\t<span class=\"grve-structured-data vcard author\" itemprop=\"author\" itemscope itemtype=\"http:\/\/schema.org\/Person\">\r\n\t\t\t\t<span itemprop=\"name\" class=\"fn\">IN<\/span>\r\n\t\t\t<\/span>\r\n\t\t\t<span class=\"grve-structured-data\" itemprop=\"publisher\" itemscope itemtype=\"http:\/\/schema.org\/Organization\">\r\n\t\t\t\t<span itemprop='name'>IN<\/span>\r\n\t\t\t\t<span itemprop='logo' itemscope itemtype='http:\/\/schema.org\/ImageObject'>\r\n\t\t\t\t\t<span itemprop='url'>\/\/congolobilelo.com\/IN\/wp-content\/uploads\/2024\/11\/INGETA-80.png<\/span>\r\n\t\t\t\t<\/span>\r\n\t\t\t<\/span>\r\n\t\t\t\t\t\t<time class=\"grve-structured-data date published\" itemprop=\"datePublished\" datetime=\"2024-11-02T18:35:46+01:00\">2 November 2024<\/time>\r\n\t\t\t<time class=\"grve-structured-data date updated\" itemprop=\"dateModified\"  datetime=\"2024-11-02T18:35:46+01:00\">2 November 2024<\/time>\r\n\t\t\t<span class=\"grve-structured-data\" itemprop=\"mainEntityOfPage\" itemscope itemtype=\"http:\/\/schema.org\/WebPage\" itemid=\"https:\/\/congolobilelo.com\/IN\/lire-toujours-lire-lexemple-de-les-faiseurs-de-paix-au-congo\/\"><\/span>\r\n\t\t<\/span>\r\n\t\t\t\t\t\t\t\t\t\t\t\t\t\t\t\t\t\t\t\t\t\t<ul class=\"grve-post-meta\">\r\n\t\t\t\t\t\t\t\t\t\t\t<li class=\"grve-post-date\">\t<time class=\"\" datetime=\"2024-11-02T18:35:46+01:00\">\r\n\t\t2 November 2024\t<\/time>\r\n<\/li>\t\t\t\t\t\t\t\t\t\t\t<\/ul>\r\n\t\t\t\t\t\t\t\t\t\t\t\t\t\t\t\t\t\t\t\r\n\t\t\t\t\t\t\t\t<\/div>\r\n\t\t\t\t\t\t\t\t<div itemprop=\"articleBody\"><p>Par Jean-Pierre Mbelu Travailler intellectuellement sur le temps long semble \u00eatre une mer \u00e0 boire pour plusieurs compatriotes kongolais. L&#8217;Occident que nous critiquons r\u00e9guli\u00e8rement dispose toujours d&#8217;un nombre important d&#8217;intellectuels&hellip;<\/p><\/div>\t\t\t\t\t\t\t<\/div>\r\n\r\n\t\t\t\t\t<\/div>\r\n\t\t\t\t<\/article>\r\n\r\n<\/div>\t\t<\/div>\r\n[\/vc_column][\/vc_row][vc_row bg_type=&#8221;color&#8221; bg_color=&#8221;#D9D9D9&#8243;][vc_column]<h3 class=\"grve-element grve-title grve-align-center grve-h3\" style=\"\"><span><br>\n<p style=\"text-align: center;\">ENJEUX CONGOLAIS<br>\n<span class=\"grve-title-line grve-bg-primary-1\" style=\"width: 50px;height: 2px;\"><\/span><\/span><\/h3><div class=\"grve-element grve-flexible-carousel grve-carousel grve-layout-1 grve-with-gap\" style=\"\"><div class=\"grve-carousel-wrapper\"><div class=\"grve-carousel-navigation grve-dark grve-navigation-1 grve-navigation-carousel\"><div class=\"grve-carousel-buttons\"><div class=\"grve-carousel-prev\"><i class=\"grve-icon-nav-left-small\"><\/i><span class=\"screen-reader-text\">Previous<\/span><\/div><div class=\"grve-carousel-next\"><i class=\"grve-icon-nav-right-small\"><\/i><span class=\"screen-reader-text\">Next<\/span><\/div><\/div><\/div>\t<div class=\"grve-flexible-carousel-element \" data-items=\"2\" data-items-tablet-landscape=\"2\" data-items-tablet-portrait=\"1\" data-items-mobile=\"1\" data-slider-autoplay=\"yes\" data-slider-speed=\"3000\" data-slider-pause=\"no\" data-pagination-speed=\"400\" data-pagination=\"no\" data-slider-autoheight=\"no\"><div class=\"grve-element grve-image-text grve-layout-1 grve-align-left\" style=\"\"><div class=\"grve-image grve-position-left\"><img loading=\"lazy\" decoding=\"async\" width=\"1280\" height=\"841\" src=\"https:\/\/congolobilelo.com\/IN\/wp-content\/uploads\/2024\/11\/Comprendre-la-guerre.jpg\" class=\"attachment-full size-full\" alt=\"\" srcset=\"https:\/\/congolobilelo.com\/IN\/wp-content\/uploads\/2024\/11\/Comprendre-la-guerre.jpg 1280w, https:\/\/congolobilelo.com\/IN\/wp-content\/uploads\/2024\/11\/Comprendre-la-guerre-300x197.jpg 300w, https:\/\/congolobilelo.com\/IN\/wp-content\/uploads\/2024\/11\/Comprendre-la-guerre-1024x673.jpg 1024w, https:\/\/congolobilelo.com\/IN\/wp-content\/uploads\/2024\/11\/Comprendre-la-guerre-768x505.jpg 768w\" sizes=\"auto, (max-width: 1280px) 100vw, 1280px\" \/><\/div>  <div class=\"grve-content grve-position-right grve-align-left\"><h3 class=\"grve-title grve-heading-color grve-h5\">Comprendre la guerre<\/h3>  <p class=\"grve-description\">Parce que nous devons mieux comprendre les v\u00e9ritables enjeux de la guerre au Congo pour mieux agir.<\/p><a href=\"https:\/\/congolobilelo.com\/IN\/enjeux\/comprendre\/\" title=\"Comprendre la guerre\" class=\"grve-link-text grve-read-more \">les articles...<\/a>  <\/div><\/div><div class=\"grve-element grve-image-text grve-layout-1 grve-align-left\" style=\"\"><div class=\"grve-image grve-position-left\"><img loading=\"lazy\" decoding=\"async\" width=\"1024\" height=\"683\" src=\"https:\/\/congolobilelo.com\/IN\/wp-content\/uploads\/2024\/11\/Refonder-le-Congo.jpg\" class=\"attachment-full size-full\" alt=\"\" srcset=\"https:\/\/congolobilelo.com\/IN\/wp-content\/uploads\/2024\/11\/Refonder-le-Congo.jpg 1x,https:\/\/congolobilelo.com\/IN\/wp-content\/uploads\/2024\/11\/Refonder-le-Congo.jpg 2x\" \/><\/div>  <div class=\"grve-content grve-position-right grve-align-left\"><h3 class=\"grve-title grve-heading-color grve-h5\">Refonder l'Etat<\/h3>  <p class=\"grve-description\">Parce que nous devons refonder les liens et les relations entre Congolais. Parce que nous devons refonder l\u2019Etat. Parce que nous avons besoin d\u2019un leadership responsable, collaboratif et visionnaire.<\/p><a href=\"https:\/\/congolobilelo.com\/IN\/enjeux\/refonder\/\" title=\"Refonder le Congo\" class=\"grve-link-text grve-read-more \">Les articles...<\/a>  <\/div><\/div><div class=\"grve-element grve-image-text grve-layout-1 grve-align-left\" style=\"\"><div class=\"grve-image grve-position-left\"><img loading=\"lazy\" decoding=\"async\" width=\"960\" height=\"720\" src=\"https:\/\/congolobilelo.com\/IN\/wp-content\/uploads\/2024\/11\/Gagner-la-bataille-des-idees.jpg\" class=\"attachment-full size-full\" alt=\"\" srcset=\"https:\/\/congolobilelo.com\/IN\/wp-content\/uploads\/2024\/11\/Gagner-la-bataille-des-idees.jpg 960w, https:\/\/congolobilelo.com\/IN\/wp-content\/uploads\/2024\/11\/Gagner-la-bataille-des-idees-300x225.jpg 300w, https:\/\/congolobilelo.com\/IN\/wp-content\/uploads\/2024\/11\/Gagner-la-bataille-des-idees-768x576.jpg 768w, https:\/\/congolobilelo.com\/IN\/wp-content\/uploads\/2024\/11\/Gagner-la-bataille-des-idees-560x420.jpg 560w, https:\/\/congolobilelo.com\/IN\/wp-content\/uploads\/2024\/11\/Gagner-la-bataille-des-idees-900x675.jpg 900w\" sizes=\"auto, (max-width: 960px) 100vw, 960px\" \/><\/div>  <div class=\"grve-content grve-position-right grve-align-left\"><h3 class=\"grve-title grve-heading-color grve-h5\">Gagner la guerre des id\u00e9es<\/h3>  <p class=\"grve-description\">Parce que la grande r\u00e9volution que nous devons mener est id\u00e9ologique. Parce que nous devons d\u00e9finir une vision, un agenda, des protocoles.<\/p><a href=\"https:\/\/congolobilelo.com\/IN\/enjeux\/gagner\/\" title=\"Gagner la guerre des id\u00e9es\" class=\"grve-link-text grve-read-more \">Les articles<\/a>  <\/div><\/div><div class=\"grve-element grve-image-text grve-layout-1 grve-align-left\" style=\"\"><div class=\"grve-image grve-position-left\"><img loading=\"lazy\" decoding=\"async\" width=\"2560\" height=\"1700\" src=\"https:\/\/congolobilelo.com\/IN\/wp-content\/uploads\/2024\/11\/Travailler-au-panafricanisme-des-peuples-scaled.jpg\" class=\"attachment-full size-full\" alt=\"\" srcset=\"https:\/\/congolobilelo.com\/IN\/wp-content\/uploads\/2024\/11\/Travailler-au-panafricanisme-des-peuples-scaled.jpg 2560w, https:\/\/congolobilelo.com\/IN\/wp-content\/uploads\/2024\/11\/Travailler-au-panafricanisme-des-peuples-300x199.jpg 300w, https:\/\/congolobilelo.com\/IN\/wp-content\/uploads\/2024\/11\/Travailler-au-panafricanisme-des-peuples-1024x680.jpg 1024w, https:\/\/congolobilelo.com\/IN\/wp-content\/uploads\/2024\/11\/Travailler-au-panafricanisme-des-peuples-768x510.jpg 768w, https:\/\/congolobilelo.com\/IN\/wp-content\/uploads\/2024\/11\/Travailler-au-panafricanisme-des-peuples-1536x1020.jpg 1536w, https:\/\/congolobilelo.com\/IN\/wp-content\/uploads\/2024\/11\/Travailler-au-panafricanisme-des-peuples-1920x1275.jpg 1920w\" sizes=\"auto, (max-width: 2560px) 100vw, 2560px\" \/><\/div>  <div class=\"grve-content grve-position-right grve-align-left\"><h3 class=\"grve-title grve-heading-color grve-h5\">Travailler au panafricanisme des peuples<\/h3>  <p class=\"grve-description\">Parce que le devenir de l\u2019Afrique d\u00e9pend en grande partie de ce que les Congolais, avec les autres africains, pourront faire du Congo.<\/p><a href=\"https:\/\/congolobilelo.com\/IN\/enjeux\/travailler\/\" title=\"Travailler au panafricanisme des peuples\" class=\"grve-link-text grve-read-more \">Les articles...<\/a>  <\/div><\/div><div class=\"grve-element grve-image-text grve-layout-1 grve-align-left\" style=\"\"><div class=\"grve-image grve-position-left\"><img loading=\"lazy\" decoding=\"async\" width=\"960\" height=\"678\" src=\"https:\/\/congolobilelo.com\/IN\/wp-content\/uploads\/2024\/11\/Restaurer-la-dignite.jpg\" class=\"attachment-full size-full\" alt=\"\" srcset=\"https:\/\/congolobilelo.com\/IN\/wp-content\/uploads\/2024\/11\/Restaurer-la-dignite.jpg 960w, https:\/\/congolobilelo.com\/IN\/wp-content\/uploads\/2024\/11\/Restaurer-la-dignite-300x212.jpg 300w, https:\/\/congolobilelo.com\/IN\/wp-content\/uploads\/2024\/11\/Restaurer-la-dignite-768x542.jpg 768w\" sizes=\"auto, (max-width: 960px) 100vw, 960px\" \/><\/div>  <div class=\"grve-content grve-position-right grve-align-left\"><h3 class=\"grve-title grve-heading-color grve-h5\">Restaurer la dignit\u00e9<\/h3>  <p class=\"grve-description\">Parce que nous devons nous engager dans une r\u00e9volution de valeurs. Parce que nous devons nous organiser de mani\u00e8re \u00e0 d\u00e9fendre nos droits et notre dignit\u00e9.<\/p><a href=\"https:\/\/congolobilelo.com\/IN\/enjeux\/restaurer\/\" title=\"Restaurer la dignit\u00e9\" class=\"grve-link-text grve-read-more \">Les articles<\/a>  <\/div><\/div><div class=\"grve-element grve-image-text grve-layout-1 grve-align-left\" style=\"\"><div class=\"grve-image grve-position-left\"><img loading=\"lazy\" decoding=\"async\" width=\"1600\" height=\"1059\" src=\"https:\/\/congolobilelo.com\/IN\/wp-content\/uploads\/2024\/11\/Reconquerir-nos-terres.jpg\" class=\"attachment-full size-full\" alt=\"\" srcset=\"https:\/\/congolobilelo.com\/IN\/wp-content\/uploads\/2024\/11\/Reconquerir-nos-terres.jpg 1600w, https:\/\/congolobilelo.com\/IN\/wp-content\/uploads\/2024\/11\/Reconquerir-nos-terres-300x199.jpg 300w, https:\/\/congolobilelo.com\/IN\/wp-content\/uploads\/2024\/11\/Reconquerir-nos-terres-1024x678.jpg 1024w, https:\/\/congolobilelo.com\/IN\/wp-content\/uploads\/2024\/11\/Reconquerir-nos-terres-768x508.jpg 768w, https:\/\/congolobilelo.com\/IN\/wp-content\/uploads\/2024\/11\/Reconquerir-nos-terres-1536x1017.jpg 1536w\" sizes=\"auto, (max-width: 1600px) 100vw, 1600px\" \/><\/div>  <div class=\"grve-content grve-position-right grve-align-left\"><h3 class=\"grve-title grve-heading-color grve-h5\">Reconqu\u00e9rir nos terres<\/h3>  <p class=\"grve-description\">Parce que nous devons lier la question de la souverainet\u00e9, \u00e0 la question de la terre, de l\u2019enracinement.<\/p><a href=\"https:\/\/congolobilelo.com\/IN\/enjeux\/reconquerir\/\" title=\"Reconqu\u00e9rir nos terres\" class=\"grve-link-text grve-read-more \">Les articles<\/a>  <\/div><\/div>\t<\/div>  <\/div><\/div>[\/vc_column][\/vc_row][vc_row bg_type=&#8221;color&#8221; bg_color=&#8221;#DD9933&#8243;][vc_column]<h3 class=\"grve-element grve-title grve-align-center grve-h3\" style=\"\"><span><br>\n<p style=\"text-align: center;\">JOURNAL INGETA<br>\n<span class=\"grve-title-line grve-bg-white\" style=\"width: 50px;height: 2px;\"><\/span><\/span><\/h3>\t\t\t<div class=\"grve-element grve-carousel grve-layout-1 grve-with-gap\" style=\"\" data-items=\"4\" data-items-tablet-landscape=\"3\" data-items-tablet-portrait=\"3\" data-items-mobile=\"1\" data-slider-autoplay=\"yes\" data-slider-speed=\"5500\" data-slider-pause=\"no\" data-pagination-speed=\"400\" data-pagination=\"no\" data-slider-loop=\"yes\" data-gutter-size=\"30\">\r\n\t\t\r\n\t\t\t\r\n\t\t  <div class=\"grve-carousel-wrapper\">\t\t\t<div class=\"grve-carousel-element grve-portfolio\" data-items=\"4\" data-items-tablet-landscape=\"3\" data-items-tablet-portrait=\"3\" data-items-mobile=\"1\" data-slider-autoplay=\"yes\" data-slider-speed=\"5500\" data-slider-pause=\"no\" data-pagination-speed=\"400\" data-pagination=\"no\" data-slider-loop=\"yes\" data-gutter-size=\"30\">\r\n<div class=\"grve-carousel-item\">\t\t\t\t\t<article id=\"portfolio-16703-6a9662e3a4424\" class=\"grve-portfolio-item post-16703 portfolio type-portfolio status-publish has-post-thumbnail hentry portfolio_category-218 portfolio_category-journal\">\r\n\t\t\t\t\t\t<div class=\"grve-carousel-item grve-hover-item grve-hover-style-2\">\t\t\t\t\t\t\t\t\t<figure class=\"grve-image-hover grve-media\">\r\n\t\t\t\t\t\t\t\t\t\t<a class=\"grve-item-url\" aria-label=\"Journal Ingeta #45\" href=\"https:\/\/congolobilelo.com\/IN\/pub\/ij45\/\"><\/a>\t\t\t\t\t\t\t\t\t\t\t\t\t\t\t\t\t\t\t\t\t<div class=\"grve-bg-primary-1 grve-hover-overlay grve-opacity-90\"><\/div>\r\n\t\t\t\t\t\t\t\t\t\t\t\t\t\t\t\t\t\t\t\t<img loading=\"lazy\" decoding=\"async\" width=\"560\" height=\"747\" src=\"https:\/\/congolobilelo.com\/IN\/wp-content\/uploads\/2024\/11\/IngetaJournal-N45-560x747.jpg\" class=\"attachment-movedo-grve-small-rect-vertical size-movedo-grve-small-rect-vertical\" alt=\"\" srcset=\"https:\/\/congolobilelo.com\/IN\/wp-content\/uploads\/2024\/11\/IngetaJournal-N45-560x747.jpg 560w, https:\/\/congolobilelo.com\/IN\/wp-content\/uploads\/2024\/11\/IngetaJournal-N45-840x1120.jpg 840w\" sizes=\"auto, (max-width: 560px) 100vw, 560px\" \/>\t\t\t\t\t\t\t\t\t\t\t\t\t\t\t\t\t\t\t\t<figcaption class=\"grve-content grve-align-center\">\r\n\t\t\t\t\t\t\t\t\t\t\t\t\t\t\t\t\t\t\t\t\t\t\t\t\t\t\t\t\t\t\t\t\t<h3 class=\"grve-title grve-text-white grve-h6\">Journal Ingeta #45<\/h3>\r\n\t\t\t\t\t\t\t\t\t\t\t\t\t\t\t\t\t\t\t\t\t\t\t\t\t\t\t\t\t\t\t\t\t\t\t\t\t\t\t\t\t\t\t\t\t\t\t\t\t\t\t\t\t\t\t\t\t\t\t\t\t\t\t\t\t<\/figcaption>\r\n\t\t\t\t\t\t\t\t\t\t\t\t\t\t\t\t\t\t\t<\/figure>\r\n\t\t\t\t\t\t\t\t\t\t\t\t\t<\/div>\r\n\t\t\t\t\t<\/article>\r\n<\/div><div class=\"grve-carousel-item\">\t\t\t\t\t<article id=\"portfolio-16791-6a9662e3a495d\" class=\"grve-portfolio-item post-16791 portfolio type-portfolio status-publish has-post-thumbnail hentry portfolio_category-218 portfolio_category-journal\">\r\n\t\t\t\t\t\t<div class=\"grve-carousel-item grve-hover-item grve-hover-style-2\">\t\t\t\t\t\t\t\t\t<figure class=\"grve-image-hover grve-media\">\r\n\t\t\t\t\t\t\t\t\t\t<a class=\"grve-item-url\" aria-label=\"Journal Ingeta #44\" href=\"https:\/\/congolobilelo.com\/IN\/pub\/journal-ingeta-44\/\"><\/a>\t\t\t\t\t\t\t\t\t\t\t\t\t\t\t\t\t\t\t\t\t<div class=\"grve-bg-primary-1 grve-hover-overlay grve-opacity-90\"><\/div>\r\n\t\t\t\t\t\t\t\t\t\t\t\t\t\t\t\t\t\t\t\t<img loading=\"lazy\" decoding=\"async\" width=\"560\" height=\"747\" src=\"https:\/\/congolobilelo.com\/IN\/wp-content\/uploads\/2024\/11\/IngetaJournal-N44-560x747.jpg\" class=\"attachment-movedo-grve-small-rect-vertical size-movedo-grve-small-rect-vertical\" alt=\"\" srcset=\"https:\/\/congolobilelo.com\/IN\/wp-content\/uploads\/2024\/11\/IngetaJournal-N44-560x747.jpg 560w, https:\/\/congolobilelo.com\/IN\/wp-content\/uploads\/2024\/11\/IngetaJournal-N44-840x1120.jpg 840w\" sizes=\"auto, (max-width: 560px) 100vw, 560px\" \/>\t\t\t\t\t\t\t\t\t\t\t\t\t\t\t\t\t\t\t\t<figcaption class=\"grve-content grve-align-center\">\r\n\t\t\t\t\t\t\t\t\t\t\t\t\t\t\t\t\t\t\t\t\t\t\t\t\t\t\t\t\t\t\t\t\t<h3 class=\"grve-title grve-text-white grve-h6\">Journal Ingeta #44<\/h3>\r\n\t\t\t\t\t\t\t\t\t\t\t\t\t\t\t\t\t\t\t\t\t\t\t\t\t\t\t\t\t\t\t\t\t\t\t\t\t\t\t\t\t\t\t\t\t\t\t\t\t\t\t\t\t\t\t\t\t\t\t\t\t\t\t\t\t<\/figcaption>\r\n\t\t\t\t\t\t\t\t\t\t\t\t\t\t\t\t\t\t\t<\/figure>\r\n\t\t\t\t\t\t\t\t\t\t\t\t\t<\/div>\r\n\t\t\t\t\t<\/article>\r\n<\/div><div class=\"grve-carousel-item\">\t\t\t\t\t<article id=\"portfolio-16794-6a9662e3a4e2b\" class=\"grve-portfolio-item post-16794 portfolio type-portfolio status-publish has-post-thumbnail hentry portfolio_category-218 portfolio_category-journal\">\r\n\t\t\t\t\t\t<div class=\"grve-carousel-item grve-hover-item grve-hover-style-2\">\t\t\t\t\t\t\t\t\t<figure class=\"grve-image-hover grve-media\">\r\n\t\t\t\t\t\t\t\t\t\t<a class=\"grve-item-url\" aria-label=\"Journal Ingeta #43\" href=\"https:\/\/congolobilelo.com\/IN\/pub\/journal-ingeta-43\/\"><\/a>\t\t\t\t\t\t\t\t\t\t\t\t\t\t\t\t\t\t\t\t\t<div class=\"grve-bg-primary-1 grve-hover-overlay grve-opacity-90\"><\/div>\r\n\t\t\t\t\t\t\t\t\t\t\t\t\t\t\t\t\t\t\t\t<img loading=\"lazy\" decoding=\"async\" width=\"560\" height=\"747\" src=\"https:\/\/congolobilelo.com\/IN\/wp-content\/uploads\/2024\/11\/IngetaJournal-N43-560x747.jpg\" class=\"attachment-movedo-grve-small-rect-vertical size-movedo-grve-small-rect-vertical\" alt=\"\" srcset=\"https:\/\/congolobilelo.com\/IN\/wp-content\/uploads\/2024\/11\/IngetaJournal-N43-560x747.jpg 560w, https:\/\/congolobilelo.com\/IN\/wp-content\/uploads\/2024\/11\/IngetaJournal-N43-840x1120.jpg 840w\" sizes=\"auto, (max-width: 560px) 100vw, 560px\" \/>\t\t\t\t\t\t\t\t\t\t\t\t\t\t\t\t\t\t\t\t<figcaption class=\"grve-content grve-align-center\">\r\n\t\t\t\t\t\t\t\t\t\t\t\t\t\t\t\t\t\t\t\t\t\t\t\t\t\t\t\t\t\t\t\t\t<h3 class=\"grve-title grve-text-white grve-h6\">Journal Ingeta #43<\/h3>\r\n\t\t\t\t\t\t\t\t\t\t\t\t\t\t\t\t\t\t\t\t\t\t\t\t\t\t\t\t\t\t\t\t\t\t\t\t\t\t\t\t\t\t\t\t\t\t\t\t\t\t\t\t\t\t\t\t\t\t\t\t\t\t\t\t\t<\/figcaption>\r\n\t\t\t\t\t\t\t\t\t\t\t\t\t\t\t\t\t\t\t<\/figure>\r\n\t\t\t\t\t\t\t\t\t\t\t\t\t<\/div>\r\n\t\t\t\t\t<\/article>\r\n<\/div><div class=\"grve-carousel-item\">\t\t\t\t\t<article id=\"portfolio-16799-6a9662e3a52dc\" class=\"grve-portfolio-item post-16799 portfolio type-portfolio status-publish has-post-thumbnail hentry portfolio_category-218 portfolio_category-journal\">\r\n\t\t\t\t\t\t<div class=\"grve-carousel-item grve-hover-item grve-hover-style-2\">\t\t\t\t\t\t\t\t\t<figure class=\"grve-image-hover grve-media\">\r\n\t\t\t\t\t\t\t\t\t\t<a class=\"grve-item-url\" aria-label=\"Journal Ingeta #42\" href=\"https:\/\/congolobilelo.com\/IN\/pub\/journal-ingeta-42\/\"><\/a>\t\t\t\t\t\t\t\t\t\t\t\t\t\t\t\t\t\t\t\t\t<div class=\"grve-bg-primary-1 grve-hover-overlay grve-opacity-90\"><\/div>\r\n\t\t\t\t\t\t\t\t\t\t\t\t\t\t\t\t\t\t\t\t<img loading=\"lazy\" decoding=\"async\" width=\"560\" height=\"747\" src=\"https:\/\/congolobilelo.com\/IN\/wp-content\/uploads\/2024\/11\/IngetaJournal-N42-560x747.jpg\" class=\"attachment-movedo-grve-small-rect-vertical size-movedo-grve-small-rect-vertical\" alt=\"\" srcset=\"https:\/\/congolobilelo.com\/IN\/wp-content\/uploads\/2024\/11\/IngetaJournal-N42-560x747.jpg 560w, https:\/\/congolobilelo.com\/IN\/wp-content\/uploads\/2024\/11\/IngetaJournal-N42-840x1120.jpg 840w\" sizes=\"auto, (max-width: 560px) 100vw, 560px\" \/>\t\t\t\t\t\t\t\t\t\t\t\t\t\t\t\t\t\t\t\t<figcaption class=\"grve-content grve-align-center\">\r\n\t\t\t\t\t\t\t\t\t\t\t\t\t\t\t\t\t\t\t\t\t\t\t\t\t\t\t\t\t\t\t\t\t<h3 class=\"grve-title grve-text-white grve-h6\">Journal Ingeta #42<\/h3>\r\n\t\t\t\t\t\t\t\t\t\t\t\t\t\t\t\t\t\t\t\t\t\t\t\t\t\t\t\t\t\t\t\t\t\t\t\t\t\t\t\t\t\t\t\t\t\t\t\t\t\t\t\t\t\t\t\t\t\t\t\t\t\t\t\t\t<\/figcaption>\r\n\t\t\t\t\t\t\t\t\t\t\t\t\t\t\t\t\t\t\t<\/figure>\r\n\t\t\t\t\t\t\t\t\t\t\t\t\t<\/div>\r\n\t\t\t\t\t<\/article>\r\n<\/div><\/div>\t\t\t\t<\/div>\r\n\t\t\t<\/div>\r\n\r\n\t\t[\/vc_column][\/vc_row][vc_row][vc_column]<h3 class=\"grve-element grve-title grve-align-center grve-h3\" style=\"\"><span><br>\n<p style=\"text-align: center;\">ARCHIVES<br>\n<span class=\"grve-title-line grve-bg-primary-1\" style=\"width: 50px;height: 2px;\"><\/span><\/span><\/h3>\t\t<div class=\"grve-element grve-blog grve-blog-columns grve-blog-grid grve-isotope grve-with-gap grve-with-shadow\" style=\"\" data-columns=\"3\" data-columns-large-screen=\"3\" data-columns-tablet-landscape=\"2\" data-columns-tablet-portrait=\"2\" data-columns-mobile=\"1\" data-layout=\"fitRows\" data-spinner=\"no\" data-gutter-size=\"40\">\r\n\t\t\t<div class=\"grve-isotope-container\">\r\n\t\t\t<article class=\"grve-blog-item grve-isotope-item post-4726 post type-post status-publish format-standard has-post-thumbnail hentry category-canada category-comment-simpliquer category-news-alertes\" itemscope itemType=\"http:\/\/schema.org\/BlogPosting\">\r\n\t\t\t\t<div class=\"grve-blog-item-inner grve-isotope-item-inner\">\r\n\t\t\t\t\t\t\t\t\t\t\t\t\t<div class=\"grve-media\">\r\n\t\t\t<a class=\"grve-item-url\" href=\"https:\/\/congolobilelo.com\/IN\/loi-c-323-faire-face-aux-compagnies-minieres-qui-tuent-le-congo\/\" aria-label=\"Canada: La loi C-323 face aux soci\u00e9t\u00e9s mini\u00e8res qui tuent la RDC\"><\/a>\r\n\t\t\t\t\t\t<div class=\"grve-bg-black grve-hover-overlay grve-opacity-10\"><\/div>\r\n\t\t<\/div>\r\n\t\t\t\t\t\t<div class=\"grve-post-content-wrapper\">\r\n\t\t\t\t\t\t\t<div class=\"grve-post-content\">\r\n\t\t\t\t\t\t\t\t<div class=\"grve-post-header\">\r\n\t\t\t\t\t\t\t\t\t\t\t\t\t\t\t\t\t\t\t\t<span class=\"grve-hidden\">\r\n\t\t\t<span class=\"grve-structured-data entry-title\">Canada: La loi C-323 face aux soci\u00e9t\u00e9s mini\u00e8res qui tuent la RDC<\/span>\r\n\t\t\t<span class=\"grve-structured-data\" itemprop=\"image\" itemscope itemtype=\"http:\/\/schema.org\/ImageObject\">\r\n\t\t\t   <span itemprop='url' ><\/span>\r\n\t\t\t   <span itemprop='height' ><\/span>\r\n\t\t\t   <span itemprop='width' ><\/span>\r\n\t\t\t<\/span>\r\n\t\t\t\t\t\t<span class=\"grve-structured-data vcard author\" itemprop=\"author\" itemscope itemtype=\"http:\/\/schema.org\/Person\">\r\n\t\t\t\t<span itemprop=\"name\" class=\"fn\">IN<\/span>\r\n\t\t\t<\/span>\r\n\t\t\t<span class=\"grve-structured-data\" itemprop=\"publisher\" itemscope itemtype=\"http:\/\/schema.org\/Organization\">\r\n\t\t\t\t<span itemprop='name'>IN<\/span>\r\n\t\t\t\t<span itemprop='logo' itemscope itemtype='http:\/\/schema.org\/ImageObject'>\r\n\t\t\t\t\t<span itemprop='url'>\/\/congolobilelo.com\/IN\/wp-content\/uploads\/2024\/11\/INGETA-80.png<\/span>\r\n\t\t\t\t<\/span>\r\n\t\t\t<\/span>\r\n\t\t\t\t\t\t<time class=\"grve-structured-data date published\" itemprop=\"datePublished\" datetime=\"2012-12-18T16:52:53+01:00\">18 December 2012<\/time>\r\n\t\t\t<time class=\"grve-structured-data date updated\" itemprop=\"dateModified\"  datetime=\"2012-12-18T16:52:53+01:00\">18 December 2012<\/time>\r\n\t\t\t<span class=\"grve-structured-data\" itemprop=\"mainEntityOfPage\" itemscope itemtype=\"http:\/\/schema.org\/WebPage\" itemid=\"https:\/\/congolobilelo.com\/IN\/loi-c-323-faire-face-aux-compagnies-minieres-qui-tuent-le-congo\/\"><\/span>\r\n\t\t<\/span>\r\n\t\t\t\t\t\t\t\t\t\t\t\t\t\t\t\t\t\t\t\t<ul class=\"grve-post-meta\">\r\n\t\t\t\t\t\t\t\t\t\t<li class=\"grve-post-date\">\t<time class=\"\" datetime=\"2012-12-18T16:52:53+01:00\">\r\n\t\t18 December 2012\t<\/time>\r\n<\/li>\t\t\t\t\t\t\t\t\t\t<\/ul>\r\n\t\t\t\t\t\t\t\t\t\t\t\t\t\t\t\t\t\t\t\t\t\t\t\t\t\t\t<a href=\"https:\/\/congolobilelo.com\/IN\/loi-c-323-faire-face-aux-compagnies-minieres-qui-tuent-le-congo\/\" rel=\"bookmark\"><h2 class=\"grve-post-title grve-post-title-hover grve-h3\" itemprop=\"headline\">Canada: La loi C-323 face aux soci\u00e9t\u00e9s mini\u00e8res qui tuent la RDC<\/h2><\/a>\t\t\t\t\t\t\t\t<\/div>\r\n\t\t\t\t\t\t\t\t<div itemprop=\"articleBody\">Aaron Regent, ancien pr\u00e9sident de la compagnie mini\u00e8re canadienne Barrick Gold disait :\"la pr\u00e9sence de plusieurs ressources min\u00e9rales, dont l\u2019or, au Congo \u00e9tait un des principaux motifs \u00e0 l\u2019origine des conflits dans ce pays et que la pr\u00e9sence de compagnies mini\u00e8res transnationales dans une r\u00e9gion en guerre, telle les Grands Lacs africains peut avoir des [...]<\/div>\t\t\t\t\t\t\t<\/div>\r\n\t\t\t\t\t\t<\/div>\r\n\t\t\t\t\t\r\n\t\t\t\t<\/div>\t\t\t<\/article>\r\n\r\n\t\t\t<article class=\"grve-blog-item grve-isotope-item post-5566 post type-post status-publish format-standard has-post-thumbnail hentry category-documents-presse category-mondialisation category-politique-societe\" itemscope itemType=\"http:\/\/schema.org\/BlogPosting\">\r\n\t\t\t\t<div class=\"grve-blog-item-inner grve-isotope-item-inner\">\r\n\t\t\t\t\t\t\t\t\t\t\t\t\t<div class=\"grve-media\">\r\n\t\t\t<a class=\"grve-item-url\" href=\"https:\/\/congolobilelo.com\/IN\/le-grand-echiquier-pour-mieux-comprendre-la-geostrategie-americaine-au-congo\/\" aria-label=\"&#8220;Le Grand \u00e9chiquier&#8221; : Pour mieux comprendre la g\u00e9ostrat\u00e9gie am\u00e9ricaine au Congo\"><\/a>\r\n\t\t\t\t\t\t<div class=\"grve-bg-black grve-hover-overlay grve-opacity-10\"><\/div>\r\n\t\t<\/div>\r\n\t\t\t\t\t\t<div class=\"grve-post-content-wrapper\">\r\n\t\t\t\t\t\t\t<div class=\"grve-post-content\">\r\n\t\t\t\t\t\t\t\t<div class=\"grve-post-header\">\r\n\t\t\t\t\t\t\t\t\t\t\t\t\t\t\t\t\t\t\t\t<span class=\"grve-hidden\">\r\n\t\t\t<span class=\"grve-structured-data entry-title\">&#8220;Le Grand \u00e9chiquier&#8221; : Pour mieux comprendre la g\u00e9ostrat\u00e9gie am\u00e9ricaine au Congo<\/span>\r\n\t\t\t<span class=\"grve-structured-data\" itemprop=\"image\" itemscope itemtype=\"http:\/\/schema.org\/ImageObject\">\r\n\t\t\t   <span itemprop='url' ><\/span>\r\n\t\t\t   <span itemprop='height' ><\/span>\r\n\t\t\t   <span itemprop='width' ><\/span>\r\n\t\t\t<\/span>\r\n\t\t\t\t\t\t<span class=\"grve-structured-data vcard author\" itemprop=\"author\" itemscope itemtype=\"http:\/\/schema.org\/Person\">\r\n\t\t\t\t<span itemprop=\"name\" class=\"fn\">IN<\/span>\r\n\t\t\t<\/span>\r\n\t\t\t<span class=\"grve-structured-data\" itemprop=\"publisher\" itemscope itemtype=\"http:\/\/schema.org\/Organization\">\r\n\t\t\t\t<span itemprop='name'>IN<\/span>\r\n\t\t\t\t<span itemprop='logo' itemscope itemtype='http:\/\/schema.org\/ImageObject'>\r\n\t\t\t\t\t<span itemprop='url'>\/\/congolobilelo.com\/IN\/wp-content\/uploads\/2024\/11\/INGETA-80.png<\/span>\r\n\t\t\t\t<\/span>\r\n\t\t\t<\/span>\r\n\t\t\t\t\t\t<time class=\"grve-structured-data date published\" itemprop=\"datePublished\" datetime=\"2013-05-28T21:45:48+02:00\">28 May 2013<\/time>\r\n\t\t\t<time class=\"grve-structured-data date updated\" itemprop=\"dateModified\"  datetime=\"2013-05-28T21:45:48+02:00\">28 May 2013<\/time>\r\n\t\t\t<span class=\"grve-structured-data\" itemprop=\"mainEntityOfPage\" itemscope itemtype=\"http:\/\/schema.org\/WebPage\" itemid=\"https:\/\/congolobilelo.com\/IN\/le-grand-echiquier-pour-mieux-comprendre-la-geostrategie-americaine-au-congo\/\"><\/span>\r\n\t\t<\/span>\r\n\t\t\t\t\t\t\t\t\t\t\t\t\t\t\t\t\t\t\t\t<ul class=\"grve-post-meta\">\r\n\t\t\t\t\t\t\t\t\t\t<li class=\"grve-post-date\">\t<time class=\"\" datetime=\"2013-05-28T21:45:48+02:00\">\r\n\t\t28 May 2013\t<\/time>\r\n<\/li>\t\t\t\t\t\t\t\t\t\t<\/ul>\r\n\t\t\t\t\t\t\t\t\t\t\t\t\t\t\t\t\t\t\t\t\t\t\t\t\t\t\t<a href=\"https:\/\/congolobilelo.com\/IN\/le-grand-echiquier-pour-mieux-comprendre-la-geostrategie-americaine-au-congo\/\" rel=\"bookmark\"><h2 class=\"grve-post-title grve-post-title-hover grve-h3\" itemprop=\"headline\">&#8220;Le Grand \u00e9chiquier&#8221; : Pour mieux comprendre la g\u00e9ostrat\u00e9gie am\u00e9ricaine au Congo<\/h2><\/a>\t\t\t\t\t\t\t\t<\/div>\r\n\t\t\t\t\t\t\t\t<div itemprop=\"articleBody\">Jean-Pierre Mbelu: \"Quand nous parlons de la politique des USA avec les autres pays, n\u2019oublions pas qu\u2019il y a un classique de leur g\u00e9opolitique et de leur g\u00e9ostrat\u00e9gie., c\u2019est le livre d\u2019un de leurs penseurs, M. Brzezinski, \u00ab Le grand \u00e9chiquier : l\u2019Am\u00e9rique et le reste du Monde \u00bb. Quand vous lisez ce livre, vous [...]<\/div>\t\t\t\t\t\t\t<\/div>\r\n\t\t\t\t\t\t<\/div>\r\n\t\t\t\t\t\r\n\t\t\t\t<\/div>\t\t\t<\/article>\r\n\r\n\t\t\t<article class=\"grve-blog-item grve-isotope-item post-7045 post type-post status-publish format-standard has-post-thumbnail hentry category-news-alertes category-politique-societe\" itemscope itemType=\"http:\/\/schema.org\/BlogPosting\">\r\n\t\t\t\t<div class=\"grve-blog-item-inner grve-isotope-item-inner\">\r\n\t\t\t\t\t\t\t\t\t\t\t\t\t<div class=\"grve-media\">\r\n\t\t\t<a class=\"grve-item-url\" href=\"https:\/\/congolobilelo.com\/IN\/reecrire-lhistoire-recente-du-congo-christopher-black\/\" aria-label=\"R\u00e9\u00e9crire l&#8217;histoire (r\u00e9cente) du Congo: Apr\u00e8s le documentaire de la BBC, lire le t\u00e9moignage  de Christopher Black\"><\/a>\r\n\t\t\t\t\t\t<div class=\"grve-bg-black grve-hover-overlay grve-opacity-10\"><\/div>\r\n\t\t<\/div>\r\n\t\t\t\t\t\t<div class=\"grve-post-content-wrapper\">\r\n\t\t\t\t\t\t\t<div class=\"grve-post-content\">\r\n\t\t\t\t\t\t\t\t<div class=\"grve-post-header\">\r\n\t\t\t\t\t\t\t\t\t\t\t\t\t\t\t\t\t\t\t\t<span class=\"grve-hidden\">\r\n\t\t\t<span class=\"grve-structured-data entry-title\">R\u00e9\u00e9crire l&#8217;histoire (r\u00e9cente) du Congo: Apr\u00e8s le documentaire de la BBC, lire le t\u00e9moignage  de Christopher Black<\/span>\r\n\t\t\t<span class=\"grve-structured-data\" itemprop=\"image\" itemscope itemtype=\"http:\/\/schema.org\/ImageObject\">\r\n\t\t\t   <span itemprop='url' ><\/span>\r\n\t\t\t   <span itemprop='height' ><\/span>\r\n\t\t\t   <span itemprop='width' ><\/span>\r\n\t\t\t<\/span>\r\n\t\t\t\t\t\t<span class=\"grve-structured-data vcard author\" itemprop=\"author\" itemscope itemtype=\"http:\/\/schema.org\/Person\">\r\n\t\t\t\t<span itemprop=\"name\" class=\"fn\">IN<\/span>\r\n\t\t\t<\/span>\r\n\t\t\t<span class=\"grve-structured-data\" itemprop=\"publisher\" itemscope itemtype=\"http:\/\/schema.org\/Organization\">\r\n\t\t\t\t<span itemprop='name'>IN<\/span>\r\n\t\t\t\t<span itemprop='logo' itemscope itemtype='http:\/\/schema.org\/ImageObject'>\r\n\t\t\t\t\t<span itemprop='url'>\/\/congolobilelo.com\/IN\/wp-content\/uploads\/2024\/11\/INGETA-80.png<\/span>\r\n\t\t\t\t<\/span>\r\n\t\t\t<\/span>\r\n\t\t\t\t\t\t<time class=\"grve-structured-data date published\" itemprop=\"datePublished\" datetime=\"2014-11-08T10:59:02+01:00\">8 November 2014<\/time>\r\n\t\t\t<time class=\"grve-structured-data date updated\" itemprop=\"dateModified\"  datetime=\"2014-11-08T10:59:02+01:00\">8 November 2014<\/time>\r\n\t\t\t<span class=\"grve-structured-data\" itemprop=\"mainEntityOfPage\" itemscope itemtype=\"http:\/\/schema.org\/WebPage\" itemid=\"https:\/\/congolobilelo.com\/IN\/reecrire-lhistoire-recente-du-congo-christopher-black\/\"><\/span>\r\n\t\t<\/span>\r\n\t\t\t\t\t\t\t\t\t\t\t\t\t\t\t\t\t\t\t\t<ul class=\"grve-post-meta\">\r\n\t\t\t\t\t\t\t\t\t\t<li class=\"grve-post-date\">\t<time class=\"\" datetime=\"2014-11-08T10:59:02+01:00\">\r\n\t\t8 November 2014\t<\/time>\r\n<\/li>\t\t\t\t\t\t\t\t\t\t<\/ul>\r\n\t\t\t\t\t\t\t\t\t\t\t\t\t\t\t\t\t\t\t\t\t\t\t\t\t\t\t<a href=\"https:\/\/congolobilelo.com\/IN\/reecrire-lhistoire-recente-du-congo-christopher-black\/\" rel=\"bookmark\"><h2 class=\"grve-post-title grve-post-title-hover grve-h3\" itemprop=\"headline\">R\u00e9\u00e9crire l&#8217;histoire (r\u00e9cente) du Congo: Apr\u00e8s le documentaire de la BBC, lire le t\u00e9moignage  de Christopher Black<\/h2><\/a>\t\t\t\t\t\t\t\t<\/div>\r\n\t\t\t\t\t\t\t\t<div itemprop=\"articleBody\">Par Jean-Pierre Mbelu Les acteurs pl\u00e9niers de la guerre de basse intensit\u00e9 et de pr\u00e9dation men\u00e9e contre les Grands Lacs africains en g\u00e9n\u00e9ral et le Congo-Kinshasa en particulier ont une sp\u00e9cificit\u00e9 : ils travaillent sur le long terme jusqu\u2019au moment o\u00f9 ils atteignent leurs objectifs. Ils peuvent changer ou diversifier les acteurs apparents (souvent visibles [...]<\/div>\t\t\t\t\t\t\t<\/div>\r\n\t\t\t\t\t\t<\/div>\r\n\t\t\t\t\t\r\n\t\t\t\t<\/div>\t\t\t<\/article>\r\n\r\n\t\t\t<article class=\"grve-blog-item grve-isotope-item post-4660 post type-post status-publish format-standard has-post-thumbnail hentry category-france category-mondialisation category-politique-societe category-rencontresdebats\" itemscope itemType=\"http:\/\/schema.org\/BlogPosting\">\r\n\t\t\t\t<div class=\"grve-blog-item-inner grve-isotope-item-inner\">\r\n\t\t\t\t\t\t\t\t\t\t\t\t\t<div class=\"grve-media\">\r\n\t\t\t<a class=\"grve-item-url\" href=\"https:\/\/congolobilelo.com\/IN\/paris-le-15-dec-2012-genocide-pillages-au-congo-rencontre-debat-avec-patrick-mbeko\/\" aria-label=\"Paris, le 15 d\u00e9c. 2012: &#8220;G\u00e9nocide &#038; Pillages au Congo&#8221;, rencontre-d\u00e9bat avec Patrick Mbeko\"><\/a>\r\n\t\t\t\t\t\t<div class=\"grve-bg-black grve-hover-overlay grve-opacity-10\"><\/div>\r\n\t\t<\/div>\r\n\t\t\t\t\t\t<div class=\"grve-post-content-wrapper\">\r\n\t\t\t\t\t\t\t<div class=\"grve-post-content\">\r\n\t\t\t\t\t\t\t\t<div class=\"grve-post-header\">\r\n\t\t\t\t\t\t\t\t\t\t\t\t\t\t\t\t\t\t\t\t<span class=\"grve-hidden\">\r\n\t\t\t<span class=\"grve-structured-data entry-title\">Paris, le 15 d\u00e9c. 2012: &#8220;G\u00e9nocide &#038; Pillages au Congo&#8221;, rencontre-d\u00e9bat avec Patrick Mbeko<\/span>\r\n\t\t\t<span class=\"grve-structured-data\" itemprop=\"image\" itemscope itemtype=\"http:\/\/schema.org\/ImageObject\">\r\n\t\t\t   <span itemprop='url' ><\/span>\r\n\t\t\t   <span itemprop='height' ><\/span>\r\n\t\t\t   <span itemprop='width' ><\/span>\r\n\t\t\t<\/span>\r\n\t\t\t\t\t\t<span class=\"grve-structured-data vcard author\" itemprop=\"author\" itemscope itemtype=\"http:\/\/schema.org\/Person\">\r\n\t\t\t\t<span itemprop=\"name\" class=\"fn\">IN<\/span>\r\n\t\t\t<\/span>\r\n\t\t\t<span class=\"grve-structured-data\" itemprop=\"publisher\" itemscope itemtype=\"http:\/\/schema.org\/Organization\">\r\n\t\t\t\t<span itemprop='name'>IN<\/span>\r\n\t\t\t\t<span itemprop='logo' itemscope itemtype='http:\/\/schema.org\/ImageObject'>\r\n\t\t\t\t\t<span itemprop='url'>\/\/congolobilelo.com\/IN\/wp-content\/uploads\/2024\/11\/INGETA-80.png<\/span>\r\n\t\t\t\t<\/span>\r\n\t\t\t<\/span>\r\n\t\t\t\t\t\t<time class=\"grve-structured-data date published\" itemprop=\"datePublished\" datetime=\"2012-12-12T11:15:11+01:00\">12 December 2012<\/time>\r\n\t\t\t<time class=\"grve-structured-data date updated\" itemprop=\"dateModified\"  datetime=\"2012-12-12T11:15:11+01:00\">12 December 2012<\/time>\r\n\t\t\t<span class=\"grve-structured-data\" itemprop=\"mainEntityOfPage\" itemscope itemtype=\"http:\/\/schema.org\/WebPage\" itemid=\"https:\/\/congolobilelo.com\/IN\/paris-le-15-dec-2012-genocide-pillages-au-congo-rencontre-debat-avec-patrick-mbeko\/\"><\/span>\r\n\t\t<\/span>\r\n\t\t\t\t\t\t\t\t\t\t\t\t\t\t\t\t\t\t\t\t<ul class=\"grve-post-meta\">\r\n\t\t\t\t\t\t\t\t\t\t<li class=\"grve-post-date\">\t<time class=\"\" datetime=\"2012-12-12T11:15:11+01:00\">\r\n\t\t12 December 2012\t<\/time>\r\n<\/li>\t\t\t\t\t\t\t\t\t\t<\/ul>\r\n\t\t\t\t\t\t\t\t\t\t\t\t\t\t\t\t\t\t\t\t\t\t\t\t\t\t\t<a href=\"https:\/\/congolobilelo.com\/IN\/paris-le-15-dec-2012-genocide-pillages-au-congo-rencontre-debat-avec-patrick-mbeko\/\" rel=\"bookmark\"><h2 class=\"grve-post-title grve-post-title-hover grve-h3\" itemprop=\"headline\">Paris, le 15 d\u00e9c. 2012: &#8220;G\u00e9nocide &#038; Pillages au Congo&#8221;, rencontre-d\u00e9bat avec Patrick Mbeko<\/h2><\/a>\t\t\t\t\t\t\t\t<\/div>\r\n\t\t\t\t\t\t\t\t<div itemprop=\"articleBody\">Patrick Mbeko pr\u00e9sentera et d\u00e9battra sur son livre \"Le Canada dans les guerres en Afrique centrale\" \u00e0 Paris le samedi 15 d\u00e9cembre 2012 \u00e0 14H00 au Th\u00e9\u00e2tre de Gymnase. \"Venez \u00e9changer avec l'auteur d'un livre majeur d'histoire contemporaine, anticonformiste et tr\u00e8s instructif, qui m\u00e9rit\u00e9 d'\u00eatre lu par tous\". Th\u00e9\u00e2tre du gymnase 38 Boulevard de Bonne [...]<\/div>\t\t\t\t\t\t\t<\/div>\r\n\t\t\t\t\t\t<\/div>\r\n\t\t\t\t\t\r\n\t\t\t\t<\/div>\t\t\t<\/article>\r\n\r\n\t\t\t<article class=\"grve-blog-item grve-isotope-item post-5712 post type-post status-publish format-standard has-post-thumbnail hentry category-analyses-commentaires category-politique-societe\" itemscope itemType=\"http:\/\/schema.org\/BlogPosting\">\r\n\t\t\t\t<div class=\"grve-blog-item-inner grve-isotope-item-inner\">\r\n\t\t\t\t\t\t\t\t\t\t\t\t\t<div class=\"grve-media\">\r\n\t\t\t<a class=\"grve-item-url\" href=\"https:\/\/congolobilelo.com\/IN\/la-3eme-republique-congolaise-une-democratie-tripatouillee-dans-un-etat-defaillant\/\" aria-label=\"La 3\u00e8me R\u00e9publique Congolaise: Une D\u00e9mocratie tripatouill\u00e9e dans un Etat d\u00e9faillant\"><\/a>\r\n\t\t\t\t\t\t<div class=\"grve-bg-black grve-hover-overlay grve-opacity-10\"><\/div>\r\n\t\t<\/div>\r\n\t\t\t\t\t\t<div class=\"grve-post-content-wrapper\">\r\n\t\t\t\t\t\t\t<div class=\"grve-post-content\">\r\n\t\t\t\t\t\t\t\t<div class=\"grve-post-header\">\r\n\t\t\t\t\t\t\t\t\t\t\t\t\t\t\t\t\t\t\t\t<span class=\"grve-hidden\">\r\n\t\t\t<span class=\"grve-structured-data entry-title\">La 3\u00e8me R\u00e9publique Congolaise: Une D\u00e9mocratie tripatouill\u00e9e dans un Etat d\u00e9faillant<\/span>\r\n\t\t\t<span class=\"grve-structured-data\" itemprop=\"image\" itemscope itemtype=\"http:\/\/schema.org\/ImageObject\">\r\n\t\t\t   <span itemprop='url' ><\/span>\r\n\t\t\t   <span itemprop='height' ><\/span>\r\n\t\t\t   <span itemprop='width' ><\/span>\r\n\t\t\t<\/span>\r\n\t\t\t\t\t\t<span class=\"grve-structured-data vcard author\" itemprop=\"author\" itemscope itemtype=\"http:\/\/schema.org\/Person\">\r\n\t\t\t\t<span itemprop=\"name\" class=\"fn\">IN<\/span>\r\n\t\t\t<\/span>\r\n\t\t\t<span class=\"grve-structured-data\" itemprop=\"publisher\" itemscope itemtype=\"http:\/\/schema.org\/Organization\">\r\n\t\t\t\t<span itemprop='name'>IN<\/span>\r\n\t\t\t\t<span itemprop='logo' itemscope itemtype='http:\/\/schema.org\/ImageObject'>\r\n\t\t\t\t\t<span itemprop='url'>\/\/congolobilelo.com\/IN\/wp-content\/uploads\/2024\/11\/INGETA-80.png<\/span>\r\n\t\t\t\t<\/span>\r\n\t\t\t<\/span>\r\n\t\t\t\t\t\t<time class=\"grve-structured-data date published\" itemprop=\"datePublished\" datetime=\"2013-07-03T08:03:15+02:00\">3 July 2013<\/time>\r\n\t\t\t<time class=\"grve-structured-data date updated\" itemprop=\"dateModified\"  datetime=\"2013-07-03T08:03:15+02:00\">3 July 2013<\/time>\r\n\t\t\t<span class=\"grve-structured-data\" itemprop=\"mainEntityOfPage\" itemscope itemtype=\"http:\/\/schema.org\/WebPage\" itemid=\"https:\/\/congolobilelo.com\/IN\/la-3eme-republique-congolaise-une-democratie-tripatouillee-dans-un-etat-defaillant\/\"><\/span>\r\n\t\t<\/span>\r\n\t\t\t\t\t\t\t\t\t\t\t\t\t\t\t\t\t\t\t\t<ul class=\"grve-post-meta\">\r\n\t\t\t\t\t\t\t\t\t\t<li class=\"grve-post-date\">\t<time class=\"\" datetime=\"2013-07-03T08:03:15+02:00\">\r\n\t\t3 July 2013\t<\/time>\r\n<\/li>\t\t\t\t\t\t\t\t\t\t<\/ul>\r\n\t\t\t\t\t\t\t\t\t\t\t\t\t\t\t\t\t\t\t\t\t\t\t\t\t\t\t<a href=\"https:\/\/congolobilelo.com\/IN\/la-3eme-republique-congolaise-une-democratie-tripatouillee-dans-un-etat-defaillant\/\" rel=\"bookmark\"><h2 class=\"grve-post-title grve-post-title-hover grve-h3\" itemprop=\"headline\">La 3\u00e8me R\u00e9publique Congolaise: Une D\u00e9mocratie tripatouill\u00e9e dans un Etat d\u00e9faillant<\/h2><\/a>\t\t\t\t\t\t\t\t<\/div>\r\n\t\t\t\t\t\t\t\t<div itemprop=\"articleBody\">Par Jean-Jacques Wondo Cette analyse met en lumi\u00e8re les d\u00e9faillances du r\u00e9gime politique congolais en relevant les vices de sa construction manipul\u00e9e par la mise en place insidieux d\u2019un syst\u00e8me politique d\u00e9mocratique sciemment escamot\u00e9 et susceptible d\u2019\u00eatre tripatouill\u00e9 \u00e0 l\u2019envi. Depuis les \u00e9lections de 2006, la Constitution s\u2019impose comme une r\u00e9f\u00e9rence l\u00e9gale et politique incontournable [...]<\/div>\t\t\t\t\t\t\t<\/div>\r\n\t\t\t\t\t\t<\/div>\r\n\t\t\t\t\t\r\n\t\t\t\t<\/div>\t\t\t<\/article>\r\n\r\n\t\t\t<article class=\"grve-blog-item grve-isotope-item post-6223 post type-post status-publish format-standard has-post-thumbnail hentry category-france category-news-alertes category-politique-societe\" itemscope itemType=\"http:\/\/schema.org\/BlogPosting\">\r\n\t\t\t\t<div class=\"grve-blog-item-inner grve-isotope-item-inner\">\r\n\t\t\t\t\t\t\t\t\t\t\t\t\t<div class=\"grve-media\">\r\n\t\t\t<a class=\"grve-item-url\" href=\"https:\/\/congolobilelo.com\/IN\/arrete-de-la-prefecture-de-paris-sur-lannulation-du-concert-de-jb-mpiana\/\" aria-label=\"Arr\u00eat\u00e9 de la prefecture de Paris sur l&#8217;annulation du Concert de JB Mpiana\"><\/a>\r\n\t\t\t\t\t\t<div class=\"grve-bg-black grve-hover-overlay grve-opacity-10\"><\/div>\r\n\t\t<\/div>\r\n\t\t\t\t\t\t<div class=\"grve-post-content-wrapper\">\r\n\t\t\t\t\t\t\t<div class=\"grve-post-content\">\r\n\t\t\t\t\t\t\t\t<div class=\"grve-post-header\">\r\n\t\t\t\t\t\t\t\t\t\t\t\t\t\t\t\t\t\t\t\t<span class=\"grve-hidden\">\r\n\t\t\t<span class=\"grve-structured-data entry-title\">Arr\u00eat\u00e9 de la prefecture de Paris sur l&#8217;annulation du Concert de JB Mpiana<\/span>\r\n\t\t\t<span class=\"grve-structured-data\" itemprop=\"image\" itemscope itemtype=\"http:\/\/schema.org\/ImageObject\">\r\n\t\t\t   <span itemprop='url' ><\/span>\r\n\t\t\t   <span itemprop='height' ><\/span>\r\n\t\t\t   <span itemprop='width' ><\/span>\r\n\t\t\t<\/span>\r\n\t\t\t\t\t\t<span class=\"grve-structured-data vcard author\" itemprop=\"author\" itemscope itemtype=\"http:\/\/schema.org\/Person\">\r\n\t\t\t\t<span itemprop=\"name\" class=\"fn\">IN<\/span>\r\n\t\t\t<\/span>\r\n\t\t\t<span class=\"grve-structured-data\" itemprop=\"publisher\" itemscope itemtype=\"http:\/\/schema.org\/Organization\">\r\n\t\t\t\t<span itemprop='name'>IN<\/span>\r\n\t\t\t\t<span itemprop='logo' itemscope itemtype='http:\/\/schema.org\/ImageObject'>\r\n\t\t\t\t\t<span itemprop='url'>\/\/congolobilelo.com\/IN\/wp-content\/uploads\/2024\/11\/INGETA-80.png<\/span>\r\n\t\t\t\t<\/span>\r\n\t\t\t<\/span>\r\n\t\t\t\t\t\t<time class=\"grve-structured-data date published\" itemprop=\"datePublished\" datetime=\"2013-12-21T15:34:13+01:00\">21 December 2013<\/time>\r\n\t\t\t<time class=\"grve-structured-data date updated\" itemprop=\"dateModified\"  datetime=\"2013-12-21T15:34:13+01:00\">21 December 2013<\/time>\r\n\t\t\t<span class=\"grve-structured-data\" itemprop=\"mainEntityOfPage\" itemscope itemtype=\"http:\/\/schema.org\/WebPage\" itemid=\"https:\/\/congolobilelo.com\/IN\/arrete-de-la-prefecture-de-paris-sur-lannulation-du-concert-de-jb-mpiana\/\"><\/span>\r\n\t\t<\/span>\r\n\t\t\t\t\t\t\t\t\t\t\t\t\t\t\t\t\t\t\t\t<ul class=\"grve-post-meta\">\r\n\t\t\t\t\t\t\t\t\t\t<li class=\"grve-post-date\">\t<time class=\"\" datetime=\"2013-12-21T15:34:13+01:00\">\r\n\t\t21 December 2013\t<\/time>\r\n<\/li>\t\t\t\t\t\t\t\t\t\t<\/ul>\r\n\t\t\t\t\t\t\t\t\t\t\t\t\t\t\t\t\t\t\t\t\t\t\t\t\t\t\t<a href=\"https:\/\/congolobilelo.com\/IN\/arrete-de-la-prefecture-de-paris-sur-lannulation-du-concert-de-jb-mpiana\/\" rel=\"bookmark\"><h2 class=\"grve-post-title grve-post-title-hover grve-h3\" itemprop=\"headline\">Arr\u00eat\u00e9 de la prefecture de Paris sur l&#8217;annulation du Concert de JB Mpiana<\/h2><\/a>\t\t\t\t\t\t\t\t<\/div>\r\n\t\t\t\t\t\t\t\t<div itemprop=\"articleBody\">Voici l'arr\u00eat\u00e9 de la pr\u00e9fecture de Paris notifiant l'annulation du concert de l'artiste congolais JB Mpiana, pr\u00e9vu le 21 d\u00e9cembre 2013 au Zenith de Paris. &nbsp;<\/div>\t\t\t\t\t\t\t<\/div>\r\n\t\t\t\t\t\t<\/div>\r\n\t\t\t\t\t\r\n\t\t\t\t<\/div>\t\t\t<\/article>\r\n\r\n\t\t\t<\/div>\r\n\t\t<\/div>\r\n[\/vc_column][\/vc_row][vc_row heading_color=&#8221;light&#8221; bg_type=&#8221;color&#8221; padding_top_multiplier=&#8221;5x&#8221; padding_bottom_multiplier=&#8221;5x&#8221; bg_color=&#8221;#1c1f21&#8243; font_color=&#8221;#ffffff&#8221;][vc_column column_effect=&#8221;vertical-parallax&#8221; column_effect_limit=&#8221;3x&#8221; column_effect_invert=&#8221;true&#8221;]<h3 class=\"grve-element grve-title grve-align-center grve-h1 grve-custom-font-1 grve-increase-heading grve-heading-140\" style=\"\"><span>&#8220;Arr\u00eatons d&#8217;\u00eatre complaisants et contemplateurs pour devenir d\u00e9finitivement exigeants et intransigeants.&#8221;<br \/>\n<span style=\"color: #0080ff;\">&#8211; Dr Fweley Diangitukwa<\/span><\/span><\/h3>[\/vc_column][\/vc_row][vc_row section_type=&#8221;fullwidth&#8221; bg_type=&#8221;color&#8221; padding_top_multiplier=&#8221;&#8221; padding_bottom_multiplier=&#8221;&#8221; columns_gap=&#8221;none&#8221; bg_color=&#8221;#FFFFFF&#8221;][vc_column]<h3 class=\"grve-element grve-title grve-align-center grve-h3\" style=\"\"><span><br>\n<p style=\"text-align: center;\">LIVRES<br>\n<span class=\"grve-title-line grve-bg-primary-1\" style=\"width: 50px;height: 2px;\"><\/span><\/span><\/h3><div class=\"grve-element grve-carousel grve-layout-1 grve-with-gap\" style=\"\">  <div class=\"grve-carousel-wrapper\"><div class=\"grve-carousel-navigation grve-dark grve-navigation-1 grve-navigation-carousel\"><div class=\"grve-carousel-buttons\"><div class=\"grve-carousel-prev\"><i class=\"grve-icon-nav-left-small\"><\/i><span class=\"screen-reader-text\">Previous<\/span><\/div><div class=\"grve-carousel-next\"><i class=\"grve-icon-nav-right-small\"><\/i><span class=\"screen-reader-text\">Next<\/span><\/div><\/div><\/div>    <div class=\"grve-carousel-element \" data-items=\"3\" data-items-tablet-landscape=\"3\" data-items-tablet-portrait=\"3\" data-items-mobile=\"1\" data-slider-autoplay=\"yes\" data-slider-speed=\"3000\" data-slider-pause=\"no\" data-pagination-speed=\"400\" data-pagination=\"no\" data-slider-loop=\"yes\" data-gutter-size=\"40\"><div class=\"grve-carousel-item grve-hover-item grve-hover-style-none\">  <figure class=\"grve-image-hover\">    <a class=\"grve-item-url\" href=\"https:\/\/www.ingeta.com\/librairie\/reinventons-la-democratie\/\" target=\"_self\" ><\/a>    <div class=\"grve-hover-overlay grve-bg-primary-1 grve-opacity-70\"><\/div><div class=\"grve-media\"><img loading=\"lazy\" decoding=\"async\" width=\"768\" height=\"1209\" src=\"https:\/\/congolobilelo.com\/IN\/wp-content\/uploads\/2024\/11\/Test-Couverture-Reinventons-la-democratie-768x1209.jpg\" class=\"attachment-medium_large size-medium_large\" alt=\"\" srcset=\"https:\/\/congolobilelo.com\/IN\/wp-content\/uploads\/2024\/11\/Test-Couverture-Reinventons-la-democratie-768x1209.jpg 768w, https:\/\/congolobilelo.com\/IN\/wp-content\/uploads\/2024\/11\/Test-Couverture-Reinventons-la-democratie-191x300.jpg 191w, https:\/\/congolobilelo.com\/IN\/wp-content\/uploads\/2024\/11\/Test-Couverture-Reinventons-la-democratie-651x1024.jpg 651w, https:\/\/congolobilelo.com\/IN\/wp-content\/uploads\/2024\/11\/Test-Couverture-Reinventons-la-democratie-976x1536.jpg 976w, https:\/\/congolobilelo.com\/IN\/wp-content\/uploads\/2024\/11\/Test-Couverture-Reinventons-la-democratie-1220x1920.jpg 1220w, https:\/\/congolobilelo.com\/IN\/wp-content\/uploads\/2024\/11\/Test-Couverture-Reinventons-la-democratie.jpg 1276w\" sizes=\"auto, (max-width: 768px) 100vw, 768px\" \/><\/div>  <\/figure><\/div><div class=\"grve-carousel-item grve-hover-item grve-hover-style-none\">  <figure class=\"grve-image-hover\">    <a class=\"grve-item-url\" href=\"https:\/\/www.ingeta.com\/librairie\/fabrique\/\" target=\"_self\" ><\/a>    <div class=\"grve-hover-overlay grve-bg-primary-1 grve-opacity-70\"><\/div><div class=\"grve-media\"><img loading=\"lazy\" decoding=\"async\" width=\"768\" height=\"1223\" src=\"https:\/\/congolobilelo.com\/IN\/wp-content\/uploads\/2024\/11\/Cover-Test-La-Fabrique-dun-Etat-rate-768x1223.jpg\" class=\"attachment-medium_large size-medium_large\" alt=\"\" srcset=\"https:\/\/congolobilelo.com\/IN\/wp-content\/uploads\/2024\/11\/Cover-Test-La-Fabrique-dun-Etat-rate-768x1223.jpg 768w, https:\/\/congolobilelo.com\/IN\/wp-content\/uploads\/2024\/11\/Cover-Test-La-Fabrique-dun-Etat-rate-188x300.jpg 188w, https:\/\/congolobilelo.com\/IN\/wp-content\/uploads\/2024\/11\/Cover-Test-La-Fabrique-dun-Etat-rate-643x1024.jpg 643w, https:\/\/congolobilelo.com\/IN\/wp-content\/uploads\/2024\/11\/Cover-Test-La-Fabrique-dun-Etat-rate-965x1536.jpg 965w, https:\/\/congolobilelo.com\/IN\/wp-content\/uploads\/2024\/11\/Cover-Test-La-Fabrique-dun-Etat-rate-1286x2048.jpg 1286w, https:\/\/congolobilelo.com\/IN\/wp-content\/uploads\/2024\/11\/Cover-Test-La-Fabrique-dun-Etat-rate-1206x1920.jpg 1206w, https:\/\/congolobilelo.com\/IN\/wp-content\/uploads\/2024\/11\/Cover-Test-La-Fabrique-dun-Etat-rate.jpg 1595w\" sizes=\"auto, (max-width: 768px) 100vw, 768px\" \/><\/div>  <\/figure><\/div><div class=\"grve-carousel-item grve-hover-item grve-hover-style-none\">  <figure class=\"grve-image-hover\">    <a class=\"grve-item-url\" href=\"https:\/\/www.ingeta.com\/librairie\/lheure\/\" target=\"_self\" ><\/a>    <div class=\"grve-hover-overlay grve-bg-primary-1 grve-opacity-70\"><\/div><div class=\"grve-media\"><img loading=\"lazy\" decoding=\"async\" width=\"768\" height=\"1216\" src=\"https:\/\/congolobilelo.com\/IN\/wp-content\/uploads\/2024\/11\/LHNMS-Couv-OK-768x1216.jpg\" class=\"attachment-medium_large size-medium_large\" alt=\"\" srcset=\"https:\/\/congolobilelo.com\/IN\/wp-content\/uploads\/2024\/11\/LHNMS-Couv-OK-768x1216.jpg 768w, https:\/\/congolobilelo.com\/IN\/wp-content\/uploads\/2024\/11\/LHNMS-Couv-OK-189x300.jpg 189w, https:\/\/congolobilelo.com\/IN\/wp-content\/uploads\/2024\/11\/LHNMS-Couv-OK-647x1024.jpg 647w, https:\/\/congolobilelo.com\/IN\/wp-content\/uploads\/2024\/11\/LHNMS-Couv-OK-970x1536.jpg 970w, https:\/\/congolobilelo.com\/IN\/wp-content\/uploads\/2024\/11\/LHNMS-Couv-OK-1294x2048.jpg 1294w, https:\/\/congolobilelo.com\/IN\/wp-content\/uploads\/2024\/11\/LHNMS-Couv-OK-1213x1920.jpg 1213w, https:\/\/congolobilelo.com\/IN\/wp-content\/uploads\/2024\/11\/LHNMS-Couv-OK.jpg 1418w\" sizes=\"auto, (max-width: 768px) 100vw, 768px\" \/><\/div>  <\/figure><\/div><div class=\"grve-carousel-item grve-hover-item grve-hover-style-none\">  <figure class=\"grve-image-hover\">    <a class=\"grve-item-url\" href=\"https:\/\/www.ingeta.com\/livre\/\" target=\"_self\" ><\/a>    <div class=\"grve-hover-overlay grve-bg-primary-1 grve-opacity-70\"><\/div><div class=\"grve-media\"><img loading=\"lazy\" decoding=\"async\" width=\"768\" height=\"1223\" src=\"https:\/\/congolobilelo.com\/IN\/wp-content\/uploads\/2024\/11\/Ingeta-Couverture-Officielle-19112017-768x1223.jpg\" class=\"attachment-medium_large size-medium_large\" alt=\"\" srcset=\"https:\/\/congolobilelo.com\/IN\/wp-content\/uploads\/2024\/11\/Ingeta-Couverture-Officielle-19112017-768x1223.jpg 768w, https:\/\/congolobilelo.com\/IN\/wp-content\/uploads\/2024\/11\/Ingeta-Couverture-Officielle-19112017-188x300.jpg 188w, https:\/\/congolobilelo.com\/IN\/wp-content\/uploads\/2024\/11\/Ingeta-Couverture-Officielle-19112017-643x1024.jpg 643w, https:\/\/congolobilelo.com\/IN\/wp-content\/uploads\/2024\/11\/Ingeta-Couverture-Officielle-19112017-965x1536.jpg 965w, https:\/\/congolobilelo.com\/IN\/wp-content\/uploads\/2024\/11\/Ingeta-Couverture-Officielle-19112017-1286x2048.jpg 1286w, https:\/\/congolobilelo.com\/IN\/wp-content\/uploads\/2024\/11\/Ingeta-Couverture-Officielle-19112017-1206x1920.jpg 1206w, https:\/\/congolobilelo.com\/IN\/wp-content\/uploads\/2024\/11\/Ingeta-Couverture-Officielle-19112017.jpg 1595w\" sizes=\"auto, (max-width: 768px) 100vw, 768px\" \/><\/div>  <\/figure><\/div><div class=\"grve-carousel-item grve-hover-item grve-hover-style-none\">  <figure class=\"grve-image-hover\">    <a class=\"grve-item-url\" href=\"https:\/\/www.ingeta.com\/librairie\/lumumba\/\" target=\"_self\" ><\/a>    <div class=\"grve-hover-overlay grve-bg-primary-1 grve-opacity-70\"><\/div><div class=\"grve-media\"><img loading=\"lazy\" decoding=\"async\" width=\"768\" height=\"1216\" src=\"https:\/\/congolobilelo.com\/IN\/wp-content\/uploads\/2024\/11\/Demain-apres-Kabila-Couverture-OK-768x1216.jpg\" class=\"attachment-medium_large size-medium_large\" alt=\"\" srcset=\"https:\/\/congolobilelo.com\/IN\/wp-content\/uploads\/2024\/11\/Demain-apres-Kabila-Couverture-OK-768x1216.jpg 768w, https:\/\/congolobilelo.com\/IN\/wp-content\/uploads\/2024\/11\/Demain-apres-Kabila-Couverture-OK-189x300.jpg 189w, https:\/\/congolobilelo.com\/IN\/wp-content\/uploads\/2024\/11\/Demain-apres-Kabila-Couverture-OK-647x1024.jpg 647w, https:\/\/congolobilelo.com\/IN\/wp-content\/uploads\/2024\/11\/Demain-apres-Kabila-Couverture-OK-970x1536.jpg 970w, https:\/\/congolobilelo.com\/IN\/wp-content\/uploads\/2024\/11\/Demain-apres-Kabila-Couverture-OK-1294x2048.jpg 1294w, https:\/\/congolobilelo.com\/IN\/wp-content\/uploads\/2024\/11\/Demain-apres-Kabila-Couverture-OK-1213x1920.jpg 1213w, https:\/\/congolobilelo.com\/IN\/wp-content\/uploads\/2024\/11\/Demain-apres-Kabila-Couverture-OK.jpg 1418w\" sizes=\"auto, (max-width: 768px) 100vw, 768px\" \/><\/div>  <\/figure><\/div>\t  <\/div>\t<\/div><\/div>[\/vc_column][\/vc_row][vc_row][vc_column][\/vc_column][\/vc_row]<\/p>\n<\/div>","protected":false},"excerpt":{"rendered":"<p>[vc_row bg_type=&#8221;color&#8221; padding_top_multiplier=&#8221;&#8221; padding_bottom_multiplier=&#8221;2x&#8221; bg_color=&#8221;#ffffff&#8221;][vc_column css=&#8221;.vc_custom_1731694228536{padding-top: 10px !important;}&#8221;][\/vc_column][\/vc_row][vc_row bg_type=&#8221;color&#8221; bg_color=&#8221;#D9D9D9&#8243;][vc_column][\/vc_column][\/vc_row][vc_row bg_type=&#8221;color&#8221; bg_color=&#8221;#DD9933&#8243;][vc_column][\/vc_column][\/vc_row][vc_row][vc_column][\/vc_column][\/vc_row][vc_row heading_color=&#8221;light&#8221; bg_type=&#8221;color&#8221; padding_top_multiplier=&#8221;5x&#8221; padding_bottom_multiplier=&#8221;5x&#8221; bg_color=&#8221;#1c1f21&#8243; font_color=&#8221;#ffffff&#8221;][vc_column column_effect=&#8221;vertical-parallax&#8221; column_effect_limit=&#8221;3x&#8221; column_effect_invert=&#8221;true&#8221;][\/vc_column][\/vc_row][vc_row section_type=&#8221;fullwidth&#8221; bg_type=&#8221;color&#8221; padding_top_multiplier=&#8221;&#8221; padding_bottom_multiplier=&#8221;&#8221; columns_gap=&#8221;none&#8221; bg_color=&#8221;#FFFFFF&#8221;][vc_column][\/vc_column][\/vc_row][vc_row][vc_column][\/vc_column][\/vc_row]<\/p>\n","protected":false},"author":1,"featured_media":0,"parent":0,"menu_order":0,"comment_status":"closed","ping_status":"closed","template":"","meta":{"_acf_changed":false,"content-type":"","footnotes":""},"class_list":["post-16437","page","type-page","status-publish","hentry"],"acf":[],"_links":{"self":[{"href":"https:\/\/congolobilelo.com\/IN\/wp-json\/wp\/v2\/pages\/16437","targetHints":{"allow":["GET"]}}],"collection":[{"href":"https:\/\/congolobilelo.com\/IN\/wp-json\/wp\/v2\/pages"}],"about":[{"href":"https:\/\/congolobilelo.com\/IN\/wp-json\/wp\/v2\/types\/page"}],"author":[{"embeddable":true,"href":"https:\/\/congolobilelo.com\/IN\/wp-json\/wp\/v2\/users\/1"}],"replies":[{"embeddable":true,"href":"https:\/\/congolobilelo.com\/IN\/wp-json\/wp\/v2\/comments?post=16437"}],"version-history":[{"count":65,"href":"https:\/\/congolobilelo.com\/IN\/wp-json\/wp\/v2\/pages\/16437\/revisions"}],"predecessor-version":[{"id":16878,"href":"https:\/\/congolobilelo.com\/IN\/wp-json\/wp\/v2\/pages\/16437\/revisions\/16878"}],"wp:attachment":[{"href":"https:\/\/congolobilelo.com\/IN\/wp-json\/wp\/v2\/media?parent=16437"}],"curies":[{"name":"wp","href":"https:\/\/api.w.org\/{rel}","templated":true}]}}